{"id":18,"date":"2024-11-12T02:44:43","date_gmt":"2024-11-12T02:44:43","guid":{"rendered":"https:\/\/mostrafilmfestival.org\/xv\/br\/?page_id=18"},"modified":"2024-11-15T14:59:53","modified_gmt":"2024-11-15T17:59:53","slug":"sp","status":"publish","type":"page","link":"https:\/\/mostrafilmfestival.org\/xv\/br\/sp\/","title":{"rendered":"Edi\u00e7\u00e3o S\u00e3o Paulo"},"content":{"rendered":"<div  class='avia-video av-m3j0o2cc-1908bda2fc154212d0b3bcc8ac8c6af0 avia-video-16-9 av-no-preview-image avia-video-load-always avia-video-html5'  itemprop=\"video\" itemtype=\"https:\/\/schema.org\/VideoObject\"  data-original_url='https:\/\/mostrafilmfestival.org\/xv\/br\/wp-content\/uploads\/2024\/11\/vinheta2024-saopaulo-mostra-xv-v3.mp4'><video class='avia_video'  autoplay playsinline loop preload=\"metadata\" muted controls id='player_18_1353206621_1569812304'><source src='https:\/\/mostrafilmfestival.org\/xv\/br\/wp-content\/uploads\/2024\/11\/vinheta2024-saopaulo-mostra-xv-v3.mp4' type='video\/mp4' \/><\/video><\/div>\n<\/div><\/div><\/div><!-- close content main div --><\/div><\/div><div id='av_section_1'  class='avia-section av-ycjty-6bcad25ed53860f387caded32a99201e main_color avia-section-default avia-no-border-styling  avia-builder-el-1  el_after_av_video  el_before_av_section  avia-bg-style-scroll container_wrap fullsize'  ><div class='container av-section-cont-open' ><div class='template-page content  av-content-full alpha units'><div class='post-entry post-entry-type-page post-entry-18'><div class='entry-content-wrapper clearfix'>\n<div class='flex_column_table av-xq0ya-10c596f519fcf164d42fca3b3aeb3600 sc-av_one_half av-equal-height-column-flextable'><div  class='flex_column av-xq0ya-10c596f519fcf164d42fca3b3aeb3600 av_one_half  avia-builder-el-2  el_before_av_one_half  avia-builder-el-first  first flex_column_table_cell av-equal-height-column av-align-middle  '     ><p>\n<style type=\"text\/css\" data-created_by=\"avia_inline_auto\" id=\"style-css-av-x6cdy-12c921c06bd6bbe1e7b2e328d7625957\">\n#top .av-special-heading.av-x6cdy-12c921c06bd6bbe1e7b2e328d7625957{\npadding-bottom:10px;\nfont-size:43px;\n}\nbody .av-special-heading.av-x6cdy-12c921c06bd6bbe1e7b2e328d7625957 .av-special-heading-tag .heading-char{\nfont-size:25px;\n}\n#top #wrap_all .av-special-heading.av-x6cdy-12c921c06bd6bbe1e7b2e328d7625957 .av-special-heading-tag{\nfont-size:43px;\n}\n.av-special-heading.av-x6cdy-12c921c06bd6bbe1e7b2e328d7625957 .av-subheading{\nfont-size:15px;\n}\n\n@media only screen and (min-width: 480px) and (max-width: 767px){ \n#top #wrap_all .av-special-heading.av-x6cdy-12c921c06bd6bbe1e7b2e328d7625957 .av-special-heading-tag{\nfont-size:0.8em;\n}\n}\n\n@media only screen and (max-width: 479px){ \n#top #wrap_all .av-special-heading.av-x6cdy-12c921c06bd6bbe1e7b2e328d7625957 .av-special-heading-tag{\nfont-size:0.8em;\n}\n}\n<\/style>\n<div  class='av-special-heading av-x6cdy-12c921c06bd6bbe1e7b2e328d7625957 av-special-heading-h1 blockquote modern-quote modern-centered  avia-builder-el-3  el_before_av_textblock  avia-builder-el-first  av-thin-font av-inherit-size'><h1 class='av-special-heading-tag '  itemprop=\"headline\"  ><strong>Mostra XV Brazilian Film Festival<\/strong><\/h1><div class=\"special-heading-border\"><div class=\"special-heading-inner-border\"><\/div><\/div><\/div><br \/>\n<section  class='av_textblock_section av-wheuu-70b44cd82d02f841985590dfce128ebc '   itemscope=\"itemscope\" itemtype=\"https:\/\/schema.org\/CreativeWork\" ><div class='avia_textblock'  itemprop=\"text\" ><p style=\"text-align: center;\">A MOSTRA \u00e9 o maior festival de cinema brasileiro do Centro-Oeste dos EUA. Apresentado pela organiza\u00e7\u00e3o sem fins lucrativos Partners of the Americas \u2013 Illinois\/S\u00e3o Paulo. Este ano a MOSTRA acontece presencialmente entre 29 de novembro e 7 de dezembro em S\u00e3o Paulo\/SP.<\/p>\n<p style=\"text-align: center;\">O lema do evento \u00e9 \u201cFilmes Brasileiros com Consci\u00eancia Social\u201d. A MOSTRA tem como locais de exibi\u00e7\u00e3o, salas de cinema, institui\u00e7\u00f5es educacionais e culturais, para fomentar conversas sobre quest\u00f5es sociais entre a comunidade acad\u00eamica, cineastas, estudantes e indiv\u00edduos com consci\u00eancia social.<\/p>\n<\/div><\/section><br \/>\n\n<style type=\"text\/css\" data-created_by=\"avia_inline_auto\" id=\"style-css-av-vpukm-a33df8dac1042ba165843803827704de\">\n#top .hr.hr-invisible.av-vpukm-a33df8dac1042ba165843803827704de{\nheight:15px;\n}\n<\/style>\n<div  class='hr av-vpukm-a33df8dac1042ba165843803827704de hr-invisible  avia-builder-el-5  el_after_av_textblock  el_before_av_icon_box '><span class='hr-inner '><span class=\"hr-inner-style\"><\/span><\/span><\/div><br \/>\n<article  class='iconbox iconbox_top av-vhisy-d871966b5876cbea60d1ff7740915af9 av-icon-style-no-border  avia-builder-el-6  el_after_av_hr  el_before_av_hr  main_color'  itemscope=\"itemscope\" itemtype=\"https:\/\/schema.org\/CreativeWork\" ><div class=\"iconbox_content\"><header class=\"entry-content-header\" aria-label=\"Icon: Datas\"><div class=\"iconbox_icon heading-color\" aria-hidden='true' data-av_icon='\ue80d' data-av_iconfont='entypo-fontello'><\/div><h3 class='iconbox_content_title '  itemprop=\"headline\" >Datas<\/h3><\/header><div class='iconbox_content_container '  itemprop=\"text\" ><p>29 de novembro a 7 de dezembro<\/p>\n<\/div><\/div><footer class=\"entry-footer\"><\/footer><\/article><br \/>\n\n<style type=\"text\/css\" data-created_by=\"avia_inline_auto\" id=\"style-css-av-tat32-d87de25d7bd3b2f94d46b79c45f50979\">\n#top .hr.hr-invisible.av-tat32-d87de25d7bd3b2f94d46b79c45f50979{\nheight:15px;\n}\n<\/style>\n<div  class='hr av-tat32-d87de25d7bd3b2f94d46b79c45f50979 hr-invisible  avia-builder-el-7  el_after_av_icon_box  el_before_av_icon_box '><span class='hr-inner '><span class=\"hr-inner-style\"><\/span><\/span><\/div><br \/>\n<article  class='iconbox iconbox_top av-m3gps8qn-a1294bdad1df4ea13cd85b280e3c6a17 av-icon-style-no-border  avia-builder-el-8  el_after_av_hr  el_before_av_hr  main_color'  itemscope=\"itemscope\" itemtype=\"https:\/\/schema.org\/CreativeWork\" ><div class=\"iconbox_content\"><header class=\"entry-content-header\" aria-label=\"Icon: Bate-papo\"><div class=\"iconbox_icon heading-color\" aria-hidden='true' data-av_icon='\ue83c' data-av_iconfont='entypo-fontello'><\/div><h3 class='iconbox_content_title '  itemprop=\"headline\" >Bate-papo<\/h3><\/header><div class='iconbox_content_container '  itemprop=\"text\" ><p>Bate-papo ap\u00f3s algumas sess\u00f5es<\/p>\n<\/div><\/div><footer class=\"entry-footer\"><\/footer><\/article><br \/>\n\n<style type=\"text\/css\" data-created_by=\"avia_inline_auto\" id=\"style-css-av-1axtu-e43675e4d487e5d6de7477171cb6705e\">\n#top .hr.hr-invisible.av-1axtu-e43675e4d487e5d6de7477171cb6705e{\nheight:15px;\n}\n<\/style>\n<div  class='hr av-1axtu-e43675e4d487e5d6de7477171cb6705e hr-invisible  avia-builder-el-9  el_after_av_icon_box  el_before_av_icon_box '><span class='hr-inner '><span class=\"hr-inner-style\"><\/span><\/span><\/div><br \/>\n<article  class='iconbox iconbox_top av-2g2xa-65378eaa070514b5a9ae71007c8fb304 av-icon-style-no-border  avia-builder-el-10  el_after_av_hr  el_before_av_hr  main_color'  itemscope=\"itemscope\" itemtype=\"https:\/\/schema.org\/CreativeWork\" ><div class=\"iconbox_content\"><header class=\"entry-content-header\" aria-label=\"Icon: Entrada Gratuita\"><div class=\"iconbox_icon heading-color\" aria-hidden='true' data-av_icon='\ue8e2' data-av_iconfont='entypo-fontello'><\/div><h3 class='iconbox_content_title '  itemprop=\"headline\" >Entrada Gratuita<\/h3><\/header><div class='iconbox_content_container '  itemprop=\"text\" ><p>Entrada gratuita em todas as sess\u00f5es.<\/p>\n<\/div><\/div><footer class=\"entry-footer\"><\/footer><\/article><br \/>\n\n<style type=\"text\/css\" data-created_by=\"avia_inline_auto\" id=\"style-css-av-1y1ji-2cb12ffdd3f967949d82da755b92eed8\">\n#top .hr.hr-invisible.av-1y1ji-2cb12ffdd3f967949d82da755b92eed8{\nheight:15px;\n}\n<\/style>\n<div  class='hr av-1y1ji-2cb12ffdd3f967949d82da755b92eed8 hr-invisible  avia-builder-el-11  el_after_av_icon_box  el_before_av_icon_box '><span class='hr-inner '><span class=\"hr-inner-style\"><\/span><\/span><\/div><br \/>\n<article  class='iconbox iconbox_top av-sp582-d73aebdffc40a776f00a889c6bb7e2ca av-icon-style-no-border  avia-builder-el-12  el_after_av_hr  avia-builder-el-last  main_color'  itemscope=\"itemscope\" itemtype=\"https:\/\/schema.org\/CreativeWork\" ><div class=\"iconbox_content\"><header class=\"entry-content-header\" aria-label=\"Icon: Locais de Exibi\u00e7\u00e3o\"><div class=\"iconbox_icon heading-color\" aria-hidden='true' data-av_icon='\ue842' data-av_iconfont='entypo-fontello'><\/div><h3 class='iconbox_content_title '  itemprop=\"headline\" >Locais de Exibi\u00e7\u00e3o<\/h3><\/header><div class='iconbox_content_container '  itemprop=\"text\" ><p>Matilha Cultural<\/p>\n<p>Faculdade Belas Artes<\/p>\n<p>Centro da Terra<\/p>\n<p>Unibes Cultural<\/p>\n<\/div><\/div><footer class=\"entry-footer\"><\/footer><\/article><\/p><\/div><div class='av-flex-placeholder'><\/div><div  class='flex_column av-s5jcy-234a209089dfa0cca00dc16231680979 av_one_half  avia-builder-el-13  el_after_av_one_half  avia-builder-el-last  flex_column_table_cell av-equal-height-column av-align-middle  '     ><p>\n<style type=\"text\/css\" data-created_by=\"avia_inline_auto\" id=\"style-css-av-rvjk6-36987b3560b26afe8cd2386992d06222\">\n@keyframes av_boxShadowEffect_av-rvjk6-36987b3560b26afe8cd2386992d06222 {\n0%   { box-shadow:  0 0 0 0 #000000; opacity: 1; }\n100% { box-shadow:  0 0 10px 0 #000000; opacity: 1; }\n}\n.avia-image-container.av-rvjk6-36987b3560b26afe8cd2386992d06222 img.avia_image{\nbox-shadow: 0 0 10px 0 #000000;\n}\n.avia-image-container.av-rvjk6-36987b3560b26afe8cd2386992d06222 .av-image-caption-overlay-center{\ncolor:#ffffff;\n}\n<\/style>\n<div  class='avia-image-container av-rvjk6-36987b3560b26afe8cd2386992d06222 av-styling- avia-align-center  avia-builder-el-14  el_before_av_hr  avia-builder-el-first  av-img-box-shadow av-box-shadow-not-animated'   itemprop=\"image\" itemscope=\"itemscope\" itemtype=\"https:\/\/schema.org\/ImageObject\" ><div class=\"avia-image-container-inner\"><div class=\"avia-image-overlay-wrap\"><img decoding=\"async\" fetchpriority=\"high\" class='wp-image-162 avia-img-lazy-loading-not-162 avia_image shadow-not-animated' src=\"https:\/\/mostrafilmfestival.org\/xv\/br\/wp-content\/uploads\/2024\/11\/Moxtra-XV-Banner-SP-tny-687x1030.png\" alt='' title='Moxtra-XV-Banner-SP-tny'  height=\"1030\" width=\"687\"  itemprop=\"thumbnailUrl\" srcset=\"https:\/\/mostrafilmfestival.org\/xv\/br\/wp-content\/uploads\/2024\/11\/Moxtra-XV-Banner-SP-tny-687x1030.png 687w, https:\/\/mostrafilmfestival.org\/xv\/br\/wp-content\/uploads\/2024\/11\/Moxtra-XV-Banner-SP-tny-200x300.png 200w, https:\/\/mostrafilmfestival.org\/xv\/br\/wp-content\/uploads\/2024\/11\/Moxtra-XV-Banner-SP-tny-470x705.png 470w, https:\/\/mostrafilmfestival.org\/xv\/br\/wp-content\/uploads\/2024\/11\/Moxtra-XV-Banner-SP-tny.png 768w\" sizes=\"(max-width: 687px) 100vw, 687px\" \/><\/div><\/div><\/div><br \/>\n\n<style type=\"text\/css\" data-created_by=\"avia_inline_auto\" id=\"style-css-av-r2xp6-c6a086d4710767e42b45654a82916b75\">\n#top .hr.hr-invisible.av-r2xp6-c6a086d4710767e42b45654a82916b75{\nheight:15px;\n}\n<\/style>\n<div  class='hr av-r2xp6-c6a086d4710767e42b45654a82916b75 hr-invisible  avia-builder-el-15  el_after_av_image  el_before_av_buttonrow '><span class='hr-inner '><span class=\"hr-inner-style\"><\/span><\/span><\/div><br \/>\n<div  class='avia-buttonrow-wrap av-qkjyy-64e3cc875ae44a013f81f23f4ca3df2e avia-buttonrow-center  avia-builder-el-16  el_after_av_hr  avia-builder-el-last '>\n\n<style type=\"text\/css\" data-created_by=\"avia_inline_auto\" id=\"style-css-av-q4cmy-933414e2a7e2bf820d17856d913afa41\">\n#top #wrap_all .avia-button.av-q4cmy-933414e2a7e2bf820d17856d913afa41{\nmargin-bottom:20px;\nmargin-right:10px;\nmargin-left:10px;\n}\n<\/style>\n<a href='https:\/\/mostrafilmfestival.org\/xv\/br\/sp\/filmes\/'  class='avia-button av-q4cmy-933414e2a7e2bf820d17856d913afa41 avia-icon_select-yes-left-icon avia-size-large avia-color-theme-color'   aria-label=\"FILMES\"><span class='avia_button_icon avia_button_icon_left ' aria-hidden='true' data-av_icon='\ue80d' data-av_iconfont='entypo-fontello'><\/span><span class='avia_iconbox_title' >FILMES<\/span><\/a>\n\n<style type=\"text\/css\" data-created_by=\"avia_inline_auto\" id=\"style-css-av-p74vq-066516fba2a354406682ef0d2010e3a1\">\n#top #wrap_all .avia-button.av-p74vq-066516fba2a354406682ef0d2010e3a1{\nbackground-color:#00b058;\nborder-color:#00b058;\ncolor:#ffffff;\ntransition:all 0.4s ease-in-out;\nmargin-bottom:20px;\nmargin-right:10px;\nmargin-left:10px;\n}\n<\/style>\n<a href='https:\/\/mostrafilmfestival.org\/xv\/br\/sp\/agenda\/'  class='avia-button av-p74vq-066516fba2a354406682ef0d2010e3a1 avia-icon_select-yes-left-icon avia-size-large'   aria-label=\"AGENDA\"><span class='avia_button_icon avia_button_icon_left ' aria-hidden='true' data-av_icon='\ue85b' data-av_iconfont='entypo-fontello'><\/span><span class='avia_iconbox_title' >AGENDA<\/span><\/a>\n<\/div><\/p><\/div><\/div><!--close column table wrapper. Autoclose: 1 -->\n\n<\/div><\/div><\/div><!-- close content main div --><\/div><\/div>\n<style type=\"text\/css\" data-created_by=\"avia_inline_auto\" id=\"style-css-av-m3gq0poj-8691513c7517d32b7bc5ea9ad22928b3\">\n.avia-section.av-m3gq0poj-8691513c7517d32b7bc5ea9ad22928b3 .av-parallax .av-parallax-inner{\nbackground-repeat:no-repeat;\nbackground-image:url(https:\/\/mostrafilmfestival.org\/xv\/br\/wp-content\/uploads\/2024\/11\/Mostra-XV-BG-3.png);\nbackground-position:50% 50%;\nbackground-attachment:scroll;\n}\n<\/style>\n<div id='av_section_2'  class='avia-section av-m3gq0poj-8691513c7517d32b7bc5ea9ad22928b3 main_color avia-section-default avia-no-border-styling  avia-builder-el-17  el_after_av_section  el_before_av_section  avia-full-stretch av-parallax-section avia-bg-style-parallax av-minimum-height av-minimum-height-25 av-height-25  container_wrap fullsize'  data-section-bg-repeat='stretch' data-av_minimum_height_pc='25' data-av_min_height_opt='25'><div class='av-parallax' data-avia-parallax-ratio='0.3' ><div class='av-parallax-inner main_color avia-full-stretch'><\/div><\/div><div class=\"av-section-color-overlay-wrap\"><a href='#next-section' title='' class='scroll-down-link ' aria-hidden='true' data-av_icon='\ue877' data-av_iconfont='entypo-fontello'><\/a><div class='container av-section-cont-open' ><div class='template-page content  av-content-full alpha units'><div class='post-entry post-entry-type-page post-entry-18'><div class='entry-content-wrapper clearfix'>\n\n<style type=\"text\/css\" data-created_by=\"avia_inline_auto\" id=\"style-css-av-m3gpzfxp-f96c55324abb675e91be94303b92d2b1\">\n#top .av_textblock_section.av-m3gpzfxp-f96c55324abb675e91be94303b92d2b1 .avia_textblock{\ncolor:#ffffff;\n}\n<\/style>\n<section  class='av_textblock_section av-m3gpzfxp-f96c55324abb675e91be94303b92d2b1 '   itemscope=\"itemscope\" itemtype=\"https:\/\/schema.org\/CreativeWork\" ><div class='avia_textblock av_inherit_color'  itemprop=\"text\" ><h2 style=\"text-align: center;\">Nos ajude atrav\u00e9s da Vaquinha Virtual<\/h2>\n<p style=\"text-align: center;\">Na Mostra XV, o cinema \u00e9 uma ferramenta de mudan\u00e7a social. Com sua contribui\u00e7\u00e3o, podemos garantir que a Mostra XV continue a oferecer uma plataforma para cineastas comprometidos com o impacto social, possibilitando que suas obras alcancem o maior n\u00famero de pessoas poss\u00edvel.<\/p>\n<\/div><\/section>\n\n<style type=\"text\/css\" data-created_by=\"avia_inline_auto\" id=\"style-css-av-f4wra-ff34ccef955ef94e30c100010ec4d2dc\">\n#top .hr.hr-invisible.av-f4wra-ff34ccef955ef94e30c100010ec4d2dc{\nheight:15px;\n}\n<\/style>\n<div  class='hr av-f4wra-ff34ccef955ef94e30c100010ec4d2dc hr-invisible  avia-builder-el-19  el_after_av_textblock  el_before_av_button '><span class='hr-inner '><span class=\"hr-inner-style\"><\/span><\/span><\/div>\n<div  class='avia-button-wrap av-egbca-87d6097459e7f06f33ecefe863886511-wrap avia_animated_button av-animated-when-visible-95 pop-up avia-button-center  avia-builder-el-20  el_after_av_hr  avia-builder-el-last '><a href='https:\/\/benfeitoria.com\/projeto\/cinema-que-transforma-apoie-a-mostra-xv-brazilian-filme-festival-sao-paulo-1r6s'  class='avia-button av-egbca-87d6097459e7f06f33ecefe863886511 av-link-btn avia-icon_select-yes-left-icon avia-size-large avia-position-center avia-color-theme-color'   aria-label=\"DOE AGORA\"><span class='avia_button_icon avia_button_icon_left' aria-hidden='true' data-av_icon='\ue806' data-av_iconfont='entypo-fontello'><\/span><span class='avia_iconbox_title' >DOE AGORA<\/span><\/a><\/div>\n\n<\/div><\/div><\/div><!-- close content main div --><\/div><\/div><\/div>\n<style type=\"text\/css\" data-created_by=\"avia_inline_auto\" id=\"style-css-av-o4ioi-a7fcce72f533fc9a503453f42ad0abe1\">\n.avia-section.av-o4ioi-a7fcce72f533fc9a503453f42ad0abe1{\nbackground-color:#162533;\nbackground-image:unset;\n}\n<\/style>\n<div id='av_section_3'  class='avia-section av-o4ioi-a7fcce72f533fc9a503453f42ad0abe1 main_color avia-section-large avia-no-border-styling  avia-builder-el-21  el_after_av_section  el_before_av_masonry_entries  avia-bg-style-scroll container_wrap fullsize'  ><div class='container av-section-cont-open' ><div class='template-page content  av-content-full alpha units'><div class='post-entry post-entry-type-page post-entry-18'><div class='entry-content-wrapper clearfix'>\n\n<style type=\"text\/css\" data-created_by=\"avia_inline_auto\" id=\"style-css-av-nrrym-fd7b60df502054578bed5261179463ac\">\n#top .av-special-heading.av-nrrym-fd7b60df502054578bed5261179463ac{\npadding-bottom:30px;\ncolor:#ffd90a;\nfont-size:40px;\n}\nbody .av-special-heading.av-nrrym-fd7b60df502054578bed5261179463ac .av-special-heading-tag .heading-char{\nfont-size:25px;\n}\n#top #wrap_all .av-special-heading.av-nrrym-fd7b60df502054578bed5261179463ac .av-special-heading-tag{\nfont-size:40px;\n}\n.av-special-heading.av-nrrym-fd7b60df502054578bed5261179463ac .special-heading-inner-border{\nborder-color:#ffd90a;\n}\n.av-special-heading.av-nrrym-fd7b60df502054578bed5261179463ac .av-subheading{\nfont-size:15px;\n}\n\n@media only screen and (min-width: 480px) and (max-width: 767px){ \n#top #wrap_all .av-special-heading.av-nrrym-fd7b60df502054578bed5261179463ac .av-special-heading-tag{\nfont-size:0.8em;\n}\n}\n\n@media only screen and (max-width: 479px){ \n#top #wrap_all .av-special-heading.av-nrrym-fd7b60df502054578bed5261179463ac .av-special-heading-tag{\nfont-size:0.8em;\n}\n}\n<\/style>\n<div  class='av-special-heading av-nrrym-fd7b60df502054578bed5261179463ac av-special-heading-h2 custom-color-heading blockquote modern-quote modern-centered  avia-builder-el-22  avia-builder-el-no-sibling  av-inherit-size'><h2 class='av-special-heading-tag '  itemprop=\"headline\"  >Filmes em Exibi\u00e7\u00e3o<\/h2><div class=\"special-heading-border\"><div class=\"special-heading-inner-border\"><\/div><\/div><\/div>\n\n\n<style type=\"text\/css\" data-created_by=\"avia_inline_auto\" id=\"style-css-av-n1z3q-f62b5977277f60ef16ae6d6075c73e53\">\n#top .av-masonry.av-n1z3q-f62b5977277f60ef16ae6d6075c73e53{\nbackground-color:#162533;\n}\n<\/style>\n<div id='av-masonry-1' class='av-masonry av-n1z3q-f62b5977277f60ef16ae6d6075c73e53 noHover av-fixed-size av-large-gap av-hover-overlay-active av-masonry-animation-active av-masonry-col-4 av-caption-always av-caption-style-overlay av-masonry-entries av-small-columns-overwrite av-small-columns-2 av-mini-columns-overwrite av-mini-columns-2 ' data-post_id=\"18\"><div class=\"av-masonry-container isotope av-js-disabled\"><div class='av-masonry-entry isotope-item av-masonry-item-no-image '><\/div><a href=\"https:\/\/mostrafilmfestival.org\/xv\/br\/filmes\/pedagio\/\"  id='av-masonry-1-item-53' data-av-masonry-item='53' class='av-masonry-entry isotope-item post-53 portfolio type-portfolio status-publish has-post-thumbnail hentry portfolio_entries-longa  av-masonry-item-with-image' title=\"Pedagio_Still_01 (M\u00e9dio)\"   itemscope=\"itemscope\" itemtype=\"https:\/\/schema.org\/CreativeWork\" ><div class='av-inner-masonry-sizer'><\/div><figure class='av-inner-masonry main_color'><div class=\"av-masonry-outerimage-container\"><div class='av-masonry-image-container' style=\"background-image: url(https:\/\/mostrafilmfestival.org\/xv\/br\/wp-content\/uploads\/2024\/11\/Pedagio_Still_01-Medio-705x397.png);\"  title=\"Pedagio_Still_01 (M\u00e9dio)\" ><\/div><\/div><figcaption class='av-inner-masonry-content site-background'><div class='av-inner-masonry-content-pos'><div class='av-inner-masonry-content-pos-content'><div class='avia-arrow'><\/div><h3 class='av-masonry-entry-title entry-title '  itemprop=\"headline\" >Ped\u00e1gio<\/h3><\/div><\/div><\/figcaption><\/figure><\/a><!--end av-masonry entry--><a href=\"https:\/\/mostrafilmfestival.org\/xv\/br\/filmes\/cadim\/\"  id='av-masonry-1-item-436' data-av-masonry-item='436' class='av-masonry-entry isotope-item post-436 portfolio type-portfolio status-publish has-post-thumbnail hentry portfolio_entries-canoas portfolio_entries-curta portfolio_entries-porto-alegre  av-masonry-item-with-image' title=\"Cadim-still\"   itemscope=\"itemscope\" itemtype=\"https:\/\/schema.org\/CreativeWork\" ><div class='av-inner-masonry-sizer'><\/div><figure class='av-inner-masonry main_color'><div class=\"av-masonry-outerimage-container\"><div class='av-masonry-image-container' style=\"background-image: url(https:\/\/mostrafilmfestival.org\/xv\/br\/wp-content\/uploads\/2024\/11\/Cadim-still-705x397.jpg);\"  title=\"Cadim-still\" ><\/div><\/div><figcaption class='av-inner-masonry-content site-background'><div class='av-inner-masonry-content-pos'><div class='av-inner-masonry-content-pos-content'><div class='avia-arrow'><\/div><h3 class='av-masonry-entry-title entry-title '  itemprop=\"headline\" >Cadim<\/h3><\/div><\/div><\/figcaption><\/figure><\/a><!--end av-masonry entry--><a href=\"https:\/\/mostrafilmfestival.org\/xv\/br\/filmes\/atoto\/\"  id='av-masonry-1-item-441' data-av-masonry-item='441' class='av-masonry-entry isotope-item post-441 portfolio type-portfolio status-publish has-post-thumbnail hentry portfolio_entries-curta  av-masonry-item-with-image' title=\"ATOTO_02_credito_Yussef_Kalume\"   itemscope=\"itemscope\" itemtype=\"https:\/\/schema.org\/CreativeWork\" ><div class='av-inner-masonry-sizer'><\/div><figure class='av-inner-masonry main_color'><div class=\"av-masonry-outerimage-container\"><div class='av-masonry-image-container' style=\"background-image: url(https:\/\/mostrafilmfestival.org\/xv\/br\/wp-content\/uploads\/2024\/11\/ATOTO_02_credito_Yussef_Kalume-705x470.jpg);\"  title=\"ATOTO_02_credito_Yussef_Kalume\" ><\/div><\/div><figcaption class='av-inner-masonry-content site-background'><div class='av-inner-masonry-content-pos'><div class='av-inner-masonry-content-pos-content'><div class='avia-arrow'><\/div><h3 class='av-masonry-entry-title entry-title '  itemprop=\"headline\" >Atot\u00f4<\/h3><\/div><\/div><\/figcaption><\/figure><\/a><!--end av-masonry entry--><a href=\"https:\/\/mostrafilmfestival.org\/xv\/br\/filmes\/dorival-caymmi-um-homem-de-afetos\/\"  id='av-masonry-1-item-39' data-av-masonry-item='39' class='av-masonry-entry isotope-item post-39 portfolio type-portfolio status-publish has-post-thumbnail hentry portfolio_entries-longa  av-masonry-item-with-image' title=\"Dorival Caymmi_frame (1)\"   itemscope=\"itemscope\" itemtype=\"https:\/\/schema.org\/CreativeWork\" ><div class='av-inner-masonry-sizer'><\/div><figure class='av-inner-masonry main_color'><div class=\"av-masonry-outerimage-container\"><div class='av-masonry-image-container' style=\"background-image: url(https:\/\/mostrafilmfestival.org\/xv\/br\/wp-content\/uploads\/2024\/11\/Dorival-Caymmi_frame-1-705x536.png);\"  title=\"Dorival Caymmi_frame (1)\" ><\/div><\/div><figcaption class='av-inner-masonry-content site-background'><div class='av-inner-masonry-content-pos'><div class='av-inner-masonry-content-pos-content'><div class='avia-arrow'><\/div><h3 class='av-masonry-entry-title entry-title '  itemprop=\"headline\" >Dorival Caymmi &#8211; Um Homem de Afetos<\/h3><\/div><\/div><\/figcaption><\/figure><\/a><!--end av-masonry entry--><a href=\"https:\/\/mostrafilmfestival.org\/xv\/br\/filmes\/arte-da-diplomacia\/\"  id='av-masonry-1-item-45' data-av-masonry-item='45' class='av-masonry-entry isotope-item post-45 portfolio type-portfolio status-publish has-post-thumbnail hentry portfolio_entries-canoas portfolio_entries-longa  av-masonry-item-with-image' title=\"Arte_da_Diplomacia_Still 2 &#8211; cr\u00e9dito Bruno Polidoro\"   itemscope=\"itemscope\" itemtype=\"https:\/\/schema.org\/CreativeWork\" ><div class='av-inner-masonry-sizer'><\/div><figure class='av-inner-masonry main_color'><div class=\"av-masonry-outerimage-container\"><div class='av-masonry-image-container' style=\"background-image: url(https:\/\/mostrafilmfestival.org\/xv\/br\/wp-content\/uploads\/2024\/11\/Arte_da_Diplomacia_Still-2-credito-Bruno-Polidoro-705x396.png);\"  title=\"Arte_da_Diplomacia_Still 2 &#8211; cr\u00e9dito Bruno Polidoro\" ><\/div><\/div><figcaption class='av-inner-masonry-content site-background'><div class='av-inner-masonry-content-pos'><div class='av-inner-masonry-content-pos-content'><div class='avia-arrow'><\/div><h3 class='av-masonry-entry-title entry-title '  itemprop=\"headline\" >Arte da Diplomacia<\/h3><\/div><\/div><\/figcaption><\/figure><\/a><!--end av-masonry entry--><a href=\"https:\/\/mostrafilmfestival.org\/xv\/br\/filmes\/tia-virginia\/\"  id='av-masonry-1-item-61' data-av-masonry-item='61' class='av-masonry-entry isotope-item post-61 portfolio type-portfolio status-publish has-post-thumbnail hentry portfolio_entries-longa portfolio_entries-porto-alegre  av-masonry-item-with-image' title=\"Tia_Virginia_credito_Andrea_Testoni_3 (M\u00e9dio)\"   itemscope=\"itemscope\" itemtype=\"https:\/\/schema.org\/CreativeWork\" ><div class='av-inner-masonry-sizer'><\/div><figure class='av-inner-masonry main_color'><div class=\"av-masonry-outerimage-container\"><div class='av-masonry-image-container' style=\"background-image: url(https:\/\/mostrafilmfestival.org\/xv\/br\/wp-content\/uploads\/2024\/11\/Tia_Virginia_credito_Andrea_Testoni_3-Medio-705x470.jpg);\"  title=\"Tia_Virginia_credito_Andrea_Testoni_3 (M\u00e9dio)\" ><\/div><\/div><figcaption class='av-inner-masonry-content site-background'><div class='av-inner-masonry-content-pos'><div class='av-inner-masonry-content-pos-content'><div class='avia-arrow'><\/div><h3 class='av-masonry-entry-title entry-title '  itemprop=\"headline\" >Tia Virg\u00ednia<\/h3><\/div><\/div><\/figcaption><\/figure><\/a><!--end av-masonry entry--><a href=\"https:\/\/mostrafilmfestival.org\/xv\/br\/filmes\/cida-tem-duas-silabas\/\"  id='av-masonry-1-item-404' data-av-masonry-item='404' class='av-masonry-entry isotope-item post-404 portfolio type-portfolio status-publish has-post-thumbnail hentry portfolio_entries-curta  av-masonry-item-with-image' title=\"Banner Cida Tem Duas Silabas\"   itemscope=\"itemscope\" itemtype=\"https:\/\/schema.org\/CreativeWork\" ><div class='av-inner-masonry-sizer'><\/div><figure class='av-inner-masonry main_color'><div class=\"av-masonry-outerimage-container\"><div class='av-masonry-image-container' style=\"background-image: url(https:\/\/mostrafilmfestival.org\/xv\/br\/wp-content\/uploads\/2024\/11\/Banner-Cida-Tem-Duas-Silabas-705x279.png);\"  title=\"Banner Cida Tem Duas Silabas\" ><\/div><\/div><figcaption class='av-inner-masonry-content site-background'><div class='av-inner-masonry-content-pos'><div class='av-inner-masonry-content-pos-content'><div class='avia-arrow'><\/div><h3 class='av-masonry-entry-title entry-title '  itemprop=\"headline\" >Cida Tem Duas S\u00edlabas<\/h3><\/div><\/div><\/figcaption><\/figure><\/a><!--end av-masonry entry--><a href=\"https:\/\/mostrafilmfestival.org\/xv\/br\/filmes\/big-bang\/\"  id='av-masonry-1-item-424' data-av-masonry-item='424' class='av-masonry-entry isotope-item post-424 portfolio type-portfolio status-publish has-post-thumbnail hentry portfolio_entries-canoas portfolio_entries-curta  av-masonry-item-with-image' title=\"BB_still_01 (M\u00e9dio)\"   itemscope=\"itemscope\" itemtype=\"https:\/\/schema.org\/CreativeWork\" ><div class='av-inner-masonry-sizer'><\/div><figure class='av-inner-masonry main_color'><div class=\"av-masonry-outerimage-container\"><div class='av-masonry-image-container' style=\"background-image: url(https:\/\/mostrafilmfestival.org\/xv\/br\/wp-content\/uploads\/2024\/11\/BB_still_01-Medio-705x287.jpg);\"  title=\"BB_still_01 (M\u00e9dio)\" ><\/div><\/div><figcaption class='av-inner-masonry-content site-background'><div class='av-inner-masonry-content-pos'><div class='av-inner-masonry-content-pos-content'><div class='avia-arrow'><\/div><h3 class='av-masonry-entry-title entry-title '  itemprop=\"headline\" >Big Bang<\/h3><\/div><\/div><\/figcaption><\/figure><\/a><!--end av-masonry entry--><a href=\"https:\/\/mostrafilmfestival.org\/xv\/br\/filmes\/retratos-fantasmas\/\"  id='av-masonry-1-item-47' data-av-masonry-item='47' class='av-masonry-entry isotope-item post-47 portfolio type-portfolio status-publish has-post-thumbnail hentry portfolio_entries-longa  av-masonry-item-with-image' title=\"Retratos Fantasmas (3)\"   itemscope=\"itemscope\" itemtype=\"https:\/\/schema.org\/CreativeWork\" ><div class='av-inner-masonry-sizer'><\/div><figure class='av-inner-masonry main_color'><div class=\"av-masonry-outerimage-container\"><div class='av-masonry-image-container' style=\"background-image: url(https:\/\/mostrafilmfestival.org\/xv\/br\/wp-content\/uploads\/2024\/11\/Retratos-Fantasmas-3-705x401.png);\"  title=\"Retratos Fantasmas (3)\" ><\/div><\/div><figcaption class='av-inner-masonry-content site-background'><div class='av-inner-masonry-content-pos'><div class='av-inner-masonry-content-pos-content'><div class='avia-arrow'><\/div><h3 class='av-masonry-entry-title entry-title '  itemprop=\"headline\" >Retratos Fantasmas<\/h3><\/div><\/div><\/figcaption><\/figure><\/a><!--end av-masonry entry--><a href=\"https:\/\/mostrafilmfestival.org\/xv\/br\/filmes\/a-balada-dos-palhacos\/\"  id='av-masonry-1-item-359' data-av-masonry-item='359' class='av-masonry-entry isotope-item post-359 portfolio type-portfolio status-publish has-post-thumbnail hentry portfolio_entries-canoas portfolio_entries-curta  av-masonry-item-with-image' title=\"balada-palhacos-still\"   itemscope=\"itemscope\" itemtype=\"https:\/\/schema.org\/CreativeWork\" ><div class='av-inner-masonry-sizer'><\/div><figure class='av-inner-masonry main_color'><div class=\"av-masonry-outerimage-container\"><div class='av-masonry-image-container' style=\"background-image: url(https:\/\/mostrafilmfestival.org\/xv\/br\/wp-content\/uploads\/2024\/11\/balada-palhacos-still-705x380.png);\"  title=\"balada-palhacos-still\" ><\/div><\/div><figcaption class='av-inner-masonry-content site-background'><div class='av-inner-masonry-content-pos'><div class='av-inner-masonry-content-pos-content'><div class='avia-arrow'><\/div><h3 class='av-masonry-entry-title entry-title '  itemprop=\"headline\" >A Balada Dos Palha\u00e7os<\/h3><\/div><\/div><\/figcaption><\/figure><\/a><!--end av-masonry entry--><a href=\"https:\/\/mostrafilmfestival.org\/xv\/br\/filmes\/mais-pesado-e-o-ceu\/\"  id='av-masonry-1-item-43' data-av-masonry-item='43' class='av-masonry-entry isotope-item post-43 portfolio type-portfolio status-publish has-post-thumbnail hentry portfolio_entries-longa  av-masonry-item-with-image' title=\"Mais Pesado \u00e9 o C\u00e9u (1)\"   itemscope=\"itemscope\" itemtype=\"https:\/\/schema.org\/CreativeWork\" ><div class='av-inner-masonry-sizer'><\/div><figure class='av-inner-masonry main_color'><div class=\"av-masonry-outerimage-container\"><div class='av-masonry-image-container' style=\"background-image: url(https:\/\/mostrafilmfestival.org\/xv\/br\/wp-content\/uploads\/2024\/11\/Mais-Pesado-e-o-Ceu-1-705x397.jpeg);\"  title=\"Mais Pesado \u00e9 o C\u00e9u (1)\" ><\/div><\/div><figcaption class='av-inner-masonry-content site-background'><div class='av-inner-masonry-content-pos'><div class='av-inner-masonry-content-pos-content'><div class='avia-arrow'><\/div><h3 class='av-masonry-entry-title entry-title '  itemprop=\"headline\" >Mais Pesado \u00e9 o C\u00e9u<\/h3><\/div><\/div><\/figcaption><\/figure><\/a><!--end av-masonry entry--><a href=\"https:\/\/mostrafilmfestival.org\/xv\/br\/filmes\/saudosa-maloca\/\"  id='av-masonry-1-item-57' data-av-masonry-item='57' class='av-masonry-entry isotope-item post-57 portfolio type-portfolio status-publish has-post-thumbnail hentry portfolio_entries-canoas portfolio_entries-longa  av-masonry-item-with-image' title=\"SDM_Frame1\"   itemscope=\"itemscope\" itemtype=\"https:\/\/schema.org\/CreativeWork\" ><div class='av-inner-masonry-sizer'><\/div><figure class='av-inner-masonry main_color'><div class=\"av-masonry-outerimage-container\"><div class='av-masonry-image-container' style=\"background-image: url(https:\/\/mostrafilmfestival.org\/xv\/br\/wp-content\/uploads\/2024\/11\/SDM_Frame1-705x381.png);\"  title=\"SDM_Frame1\" ><\/div><\/div><figcaption class='av-inner-masonry-content site-background'><div class='av-inner-masonry-content-pos'><div class='av-inner-masonry-content-pos-content'><div class='avia-arrow'><\/div><h3 class='av-masonry-entry-title entry-title '  itemprop=\"headline\" >Saudosa Maloca<\/h3><\/div><\/div><\/figcaption><\/figure><\/a><!--end av-masonry entry--><\/div><\/div>\n\n<style type=\"text\/css\" data-created_by=\"avia_inline_auto\" id=\"style-css-av-m9jsu-6298a6090f8d4a7db2fde6ebbc21ad46\">\n.avia-section.av-m9jsu-6298a6090f8d4a7db2fde6ebbc21ad46 .av-parallax .av-parallax-inner{\nbackground-repeat:no-repeat;\nbackground-image:url(https:\/\/mostrafilmfestival.org\/xv\/br\/wp-content\/uploads\/2024\/11\/Retratos-Fantasmas-1.png);\nbackground-position:50% 50%;\nbackground-attachment:scroll;\n}\n.avia-section.av-m9jsu-6298a6090f8d4a7db2fde6ebbc21ad46 .av-section-color-overlay{\nopacity:0.6;\nbackground-color:#000000;\n}\n<\/style>\n<div id='av_section_4'  class='avia-section av-m9jsu-6298a6090f8d4a7db2fde6ebbc21ad46 main_color avia-section-large avia-no-border-styling  avia-builder-el-24  el_after_av_masonry_entries  el_before_av_section  avia-full-stretch av-parallax-section avia-bg-style-parallax av-section-color-overlay-active av-minimum-height av-minimum-height-100 av-height-100  container_wrap fullsize'  data-section-bg-repeat='stretch' data-av_minimum_height_pc='100' data-av_min_height_opt='100'><div class='av-parallax' data-avia-parallax-ratio='0.3' ><div class='av-parallax-inner main_color avia-full-stretch'><\/div><\/div><div class=\"av-section-color-overlay-wrap\"><div class=\"av-section-color-overlay\"><\/div><div class='container av-section-cont-open' ><div class='template-page content  av-content-full alpha units'><div class='post-entry post-entry-type-page post-entry-18'><div class='entry-content-wrapper clearfix'>\n<div class='flex_column_table av-lvk0q-972f3e05cd2309bddb9aaf74e0bb0ca2 sc-av_three_fifth av-equal-height-column-flextable'>\n<style type=\"text\/css\" data-created_by=\"avia_inline_auto\" id=\"style-css-av-lvk0q-972f3e05cd2309bddb9aaf74e0bb0ca2\">\n#top .flex_column_table.av-equal-height-column-flextable.av-lvk0q-972f3e05cd2309bddb9aaf74e0bb0ca2{\nmargin-top:0px;\nmargin-bottom:0px;\n}\n<\/style>\n<div  class='flex_column av-lvk0q-972f3e05cd2309bddb9aaf74e0bb0ca2 av_three_fifth  avia-builder-el-25  avia-builder-el-no-sibling  first flex_column_table_cell av-equal-height-column av-align-middle  '     ><p>\n<style type=\"text\/css\" data-created_by=\"avia_inline_auto\" id=\"style-css-av-lbjq6-ef734ea57d24720909db9d4931e01547\">\n#top .av-special-heading.av-lbjq6-ef734ea57d24720909db9d4931e01547{\npadding-bottom:10px;\ncolor:#ffffff;\nfont-size:50px;\n}\nbody .av-special-heading.av-lbjq6-ef734ea57d24720909db9d4931e01547 .av-special-heading-tag .heading-char{\nfont-size:25px;\n}\n#top #wrap_all .av-special-heading.av-lbjq6-ef734ea57d24720909db9d4931e01547 .av-special-heading-tag{\nfont-size:50px;\n}\n.av-special-heading.av-lbjq6-ef734ea57d24720909db9d4931e01547 .special-heading-inner-border{\nborder-color:#ffffff;\n}\n.av-special-heading.av-lbjq6-ef734ea57d24720909db9d4931e01547 .av-subheading{\nfont-size:12px;\n}\n\n@media only screen and (min-width: 480px) and (max-width: 767px){ \n#top #wrap_all .av-special-heading.av-lbjq6-ef734ea57d24720909db9d4931e01547 .av-special-heading-tag{\nfont-size:0.8em;\n}\n}\n\n@media only screen and (max-width: 479px){ \n#top #wrap_all .av-special-heading.av-lbjq6-ef734ea57d24720909db9d4931e01547 .av-special-heading-tag{\nfont-size:0.8em;\n}\n}\n<\/style>\n<div  class='av-special-heading av-lbjq6-ef734ea57d24720909db9d4931e01547 av-special-heading-h1 custom-color-heading blockquote modern-quote  avia-builder-el-26  el_before_av_hr  avia-builder-el-first  av-inherit-size'><h1 class='av-special-heading-tag '  itemprop=\"headline\"  >RETRATOS FANTASMAS<\/h1><div class=\"special-heading-border\"><div class=\"special-heading-inner-border\"><\/div><\/div><\/div><br \/>\n\n<style type=\"text\/css\" data-created_by=\"avia_inline_auto\" id=\"style-css-av-kknqy-37dd9d7ec65dc3965dfd9ecf0781c458\">\n#top .hr.hr-invisible.av-kknqy-37dd9d7ec65dc3965dfd9ecf0781c458{\nheight:15px;\n}\n<\/style>\n<div  class='hr av-kknqy-37dd9d7ec65dc3965dfd9ecf0781c458 hr-invisible  avia-builder-el-27  el_after_av_heading  el_before_av_iconlist '><span class='hr-inner '><span class=\"hr-inner-style\"><\/span><\/span><\/div><br \/>\n\n<style type=\"text\/css\" data-created_by=\"avia_inline_auto\" id=\"style-css-av-k5ouy-9e3b2b16b362e0872a16cd6685035c7b\">\n@keyframes av_sonarEffect_av-k5ouy-9e3b2b16b362e0872a16cd6685035c7b {\n  0% {opacity: 0.3;}\n 40% {opacity: 0.5; box-shadow: 0 0 0 2px rgba(255,255,255,0.1), 0 0 10px 10px #ffffff, 0 0 0 10px rgba(255,255,255,0.5);}\n100% {opacity: 0; box-shadow: 0 0 0 2px rgba(255,255,255,0.1), 0 0 10px 10px #ffffff, 0 0 0 10px rgba(255,255,255,0.5); transform: scale(1.5);}\n}\n#top .avia-icon-list-container.av-k5ouy-9e3b2b16b362e0872a16cd6685035c7b .iconlist_icon{\ncolor:#ffffff;\nfont-size:16px;\n}\n#top .avia-icon-list-container.av-k5ouy-9e3b2b16b362e0872a16cd6685035c7b .iconlist_icon:hover:after{\nanimation:av_sonarEffect_av-k5ouy-9e3b2b16b362e0872a16cd6685035c7b 1s ease-in-out;\n}\n#top #wrap_all .avia-icon-list-container.av-k5ouy-9e3b2b16b362e0872a16cd6685035c7b .av_iconlist_title{\nfont-size:16px;\ncolor:#ffffff;\n}\n.avia-icon-list-container.av-k5ouy-9e3b2b16b362e0872a16cd6685035c7b .iconlist_content{\ncolor:#ffffff;\n}\n<\/style>\n<div  class='avia-icon-list-container av-k5ouy-9e3b2b16b362e0872a16cd6685035c7b  avia-builder-el-28  el_after_av_hr  el_before_av_iconlist '><ul class='avia-icon-list avia_animate_when_almost_visible avia-icon-list-left av-iconlist-small av-k5ouy-9e3b2b16b362e0872a16cd6685035c7b avia-iconlist-animate avia-sonar-shadow'>\n<li><div class='iconlist_icon av-jg03a-7fc917f4a525f2080d192403e88626ca avia-font-mostra-br-xiv'><span class='iconlist-char' aria-hidden='true' data-av_icon='\ue802' data-av_iconfont='mostra-br-xiv'><\/span><\/div><article class=\"article-icon-entry \"  itemscope=\"itemscope\" itemtype=\"https:\/\/schema.org\/CreativeWork\" ><div class=\"iconlist_content_wrap\"><header class=\"entry-content-header\" aria-label=\"Icon: \"><\/header><div class='iconlist_content av_inherit_color'  itemprop=\"text\" ><article class=\"article-icon-entry \">\n<div class=\"iconlist_content_wrap\">\n<div class=\"iconlist_content av_inherit_color\">\n<p>Dirigido por <strong>Kleber Mendon\u00e7a Filho<\/strong><\/p>\n<\/div>\n<\/div>\n<footer class=\"entry-footer\"><\/footer>\n<\/article>\n<\/div><\/div><footer class=\"entry-footer\"><\/footer><\/article><div class=\"iconlist-timeline\"><\/div><\/li>\n<li><div class='iconlist_icon av-iuviq-156bc01b1b028d8bbcc95b4dc8b9574b avia-font-entypo-fontello'><span class='iconlist-char' aria-hidden='true' data-av_icon='\ue81f' data-av_iconfont='entypo-fontello'><\/span><\/div><article class=\"article-icon-entry \"  itemscope=\"itemscope\" itemtype=\"https:\/\/schema.org\/CreativeWork\" ><div class=\"iconlist_content_wrap\"><header class=\"entry-content-header\" aria-label=\"Icon: \"><\/header><div class='iconlist_content av_inherit_color'  itemprop=\"text\" ><p>Document\u00e1rio\u00a0 |\u00a0 91min\u00a0 |\u00a0 2023<\/p>\n<\/div><\/div><footer class=\"entry-footer\"><\/footer><\/article><div class=\"iconlist-timeline\"><\/div><\/li>\n<li><div class='iconlist_icon av-hyfp2-20d8443c7bb76f29c5b03a7d18a9869c avia-font-entypo-fontello'><span class='iconlist-char' aria-hidden='true' data-av_icon='\ue808' data-av_iconfont='entypo-fontello'><\/span><\/div><article class=\"article-icon-entry \"  itemscope=\"itemscope\" itemtype=\"https:\/\/schema.org\/CreativeWork\" ><div class=\"iconlist_content_wrap\"><header class=\"entry-content-header\" aria-label=\"Icon: \"><\/header><div class='iconlist_content av_inherit_color'  itemprop=\"text\" ><p>Noite de Abertura<\/p>\n<\/div><\/div><footer class=\"entry-footer\"><\/footer><\/article><div class=\"iconlist-timeline\"><\/div><\/li>\n<li><div class='iconlist_icon av-hyfp2-3-9c2ce5d5d1e9cee70a9521c630836de4 avia-font-entypo-fontello'><span class='iconlist-char' aria-hidden='true' data-av_icon='\ue8e2' data-av_iconfont='entypo-fontello'><\/span><\/div><article class=\"article-icon-entry \"  itemscope=\"itemscope\" itemtype=\"https:\/\/schema.org\/CreativeWork\" ><div class=\"iconlist_content_wrap\"><header class=\"entry-content-header\" aria-label=\"Icon: \"><\/header><div class='iconlist_content av_inherit_color'  itemprop=\"text\" ><p>Entrada Gratuita<\/p>\n<\/div><\/div><footer class=\"entry-footer\"><\/footer><\/article><div class=\"iconlist-timeline\"><\/div><\/li>\n<\/ul><\/div><br \/>\n\n<style type=\"text\/css\" data-created_by=\"avia_inline_auto\" id=\"style-css-av-ho2be-6ff0d22b94957f67c807a4e74c310e51\">\n@keyframes av_sonarEffect_av-ho2be-6ff0d22b94957f67c807a4e74c310e51 {\n  0% {opacity: 0.3;}\n 40% {opacity: 0.5; box-shadow: 0 0 0 2px rgba(255,255,255,0.1), 0 0 10px 10px #ffffff, 0 0 0 10px rgba(255,255,255,0.5);}\n100% {opacity: 0; box-shadow: 0 0 0 2px rgba(255,255,255,0.1), 0 0 10px 10px #ffffff, 0 0 0 10px rgba(255,255,255,0.5); transform: scale(1.5);}\n}\n#top .avia-icon-list-container.av-ho2be-6ff0d22b94957f67c807a4e74c310e51 .iconlist_icon{\ncolor:#ffffff;\nfont-size:16px;\n}\n#top .avia-icon-list-container.av-ho2be-6ff0d22b94957f67c807a4e74c310e51 .iconlist_icon:hover:after{\nanimation:av_sonarEffect_av-ho2be-6ff0d22b94957f67c807a4e74c310e51 1s ease-in-out;\n}\n#top #wrap_all .avia-icon-list-container.av-ho2be-6ff0d22b94957f67c807a4e74c310e51 .av_iconlist_title{\nfont-size:16px;\ncolor:#ffffff;\n}\n.avia-icon-list-container.av-ho2be-6ff0d22b94957f67c807a4e74c310e51 .iconlist_content{\ncolor:#ffffff;\n}\n<\/style>\n<div  class='avia-icon-list-container av-ho2be-6ff0d22b94957f67c807a4e74c310e51  avia-builder-el-29  el_after_av_iconlist  el_before_av_iconlist '><ul class='avia-icon-list avia_animate_when_almost_visible avia-icon-list-left av-iconlist-small av-ho2be-6ff0d22b94957f67c807a4e74c310e51 avia-iconlist-animate avia-sonar-shadow'>\n<li><div class='iconlist_icon av-h75ae-97fbf1ea64ff08f81ef7274432d73fb1 avia-font-entypo-fontello'><span class='iconlist-char' aria-hidden='true' data-av_icon='\ue84b' data-av_iconfont='entypo-fontello'><\/span><\/div><article class=\"article-icon-entry \"  itemscope=\"itemscope\" itemtype=\"https:\/\/schema.org\/CreativeWork\" ><div class=\"iconlist_content_wrap\"><header class=\"entry-content-header\" aria-label=\"Icon: Sinopse\"><div class='av_iconlist_title iconlist_title_small  av_inherit_color'  itemprop=\"headline\" >Sinopse<\/div><\/header><div class='iconlist_content av_inherit_color'  itemprop=\"text\" ><p>No centro do Recife, no s\u00e9culo 20, conhe\u00e7a a hist\u00f3ria do centro da cidade contada a partir das salas de cinema que movimentavam a popula\u00e7\u00e3o e ditavam comportamentos. Fruto de sete anos de trabalho e pesquisa, filmagens e montagem, RETRATOS FANTASMAS traz o espa\u00e7o hist\u00f3rico e humano como o personagem principal, revisitando-o atrav\u00e9s dos grandes cinemas que serviram como espa\u00e7os de conv\u00edvio durante o s\u00e9culo XX.<\/p>\n<\/div><\/div><footer class=\"entry-footer\"><\/footer><\/article><div class=\"iconlist-timeline\"><\/div><\/li>\n<\/ul><\/div><br \/>\n\n<style type=\"text\/css\" data-created_by=\"avia_inline_auto\" id=\"style-css-av-glmwm-13bcdac83530aabdc4a1f30c858b463b\">\n@keyframes av_sonarEffect_av-glmwm-13bcdac83530aabdc4a1f30c858b463b {\n  0% {opacity: 0.3;}\n 40% {opacity: 0.5; box-shadow: 0 0 0 2px rgba(255,255,255,0.1), 0 0 10px 10px #ffffff, 0 0 0 10px rgba(255,255,255,0.5);}\n100% {opacity: 0; box-shadow: 0 0 0 2px rgba(255,255,255,0.1), 0 0 10px 10px #ffffff, 0 0 0 10px rgba(255,255,255,0.5); transform: scale(1.5);}\n}\n#top .avia-icon-list-container.av-glmwm-13bcdac83530aabdc4a1f30c858b463b .iconlist_icon{\ncolor:#ffffff;\nfont-size:16px;\n}\n#top .avia-icon-list-container.av-glmwm-13bcdac83530aabdc4a1f30c858b463b .iconlist_icon:hover:after{\nanimation:av_sonarEffect_av-glmwm-13bcdac83530aabdc4a1f30c858b463b 1s ease-in-out;\n}\n#top #wrap_all .avia-icon-list-container.av-glmwm-13bcdac83530aabdc4a1f30c858b463b .av_iconlist_title{\nfont-size:16px;\ncolor:#ffffff;\n}\n.avia-icon-list-container.av-glmwm-13bcdac83530aabdc4a1f30c858b463b .iconlist_content{\ncolor:#ffffff;\n}\n<\/style>\n<div  class='avia-icon-list-container av-glmwm-13bcdac83530aabdc4a1f30c858b463b  avia-builder-el-30  el_after_av_iconlist  el_before_av_hr '><ul class='avia-icon-list avia_animate_when_almost_visible avia-icon-list-left av-iconlist-small av-glmwm-13bcdac83530aabdc4a1f30c858b463b avia-iconlist-animate avia-sonar-shadow'>\n<li><div class='iconlist_icon av-1lp0q-5bf5583912c793f39f4831b7edeebb32 avia-font-entypo-fontello'><span class='iconlist-char' aria-hidden='true' data-av_icon='\ue85b' data-av_iconfont='entypo-fontello'><\/span><\/div><article class=\"article-icon-entry \"  itemscope=\"itemscope\" itemtype=\"https:\/\/schema.org\/CreativeWork\" ><div class=\"iconlist_content_wrap\"><header class=\"entry-content-header\" aria-label=\"Icon: Data e Local de Exibi\u00e7\u00e3o\"><div class='av_iconlist_title iconlist_title_small  av_inherit_color'  itemprop=\"headline\" >Data e Local de Exibi\u00e7\u00e3o<\/div><\/header><div class='iconlist_content av_inherit_color'  itemprop=\"text\" ><p>29\/11 (sexta-feira) &#8211; 18h<\/p>\n<p>Matilha Cultural &#8211; Rua Rego Freitas, 542 \u2013 Rep\u00fablica<\/p>\n<\/div><\/div><footer class=\"entry-footer\"><\/footer><\/article><div class=\"iconlist-timeline\"><\/div><\/li>\n<\/ul><\/div><br \/>\n\n<style type=\"text\/css\" data-created_by=\"avia_inline_auto\" id=\"style-css-av-4qoy-51fca164405937a5d167d21e9e35844f\">\n#top .hr.hr-invisible.av-4qoy-51fca164405937a5d167d21e9e35844f{\nheight:15px;\n}\n<\/style>\n<div  class='hr av-4qoy-51fca164405937a5d167d21e9e35844f hr-invisible  avia-builder-el-31  el_after_av_iconlist  el_before_av_button '><span class='hr-inner '><span class=\"hr-inner-style\"><\/span><\/span><\/div><br \/>\n<div  class='avia-button-wrap av-u8za-fbc3830ae84f09ae4fbea3e45d7a60ef-wrap avia_animated_button av-animated-when-visible-95 pop-up avia-button-left  avia-builder-el-32  el_after_av_hr  el_before_av_hr '><a href='https:\/\/mostrafilmfestival.org\/xv\/br\/filmes\/retratos-fantasmas\/'  class='avia-button av-u8za-fbc3830ae84f09ae4fbea3e45d7a60ef av-link-btn avia-icon_select-yes-left-icon avia-size-large avia-position-left avia-color-theme-color'   aria-label=\"SOBRE O FILME\"><span class='avia_button_icon avia_button_icon_left' aria-hidden='true' data-av_icon='\ue816' data-av_iconfont='entypo-fontello'><\/span><span class='avia_iconbox_title' >SOBRE O FILME<\/span><\/a><\/div><br \/>\n\n<style type=\"text\/css\" data-created_by=\"avia_inline_auto\" id=\"style-css-av-e8nvm-7a7f4f9699735b8015f84d3fe76d391d\">\n#top .hr.hr-invisible.av-e8nvm-7a7f4f9699735b8015f84d3fe76d391d{\nheight:50px;\n}\n<\/style>\n<div  class='hr av-e8nvm-7a7f4f9699735b8015f84d3fe76d391d hr-invisible  avia-builder-el-33  el_after_av_button  avia-builder-el-last '><span class='hr-inner '><span class=\"hr-inner-style\"><\/span><\/span><\/div><\/p><\/div><\/div><!--close column table wrapper. Autoclose: 1 -->\n\n<\/div><\/div><\/div><!-- close content main div --><\/div><\/div><\/div><div id='av_section_5'  class='avia-section av-de2ke-1d8a2f9b1bdd02954c717a6a1358a5a1 main_color avia-section-default avia-no-border-styling  avia-builder-el-34  el_after_av_section  el_before_av_heading  avia-bg-style-scroll container_wrap fullsize'  ><div class='container av-section-cont-open' ><div class='template-page content  av-content-full alpha units'><div class='post-entry post-entry-type-page post-entry-18'><div class='entry-content-wrapper clearfix'>\n\n<style type=\"text\/css\" data-created_by=\"avia_inline_auto\" id=\"style-css-av-d1ufy-23987caece147613dbde8f59052dcb7c\">\n#top .av-special-heading.av-d1ufy-23987caece147613dbde8f59052dcb7c{\npadding-bottom:20px;\nfont-size:40px;\n}\nbody .av-special-heading.av-d1ufy-23987caece147613dbde8f59052dcb7c .av-special-heading-tag .heading-char{\nfont-size:25px;\n}\n#top #wrap_all .av-special-heading.av-d1ufy-23987caece147613dbde8f59052dcb7c .av-special-heading-tag{\nfont-size:40px;\n}\n.av-special-heading.av-d1ufy-23987caece147613dbde8f59052dcb7c .av-subheading{\nfont-size:15px;\n}\n\n@media only screen and (min-width: 480px) and (max-width: 767px){ \n#top #wrap_all .av-special-heading.av-d1ufy-23987caece147613dbde8f59052dcb7c .av-special-heading-tag{\nfont-size:0.8em;\n}\n}\n\n@media only screen and (max-width: 479px){ \n#top #wrap_all .av-special-heading.av-d1ufy-23987caece147613dbde8f59052dcb7c .av-special-heading-tag{\nfont-size:0.8em;\n}\n}\n<\/style>\n<div  class='av-special-heading av-d1ufy-23987caece147613dbde8f59052dcb7c av-special-heading-h2 blockquote modern-quote modern-centered  avia-builder-el-35  el_before_av_mailchimp  avia-builder-el-first  av-inherit-size'><h2 class='av-special-heading-tag '  itemprop=\"headline\"  >Inscreva-se na nossa Nesletter \u2b07<\/h2><div class=\"special-heading-border\"><div class=\"special-heading-inner-border\"><\/div><\/div><\/div>\n<form action=\"https:\/\/mostrafilmfestival.org\/xv\/br\/sp\/\" method=\"post\"  data-av-custom-send='mailchimp_send'data-fields-with-error=\"Found errors in the following field(s):\" class=\"avia_ajax_form av-form-labels-hidden   avia-builder-el-36  el_after_av_heading  el_before_av_hr   avia-mailchimp-form \" data-avia-form-id=\"1\" data-avia-redirect='' ><fieldset><p class='  first_form  form_element form_element_fourth' id='element_avia_0_1'><label for=\"avia_0_1\">Email Address <abbr class=\"required\" title=\"required\">*<\/abbr><\/label> <input name=\"avia_0_1\" class=\"text_input is_email\" type=\"text\" id=\"avia_0_1\" value=\"\"  placeholder='Email Address*'\/><\/p><p class='  form_element form_element_fourth' id='element_avia_1_1'><label for=\"avia_1_1\">First Name<\/label> <input name=\"avia_1_1\" class=\"text_input \" type=\"text\" id=\"avia_1_1\" value=\"\"  placeholder='First Name'\/><\/p><p class='  form_element form_element_fourth' id='element_avia_2_1'><label for=\"avia_2_1\">Last Name<\/label> <input name=\"avia_2_1\" class=\"text_input \" type=\"text\" id=\"avia_2_1\" value=\"\"  placeholder='Last Name'\/><\/p><p class=\"form_element  form_element form_element_fourth av-last-visible-form-element modified_width\"><input type=\"hidden\" value=\"1\" name=\"avia_generated_form1\" \/><input type=\"submit\" value=\"Subscribe\" class=\"button\"  data-sending-label=\"Sending\"\/><\/p><p class=\"hidden\"><input type=\"text\" name=\"avia_avia_username_1\" class=\"hidden \" id=\"avia_avia_username_1\" value=\"\" \/><\/p><\/fieldset><\/form><div id=\"ajaxresponse_1\" class=\"ajaxresponse ajaxresponse_1 hidden\"><\/div>\n\n<style type=\"text\/css\" data-created_by=\"avia_inline_auto\" id=\"style-css-av-67gay-23fd13912fd1dd9881b0fd561c858d00\">\n#top .hr.hr-invisible.av-67gay-23fd13912fd1dd9881b0fd561c858d00{\nheight:50px;\n}\n<\/style>\n<div  class='hr av-67gay-23fd13912fd1dd9881b0fd561c858d00 hr-invisible  avia-builder-el-37  el_after_av_mailchimp  avia-builder-el-last '><span class='hr-inner '><span class=\"hr-inner-style\"><\/span><\/span><\/div>\n<\/div><\/div><\/div><!-- close content main div --><\/div><\/div><div id='after_section_5'  class='main_color av_default_container_wrap container_wrap fullsize'  ><div class='container av-section-cont-open' ><div class='template-page content  av-content-full alpha units'><div class='post-entry post-entry-type-page post-entry-18'><div class='entry-content-wrapper clearfix'>\n\n<style type=\"text\/css\" data-created_by=\"avia_inline_auto\" id=\"style-css-av-glq-ed59a0a4f97a4d12abdfee994bf30e96\">\n#top .av-special-heading.av-glq-ed59a0a4f97a4d12abdfee994bf30e96{\npadding-bottom:20px;\nfont-size:40px;\n}\nbody .av-special-heading.av-glq-ed59a0a4f97a4d12abdfee994bf30e96 .av-special-heading-tag .heading-char{\nfont-size:25px;\n}\n#top #wrap_all .av-special-heading.av-glq-ed59a0a4f97a4d12abdfee994bf30e96 .av-special-heading-tag{\nfont-size:40px;\n}\n.av-special-heading.av-glq-ed59a0a4f97a4d12abdfee994bf30e96 .av-subheading{\nfont-size:15px;\n}\n\n@media only screen and (min-width: 480px) and (max-width: 767px){ \n#top #wrap_all .av-special-heading.av-glq-ed59a0a4f97a4d12abdfee994bf30e96 .av-special-heading-tag{\nfont-size:0.8em;\n}\n}\n\n@media only screen and (max-width: 479px){ \n#top #wrap_all .av-special-heading.av-glq-ed59a0a4f97a4d12abdfee994bf30e96 .av-special-heading-tag{\nfont-size:0.8em;\n}\n}\n<\/style>\n<div  class='av-special-heading av-glq-ed59a0a4f97a4d12abdfee994bf30e96 av-special-heading-h2 blockquote modern-quote modern-centered  avia-builder-el-38  el_after_av_section  el_before_av_masonry_gallery  avia-builder-el-no-sibling  av-inherit-size'><h2 class='av-special-heading-tag '  itemprop=\"headline\"  >Locais<\/h2><div class='av-subheading av-subheading_below'><p>Confira os locais em que a MOSTRA acontecer\u00e1 em S\u00e3o Paulo.<\/p>\n<\/div><div class=\"special-heading-border\"><div class=\"special-heading-inner-border\"><\/div><\/div><\/div>\n\n<style type=\"text\/css\" data-created_by=\"avia_inline_auto\" id=\"style-css-av-15idq-0b28d7770a81db80e7965ae14cc66c92\">\n#top .av-masonry.av-15idq-0b28d7770a81db80e7965ae14cc66c92{\nbackground-color:#ffffff;\n}\n<\/style>\n<div id='av-masonry-2' class='av-masonry av-15idq-0b28d7770a81db80e7965ae14cc66c92 noHover av-fixed-size av-large-gap av-hover-overlay-active av-masonry-animation-active av-masonry-col-4 av-caption-always av-caption-style-overlay av-masonry-gallery av-small-columns-overwrite av-small-columns-2 av-mini-columns-overwrite av-mini-columns-2 av-orientation-square ' data-post_id=\"18\"><div class=\"av-masonry-container isotope av-js-disabled\"><div class='av-masonry-entry isotope-item av-masonry-item-no-image '><\/div><a href=\"https:\/\/www.instagram.com\/matilhacultural\/\" aria-label=\"image Matilha Cultural\" target=\"_blank\" rel=\"noopener noreferrer\" id='av-masonry-2-item-107' data-av-masonry-item='107' class='av-masonry-entry isotope-item post-107 attachment type-attachment status-inherit hentry  av-masonry-item-with-image' title=\"Matilha Cultural\" alt=\"\" data-av-masonry-custom-link=\"https:\/\/www.instagram.com\/matilhacultural\/\" itemprop=\"thumbnailUrl\"><div class='av-inner-masonry-sizer'><\/div><figure class='av-inner-masonry main_color'><div class=\"av-masonry-outerimage-container\"><div class='av-masonry-image-container' style=\"background-image: url(https:\/\/mostrafilmfestival.org\/xv\/br\/wp-content\/uploads\/2024\/11\/Matilha-Cultural.jpg);\"  title=\"Matilha Cultural\" ><\/div><\/div><figcaption class='av-inner-masonry-content site-background'><div class='av-inner-masonry-content-pos'><div class='av-inner-masonry-content-pos-content'><div class='avia-arrow'><\/div><h3 class='av-masonry-entry-title entry-title '  itemprop=\"headline\" >Matilha Cultural<\/h3><\/div><\/div><\/figcaption><\/figure><\/a><!--end av-masonry entry--><a href=\"https:\/\/unibescultural.org.br\/\" aria-label=\"image Unibes Cultural\" target=\"_blank\" rel=\"noopener noreferrer\" id='av-masonry-2-item-108' data-av-masonry-item='108' class='av-masonry-entry isotope-item post-108 attachment type-attachment status-inherit hentry  av-masonry-item-with-image' title=\"Unibes Cultural\" alt=\"\" data-av-masonry-custom-link=\"https:\/\/unibescultural.org.br\/\" itemprop=\"thumbnailUrl\"><div class='av-inner-masonry-sizer'><\/div><figure class='av-inner-masonry main_color'><div class=\"av-masonry-outerimage-container\"><div class='av-masonry-image-container' style=\"background-image: url(https:\/\/mostrafilmfestival.org\/xv\/br\/wp-content\/uploads\/2024\/11\/Unibes-Cultural.webp);\"  title=\"Unibes Cultural\" ><\/div><\/div><figcaption class='av-inner-masonry-content site-background'><div class='av-inner-masonry-content-pos'><div class='av-inner-masonry-content-pos-content'><div class='avia-arrow'><\/div><h3 class='av-masonry-entry-title entry-title '  itemprop=\"headline\" >Unibes Cultural<\/h3><\/div><\/div><\/figcaption><\/figure><\/a><!--end av-masonry entry--><a href=\"https:\/\/centrodaterra.org.br\/\" aria-label=\"image Centro da Terra\" target=\"_blank\" rel=\"noopener noreferrer\" id='av-masonry-2-item-109' data-av-masonry-item='109' class='av-masonry-entry isotope-item post-109 attachment type-attachment status-inherit hentry  av-masonry-item-with-image' title=\"Centro da Terra\" alt=\"\" data-av-masonry-custom-link=\"https:\/\/centrodaterra.org.br\/\" itemprop=\"thumbnailUrl\"><div class='av-inner-masonry-sizer'><\/div><figure class='av-inner-masonry main_color'><div class=\"av-masonry-outerimage-container\"><div class='av-masonry-image-container' style=\"background-image: url(https:\/\/mostrafilmfestival.org\/xv\/br\/wp-content\/uploads\/2024\/11\/Centro-da-Terra-705x470.jpg);\"  title=\"Centro da Terra\" ><\/div><\/div><figcaption class='av-inner-masonry-content site-background'><div class='av-inner-masonry-content-pos'><div class='av-inner-masonry-content-pos-content'><div class='avia-arrow'><\/div><h3 class='av-masonry-entry-title entry-title '  itemprop=\"headline\" >Centro da Terra<\/h3><\/div><\/div><\/figcaption><\/figure><\/a><!--end av-masonry entry--><a href=\"https:\/\/www.belasartes.br\/\" aria-label=\"image Faculdade Belas Artes\" target=\"_blank\" rel=\"noopener noreferrer\" id='av-masonry-2-item-110' data-av-masonry-item='110' class='av-masonry-entry isotope-item post-110 attachment type-attachment status-inherit hentry  av-masonry-item-with-image' title=\"Faculdade Belas Artes\" alt=\"\" data-av-masonry-custom-link=\"https:\/\/www.belasartes.br\/\" itemprop=\"thumbnailUrl\"><div class='av-inner-masonry-sizer'><\/div><figure class='av-inner-masonry main_color'><div class=\"av-masonry-outerimage-container\"><div class='av-masonry-image-container' style=\"background-image: url(https:\/\/mostrafilmfestival.org\/xv\/br\/wp-content\/uploads\/2024\/11\/Faculdade-Belas-Artes-705x470.webp);\"  title=\"Faculdade Belas Artes\" ><\/div><\/div><figcaption class='av-inner-masonry-content site-background'><div class='av-inner-masonry-content-pos'><div class='av-inner-masonry-content-pos-content'><div class='avia-arrow'><\/div><h3 class='av-masonry-entry-title entry-title '  itemprop=\"headline\" >Faculdade Belas Artes<\/h3><\/div><\/div><\/figcaption><\/figure><\/a><!--end av-masonry entry--><\/div><\/div>\n<div id='av_section_6'  class='avia-section av-d192i-f315c0797a28638978d7da66ae5c42c6 main_color avia-section-default avia-no-border-styling  avia-builder-el-40  el_after_av_masonry_gallery  avia-builder-el-last  avia-bg-style-scroll container_wrap fullsize'  ><div class='container av-section-cont-open' ><div class='template-page content  av-content-full alpha units'><div class='post-entry post-entry-type-page post-entry-18'><div class='entry-content-wrapper clearfix'>\n<div  class='flex_column av-18iy2-066a714adab88aa46637bd132af50d48 av_one_full  avia-builder-el-41  el_before_av_one_half  avia-builder-el-first  first flex_column_div  '     ><style type=\"text\/css\" data-created_by=\"avia_inline_auto\" id=\"style-css-av-m3ivvgiv-f8cc0fe442468dcfe9cadf02275b0342\">\n#top .av-special-heading.av-m3ivvgiv-f8cc0fe442468dcfe9cadf02275b0342{\npadding-bottom:10px;\nfont-size:35px;\n}\nbody .av-special-heading.av-m3ivvgiv-f8cc0fe442468dcfe9cadf02275b0342 .av-special-heading-tag .heading-char{\nfont-size:25px;\n}\n#top #wrap_all .av-special-heading.av-m3ivvgiv-f8cc0fe442468dcfe9cadf02275b0342 .av-special-heading-tag{\nfont-size:35px;\n}\n.av-special-heading.av-m3ivvgiv-f8cc0fe442468dcfe9cadf02275b0342 .av-subheading{\nfont-size:15px;\n}\n\n@media only screen and (min-width: 480px) and (max-width: 767px){ \n#top #wrap_all .av-special-heading.av-m3ivvgiv-f8cc0fe442468dcfe9cadf02275b0342 .av-special-heading-tag{\nfont-size:0.8em;\n}\n}\n\n@media only screen and (max-width: 479px){ \n#top #wrap_all .av-special-heading.av-m3ivvgiv-f8cc0fe442468dcfe9cadf02275b0342 .av-special-heading-tag{\nfont-size:0.8em;\n}\n}\n<\/style>\n<div  class='av-special-heading av-m3ivvgiv-f8cc0fe442468dcfe9cadf02275b0342 av-special-heading-h3 blockquote elegant-quote elegant-centered  avia-builder-el-42  avia-builder-el-no-sibling  av-inherit-size'><h3 class='av-special-heading-tag '  itemprop=\"headline\"  ><span class=\"heading-wrap\">Realiza\u00e7\u00e3o<\/span><\/h3><div class=\"special-heading-border\"><div class=\"special-heading-inner-border\"><\/div><\/div><\/div><\/div><div  class='flex_column av-btf7q-7e25589afc49c367eef09a89053a5a1a av_one_half  avia-builder-el-43  el_after_av_one_full  el_before_av_one_half  first flex_column_div  column-top-margin'     ><style type=\"text\/css\" data-created_by=\"avia_inline_auto\" id=\"style-css-av-m3iw05o5-fce31eda9beff5d3db5db74a6a0c6c6d\">\n.avia-image-container.av-m3iw05o5-fce31eda9beff5d3db5db74a6a0c6c6d img.avia_image{\nbox-shadow:none;\n}\n.avia-image-container.av-m3iw05o5-fce31eda9beff5d3db5db74a6a0c6c6d .av-image-caption-overlay-center{\ncolor:#ffffff;\n}\n<\/style>\n<div  class='avia-image-container av-m3iw05o5-fce31eda9beff5d3db5db74a6a0c6c6d av-styling- av-img-linked avia-align-center  avia-builder-el-44  avia-builder-el-no-sibling '   itemprop=\"image\" itemscope=\"itemscope\" itemtype=\"https:\/\/schema.org\/ImageObject\" ><div class=\"avia-image-container-inner\"><div class=\"avia-image-overlay-wrap\"><a href=\"https:\/\/mostrafilmfestival.org\/\" class='avia_image ' target=\"_blank\" rel=\"noopener noreferrer\" aria-label='mostra-br'><img decoding=\"async\" fetchpriority=\"high\" class='wp-image-317 avia-img-lazy-loading-not-317 avia_image ' src=\"https:\/\/mostrafilmfestival.org\/xv\/br\/wp-content\/uploads\/2024\/11\/mostra-br.png\" alt='' title='mostra-br'  height=\"250\" width=\"500\"  itemprop=\"thumbnailUrl\" srcset=\"https:\/\/mostrafilmfestival.org\/xv\/br\/wp-content\/uploads\/2024\/11\/mostra-br.png 500w, https:\/\/mostrafilmfestival.org\/xv\/br\/wp-content\/uploads\/2024\/11\/mostra-br-300x150.png 300w\" sizes=\"(max-width: 500px) 100vw, 500px\" \/><\/a><\/div><\/div><\/div><\/div><div  class='flex_column av-aystm-559a1e0965b162267329087e450c3bb0 av_one_half  avia-builder-el-45  el_after_av_one_half  el_before_av_one_full  flex_column_div  column-top-margin'     ><style type=\"text\/css\" data-created_by=\"avia_inline_auto\" id=\"style-css-av-m3iw0e7u-1d82440304b4cd91dc307a2ea61f09d6\">\n.avia-image-container.av-m3iw0e7u-1d82440304b4cd91dc307a2ea61f09d6 img.avia_image{\nbox-shadow:none;\n}\n.avia-image-container.av-m3iw0e7u-1d82440304b4cd91dc307a2ea61f09d6 .av-image-caption-overlay-center{\ncolor:#ffffff;\n}\n<\/style>\n<div  class='avia-image-container av-m3iw0e7u-1d82440304b4cd91dc307a2ea61f09d6 av-styling- av-img-linked avia-align-center  avia-builder-el-46  avia-builder-el-no-sibling '   itemprop=\"image\" itemscope=\"itemscope\" itemtype=\"https:\/\/schema.org\/ImageObject\" ><div class=\"avia-image-container-inner\"><div class=\"avia-image-overlay-wrap\"><a href=\"https:\/\/www.illinois-saopaulo-partners.org\/\" class='avia_image ' target=\"_blank\" rel=\"noopener noreferrer\" aria-label='partners-sp-il'><img decoding=\"async\" fetchpriority=\"high\" class='wp-image-318 avia-img-lazy-loading-not-318 avia_image ' src=\"https:\/\/mostrafilmfestival.org\/xv\/br\/wp-content\/uploads\/2024\/11\/partners-sp-il.png\" alt='' title='partners-sp-il'  height=\"250\" width=\"500\"  itemprop=\"thumbnailUrl\" srcset=\"https:\/\/mostrafilmfestival.org\/xv\/br\/wp-content\/uploads\/2024\/11\/partners-sp-il.png 500w, https:\/\/mostrafilmfestival.org\/xv\/br\/wp-content\/uploads\/2024\/11\/partners-sp-il-300x150.png 300w\" sizes=\"(max-width: 500px) 100vw, 500px\" \/><\/a><\/div><\/div><\/div><\/div><div  class='flex_column av-af20q-6c2dc94929b33ffb6b03bbb1e02defde av_one_full  avia-builder-el-47  el_after_av_one_half  el_before_av_one_third  first flex_column_div  column-top-margin'     ><style type=\"text\/css\" data-created_by=\"avia_inline_auto\" id=\"style-css-av-m3ivxw2n-b22fb2c4eab0aeac346dde256793f780\">\n#top .av-special-heading.av-m3ivxw2n-b22fb2c4eab0aeac346dde256793f780{\npadding-bottom:10px;\nfont-size:35px;\n}\nbody .av-special-heading.av-m3ivxw2n-b22fb2c4eab0aeac346dde256793f780 .av-special-heading-tag .heading-char{\nfont-size:25px;\n}\n#top #wrap_all .av-special-heading.av-m3ivxw2n-b22fb2c4eab0aeac346dde256793f780 .av-special-heading-tag{\nfont-size:35px;\n}\n.av-special-heading.av-m3ivxw2n-b22fb2c4eab0aeac346dde256793f780 .av-subheading{\nfont-size:15px;\n}\n\n@media only screen and (min-width: 480px) and (max-width: 767px){ \n#top #wrap_all .av-special-heading.av-m3ivxw2n-b22fb2c4eab0aeac346dde256793f780 .av-special-heading-tag{\nfont-size:0.8em;\n}\n}\n\n@media only screen and (max-width: 479px){ \n#top #wrap_all .av-special-heading.av-m3ivxw2n-b22fb2c4eab0aeac346dde256793f780 .av-special-heading-tag{\nfont-size:0.8em;\n}\n}\n<\/style>\n<div  class='av-special-heading av-m3ivxw2n-b22fb2c4eab0aeac346dde256793f780 av-special-heading-h3 blockquote elegant-quote elegant-centered  avia-builder-el-48  avia-builder-el-no-sibling  av-inherit-size'><h3 class='av-special-heading-tag '  itemprop=\"headline\"  ><span class=\"heading-wrap\">Cinema Oficial<\/span><\/h3><div class=\"special-heading-border\"><div class=\"special-heading-inner-border\"><\/div><\/div><\/div><\/div><div  class='flex_column av-9ub6m-5f72378cd431cb34980f3457bda16f14 av_one_third  avia-builder-el-49  el_after_av_one_full  el_before_av_one_third  first flex_column_div  column-top-margin'     ><\/div><div  class='flex_column av-925de-3774fd9071877835cec66fc103f9b47e av_one_third  avia-builder-el-50  el_after_av_one_third  el_before_av_one_third  flex_column_div  column-top-margin'     ><style type=\"text\/css\" data-created_by=\"avia_inline_auto\" id=\"style-css-av-m3iw1a8z-110a932ad6521f9b3acfcb590c1d903a\">\n.avia-image-container.av-m3iw1a8z-110a932ad6521f9b3acfcb590c1d903a img.avia_image{\nbox-shadow:none;\n}\n.avia-image-container.av-m3iw1a8z-110a932ad6521f9b3acfcb590c1d903a .av-image-caption-overlay-center{\ncolor:#ffffff;\n}\n<\/style>\n<div  class='avia-image-container av-m3iw1a8z-110a932ad6521f9b3acfcb590c1d903a av-styling- av-img-linked avia-align-center  avia-builder-el-51  avia-builder-el-no-sibling '   itemprop=\"image\" itemscope=\"itemscope\" itemtype=\"https:\/\/schema.org\/ImageObject\" ><div class=\"avia-image-container-inner\"><div class=\"avia-image-overlay-wrap\"><a href=\"https:\/\/www.instagram.com\/matilhacultural\/\" class='avia_image ' target=\"_blank\" rel=\"noopener noreferrer\" aria-label='matilha-cultural'><img decoding=\"async\" fetchpriority=\"high\" class='wp-image-319 avia-img-lazy-loading-not-319 avia_image ' src=\"https:\/\/mostrafilmfestival.org\/xv\/br\/wp-content\/uploads\/2024\/11\/matilha-cultural.png\" alt='' title='matilha-cultural'  height=\"250\" width=\"500\"  itemprop=\"thumbnailUrl\" srcset=\"https:\/\/mostrafilmfestival.org\/xv\/br\/wp-content\/uploads\/2024\/11\/matilha-cultural.png 500w, https:\/\/mostrafilmfestival.org\/xv\/br\/wp-content\/uploads\/2024\/11\/matilha-cultural-300x150.png 300w\" sizes=\"(max-width: 500px) 100vw, 500px\" \/><\/a><\/div><\/div><\/div><\/div><div  class='flex_column av-8rbpm-6b6b281de4617ca167a9a653a8b131e7 av_one_third  avia-builder-el-52  el_after_av_one_third  el_before_av_one_full  flex_column_div  column-top-margin'     ><\/div><div  class='flex_column av-8bsre-f4ec597ebc8ce697037bcaf6153795cd av_one_full  avia-builder-el-53  el_after_av_one_third  el_before_av_one_third  first flex_column_div  column-top-margin'     ><style type=\"text\/css\" data-created_by=\"avia_inline_auto\" id=\"style-css-av-m3ivy2p1-8ab02543d4e40e71dd55f8767c203144\">\n#top .av-special-heading.av-m3ivy2p1-8ab02543d4e40e71dd55f8767c203144{\npadding-bottom:10px;\nfont-size:35px;\n}\nbody .av-special-heading.av-m3ivy2p1-8ab02543d4e40e71dd55f8767c203144 .av-special-heading-tag .heading-char{\nfont-size:25px;\n}\n#top #wrap_all .av-special-heading.av-m3ivy2p1-8ab02543d4e40e71dd55f8767c203144 .av-special-heading-tag{\nfont-size:35px;\n}\n.av-special-heading.av-m3ivy2p1-8ab02543d4e40e71dd55f8767c203144 .av-subheading{\nfont-size:15px;\n}\n\n@media only screen and (min-width: 480px) and (max-width: 767px){ \n#top #wrap_all .av-special-heading.av-m3ivy2p1-8ab02543d4e40e71dd55f8767c203144 .av-special-heading-tag{\nfont-size:0.8em;\n}\n}\n\n@media only screen and (max-width: 479px){ \n#top #wrap_all .av-special-heading.av-m3ivy2p1-8ab02543d4e40e71dd55f8767c203144 .av-special-heading-tag{\nfont-size:0.8em;\n}\n}\n<\/style>\n<div  class='av-special-heading av-m3ivy2p1-8ab02543d4e40e71dd55f8767c203144 av-special-heading-h3 blockquote elegant-quote elegant-centered  avia-builder-el-54  avia-builder-el-no-sibling  av-inherit-size'><h3 class='av-special-heading-tag '  itemprop=\"headline\"  ><span class=\"heading-wrap\">Sess\u00f5es Extras<\/span><\/h3><div class=\"special-heading-border\"><div class=\"special-heading-inner-border\"><\/div><\/div><\/div><\/div><div  class='flex_column av-7gaku-75436cbd402570f672fdc267db855707 av_one_third  avia-builder-el-55  el_after_av_one_full  el_before_av_one_third  first flex_column_div  column-top-margin'     ><style type=\"text\/css\" data-created_by=\"avia_inline_auto\" id=\"style-css-av-m3iw735i-0bc46717f3267d9677b32bc3bc409df1\">\n.avia-image-container.av-m3iw735i-0bc46717f3267d9677b32bc3bc409df1 img.avia_image{\nbox-shadow:none;\n}\n.avia-image-container.av-m3iw735i-0bc46717f3267d9677b32bc3bc409df1 .av-image-caption-overlay-center{\ncolor:#ffffff;\n}\n<\/style>\n<div  class='avia-image-container av-m3iw735i-0bc46717f3267d9677b32bc3bc409df1 av-styling- av-img-linked avia-align-center  avia-builder-el-56  avia-builder-el-no-sibling '   itemprop=\"image\" itemscope=\"itemscope\" itemtype=\"https:\/\/schema.org\/ImageObject\" ><div class=\"avia-image-container-inner\"><div class=\"avia-image-overlay-wrap\"><a href=\"https:\/\/unibescultural.org.br\/\" class='avia_image ' target=\"_blank\" rel=\"noopener noreferrer\" aria-label='unibes-cultural'><img decoding=\"async\" fetchpriority=\"high\" class='wp-image-322 avia-img-lazy-loading-not-322 avia_image ' src=\"https:\/\/mostrafilmfestival.org\/xv\/br\/wp-content\/uploads\/2024\/11\/unibes-cultural.png\" alt='' title='unibes-cultural'  height=\"250\" width=\"500\"  itemprop=\"thumbnailUrl\" srcset=\"https:\/\/mostrafilmfestival.org\/xv\/br\/wp-content\/uploads\/2024\/11\/unibes-cultural.png 500w, https:\/\/mostrafilmfestival.org\/xv\/br\/wp-content\/uploads\/2024\/11\/unibes-cultural-300x150.png 300w\" sizes=\"(max-width: 500px) 100vw, 500px\" \/><\/a><\/div><\/div><\/div><\/div><div  class='flex_column av-6vahe-00fa429729c2da454a413e1e5d9310d1 av_one_third  avia-builder-el-57  el_after_av_one_third  el_before_av_one_third  flex_column_div  column-top-margin'     ><style type=\"text\/css\" data-created_by=\"avia_inline_auto\" id=\"style-css-av-m3iw7ez6-ce7b74ec2ba51f54406a4d2d07d30f13\">\n.avia-image-container.av-m3iw7ez6-ce7b74ec2ba51f54406a4d2d07d30f13 img.avia_image{\nbox-shadow:none;\n}\n.avia-image-container.av-m3iw7ez6-ce7b74ec2ba51f54406a4d2d07d30f13 .av-image-caption-overlay-center{\ncolor:#ffffff;\n}\n<\/style>\n<div  class='avia-image-container av-m3iw7ez6-ce7b74ec2ba51f54406a4d2d07d30f13 av-styling- av-img-linked avia-align-center  avia-builder-el-58  avia-builder-el-no-sibling '   itemprop=\"image\" itemscope=\"itemscope\" itemtype=\"https:\/\/schema.org\/ImageObject\" ><div class=\"avia-image-container-inner\"><div class=\"avia-image-overlay-wrap\"><a href=\"https:\/\/www.belasartes.br\/\" class='avia_image ' target=\"_blank\" rel=\"noopener noreferrer\" aria-label='faculdade-belas-artes'><img decoding=\"async\" fetchpriority=\"high\" class='wp-image-321 avia-img-lazy-loading-not-321 avia_image ' src=\"https:\/\/mostrafilmfestival.org\/xv\/br\/wp-content\/uploads\/2024\/11\/faculdade-belas-artes.png\" alt='' title='faculdade-belas-artes'  height=\"250\" width=\"500\"  itemprop=\"thumbnailUrl\" srcset=\"https:\/\/mostrafilmfestival.org\/xv\/br\/wp-content\/uploads\/2024\/11\/faculdade-belas-artes.png 500w, https:\/\/mostrafilmfestival.org\/xv\/br\/wp-content\/uploads\/2024\/11\/faculdade-belas-artes-300x150.png 300w\" sizes=\"(max-width: 500px) 100vw, 500px\" \/><\/a><\/div><\/div><\/div><\/div><div  class='flex_column av-65jjy-83fe09240e8afe26051e8c611f06004f av_one_third  avia-builder-el-59  el_after_av_one_third  el_before_av_one_full  flex_column_div  column-top-margin'     ><style type=\"text\/css\" data-created_by=\"avia_inline_auto\" id=\"style-css-av-m3iw7tgc-be3a951af8b1927a31350ce19887855b\">\n.avia-image-container.av-m3iw7tgc-be3a951af8b1927a31350ce19887855b img.avia_image{\nbox-shadow:none;\n}\n.avia-image-container.av-m3iw7tgc-be3a951af8b1927a31350ce19887855b .av-image-caption-overlay-center{\ncolor:#ffffff;\n}\n<\/style>\n<div  class='avia-image-container av-m3iw7tgc-be3a951af8b1927a31350ce19887855b av-styling- av-img-linked avia-align-center  avia-builder-el-60  avia-builder-el-no-sibling '   itemprop=\"image\" itemscope=\"itemscope\" itemtype=\"https:\/\/schema.org\/ImageObject\" ><div class=\"avia-image-container-inner\"><div class=\"avia-image-overlay-wrap\"><a href=\"https:\/\/centrodaterra.org.br\/\" class='avia_image ' target=\"_blank\" rel=\"noopener noreferrer\" aria-label='centro-da-terra'><img decoding=\"async\" fetchpriority=\"high\" class='wp-image-320 avia-img-lazy-loading-not-320 avia_image ' src=\"https:\/\/mostrafilmfestival.org\/xv\/br\/wp-content\/uploads\/2024\/11\/centro-da-terra.png\" alt='' title='centro-da-terra'  height=\"250\" width=\"500\"  itemprop=\"thumbnailUrl\" srcset=\"https:\/\/mostrafilmfestival.org\/xv\/br\/wp-content\/uploads\/2024\/11\/centro-da-terra.png 500w, https:\/\/mostrafilmfestival.org\/xv\/br\/wp-content\/uploads\/2024\/11\/centro-da-terra-300x150.png 300w\" sizes=\"(max-width: 500px) 100vw, 500px\" \/><\/a><\/div><\/div><\/div><\/div><div  class='flex_column av-5hwh2-5bdd9bc78e8477f571020143928a97a3 av_one_full  avia-builder-el-61  el_after_av_one_third  el_before_av_one_fourth  first flex_column_div  column-top-margin'     ><style type=\"text\/css\" data-created_by=\"avia_inline_auto\" id=\"style-css-av-m3ivy736-1c1ed62cbfe07eb5ff8dad43658e1cef\">\n#top .av-special-heading.av-m3ivy736-1c1ed62cbfe07eb5ff8dad43658e1cef{\npadding-bottom:10px;\nfont-size:35px;\n}\nbody .av-special-heading.av-m3ivy736-1c1ed62cbfe07eb5ff8dad43658e1cef .av-special-heading-tag .heading-char{\nfont-size:25px;\n}\n#top #wrap_all .av-special-heading.av-m3ivy736-1c1ed62cbfe07eb5ff8dad43658e1cef .av-special-heading-tag{\nfont-size:35px;\n}\n.av-special-heading.av-m3ivy736-1c1ed62cbfe07eb5ff8dad43658e1cef .av-subheading{\nfont-size:15px;\n}\n\n@media only screen and (min-width: 480px) and (max-width: 767px){ \n#top #wrap_all .av-special-heading.av-m3ivy736-1c1ed62cbfe07eb5ff8dad43658e1cef .av-special-heading-tag{\nfont-size:0.8em;\n}\n}\n\n@media only screen and (max-width: 479px){ \n#top #wrap_all .av-special-heading.av-m3ivy736-1c1ed62cbfe07eb5ff8dad43658e1cef .av-special-heading-tag{\nfont-size:0.8em;\n}\n}\n<\/style>\n<div  class='av-special-heading av-m3ivy736-1c1ed62cbfe07eb5ff8dad43658e1cef av-special-heading-h3 blockquote elegant-quote elegant-centered  avia-builder-el-62  avia-builder-el-no-sibling  av-inherit-size'><h3 class='av-special-heading-tag '  itemprop=\"headline\"  ><span class=\"heading-wrap\">Apoio<\/span><\/h3><div class=\"special-heading-border\"><div class=\"special-heading-inner-border\"><\/div><\/div><\/div><\/div><div  class='flex_column av-hli2-503a94f7d779b52ec0dcaa57fc3e25ad av_one_fourth  avia-builder-el-63  el_after_av_one_full  el_before_av_one_fourth  first flex_column_div  column-top-margin'     ><style type=\"text\/css\" data-created_by=\"avia_inline_auto\" id=\"style-css-av-m3iw9n2x-08fcbb80bcfacfa8049831a33f977dde\">\n.avia-image-container.av-m3iw9n2x-08fcbb80bcfacfa8049831a33f977dde img.avia_image{\nbox-shadow:none;\n}\n.avia-image-container.av-m3iw9n2x-08fcbb80bcfacfa8049831a33f977dde .av-image-caption-overlay-center{\ncolor:#ffffff;\n}\n<\/style>\n<div  class='avia-image-container av-m3iw9n2x-08fcbb80bcfacfa8049831a33f977dde av-styling- avia-align-center  avia-builder-el-64  avia-builder-el-no-sibling '   itemprop=\"image\" itemscope=\"itemscope\" itemtype=\"https:\/\/schema.org\/ImageObject\" ><div class=\"avia-image-container-inner\"><div class=\"avia-image-overlay-wrap\"><img decoding=\"async\" fetchpriority=\"high\" class='wp-image-323 avia-img-lazy-loading-not-323 avia_image ' src=\"https:\/\/mostrafilmfestival.org\/xv\/br\/wp-content\/uploads\/2024\/11\/icone-jornalismo.png\" alt='' title='icone-jornalismo'  height=\"250\" width=\"500\"  itemprop=\"thumbnailUrl\" srcset=\"https:\/\/mostrafilmfestival.org\/xv\/br\/wp-content\/uploads\/2024\/11\/icone-jornalismo.png 500w, https:\/\/mostrafilmfestival.org\/xv\/br\/wp-content\/uploads\/2024\/11\/icone-jornalismo-300x150.png 300w\" sizes=\"(max-width: 500px) 100vw, 500px\" \/><\/div><\/div><\/div><\/div><div  class='flex_column av-48kdi-e77e6067f4d6dd8ade4bf3c6e420ddd8 av_one_fourth  avia-builder-el-65  el_after_av_one_fourth  el_before_av_one_fourth  flex_column_div  column-top-margin'     ><style type=\"text\/css\" data-created_by=\"avia_inline_auto\" id=\"style-css-av-m3iwa48l-c1bf12007df66bfa24d9fdbe2e494dc5\">\n.avia-image-container.av-m3iwa48l-c1bf12007df66bfa24d9fdbe2e494dc5 img.avia_image{\nbox-shadow:none;\n}\n.avia-image-container.av-m3iwa48l-c1bf12007df66bfa24d9fdbe2e494dc5 .av-image-caption-overlay-center{\ncolor:#ffffff;\n}\n<\/style>\n<div  class='avia-image-container av-m3iwa48l-c1bf12007df66bfa24d9fdbe2e494dc5 av-styling- avia-align-center  avia-builder-el-66  avia-builder-el-no-sibling '   itemprop=\"image\" itemscope=\"itemscope\" itemtype=\"https:\/\/schema.org\/ImageObject\" ><div class=\"avia-image-container-inner\"><div class=\"avia-image-overlay-wrap\"><img decoding=\"async\" fetchpriority=\"high\" class='wp-image-324 avia-img-lazy-loading-not-324 avia_image ' src=\"https:\/\/mostrafilmfestival.org\/xv\/br\/wp-content\/uploads\/2024\/11\/apfel-restaurante-vegetariano.png\" alt='' title='apfel-restaurante-vegetariano'  height=\"250\" width=\"500\"  itemprop=\"thumbnailUrl\" srcset=\"https:\/\/mostrafilmfestival.org\/xv\/br\/wp-content\/uploads\/2024\/11\/apfel-restaurante-vegetariano.png 500w, https:\/\/mostrafilmfestival.org\/xv\/br\/wp-content\/uploads\/2024\/11\/apfel-restaurante-vegetariano-300x150.png 300w\" sizes=\"(max-width: 500px) 100vw, 500px\" \/><\/div><\/div><\/div><\/div><div  class='flex_column av-3nx36-b68ba312b167612cd47bb47f62e21a88 av_one_fourth  avia-builder-el-67  el_after_av_one_fourth  el_before_av_one_fourth  flex_column_div  column-top-margin'     ><style type=\"text\/css\" data-created_by=\"avia_inline_auto\" id=\"style-css-av-m3iwacnb-7cc7d04ab8aa3506bc6f60b539eb5e48\">\n.avia-image-container.av-m3iwacnb-7cc7d04ab8aa3506bc6f60b539eb5e48 img.avia_image{\nbox-shadow:none;\n}\n.avia-image-container.av-m3iwacnb-7cc7d04ab8aa3506bc6f60b539eb5e48 .av-image-caption-overlay-center{\ncolor:#ffffff;\n}\n<\/style>\n<div  class='avia-image-container av-m3iwacnb-7cc7d04ab8aa3506bc6f60b539eb5e48 av-styling- avia-align-center  avia-builder-el-68  avia-builder-el-no-sibling '   itemprop=\"image\" itemscope=\"itemscope\" itemtype=\"https:\/\/schema.org\/ImageObject\" ><div class=\"avia-image-container-inner\"><div class=\"avia-image-overlay-wrap\"><img decoding=\"async\" fetchpriority=\"high\" class='wp-image-325 avia-img-lazy-loading-not-325 avia_image ' src=\"https:\/\/mostrafilmfestival.org\/xv\/br\/wp-content\/uploads\/2024\/11\/nutrisom-restaurante-vegetariano.png\" alt='' title='nutrisom-restaurante-vegetariano'  height=\"250\" width=\"500\"  itemprop=\"thumbnailUrl\" srcset=\"https:\/\/mostrafilmfestival.org\/xv\/br\/wp-content\/uploads\/2024\/11\/nutrisom-restaurante-vegetariano.png 500w, https:\/\/mostrafilmfestival.org\/xv\/br\/wp-content\/uploads\/2024\/11\/nutrisom-restaurante-vegetariano-300x150.png 300w\" sizes=\"(max-width: 500px) 100vw, 500px\" \/><\/div><\/div><\/div><\/div><div  class='flex_column av-37a62-05f62b4b2fcc955cb73fe87dc118d911 av_one_fourth  avia-builder-el-69  el_after_av_one_fourth  el_before_av_one_fourth  flex_column_div  column-top-margin'     ><style type=\"text\/css\" data-created_by=\"avia_inline_auto\" id=\"style-css-av-m3iwakhx-ca3809d69e3259085ddd35d7fae8122e\">\n.avia-image-container.av-m3iwakhx-ca3809d69e3259085ddd35d7fae8122e img.avia_image{\nbox-shadow:none;\n}\n.avia-image-container.av-m3iwakhx-ca3809d69e3259085ddd35d7fae8122e .av-image-caption-overlay-center{\ncolor:#ffffff;\n}\n<\/style>\n<div  class='avia-image-container av-m3iwakhx-ca3809d69e3259085ddd35d7fae8122e av-styling- avia-align-center  avia-builder-el-70  avia-builder-el-no-sibling '   itemprop=\"image\" itemscope=\"itemscope\" itemtype=\"https:\/\/schema.org\/ImageObject\" ><div class=\"avia-image-container-inner\"><div class=\"avia-image-overlay-wrap\"><img decoding=\"async\" fetchpriority=\"high\" class='wp-image-326 avia-img-lazy-loading-not-326 avia_image ' src=\"https:\/\/mostrafilmfestival.org\/xv\/br\/wp-content\/uploads\/2024\/11\/magg-turismo.png\" alt='' title='magg-turismo'  height=\"250\" width=\"500\"  itemprop=\"thumbnailUrl\" srcset=\"https:\/\/mostrafilmfestival.org\/xv\/br\/wp-content\/uploads\/2024\/11\/magg-turismo.png 500w, https:\/\/mostrafilmfestival.org\/xv\/br\/wp-content\/uploads\/2024\/11\/magg-turismo-300x150.png 300w\" sizes=\"(max-width: 500px) 100vw, 500px\" \/><\/div><\/div><\/div><\/div><div  class='flex_column av-2kuj2-9a06ac3e36485807ad5a7b0e13624ab1 av_one_fourth  avia-builder-el-71  el_after_av_one_fourth  el_before_av_one_fourth  first flex_column_div  column-top-margin'     ><style type=\"text\/css\" data-created_by=\"avia_inline_auto\" id=\"style-css-av-m3iwatgu-d70d9bd459d7891bfa33fd8e4a9e6592\">\n.avia-image-container.av-m3iwatgu-d70d9bd459d7891bfa33fd8e4a9e6592 img.avia_image{\nbox-shadow:none;\n}\n.avia-image-container.av-m3iwatgu-d70d9bd459d7891bfa33fd8e4a9e6592 .av-image-caption-overlay-center{\ncolor:#ffffff;\n}\n<\/style>\n<div  class='avia-image-container av-m3iwatgu-d70d9bd459d7891bfa33fd8e4a9e6592 av-styling- avia-align-center  avia-builder-el-72  avia-builder-el-no-sibling '   itemprop=\"image\" itemscope=\"itemscope\" itemtype=\"https:\/\/schema.org\/ImageObject\" ><div class=\"avia-image-container-inner\"><div class=\"avia-image-overlay-wrap\"><img decoding=\"async\" fetchpriority=\"high\" class='wp-image-327 avia-img-lazy-loading-not-327 avia_image ' src=\"https:\/\/mostrafilmfestival.org\/xv\/br\/wp-content\/uploads\/2024\/11\/united-airlines.png\" alt='' title='united-airlines'  height=\"250\" width=\"500\"  itemprop=\"thumbnailUrl\" srcset=\"https:\/\/mostrafilmfestival.org\/xv\/br\/wp-content\/uploads\/2024\/11\/united-airlines.png 500w, https:\/\/mostrafilmfestival.org\/xv\/br\/wp-content\/uploads\/2024\/11\/united-airlines-300x150.png 300w\" sizes=\"(max-width: 500px) 100vw, 500px\" \/><\/div><\/div><\/div><\/div><div  class='flex_column av-1zpyi-e881e65e0a119cb6cb7ef849b5423223 av_one_fourth  avia-builder-el-73  el_after_av_one_fourth  el_before_av_one_fourth  flex_column_div  column-top-margin'     ><style type=\"text\/css\" data-created_by=\"avia_inline_auto\" id=\"style-css-av-m3iwb4qs-c0e10345f04c2644e8413f9506688054\">\n.avia-image-container.av-m3iwb4qs-c0e10345f04c2644e8413f9506688054 img.avia_image{\nbox-shadow:none;\n}\n.avia-image-container.av-m3iwb4qs-c0e10345f04c2644e8413f9506688054 .av-image-caption-overlay-center{\ncolor:#ffffff;\n}\n<\/style>\n<div  class='avia-image-container av-m3iwb4qs-c0e10345f04c2644e8413f9506688054 av-styling- avia-align-center  avia-builder-el-74  avia-builder-el-no-sibling '   itemprop=\"image\" itemscope=\"itemscope\" itemtype=\"https:\/\/schema.org\/ImageObject\" ><div class=\"avia-image-container-inner\"><div class=\"avia-image-overlay-wrap\"><img decoding=\"async\" fetchpriority=\"high\" class='wp-image-328 avia-img-lazy-loading-not-328 avia_image ' src=\"https:\/\/mostrafilmfestival.org\/xv\/br\/wp-content\/uploads\/2024\/11\/mulheres-de-atitude.png\" alt='' title='mulheres-de-atitude'  height=\"250\" width=\"500\"  itemprop=\"thumbnailUrl\" srcset=\"https:\/\/mostrafilmfestival.org\/xv\/br\/wp-content\/uploads\/2024\/11\/mulheres-de-atitude.png 500w, https:\/\/mostrafilmfestival.org\/xv\/br\/wp-content\/uploads\/2024\/11\/mulheres-de-atitude-300x150.png 300w\" sizes=\"(max-width: 500px) 100vw, 500px\" \/><\/div><\/div><\/div><\/div><div  class='flex_column av-1plu6-b4871e81fce1d862629bd87914e7fa26 av_one_fourth  avia-builder-el-75  el_after_av_one_fourth  el_before_av_one_fourth  flex_column_div  column-top-margin'     ><style type=\"text\/css\" data-created_by=\"avia_inline_auto\" id=\"style-css-av-m3iwbegg-56f3c971810492df008a3efeca2a83f6\">\n.avia-image-container.av-m3iwbegg-56f3c971810492df008a3efeca2a83f6 img.avia_image{\nbox-shadow:none;\n}\n.avia-image-container.av-m3iwbegg-56f3c971810492df008a3efeca2a83f6 .av-image-caption-overlay-center{\ncolor:#ffffff;\n}\n<\/style>\n<div  class='avia-image-container av-m3iwbegg-56f3c971810492df008a3efeca2a83f6 av-styling- avia-align-center  avia-builder-el-76  avia-builder-el-no-sibling '   itemprop=\"image\" itemscope=\"itemscope\" itemtype=\"https:\/\/schema.org\/ImageObject\" ><div class=\"avia-image-container-inner\"><div class=\"avia-image-overlay-wrap\"><img decoding=\"async\" fetchpriority=\"high\" class='wp-image-329 avia-img-lazy-loading-not-329 avia_image ' src=\"https:\/\/mostrafilmfestival.org\/xv\/br\/wp-content\/uploads\/2024\/11\/cine-cafe-fellini.png\" alt='' title='cine-cafe-fellini'  height=\"250\" width=\"500\"  itemprop=\"thumbnailUrl\" srcset=\"https:\/\/mostrafilmfestival.org\/xv\/br\/wp-content\/uploads\/2024\/11\/cine-cafe-fellini.png 500w, https:\/\/mostrafilmfestival.org\/xv\/br\/wp-content\/uploads\/2024\/11\/cine-cafe-fellini-300x150.png 300w\" sizes=\"(max-width: 500px) 100vw, 500px\" \/><\/div><\/div><\/div><\/div><div  class='flex_column av-t1xa-5dde3b7b3f871df2d8acc5bb5833ae05 av_one_fourth  avia-builder-el-77  el_after_av_one_fourth  avia-builder-el-last  flex_column_div  column-top-margin'     ><style type=\"text\/css\" data-created_by=\"avia_inline_auto\" id=\"style-css-av-m3iwbmy3-0c4ad0bdf5944ecb836652b35384f486\">\n.avia-image-container.av-m3iwbmy3-0c4ad0bdf5944ecb836652b35384f486 img.avia_image{\nbox-shadow:none;\n}\n.avia-image-container.av-m3iwbmy3-0c4ad0bdf5944ecb836652b35384f486 .av-image-caption-overlay-center{\ncolor:#ffffff;\n}\n<\/style>\n<div  class='avia-image-container av-m3iwbmy3-0c4ad0bdf5944ecb836652b35384f486 av-styling- avia-align-center  avia-builder-el-78  avia-builder-el-no-sibling '   itemprop=\"image\" itemscope=\"itemscope\" itemtype=\"https:\/\/schema.org\/ImageObject\" ><div class=\"avia-image-container-inner\"><div class=\"avia-image-overlay-wrap\"><img decoding=\"async\" fetchpriority=\"high\" class='wp-image-330 avia-img-lazy-loading-not-330 avia_image ' src=\"https:\/\/mostrafilmfestival.org\/xv\/br\/wp-content\/uploads\/2024\/11\/phytoterapica.png\" alt='' title='phytoterapica'  height=\"250\" width=\"500\"  itemprop=\"thumbnailUrl\" srcset=\"https:\/\/mostrafilmfestival.org\/xv\/br\/wp-content\/uploads\/2024\/11\/phytoterapica.png 500w, https:\/\/mostrafilmfestival.org\/xv\/br\/wp-content\/uploads\/2024\/11\/phytoterapica-300x150.png 300w\" sizes=\"(max-width: 500px) 100vw, 500px\" \/><\/div><\/div><\/div><\/div>\n\n","protected":false},"excerpt":{"rendered":"","protected":false},"author":1,"featured_media":95,"parent":0,"menu_order":0,"comment_status":"closed","ping_status":"closed","template":"","meta":{"nf_dc_page":"","footnotes":""},"class_list":["post-18","page","type-page","status-publish","has-post-thumbnail","hentry"],"yoast_head":"<!-- This site is optimized with the Yoast SEO plugin v27.5 - https:\/\/yoast.com\/product\/yoast-seo-wordpress\/ -->\n<title>Edi\u00e7\u00e3o S\u00e3o Paulo - MOSTRA XV Brazilian Film Festival - Brasil<\/title>\n<meta name=\"robots\" content=\"index, follow, max-snippet:-1, max-image-preview:large, max-video-preview:-1\" \/>\n<link rel=\"canonical\" href=\"https:\/\/mostrafilmfestival.org\/xv\/br\/sp\/\" \/>\n<meta property=\"og:locale\" content=\"pt_BR\" \/>\n<meta property=\"og:type\" content=\"article\" \/>\n<meta property=\"og:title\" content=\"Edi\u00e7\u00e3o S\u00e3o Paulo - MOSTRA XV Brazilian Film Festival - Brasil\" \/>\n<meta property=\"og:url\" content=\"https:\/\/mostrafilmfestival.org\/xv\/br\/sp\/\" \/>\n<meta property=\"og:site_name\" content=\"MOSTRA XV Brazilian Film Festival - Brasil\" \/>\n<meta property=\"article:modified_time\" content=\"2024-11-15T17:59:53+00:00\" \/>\n<meta property=\"og:image\" content=\"https:\/\/mostrafilmfestival.org\/xv\/br\/wp-content\/uploads\/2024\/11\/Mostra-XIII-BR-Politica-Privacidade-Termos-Condicoes.jpg\" \/>\n\t<meta property=\"og:image:width\" content=\"1920\" \/>\n\t<meta property=\"og:image:height\" content=\"1080\" \/>\n\t<meta property=\"og:image:type\" content=\"image\/jpeg\" \/>\n<meta name=\"twitter:card\" content=\"summary_large_image\" \/>\n<meta name=\"twitter:label1\" content=\"Est. tempo de leitura\" \/>\n\t<meta name=\"twitter:data1\" content=\"5 minutos\" \/>\n<script type=\"application\/ld+json\" class=\"yoast-schema-graph\">{\"@context\":\"https:\\\/\\\/schema.org\",\"@graph\":[{\"@type\":\"WebPage\",\"@id\":\"https:\\\/\\\/mostrafilmfestival.org\\\/xv\\\/br\\\/sp\\\/\",\"url\":\"https:\\\/\\\/mostrafilmfestival.org\\\/xv\\\/br\\\/sp\\\/\",\"name\":\"Edi\u00e7\u00e3o S\u00e3o Paulo - MOSTRA XV Brazilian Film Festival - Brasil\",\"isPartOf\":{\"@id\":\"https:\\\/\\\/mostrafilmfestival.org\\\/xv\\\/br\\\/#website\"},\"primaryImageOfPage\":{\"@id\":\"https:\\\/\\\/mostrafilmfestival.org\\\/xv\\\/br\\\/sp\\\/#primaryimage\"},\"image\":{\"@id\":\"https:\\\/\\\/mostrafilmfestival.org\\\/xv\\\/br\\\/sp\\\/#primaryimage\"},\"thumbnailUrl\":\"https:\\\/\\\/mostrafilmfestival.org\\\/xv\\\/br\\\/wp-content\\\/uploads\\\/2024\\\/11\\\/Mostra-XIII-BR-Politica-Privacidade-Termos-Condicoes.jpg\",\"datePublished\":\"2024-11-12T02:44:43+00:00\",\"dateModified\":\"2024-11-15T17:59:53+00:00\",\"breadcrumb\":{\"@id\":\"https:\\\/\\\/mostrafilmfestival.org\\\/xv\\\/br\\\/sp\\\/#breadcrumb\"},\"inLanguage\":\"pt-BR\",\"potentialAction\":[{\"@type\":\"ReadAction\",\"target\":[\"https:\\\/\\\/mostrafilmfestival.org\\\/xv\\\/br\\\/sp\\\/\"]}]},{\"@type\":\"ImageObject\",\"inLanguage\":\"pt-BR\",\"@id\":\"https:\\\/\\\/mostrafilmfestival.org\\\/xv\\\/br\\\/sp\\\/#primaryimage\",\"url\":\"https:\\\/\\\/mostrafilmfestival.org\\\/xv\\\/br\\\/wp-content\\\/uploads\\\/2024\\\/11\\\/Mostra-XIII-BR-Politica-Privacidade-Termos-Condicoes.jpg\",\"contentUrl\":\"https:\\\/\\\/mostrafilmfestival.org\\\/xv\\\/br\\\/wp-content\\\/uploads\\\/2024\\\/11\\\/Mostra-XIII-BR-Politica-Privacidade-Termos-Condicoes.jpg\",\"width\":1920,\"height\":1080},{\"@type\":\"BreadcrumbList\",\"@id\":\"https:\\\/\\\/mostrafilmfestival.org\\\/xv\\\/br\\\/sp\\\/#breadcrumb\",\"itemListElement\":[{\"@type\":\"ListItem\",\"position\":1,\"name\":\"Home\",\"item\":\"https:\\\/\\\/mostrafilmfestival.org\\\/xv\\\/br\\\/home\\\/\"},{\"@type\":\"ListItem\",\"position\":2,\"name\":\"Edi\u00e7\u00e3o S\u00e3o Paulo\"}]},{\"@type\":\"WebSite\",\"@id\":\"https:\\\/\\\/mostrafilmfestival.org\\\/xv\\\/br\\\/#website\",\"url\":\"https:\\\/\\\/mostrafilmfestival.org\\\/xv\\\/br\\\/\",\"name\":\"MOSTRA XV Brazilian Film Festival - Brasil\",\"description\":\"Filmes brasileiros com consci\u00eancia social.\",\"potentialAction\":[{\"@type\":\"SearchAction\",\"target\":{\"@type\":\"EntryPoint\",\"urlTemplate\":\"https:\\\/\\\/mostrafilmfestival.org\\\/xv\\\/br\\\/?s={search_term_string}\"},\"query-input\":{\"@type\":\"PropertyValueSpecification\",\"valueRequired\":true,\"valueName\":\"search_term_string\"}}],\"inLanguage\":\"pt-BR\"}]}<\/script>\n<!-- \/ Yoast SEO plugin. -->","yoast_head_json":{"title":"Edi\u00e7\u00e3o S\u00e3o Paulo - MOSTRA XV Brazilian Film Festival - Brasil","robots":{"index":"index","follow":"follow","max-snippet":"max-snippet:-1","max-image-preview":"max-image-preview:large","max-video-preview":"max-video-preview:-1"},"canonical":"https:\/\/mostrafilmfestival.org\/xv\/br\/sp\/","og_locale":"pt_BR","og_type":"article","og_title":"Edi\u00e7\u00e3o S\u00e3o Paulo - MOSTRA XV Brazilian Film Festival - Brasil","og_url":"https:\/\/mostrafilmfestival.org\/xv\/br\/sp\/","og_site_name":"MOSTRA XV Brazilian Film Festival - Brasil","article_modified_time":"2024-11-15T17:59:53+00:00","og_image":[{"width":1920,"height":1080,"url":"https:\/\/mostrafilmfestival.org\/xv\/br\/wp-content\/uploads\/2024\/11\/Mostra-XIII-BR-Politica-Privacidade-Termos-Condicoes.jpg","type":"image\/jpeg"}],"twitter_card":"summary_large_image","twitter_misc":{"Est. tempo de leitura":"5 minutos"},"schema":{"@context":"https:\/\/schema.org","@graph":[{"@type":"WebPage","@id":"https:\/\/mostrafilmfestival.org\/xv\/br\/sp\/","url":"https:\/\/mostrafilmfestival.org\/xv\/br\/sp\/","name":"Edi\u00e7\u00e3o S\u00e3o Paulo - MOSTRA XV Brazilian Film Festival - Brasil","isPartOf":{"@id":"https:\/\/mostrafilmfestival.org\/xv\/br\/#website"},"primaryImageOfPage":{"@id":"https:\/\/mostrafilmfestival.org\/xv\/br\/sp\/#primaryimage"},"image":{"@id":"https:\/\/mostrafilmfestival.org\/xv\/br\/sp\/#primaryimage"},"thumbnailUrl":"https:\/\/mostrafilmfestival.org\/xv\/br\/wp-content\/uploads\/2024\/11\/Mostra-XIII-BR-Politica-Privacidade-Termos-Condicoes.jpg","datePublished":"2024-11-12T02:44:43+00:00","dateModified":"2024-11-15T17:59:53+00:00","breadcrumb":{"@id":"https:\/\/mostrafilmfestival.org\/xv\/br\/sp\/#breadcrumb"},"inLanguage":"pt-BR","potentialAction":[{"@type":"ReadAction","target":["https:\/\/mostrafilmfestival.org\/xv\/br\/sp\/"]}]},{"@type":"ImageObject","inLanguage":"pt-BR","@id":"https:\/\/mostrafilmfestival.org\/xv\/br\/sp\/#primaryimage","url":"https:\/\/mostrafilmfestival.org\/xv\/br\/wp-content\/uploads\/2024\/11\/Mostra-XIII-BR-Politica-Privacidade-Termos-Condicoes.jpg","contentUrl":"https:\/\/mostrafilmfestival.org\/xv\/br\/wp-content\/uploads\/2024\/11\/Mostra-XIII-BR-Politica-Privacidade-Termos-Condicoes.jpg","width":1920,"height":1080},{"@type":"BreadcrumbList","@id":"https:\/\/mostrafilmfestival.org\/xv\/br\/sp\/#breadcrumb","itemListElement":[{"@type":"ListItem","position":1,"name":"Home","item":"https:\/\/mostrafilmfestival.org\/xv\/br\/home\/"},{"@type":"ListItem","position":2,"name":"Edi\u00e7\u00e3o S\u00e3o Paulo"}]},{"@type":"WebSite","@id":"https:\/\/mostrafilmfestival.org\/xv\/br\/#website","url":"https:\/\/mostrafilmfestival.org\/xv\/br\/","name":"MOSTRA XV Brazilian Film Festival - Brasil","description":"Filmes brasileiros com consci\u00eancia social.","potentialAction":[{"@type":"SearchAction","target":{"@type":"EntryPoint","urlTemplate":"https:\/\/mostrafilmfestival.org\/xv\/br\/?s={search_term_string}"},"query-input":{"@type":"PropertyValueSpecification","valueRequired":true,"valueName":"search_term_string"}}],"inLanguage":"pt-BR"}]}},"_links":{"self":[{"href":"https:\/\/mostrafilmfestival.org\/xv\/br\/wp-json\/wp\/v2\/pages\/18","targetHints":{"allow":["GET"]}}],"collection":[{"href":"https:\/\/mostrafilmfestival.org\/xv\/br\/wp-json\/wp\/v2\/pages"}],"about":[{"href":"https:\/\/mostrafilmfestival.org\/xv\/br\/wp-json\/wp\/v2\/types\/page"}],"author":[{"embeddable":true,"href":"https:\/\/mostrafilmfestival.org\/xv\/br\/wp-json\/wp\/v2\/users\/1"}],"replies":[{"embeddable":true,"href":"https:\/\/mostrafilmfestival.org\/xv\/br\/wp-json\/wp\/v2\/comments?post=18"}],"version-history":[{"count":5,"href":"https:\/\/mostrafilmfestival.org\/xv\/br\/wp-json\/wp\/v2\/pages\/18\/revisions"}],"predecessor-version":[{"id":370,"href":"https:\/\/mostrafilmfestival.org\/xv\/br\/wp-json\/wp\/v2\/pages\/18\/revisions\/370"}],"wp:featuredmedia":[{"embeddable":true,"href":"https:\/\/mostrafilmfestival.org\/xv\/br\/wp-json\/wp\/v2\/media\/95"}],"wp:attachment":[{"href":"https:\/\/mostrafilmfestival.org\/xv\/br\/wp-json\/wp\/v2\/media?parent=18"}],"curies":[{"name":"wp","href":"https:\/\/api.w.org\/{rel}","templated":true}]}}