{"id":22,"date":"2024-11-12T02:46:00","date_gmt":"2024-11-12T02:46:00","guid":{"rendered":"https:\/\/mostrafilmfestival.org\/xv\/br\/?page_id=22"},"modified":"2024-11-12T18:06:35","modified_gmt":"2024-11-12T21:06:35","slug":"sobre","status":"publish","type":"page","link":"https:\/\/mostrafilmfestival.org\/xv\/br\/sobre\/","title":{"rendered":"Sobre N\u00f3s"},"content":{"rendered":"\n<style type=\"text\/css\" data-created_by=\"avia_inline_auto\" id=\"style-css-av-er9mu-5eb3c57feeb9f62ab87fc352eda5423f\">\n.avia-section.av-er9mu-5eb3c57feeb9f62ab87fc352eda5423f .av-parallax .av-parallax-inner{\nbackground-repeat:no-repeat;\nbackground-image:url(https:\/\/mostrafilmfestival.org\/xv\/br\/wp-content\/uploads\/2024\/11\/Mostra-XV-BG-1.png);\nbackground-position:50% 50%;\nbackground-attachment:scroll;\n}\n.avia-section.av-er9mu-5eb3c57feeb9f62ab87fc352eda5423f .av-section-color-overlay{\nopacity:0.1;\nbackground-color:#000000;\n}\n<\/style>\n<div id='av_section_1'  class='avia-section av-er9mu-5eb3c57feeb9f62ab87fc352eda5423f main_color avia-section-large avia-no-border-styling  avia-builder-el-0  el_before_av_section  avia-builder-el-first  av-parallax-section avia-bg-style-parallax av-section-color-overlay-active av-minimum-height av-minimum-height-50 av-height-50  container_wrap fullsize'  data-section-bg-repeat='no-repeat' data-av_minimum_height_pc='50' data-av_min_height_opt='50'><div class='av-parallax' data-avia-parallax-ratio='0.3' ><div class='av-parallax-inner main_color avia-full-stretch'><\/div><\/div><div class=\"av-section-color-overlay-wrap\"><div class=\"av-section-color-overlay\"><\/div><a href='#next-section' title='' class='scroll-down-link ' aria-hidden='true' data-av_icon='\ue877' data-av_iconfont='entypo-fontello'><\/a><div class='container av-section-cont-open' ><main  role=\"main\" itemprop=\"mainContentOfPage\"  class='template-page content  av-content-full alpha units'><div class='post-entry post-entry-type-page post-entry-22'><div class='entry-content-wrapper clearfix'>\n\n<style type=\"text\/css\" data-created_by=\"avia_inline_auto\" id=\"style-css-av-e22ja-28950108eacd0d4bced5ad4968ca44bd\">\n#top .av-special-heading.av-e22ja-28950108eacd0d4bced5ad4968ca44bd{\npadding-bottom:10px;\ncolor:#ffffff;\nfont-size:50px;\n}\nbody .av-special-heading.av-e22ja-28950108eacd0d4bced5ad4968ca44bd .av-special-heading-tag .heading-char{\nfont-size:25px;\n}\n#top #wrap_all .av-special-heading.av-e22ja-28950108eacd0d4bced5ad4968ca44bd .av-special-heading-tag{\nfont-size:50px;\npadding:50px 0 0 0;\n}\n.av-special-heading.av-e22ja-28950108eacd0d4bced5ad4968ca44bd .special-heading-inner-border{\nborder-color:#ffffff;\n}\n.av-special-heading.av-e22ja-28950108eacd0d4bced5ad4968ca44bd .av-subheading{\nfont-size:15px;\n}\n\n@media only screen and (min-width: 480px) and (max-width: 767px){ \n#top #wrap_all .av-special-heading.av-e22ja-28950108eacd0d4bced5ad4968ca44bd .av-special-heading-tag{\nfont-size:0.8em;\n}\n}\n\n@media only screen and (max-width: 479px){ \n#top #wrap_all .av-special-heading.av-e22ja-28950108eacd0d4bced5ad4968ca44bd .av-special-heading-tag{\nfont-size:0.8em;\n}\n}\n<\/style>\n<div  class='av-special-heading av-e22ja-28950108eacd0d4bced5ad4968ca44bd av-special-heading-h1 custom-color-heading blockquote modern-quote modern-centered  avia-builder-el-1  el_before_av_one_fifth  avia-builder-el-first  av-inherit-size'><h1 class='av-special-heading-tag '  itemprop=\"headline\"  >SOBRE N\u00d3S<\/h1><div class=\"special-heading-border\"><div class=\"special-heading-inner-border\"><\/div><\/div><\/div>\n<div  class='flex_column av-davoe-49c94737d9d88c991d47f24e6cd1e9ef av_one_fifth  avia-builder-el-2  el_after_av_heading  el_before_av_three_fifth  first flex_column_div  '     ><\/div><div  class='flex_column av-cunvq-c8a0bc4814c1dfe52768ae07bc1bd8d0 av_three_fifth  avia-builder-el-3  el_after_av_one_fifth  el_before_av_one_fifth  flex_column_div  '     ><style type=\"text\/css\" data-created_by=\"avia_inline_auto\" id=\"style-css-av-c9w72-e12e0f2e261dfe26df37f869a4184c4f\">\n#top .av_textblock_section.av-c9w72-e12e0f2e261dfe26df37f869a4184c4f .avia_textblock{\nfont-size:13px;\ncolor:#ffffff;\n}\n<\/style>\n<section  class='av_textblock_section av-c9w72-e12e0f2e261dfe26df37f869a4184c4f '   itemscope=\"itemscope\" itemtype=\"https:\/\/schema.org\/CreativeWork\" ><div class='avia_textblock av_inherit_color'  itemprop=\"text\" ><p style=\"text-align: center;\">MOSTRA exibe filmes que visam aprimorar a compreens\u00e3o das artes, cultura, hist\u00f3ria, meio ambiente e quest\u00f5es sociais brasileiras por meio de temas que desenvolvem uma consci\u00eancia social no espectador.<\/p>\n<\/div><\/section><\/div><div  class='flex_column av-16u5a-c70c57f3d7f7764a61e87d247fb0969b av_one_fifth  avia-builder-el-5  el_after_av_three_fifth  avia-builder-el-last  flex_column_div  '     ><\/div><\/div><\/div><\/main><!-- close content main element --><\/div><\/div><\/div><div id='av_section_2'  class='avia-section av-b2o3m-225078b9b77d803e253472e973b962ed main_color avia-section-default avia-no-border-styling  avia-builder-el-6  el_after_av_section  el_before_av_section  avia-bg-style-scroll av-minimum-height av-minimum-height-50 av-height-50  container_wrap fullsize'   data-av_minimum_height_pc='50' data-av_min_height_opt='50'><div class='container av-section-cont-open' ><div class='template-page content  av-content-full alpha units'><div class='post-entry post-entry-type-page post-entry-22'><div class='entry-content-wrapper clearfix'>\n\n<style type=\"text\/css\" data-created_by=\"avia_inline_auto\" id=\"style-css-av-a6thu-697605c5e52eebc96a1bec101a7f5876\">\n.flex_column.av-a6thu-697605c5e52eebc96a1bec101a7f5876{\nborder-radius:0px 0px 0px 0px;\npadding:0px 0px 0px 0px;\n}\n<\/style>\n<div  class='flex_column av-a6thu-697605c5e52eebc96a1bec101a7f5876 av_one_third  avia-builder-el-7  el_before_av_one_third  avia-builder-el-first  first flex_column_div av-zero-column-padding  '     ><style type=\"text\/css\" data-created_by=\"avia_inline_auto\" id=\"style-css-av-9rrd6-e13c823a5dfe88252acb9e9487b29fcb\">\n#top #wrap_all .iconbox.av-9rrd6-e13c823a5dfe88252acb9e9487b29fcb .iconbox_content_title{\nfont-size:25px;\n}\n<\/style>\n<article  class='iconbox iconbox_top av-9rrd6-e13c823a5dfe88252acb9e9487b29fcb av-icon-style-no-border  avia-builder-el-8  avia-builder-el-no-sibling  main_color'  itemscope=\"itemscope\" itemtype=\"https:\/\/schema.org\/CreativeWork\" ><div class=\"iconbox_content\"><header class=\"entry-content-header\" aria-label=\"Icon: QUEM SOMOS?\"><div class=\"iconbox_icon heading-color\" aria-hidden='true' data-av_icon='\ue80b' data-av_iconfont='entypo-fontello'><\/div><h3 class='iconbox_content_title '  itemprop=\"headline\" >QUEM SOMOS?<\/h3><\/header><div class='iconbox_content_container '  itemprop=\"text\" ><p>A MOSTRA Brazilian Film Festival \u00e9 o maior festival de cinema brasileiro do meio-oeste americano realizada pela organiza\u00e7\u00e3o sem fins lucrativos Partners of the Americas \u2013 Cap\u00edtulo Illinois \u2013 S\u00e3o Paulo. Neste ano, parte dos filmes selecionados para Chicago ser\u00e3o exibidos em S\u00e3o Paulo Porto Alegre e Canoas.<\/p>\n<\/div><\/div><footer class=\"entry-footer\"><\/footer><\/article><\/div>\n<style type=\"text\/css\" data-created_by=\"avia_inline_auto\" id=\"style-css-av-9c30i-43cb7e8dc6cc83e1fa88318f718e7eb5\">\n.flex_column.av-9c30i-43cb7e8dc6cc83e1fa88318f718e7eb5{\nborder-radius:0px 0px 0px 0px;\npadding:0px 0px 0px 0px;\n}\n<\/style>\n<div  class='flex_column av-9c30i-43cb7e8dc6cc83e1fa88318f718e7eb5 av_one_third  avia-builder-el-9  el_after_av_one_third  el_before_av_one_third  flex_column_div av-zero-column-padding  '     ><style type=\"text\/css\" data-created_by=\"avia_inline_auto\" id=\"style-css-av-8ing2-d7dd71b33de124b865ce4bf50f42ae8b\">\n#top #wrap_all .iconbox.av-8ing2-d7dd71b33de124b865ce4bf50f42ae8b .iconbox_content_title{\nfont-size:25px;\n}\n<\/style>\n<article  class='iconbox iconbox_top av-8ing2-d7dd71b33de124b865ce4bf50f42ae8b av-icon-style-no-border  avia-builder-el-10  avia-builder-el-no-sibling  main_color'  itemscope=\"itemscope\" itemtype=\"https:\/\/schema.org\/CreativeWork\" ><div class=\"iconbox_content\"><header class=\"entry-content-header\" aria-label=\"Icon: O QUE FAZEMOS?\"><div class=\"iconbox_icon heading-color\" aria-hidden='true' data-av_icon='\ue80d' data-av_iconfont='entypo-fontello'><\/div><h3 class='iconbox_content_title '  itemprop=\"headline\" >O QUE FAZEMOS?<\/h3><\/header><div class='iconbox_content_container '  itemprop=\"text\" ><p>O objetivo do evento \u00e9 exibir filmes brasileiros com consci\u00eancia social. A MOSTRA Brazilian Film Festival tem seus locais de exibi\u00e7\u00e3o institui\u00e7\u00f5es educacionais e centros culturais para fomentar conversa sobre quest\u00f5es sociais entre especialistas, professores, estudantes e p\u00fablico em geral.<\/p>\n<\/div><\/div><footer class=\"entry-footer\"><\/footer><\/article><\/div>\n<style type=\"text\/css\" data-created_by=\"avia_inline_auto\" id=\"style-css-av-7xo76-c86a32e7c79781e976301404ff4fc677\">\n.flex_column.av-7xo76-c86a32e7c79781e976301404ff4fc677{\nborder-radius:0px 0px 0px 0px;\npadding:0px 0px 0px 0px;\n}\n<\/style>\n<div  class='flex_column av-7xo76-c86a32e7c79781e976301404ff4fc677 av_one_third  avia-builder-el-11  el_after_av_one_third  avia-builder-el-last  flex_column_div av-zero-column-padding  '     ><style type=\"text\/css\" data-created_by=\"avia_inline_auto\" id=\"style-css-av-7da3e-fbe28195ea3ef4e8de926e7e9f9bd6ce\">\n#top #wrap_all .iconbox.av-7da3e-fbe28195ea3ef4e8de926e7e9f9bd6ce .iconbox_content_title{\nfont-size:25px;\n}\n<\/style>\n<article  class='iconbox iconbox_top av-7da3e-fbe28195ea3ef4e8de926e7e9f9bd6ce av-icon-style-no-border  avia-builder-el-12  avia-builder-el-no-sibling  main_color'  itemscope=\"itemscope\" itemtype=\"https:\/\/schema.org\/CreativeWork\" ><div class=\"iconbox_content\"><header class=\"entry-content-header\" aria-label=\"Icon: NOITE DE ABERTURA\"><div class=\"iconbox_icon heading-color\" aria-hidden='true' data-av_icon='\ue808' data-av_iconfont='entypo-fontello'><\/div><h3 class='iconbox_content_title '  itemprop=\"headline\" >NOITE DE ABERTURA<\/h3><\/header><div class='iconbox_content_container '  itemprop=\"text\" ><p>A abertura da MOSTRA XV em S\u00e3o Paulo ser\u00e1 dia 29 de novembro de 2024 no Matilha Cultural, a partir das 18h. Confira a programa\u00e7\u00e3o completa aqui no site. A entrada \u00e9 gratuita.<\/p>\n<\/div><\/div><footer class=\"entry-footer\"><\/footer><\/article><\/div><\/div><\/div><\/div><!-- close content main div --><\/div><\/div><div id='av_section_3'  class='avia-section av-6zzuq-c1caa196e0911291b098581343a17108 main_color avia-section-default avia-no-border-styling  avia-builder-el-13  el_after_av_section  avia-builder-el-last  avia-bg-style-scroll container_wrap fullsize'  ><div class='container av-section-cont-open' ><div class='template-page content  av-content-full alpha units'><div class='post-entry post-entry-type-page post-entry-22'><div class='entry-content-wrapper clearfix'>\n<div  class='flex_column av-myhe-b6c68461afa85f34e312569e8288a4c7 av_two_third  avia-builder-el-14  el_before_av_one_third  avia-builder-el-first  first flex_column_div  '     ><style type=\"text\/css\" data-created_by=\"avia_inline_auto\" id=\"style-css-av-5nibu-5ec04597210978ae6043fda471f44b6f\">\n.avia-image-container.av-5nibu-5ec04597210978ae6043fda471f44b6f img.avia_image{\nbox-shadow:none;\n}\n.avia-image-container.av-5nibu-5ec04597210978ae6043fda471f44b6f .av-image-caption-overlay-center{\ncolor:#ffffff;\n}\n<\/style>\n<div  class='avia-image-container av-5nibu-5ec04597210978ae6043fda471f44b6f av-styling- avia-align-center  avia-builder-el-15  avia-builder-el-no-sibling '   itemprop=\"image\" itemscope=\"itemscope\" itemtype=\"https:\/\/schema.org\/ImageObject\" ><div class=\"avia-image-container-inner\"><div class=\"avia-image-overlay-wrap\"><img decoding=\"async\" fetchpriority=\"high\" class='wp-image- avia-img-lazy-loading-not- avia_image ' src=\"https:\/\/mostrafilmfestival.org\/xv\/wp-content\/uploads\/2024\/09\/Mostra-2023-1030x686.webp\" alt='' title=''   itemprop=\"thumbnailUrl\"  \/><\/div><\/div><\/div><\/div><div  class='flex_column av-j2cy-caedc9cb347b845ee544806963a54b7b av_one_third  avia-builder-el-16  el_after_av_two_third  avia-builder-el-last  flex_column_div  '     ><p>\n<style type=\"text\/css\" data-created_by=\"avia_inline_auto\" id=\"style-css-av-4hz1a-9b9a3dba4c4177f2e0212aa40106e5c5\">\n#top .av-special-heading.av-4hz1a-9b9a3dba4c4177f2e0212aa40106e5c5{\npadding-bottom:10px;\n}\nbody .av-special-heading.av-4hz1a-9b9a3dba4c4177f2e0212aa40106e5c5 .av-special-heading-tag .heading-char{\nfont-size:25px;\n}\n.av-special-heading.av-4hz1a-9b9a3dba4c4177f2e0212aa40106e5c5 .av-subheading{\nfont-size:15px;\n}\n<\/style>\n<div  class='av-special-heading av-4hz1a-9b9a3dba4c4177f2e0212aa40106e5c5 av-special-heading-h2 blockquote modern-quote  avia-builder-el-17  el_before_av_textblock  avia-builder-el-first '><h2 class='av-special-heading-tag '  itemprop=\"headline\"  >Partners of the Americas<\/h2><div class=\"special-heading-border\"><div class=\"special-heading-inner-border\"><\/div><\/div><\/div><br \/>\n<section  class='av_textblock_section av-3q94a-d3c85e75c2abf2a5cc840da2bc41692a '   itemscope=\"itemscope\" itemtype=\"https:\/\/schema.org\/CreativeWork\" ><div class='avia_textblock'  itemprop=\"text\" ><p>A MOSTRA: Brazilian Film Festival \u00e9 realizada pela organiza\u00e7\u00e3o sem fins lucrativos Partners of the Americas Cap\u00edtulo Illinois \u2013 S\u00e3o Paulo. A organiza\u00e7\u00e3o tem o prop\u00f3sito de servir como um catalisador para parcerias de projetos sociais e culturais entre o Brasil e os EUA. Os Partners of the Americas promove avan\u00e7o cultural, socioecon\u00f4mico e tecnol\u00f3gico em comunidades do Brasil e dos EUA.<\/p>\n<p>A organiza\u00e7\u00e3o trabalha em pr\u00f3 a um mundo melhor fazendo a diferen\u00e7a via diplomacia de pessoa a pessoa. Via a parceria dos cap\u00edtulos de S\u00e3o Paulo e Illinois, j\u00e1 foram desenvolvidos projetos nas \u00e1reas das artes e cultura, agroindustrial, arquitetura e urbanismo, sempre focando na educa\u00e7\u00e3o e na cria\u00e7\u00e3o de sociedades sustent\u00e1veis e mais tolerantes.<\/p>\n<\/div><\/section><br \/>\n\n<style type=\"text\/css\" data-created_by=\"avia_inline_auto\" id=\"style-css-av-c9aq-9742b87cfe9d8eaa4da486c8bdc08b9d\">\n#top .hr.hr-invisible.av-c9aq-9742b87cfe9d8eaa4da486c8bdc08b9d{\nheight:20px;\n}\n<\/style>\n<div  class='hr av-c9aq-9742b87cfe9d8eaa4da486c8bdc08b9d hr-invisible  avia-builder-el-19  el_after_av_textblock  el_before_av_button '><span class='hr-inner '><span class=\"hr-inner-style\"><\/span><\/span><\/div><br \/>\n<div  class='avia-button-wrap av-2wpje-0e7617ad6f8c6ef87922873fc3042dad-wrap avia-button-left  avia-builder-el-20  el_after_av_hr  avia-builder-el-last '><a href='http:\/\/www.illinois-saopaulo-partners.org\/' class='avia-button av-2wpje-0e7617ad6f8c6ef87922873fc3042dad av-link-btn avia-icon_select-yes-left-icon avia-size-large avia-position-left avia-color-theme-color' target=\"_blank\" rel=\"noopener noreferrer\" aria-label=\"SAIBA MAIS\"><span class='avia_button_icon avia_button_icon_left' aria-hidden='true' data-av_icon='\ue817' data-av_iconfont='entypo-fontello'><\/span><span class='avia_iconbox_title' >SAIBA MAIS<\/span><\/a><\/div><\/p><\/div><\/p>\n","protected":false},"excerpt":{"rendered":"","protected":false},"author":1,"featured_media":0,"parent":0,"menu_order":0,"comment_status":"closed","ping_status":"closed","template":"","meta":{"nf_dc_page":"","footnotes":""},"class_list":["post-22","page","type-page","status-publish","hentry"],"yoast_head":"<!-- This site is optimized with the Yoast SEO plugin v27.5 - https:\/\/yoast.com\/product\/yoast-seo-wordpress\/ -->\n<title>Sobre N\u00f3s - MOSTRA XV Brazilian Film Festival - Brasil<\/title>\n<meta name=\"robots\" content=\"index, follow, max-snippet:-1, max-image-preview:large, max-video-preview:-1\" \/>\n<link rel=\"canonical\" href=\"https:\/\/mostrafilmfestival.org\/xv\/br\/sobre\/\" \/>\n<meta property=\"og:locale\" content=\"pt_BR\" \/>\n<meta property=\"og:type\" content=\"article\" \/>\n<meta property=\"og:title\" content=\"Sobre N\u00f3s - MOSTRA XV Brazilian Film Festival - Brasil\" \/>\n<meta property=\"og:url\" content=\"https:\/\/mostrafilmfestival.org\/xv\/br\/sobre\/\" \/>\n<meta property=\"og:site_name\" content=\"MOSTRA XV Brazilian Film Festival - Brasil\" \/>\n<meta property=\"article:modified_time\" content=\"2024-11-12T21:06:35+00:00\" \/>\n<meta name=\"twitter:card\" content=\"summary_large_image\" \/>\n<meta name=\"twitter:label1\" content=\"Est. tempo de leitura\" \/>\n\t<meta name=\"twitter:data1\" content=\"2 minutos\" \/>\n<script type=\"application\/ld+json\" class=\"yoast-schema-graph\">{\"@context\":\"https:\\\/\\\/schema.org\",\"@graph\":[{\"@type\":\"WebPage\",\"@id\":\"https:\\\/\\\/mostrafilmfestival.org\\\/xv\\\/br\\\/sobre\\\/\",\"url\":\"https:\\\/\\\/mostrafilmfestival.org\\\/xv\\\/br\\\/sobre\\\/\",\"name\":\"Sobre N\u00f3s - MOSTRA XV Brazilian Film Festival - Brasil\",\"isPartOf\":{\"@id\":\"https:\\\/\\\/mostrafilmfestival.org\\\/xv\\\/br\\\/#website\"},\"datePublished\":\"2024-11-12T02:46:00+00:00\",\"dateModified\":\"2024-11-12T21:06:35+00:00\",\"breadcrumb\":{\"@id\":\"https:\\\/\\\/mostrafilmfestival.org\\\/xv\\\/br\\\/sobre\\\/#breadcrumb\"},\"inLanguage\":\"pt-BR\",\"potentialAction\":[{\"@type\":\"ReadAction\",\"target\":[\"https:\\\/\\\/mostrafilmfestival.org\\\/xv\\\/br\\\/sobre\\\/\"]}]},{\"@type\":\"BreadcrumbList\",\"@id\":\"https:\\\/\\\/mostrafilmfestival.org\\\/xv\\\/br\\\/sobre\\\/#breadcrumb\",\"itemListElement\":[{\"@type\":\"ListItem\",\"position\":1,\"name\":\"Home\",\"item\":\"https:\\\/\\\/mostrafilmfestival.org\\\/xv\\\/br\\\/home\\\/\"},{\"@type\":\"ListItem\",\"position\":2,\"name\":\"Sobre N\u00f3s\"}]},{\"@type\":\"WebSite\",\"@id\":\"https:\\\/\\\/mostrafilmfestival.org\\\/xv\\\/br\\\/#website\",\"url\":\"https:\\\/\\\/mostrafilmfestival.org\\\/xv\\\/br\\\/\",\"name\":\"MOSTRA XV Brazilian Film Festival - Brasil\",\"description\":\"Filmes brasileiros com consci\u00eancia social.\",\"potentialAction\":[{\"@type\":\"SearchAction\",\"target\":{\"@type\":\"EntryPoint\",\"urlTemplate\":\"https:\\\/\\\/mostrafilmfestival.org\\\/xv\\\/br\\\/?s={search_term_string}\"},\"query-input\":{\"@type\":\"PropertyValueSpecification\",\"valueRequired\":true,\"valueName\":\"search_term_string\"}}],\"inLanguage\":\"pt-BR\"}]}<\/script>\n<!-- \/ Yoast SEO plugin. -->","yoast_head_json":{"title":"Sobre N\u00f3s - MOSTRA XV Brazilian Film Festival - Brasil","robots":{"index":"index","follow":"follow","max-snippet":"max-snippet:-1","max-image-preview":"max-image-preview:large","max-video-preview":"max-video-preview:-1"},"canonical":"https:\/\/mostrafilmfestival.org\/xv\/br\/sobre\/","og_locale":"pt_BR","og_type":"article","og_title":"Sobre N\u00f3s - MOSTRA XV Brazilian Film Festival - Brasil","og_url":"https:\/\/mostrafilmfestival.org\/xv\/br\/sobre\/","og_site_name":"MOSTRA XV Brazilian Film Festival - Brasil","article_modified_time":"2024-11-12T21:06:35+00:00","twitter_card":"summary_large_image","twitter_misc":{"Est. tempo de leitura":"2 minutos"},"schema":{"@context":"https:\/\/schema.org","@graph":[{"@type":"WebPage","@id":"https:\/\/mostrafilmfestival.org\/xv\/br\/sobre\/","url":"https:\/\/mostrafilmfestival.org\/xv\/br\/sobre\/","name":"Sobre N\u00f3s - MOSTRA XV Brazilian Film Festival - Brasil","isPartOf":{"@id":"https:\/\/mostrafilmfestival.org\/xv\/br\/#website"},"datePublished":"2024-11-12T02:46:00+00:00","dateModified":"2024-11-12T21:06:35+00:00","breadcrumb":{"@id":"https:\/\/mostrafilmfestival.org\/xv\/br\/sobre\/#breadcrumb"},"inLanguage":"pt-BR","potentialAction":[{"@type":"ReadAction","target":["https:\/\/mostrafilmfestival.org\/xv\/br\/sobre\/"]}]},{"@type":"BreadcrumbList","@id":"https:\/\/mostrafilmfestival.org\/xv\/br\/sobre\/#breadcrumb","itemListElement":[{"@type":"ListItem","position":1,"name":"Home","item":"https:\/\/mostrafilmfestival.org\/xv\/br\/home\/"},{"@type":"ListItem","position":2,"name":"Sobre N\u00f3s"}]},{"@type":"WebSite","@id":"https:\/\/mostrafilmfestival.org\/xv\/br\/#website","url":"https:\/\/mostrafilmfestival.org\/xv\/br\/","name":"MOSTRA XV Brazilian Film Festival - Brasil","description":"Filmes brasileiros com consci\u00eancia social.","potentialAction":[{"@type":"SearchAction","target":{"@type":"EntryPoint","urlTemplate":"https:\/\/mostrafilmfestival.org\/xv\/br\/?s={search_term_string}"},"query-input":{"@type":"PropertyValueSpecification","valueRequired":true,"valueName":"search_term_string"}}],"inLanguage":"pt-BR"}]}},"_links":{"self":[{"href":"https:\/\/mostrafilmfestival.org\/xv\/br\/wp-json\/wp\/v2\/pages\/22","targetHints":{"allow":["GET"]}}],"collection":[{"href":"https:\/\/mostrafilmfestival.org\/xv\/br\/wp-json\/wp\/v2\/pages"}],"about":[{"href":"https:\/\/mostrafilmfestival.org\/xv\/br\/wp-json\/wp\/v2\/types\/page"}],"author":[{"embeddable":true,"href":"https:\/\/mostrafilmfestival.org\/xv\/br\/wp-json\/wp\/v2\/users\/1"}],"replies":[{"embeddable":true,"href":"https:\/\/mostrafilmfestival.org\/xv\/br\/wp-json\/wp\/v2\/comments?post=22"}],"version-history":[{"count":3,"href":"https:\/\/mostrafilmfestival.org\/xv\/br\/wp-json\/wp\/v2\/pages\/22\/revisions"}],"predecessor-version":[{"id":90,"href":"https:\/\/mostrafilmfestival.org\/xv\/br\/wp-json\/wp\/v2\/pages\/22\/revisions\/90"}],"wp:attachment":[{"href":"https:\/\/mostrafilmfestival.org\/xv\/br\/wp-json\/wp\/v2\/media?parent=22"}],"curies":[{"name":"wp","href":"https:\/\/api.w.org\/{rel}","templated":true}]}}