{"id":33,"date":"2024-11-12T02:51:00","date_gmt":"2024-11-12T02:51:00","guid":{"rendered":"https:\/\/mostrafilmfestival.org\/xv\/br\/?page_id=33"},"modified":"2024-11-28T12:57:11","modified_gmt":"2024-11-28T15:57:11","slug":"home","status":"publish","type":"page","link":"https:\/\/mostrafilmfestival.org\/xv\/br\/","title":{"rendered":"Home BR"},"content":{"rendered":"<div id='av_section_1'  class='avia-section av-m3eyeekx-5b38eacef9bc51417941ed052c32e270 main_color avia-section-default avia-no-border-styling  avia-builder-el-0  avia-builder-el-no-sibling  avia-bg-style-scroll av-minimum-height av-minimum-height-100 av-height-100  container_wrap fullsize'   data-av_minimum_height_pc='100' data-av_min_height_opt='100'><div class='container av-section-cont-open' ><main  role=\"main\" itemprop=\"mainContentOfPage\"  class='template-page content  av-content-full alpha units'><div class='post-entry post-entry-type-page post-entry-33'><div class='entry-content-wrapper clearfix'>\n\n<style type=\"text\/css\" data-created_by=\"avia_inline_auto\" id=\"style-css-av-m3eyfc5y-744fd9da015afad1b44a09b1d19fd208\">\n.avia-image-container.av-m3eyfc5y-744fd9da015afad1b44a09b1d19fd208 img.avia_image{\nbox-shadow:none;\n}\n.avia-image-container.av-m3eyfc5y-744fd9da015afad1b44a09b1d19fd208 .av-image-caption-overlay-center{\ncolor:#ffffff;\n}\n<\/style>\n<div  class='avia-image-container av-m3eyfc5y-744fd9da015afad1b44a09b1d19fd208 av-styling- avia-align-center  avia-builder-el-1  el_before_av_hr  avia-builder-el-first '   itemprop=\"image\" itemscope=\"itemscope\" itemtype=\"https:\/\/schema.org\/ImageObject\" ><div class=\"avia-image-container-inner\"><div class=\"avia-image-overlay-wrap\"><img decoding=\"async\" fetchpriority=\"high\" class='wp-image-97 avia-img-lazy-loading-not-97 avia_image ' src=\"https:\/\/mostrafilmfestival.org\/xv\/br\/wp-content\/uploads\/2024\/11\/mostra-xv-logo-color.png\" alt='' title='mostra-xv-logo-color'  height=\"312\" width=\"680\"  itemprop=\"thumbnailUrl\" srcset=\"https:\/\/mostrafilmfestival.org\/xv\/br\/wp-content\/uploads\/2024\/11\/mostra-xv-logo-color.png 680w, https:\/\/mostrafilmfestival.org\/xv\/br\/wp-content\/uploads\/2024\/11\/mostra-xv-logo-color-300x138.png 300w\" sizes=\"(max-width: 680px) 100vw, 680px\" \/><\/div><\/div><\/div>\n\n<style type=\"text\/css\" data-created_by=\"avia_inline_auto\" id=\"style-css-av-1rgo5-407ae30d8269067a86a4e0cd5d53cf9b\">\n#top .hr.hr-invisible.av-1rgo5-407ae30d8269067a86a4e0cd5d53cf9b{\nheight:20px;\n}\n<\/style>\n<div  class='hr av-1rgo5-407ae30d8269067a86a4e0cd5d53cf9b hr-invisible  avia-builder-el-2  el_after_av_image  el_before_av_one_third '><span class='hr-inner '><span class=\"hr-inner-style\"><\/span><\/span><\/div>\n<div  class='flex_column av-2iu35-db502cc0bb2f7b1701db006a7882e227 av_one_third  avia-builder-el-3  el_after_av_hr  el_before_av_one_third  first flex_column_div  '     ><p>\n<style type=\"text\/css\" data-created_by=\"avia_inline_auto\" id=\"style-css-av-m3eyc9ni-8ba430069d07004883aec7b3ebf17b0b\">\n.avia-image-container.av-m3eyc9ni-8ba430069d07004883aec7b3ebf17b0b img.avia_image{\nbox-shadow:none;\n-webkit-mask-image:url( https:\/\/mostrafilmfestival.org\/xv\/br\/wp-content\/themes\/enfold\/config-templatebuilder\/avia-template-builder\/assets\/masks\/sketch.svg );\n-webkit-mask-size:cover;\n-webkit-mask-position:center center;\n-webkit-mask-repeat:no-repeat;\nmask-image:url( https:\/\/mostrafilmfestival.org\/xv\/br\/wp-content\/themes\/enfold\/config-templatebuilder\/avia-template-builder\/assets\/masks\/sketch.svg );\nmask-size:cover;\nmask-position:center center;\nmask-repeat:no-repeat;\n}\n.avia-image-container.av-m3eyc9ni-8ba430069d07004883aec7b3ebf17b0b .av-image-caption-overlay-center{\ncolor:#ffffff;\n}\n<\/style>\n<div  class='avia-image-container av-m3eyc9ni-8ba430069d07004883aec7b3ebf17b0b av-styling- av-img-linked avia-align-center  avia-builder-el-4  el_before_av_heading  avia-builder-el-first '   itemprop=\"image\" itemscope=\"itemscope\" itemtype=\"https:\/\/schema.org\/ImageObject\" ><div class=\"avia-image-container-inner\"><div class=\"avia-image-overlay-wrap\"><a href=\"https:\/\/mostrafilmfestival.org\/xv\/br\/sp\/\" class='avia_image '  aria-label='Mostra-XV-BR-SP'><img decoding=\"async\" fetchpriority=\"high\" class='wp-image-95 avia-img-lazy-loading-not-95 avia_image ' src=\"https:\/\/mostrafilmfestival.org\/xv\/br\/wp-content\/uploads\/2024\/11\/Mostra-XIII-BR-Politica-Privacidade-Termos-Condicoes.jpg\" alt='' title='Mostra-XV-BR-SP'  height=\"1080\" width=\"1920\"  itemprop=\"thumbnailUrl\" srcset=\"https:\/\/mostrafilmfestival.org\/xv\/br\/wp-content\/uploads\/2024\/11\/Mostra-XIII-BR-Politica-Privacidade-Termos-Condicoes.jpg 1920w, https:\/\/mostrafilmfestival.org\/xv\/br\/wp-content\/uploads\/2024\/11\/Mostra-XIII-BR-Politica-Privacidade-Termos-Condicoes-300x169.jpg 300w, https:\/\/mostrafilmfestival.org\/xv\/br\/wp-content\/uploads\/2024\/11\/Mostra-XIII-BR-Politica-Privacidade-Termos-Condicoes-1030x579.jpg 1030w, https:\/\/mostrafilmfestival.org\/xv\/br\/wp-content\/uploads\/2024\/11\/Mostra-XIII-BR-Politica-Privacidade-Termos-Condicoes-768x432.jpg 768w, https:\/\/mostrafilmfestival.org\/xv\/br\/wp-content\/uploads\/2024\/11\/Mostra-XIII-BR-Politica-Privacidade-Termos-Condicoes-1536x864.jpg 1536w, https:\/\/mostrafilmfestival.org\/xv\/br\/wp-content\/uploads\/2024\/11\/Mostra-XIII-BR-Politica-Privacidade-Termos-Condicoes-1500x844.jpg 1500w, https:\/\/mostrafilmfestival.org\/xv\/br\/wp-content\/uploads\/2024\/11\/Mostra-XIII-BR-Politica-Privacidade-Termos-Condicoes-705x397.jpg 705w\" sizes=\"(max-width: 1920px) 100vw, 1920px\" \/><\/a><\/div><\/div><\/div><br \/>\n\n<style type=\"text\/css\" data-created_by=\"avia_inline_auto\" id=\"style-css-av-m3eycqpr-cd88150b6972e737e2d3d9398bbf1445\">\n#top .av-special-heading.av-m3eycqpr-cd88150b6972e737e2d3d9398bbf1445{\npadding-bottom:25px;\n}\nbody .av-special-heading.av-m3eycqpr-cd88150b6972e737e2d3d9398bbf1445 .av-special-heading-tag .heading-char{\nfont-size:25px;\n}\n#top #wrap_all .av-special-heading.av-m3eycqpr-cd88150b6972e737e2d3d9398bbf1445 .av-special-heading-tag{\npadding:0 0 15px 0;\n}\n.av-special-heading.av-m3eycqpr-cd88150b6972e737e2d3d9398bbf1445 .av-subheading{\nfont-size:15px;\n}\n<\/style>\n<div  class='av-special-heading av-m3eycqpr-cd88150b6972e737e2d3d9398bbf1445 av-special-heading-h2 blockquote modern-quote modern-centered  avia-builder-el-5  el_after_av_image  el_before_av_button '><h2 class='av-special-heading-tag '  itemprop=\"headline\"  >S\u00e3o Paulo\/SP<\/h2><div class='av-subheading av-subheading_below'><p>29\/11 a 7\/12<\/p>\n<\/div><div class=\"special-heading-border\"><div class=\"special-heading-inner-border\"><\/div><\/div><\/div><br \/>\n<div  class='avia-button-wrap av-m3eyg9n3-8841c392c23c4acc120230d8c14408c9-wrap avia-button-center  avia-builder-el-6  el_after_av_heading  el_before_av_hr '><a href='https:\/\/mostrafilmfestival.org\/xv\/br\/sp\/'  class='avia-button av-m3eyg9n3-8841c392c23c4acc120230d8c14408c9 av-link-btn avia-icon_select-yes-left-icon avia-size-large avia-position-center avia-color-theme-color'   aria-label=\"VEJA MAIS\"><span class='avia_button_icon avia_button_icon_left' aria-hidden='true' data-av_icon='\ue817' data-av_iconfont='entypo-fontello'><\/span><span class='avia_iconbox_title' >VEJA MAIS<\/span><\/a><\/div><br \/>\n\n<style type=\"text\/css\" data-created_by=\"avia_inline_auto\" id=\"style-css-av-14gnt-a448d6b660f99df80e7e446692c58009\">\n#top .hr.hr-invisible.av-14gnt-a448d6b660f99df80e7e446692c58009{\nheight:20px;\n}\n<\/style>\n<div  class='hr av-14gnt-a448d6b660f99df80e7e446692c58009 hr-invisible  avia-builder-el-7  el_after_av_button  avia-builder-el-last '><span class='hr-inner '><span class=\"hr-inner-style\"><\/span><\/span><\/div><\/p><\/div><div  class='flex_column av-22ekp-f0115cc7e3fc1a8414d3f5e6020bdc1a av_one_third  avia-builder-el-8  el_after_av_one_third  el_before_av_one_third  flex_column_div  '     ><p>\n<style type=\"text\/css\" data-created_by=\"avia_inline_auto\" id=\"style-css-av-m3eykb39-c5264d7d82f56c363079778b9e405f0b\">\n.avia-image-container.av-m3eykb39-c5264d7d82f56c363079778b9e405f0b img.avia_image{\nbox-shadow:none;\n-webkit-mask-image:url( https:\/\/mostrafilmfestival.org\/xv\/br\/wp-content\/themes\/enfold\/config-templatebuilder\/avia-template-builder\/assets\/masks\/sketch.svg );\n-webkit-mask-size:cover;\n-webkit-mask-position:center center;\n-webkit-mask-repeat:no-repeat;\nmask-image:url( https:\/\/mostrafilmfestival.org\/xv\/br\/wp-content\/themes\/enfold\/config-templatebuilder\/avia-template-builder\/assets\/masks\/sketch.svg );\nmask-size:cover;\nmask-position:center center;\nmask-repeat:no-repeat;\n}\n.avia-image-container.av-m3eykb39-c5264d7d82f56c363079778b9e405f0b .av-image-caption-overlay-center{\ncolor:#ffffff;\n}\n<\/style>\n<div  class='avia-image-container av-m3eykb39-c5264d7d82f56c363079778b9e405f0b av-styling- av-img-linked avia-align-center  avia-builder-el-9  el_before_av_heading  avia-builder-el-first '   itemprop=\"image\" itemscope=\"itemscope\" itemtype=\"https:\/\/schema.org\/ImageObject\" ><div class=\"avia-image-container-inner\"><div class=\"avia-image-overlay-wrap\"><a href=\"https:\/\/mostrafilmfestival.org\/xv\/br\/poa\/\" class='avia_image '  aria-label='Mostra-XV-BR-Porto-Alegre'><img decoding=\"async\" fetchpriority=\"high\" class='wp-image-94 avia-img-lazy-loading-not-94 avia_image ' src=\"https:\/\/mostrafilmfestival.org\/xv\/br\/wp-content\/uploads\/2024\/11\/Mostra-XIV-BR-Porto-Alegre.jpg\" alt='' title='Mostra-XV-BR-Porto-Alegre'  height=\"772\" width=\"1376\"  itemprop=\"thumbnailUrl\" srcset=\"https:\/\/mostrafilmfestival.org\/xv\/br\/wp-content\/uploads\/2024\/11\/Mostra-XIV-BR-Porto-Alegre.jpg 1376w, https:\/\/mostrafilmfestival.org\/xv\/br\/wp-content\/uploads\/2024\/11\/Mostra-XIV-BR-Porto-Alegre-300x168.jpg 300w, https:\/\/mostrafilmfestival.org\/xv\/br\/wp-content\/uploads\/2024\/11\/Mostra-XIV-BR-Porto-Alegre-1030x578.jpg 1030w, https:\/\/mostrafilmfestival.org\/xv\/br\/wp-content\/uploads\/2024\/11\/Mostra-XIV-BR-Porto-Alegre-768x431.jpg 768w, https:\/\/mostrafilmfestival.org\/xv\/br\/wp-content\/uploads\/2024\/11\/Mostra-XIV-BR-Porto-Alegre-705x396.jpg 705w\" sizes=\"(max-width: 1376px) 100vw, 1376px\" \/><\/a><\/div><\/div><\/div><br \/>\n\n<style type=\"text\/css\" data-created_by=\"avia_inline_auto\" id=\"style-css-av-m3eyifm1-480c66bfdcb108c960eedc667046c0bb\">\n#top .av-special-heading.av-m3eyifm1-480c66bfdcb108c960eedc667046c0bb{\npadding-bottom:25px;\n}\nbody .av-special-heading.av-m3eyifm1-480c66bfdcb108c960eedc667046c0bb .av-special-heading-tag .heading-char{\nfont-size:25px;\n}\n#top #wrap_all .av-special-heading.av-m3eyifm1-480c66bfdcb108c960eedc667046c0bb .av-special-heading-tag{\npadding:0 0 15px 0;\n}\n.av-special-heading.av-m3eyifm1-480c66bfdcb108c960eedc667046c0bb .av-subheading{\nfont-size:15px;\n}\n<\/style>\n<div  class='av-special-heading av-m3eyifm1-480c66bfdcb108c960eedc667046c0bb av-special-heading-h2 blockquote modern-quote modern-centered  avia-builder-el-10  el_after_av_image  el_before_av_button '><h2 class='av-special-heading-tag '  itemprop=\"headline\"  >Porto Alegre\/RS<\/h2><div class='av-subheading av-subheading_below'><p>8\/12<\/p>\n<\/div><div class=\"special-heading-border\"><div class=\"special-heading-inner-border\"><\/div><\/div><\/div><br \/>\n<div  class='avia-button-wrap av-m3eyjv5t-2dca7a2ba2a02d4fbfbdf6e99c312bad-wrap avia-button-center  avia-builder-el-11  el_after_av_heading  el_before_av_hr '><a href='https:\/\/mostrafilmfestival.org\/xv\/br\/poa\/'  class='avia-button av-m3eyjv5t-2dca7a2ba2a02d4fbfbdf6e99c312bad av-link-btn avia-icon_select-yes-left-icon avia-size-large avia-position-center avia-color-theme-color'   aria-label=\"VEJA MAIS\"><span class='avia_button_icon avia_button_icon_left' aria-hidden='true' data-av_icon='\ue817' data-av_iconfont='entypo-fontello'><\/span><span class='avia_iconbox_title' >VEJA MAIS<\/span><\/a><\/div><br \/>\n\n<style type=\"text\/css\" data-created_by=\"avia_inline_auto\" id=\"style-css-av-m3eyh6xa-5a0af824d1efd9081ae7bb62bbfb325a\">\n#top .hr.hr-invisible.av-m3eyh6xa-5a0af824d1efd9081ae7bb62bbfb325a{\nheight:20px;\n}\n<\/style>\n<div  class='hr av-m3eyh6xa-5a0af824d1efd9081ae7bb62bbfb325a hr-invisible  avia-builder-el-12  el_after_av_button  avia-builder-el-last '><span class='hr-inner '><span class=\"hr-inner-style\"><\/span><\/span><\/div><\/p><\/div><div  class='flex_column av-5wwt-d26e84073e5d0878f691a111f6e0ed57 av_one_third  avia-builder-el-13  el_after_av_one_third  avia-builder-el-last  flex_column_div  '     ><p>\n<style type=\"text\/css\" data-created_by=\"avia_inline_auto\" id=\"style-css-av-m3eyniag-ac8e62013027a8f2a47cbce0027cdbce\">\n.avia-image-container.av-m3eyniag-ac8e62013027a8f2a47cbce0027cdbce img.avia_image{\nbox-shadow:none;\n-webkit-mask-image:url( https:\/\/mostrafilmfestival.org\/xv\/br\/wp-content\/themes\/enfold\/config-templatebuilder\/avia-template-builder\/assets\/masks\/sketch.svg );\n-webkit-mask-size:cover;\n-webkit-mask-position:center center;\n-webkit-mask-repeat:no-repeat;\nmask-image:url( https:\/\/mostrafilmfestival.org\/xv\/br\/wp-content\/themes\/enfold\/config-templatebuilder\/avia-template-builder\/assets\/masks\/sketch.svg );\nmask-size:cover;\nmask-position:center center;\nmask-repeat:no-repeat;\n}\n.avia-image-container.av-m3eyniag-ac8e62013027a8f2a47cbce0027cdbce .av-image-caption-overlay-center{\ncolor:#ffffff;\n}\n<\/style>\n<div  class='avia-image-container av-m3eyniag-ac8e62013027a8f2a47cbce0027cdbce av-styling- av-img-linked avia-align-center  avia-builder-el-14  el_before_av_heading  avia-builder-el-first '   itemprop=\"image\" itemscope=\"itemscope\" itemtype=\"https:\/\/schema.org\/ImageObject\" ><div class=\"avia-image-container-inner\"><div class=\"avia-image-overlay-wrap\"><a href=\"https:\/\/mostrafilmfestival.org\/xv\/br\/canoas\/\" class='avia_image '  aria-label='Mostra-XV-Canoas'><img decoding=\"async\" fetchpriority=\"high\" class='wp-image-99 avia-img-lazy-loading-not-99 avia_image ' src=\"https:\/\/mostrafilmfestival.org\/xv\/br\/wp-content\/uploads\/2024\/11\/Mostra-XV-Canoas.jpg\" alt='' title='Mostra-XV-Canoas'  height=\"675\" width=\"1200\"  itemprop=\"thumbnailUrl\" srcset=\"https:\/\/mostrafilmfestival.org\/xv\/br\/wp-content\/uploads\/2024\/11\/Mostra-XV-Canoas.jpg 1200w, https:\/\/mostrafilmfestival.org\/xv\/br\/wp-content\/uploads\/2024\/11\/Mostra-XV-Canoas-300x169.jpg 300w, https:\/\/mostrafilmfestival.org\/xv\/br\/wp-content\/uploads\/2024\/11\/Mostra-XV-Canoas-1030x579.jpg 1030w, https:\/\/mostrafilmfestival.org\/xv\/br\/wp-content\/uploads\/2024\/11\/Mostra-XV-Canoas-768x432.jpg 768w, https:\/\/mostrafilmfestival.org\/xv\/br\/wp-content\/uploads\/2024\/11\/Mostra-XV-Canoas-705x397.jpg 705w\" sizes=\"(max-width: 1200px) 100vw, 1200px\" \/><\/a><\/div><\/div><\/div><br \/>\n\n<style type=\"text\/css\" data-created_by=\"avia_inline_auto\" id=\"style-css-av-m3eyjepu-1b561b14c1dec644429f35f7404bcff8\">\n#top .av-special-heading.av-m3eyjepu-1b561b14c1dec644429f35f7404bcff8{\npadding-bottom:25px;\n}\nbody .av-special-heading.av-m3eyjepu-1b561b14c1dec644429f35f7404bcff8 .av-special-heading-tag .heading-char{\nfont-size:25px;\n}\n#top #wrap_all .av-special-heading.av-m3eyjepu-1b561b14c1dec644429f35f7404bcff8 .av-special-heading-tag{\npadding:0 0 15px 0;\n}\n.av-special-heading.av-m3eyjepu-1b561b14c1dec644429f35f7404bcff8 .av-subheading{\nfont-size:15px;\n}\n<\/style>\n<div  class='av-special-heading av-m3eyjepu-1b561b14c1dec644429f35f7404bcff8 av-special-heading-h2 blockquote modern-quote modern-centered  avia-builder-el-15  el_after_av_image  el_before_av_button '><h2 class='av-special-heading-tag '  itemprop=\"headline\"  >Canoas\/RS<\/h2><div class='av-subheading av-subheading_below'><p>11 e 12\/12<\/p>\n<\/div><div class=\"special-heading-border\"><div class=\"special-heading-inner-border\"><\/div><\/div><\/div><br \/>\n<div  class='avia-button-wrap av-w2nl-03f3e28e6b523195f331e5d73a2bdc55-wrap avia-button-center  avia-builder-el-16  el_after_av_heading  avia-builder-el-last '><a href='https:\/\/mostrafilmfestival.org\/xv\/br\/canoas\/'  class='avia-button av-w2nl-03f3e28e6b523195f331e5d73a2bdc55 av-link-btn avia-icon_select-yes-left-icon avia-size-large avia-position-center avia-color-theme-color'   aria-label=\"VEJA MAIS\"><span class='avia_button_icon avia_button_icon_left' aria-hidden='true' data-av_icon='\ue817' data-av_iconfont='entypo-fontello'><\/span><span class='avia_iconbox_title' >VEJA MAIS<\/span><\/a><\/div><\/p><\/div>\n","protected":false},"excerpt":{"rendered":"","protected":false},"author":1,"featured_media":97,"parent":0,"menu_order":0,"comment_status":"closed","ping_status":"closed","template":"","meta":{"nf_dc_page":"","footnotes":""},"class_list":["post-33","page","type-page","status-publish","has-post-thumbnail","hentry"],"yoast_head":"<!-- This site is optimized with the Yoast SEO plugin v27.5 - https:\/\/yoast.com\/product\/yoast-seo-wordpress\/ -->\n<title>MOSTRA XV Brazilian Film Festival - Brasil<\/title>\n<meta name=\"description\" content=\"Neste ano teremos edi\u00e7\u00f5es em S\u00e3o Paulo\/SP, Porto Alegre\/RS e Canoas\/RS.\" \/>\n<meta name=\"robots\" content=\"index, follow, max-snippet:-1, max-image-preview:large, max-video-preview:-1\" \/>\n<link rel=\"canonical\" href=\"https:\/\/mostrafilmfestival.org\/xv\/br\/home\/\" \/>\n<meta property=\"og:locale\" content=\"pt_BR\" \/>\n<meta property=\"og:type\" content=\"article\" \/>\n<meta property=\"og:title\" content=\"MOSTRA XV Brazilian Film Festival - Brasil\" \/>\n<meta property=\"og:description\" content=\"Neste ano teremos edi\u00e7\u00f5es em S\u00e3o Paulo\/SP, Porto Alegre\/RS e Canoas\/RS.\" \/>\n<meta property=\"og:url\" content=\"https:\/\/mostrafilmfestival.org\/xv\/br\/home\/\" \/>\n<meta property=\"og:site_name\" content=\"MOSTRA XV Brazilian Film Festival - Brasil\" \/>\n<meta property=\"article:modified_time\" content=\"2024-11-28T15:57:11+00:00\" \/>\n<meta property=\"og:image\" content=\"https:\/\/mostrafilmfestival.org\/xv\/br\/wp-content\/uploads\/2024\/11\/mostra-xv-logo-color.png\" \/>\n\t<meta property=\"og:image:width\" content=\"680\" \/>\n\t<meta property=\"og:image:height\" content=\"312\" \/>\n\t<meta property=\"og:image:type\" content=\"image\/png\" \/>\n<meta name=\"twitter:card\" content=\"summary_large_image\" \/>\n<meta name=\"twitter:label1\" content=\"Est. tempo de leitura\" \/>\n\t<meta name=\"twitter:data1\" content=\"1 minuto\" \/>\n<script type=\"application\/ld+json\" class=\"yoast-schema-graph\">{\"@context\":\"https:\\\/\\\/schema.org\",\"@graph\":[{\"@type\":\"WebPage\",\"@id\":\"https:\\\/\\\/mostrafilmfestival.org\\\/xv\\\/br\\\/home\\\/\",\"url\":\"https:\\\/\\\/mostrafilmfestival.org\\\/xv\\\/br\\\/home\\\/\",\"name\":\"MOSTRA XV Brazilian Film Festival - Brasil\",\"isPartOf\":{\"@id\":\"https:\\\/\\\/mostrafilmfestival.org\\\/xv\\\/br\\\/#website\"},\"primaryImageOfPage\":{\"@id\":\"https:\\\/\\\/mostrafilmfestival.org\\\/xv\\\/br\\\/home\\\/#primaryimage\"},\"image\":{\"@id\":\"https:\\\/\\\/mostrafilmfestival.org\\\/xv\\\/br\\\/home\\\/#primaryimage\"},\"thumbnailUrl\":\"https:\\\/\\\/mostrafilmfestival.org\\\/xv\\\/br\\\/wp-content\\\/uploads\\\/2024\\\/11\\\/mostra-xv-logo-color.png\",\"datePublished\":\"2024-11-12T02:51:00+00:00\",\"dateModified\":\"2024-11-28T15:57:11+00:00\",\"description\":\"Neste ano teremos edi\u00e7\u00f5es em S\u00e3o Paulo\\\/SP, Porto Alegre\\\/RS e Canoas\\\/RS.\",\"breadcrumb\":{\"@id\":\"https:\\\/\\\/mostrafilmfestival.org\\\/xv\\\/br\\\/home\\\/#breadcrumb\"},\"inLanguage\":\"pt-BR\",\"potentialAction\":[{\"@type\":\"ReadAction\",\"target\":[\"https:\\\/\\\/mostrafilmfestival.org\\\/xv\\\/br\\\/home\\\/\"]}]},{\"@type\":\"ImageObject\",\"inLanguage\":\"pt-BR\",\"@id\":\"https:\\\/\\\/mostrafilmfestival.org\\\/xv\\\/br\\\/home\\\/#primaryimage\",\"url\":\"https:\\\/\\\/mostrafilmfestival.org\\\/xv\\\/br\\\/wp-content\\\/uploads\\\/2024\\\/11\\\/mostra-xv-logo-color.png\",\"contentUrl\":\"https:\\\/\\\/mostrafilmfestival.org\\\/xv\\\/br\\\/wp-content\\\/uploads\\\/2024\\\/11\\\/mostra-xv-logo-color.png\",\"width\":680,\"height\":312},{\"@type\":\"BreadcrumbList\",\"@id\":\"https:\\\/\\\/mostrafilmfestival.org\\\/xv\\\/br\\\/home\\\/#breadcrumb\",\"itemListElement\":[{\"@type\":\"ListItem\",\"position\":1,\"name\":\"Home\",\"item\":\"https:\\\/\\\/mostrafilmfestival.org\\\/xv\\\/br\\\/home\\\/\"},{\"@type\":\"ListItem\",\"position\":2,\"name\":\"Home BR\"}]},{\"@type\":\"WebSite\",\"@id\":\"https:\\\/\\\/mostrafilmfestival.org\\\/xv\\\/br\\\/#website\",\"url\":\"https:\\\/\\\/mostrafilmfestival.org\\\/xv\\\/br\\\/\",\"name\":\"MOSTRA XV Brazilian Film Festival - Brasil\",\"description\":\"Filmes brasileiros com consci\u00eancia social.\",\"potentialAction\":[{\"@type\":\"SearchAction\",\"target\":{\"@type\":\"EntryPoint\",\"urlTemplate\":\"https:\\\/\\\/mostrafilmfestival.org\\\/xv\\\/br\\\/?s={search_term_string}\"},\"query-input\":{\"@type\":\"PropertyValueSpecification\",\"valueRequired\":true,\"valueName\":\"search_term_string\"}}],\"inLanguage\":\"pt-BR\"}]}<\/script>\n<!-- \/ Yoast SEO plugin. -->","yoast_head_json":{"title":"MOSTRA XV Brazilian Film Festival - Brasil","description":"Neste ano teremos edi\u00e7\u00f5es em S\u00e3o Paulo\/SP, Porto Alegre\/RS e Canoas\/RS.","robots":{"index":"index","follow":"follow","max-snippet":"max-snippet:-1","max-image-preview":"max-image-preview:large","max-video-preview":"max-video-preview:-1"},"canonical":"https:\/\/mostrafilmfestival.org\/xv\/br\/home\/","og_locale":"pt_BR","og_type":"article","og_title":"MOSTRA XV Brazilian Film Festival - Brasil","og_description":"Neste ano teremos edi\u00e7\u00f5es em S\u00e3o Paulo\/SP, Porto Alegre\/RS e Canoas\/RS.","og_url":"https:\/\/mostrafilmfestival.org\/xv\/br\/home\/","og_site_name":"MOSTRA XV Brazilian Film Festival - Brasil","article_modified_time":"2024-11-28T15:57:11+00:00","og_image":[{"width":680,"height":312,"url":"https:\/\/mostrafilmfestival.org\/xv\/br\/wp-content\/uploads\/2024\/11\/mostra-xv-logo-color.png","type":"image\/png"}],"twitter_card":"summary_large_image","twitter_misc":{"Est. tempo de leitura":"1 minuto"},"schema":{"@context":"https:\/\/schema.org","@graph":[{"@type":"WebPage","@id":"https:\/\/mostrafilmfestival.org\/xv\/br\/home\/","url":"https:\/\/mostrafilmfestival.org\/xv\/br\/home\/","name":"MOSTRA XV Brazilian Film Festival - Brasil","isPartOf":{"@id":"https:\/\/mostrafilmfestival.org\/xv\/br\/#website"},"primaryImageOfPage":{"@id":"https:\/\/mostrafilmfestival.org\/xv\/br\/home\/#primaryimage"},"image":{"@id":"https:\/\/mostrafilmfestival.org\/xv\/br\/home\/#primaryimage"},"thumbnailUrl":"https:\/\/mostrafilmfestival.org\/xv\/br\/wp-content\/uploads\/2024\/11\/mostra-xv-logo-color.png","datePublished":"2024-11-12T02:51:00+00:00","dateModified":"2024-11-28T15:57:11+00:00","description":"Neste ano teremos edi\u00e7\u00f5es em S\u00e3o Paulo\/SP, Porto Alegre\/RS e Canoas\/RS.","breadcrumb":{"@id":"https:\/\/mostrafilmfestival.org\/xv\/br\/home\/#breadcrumb"},"inLanguage":"pt-BR","potentialAction":[{"@type":"ReadAction","target":["https:\/\/mostrafilmfestival.org\/xv\/br\/home\/"]}]},{"@type":"ImageObject","inLanguage":"pt-BR","@id":"https:\/\/mostrafilmfestival.org\/xv\/br\/home\/#primaryimage","url":"https:\/\/mostrafilmfestival.org\/xv\/br\/wp-content\/uploads\/2024\/11\/mostra-xv-logo-color.png","contentUrl":"https:\/\/mostrafilmfestival.org\/xv\/br\/wp-content\/uploads\/2024\/11\/mostra-xv-logo-color.png","width":680,"height":312},{"@type":"BreadcrumbList","@id":"https:\/\/mostrafilmfestival.org\/xv\/br\/home\/#breadcrumb","itemListElement":[{"@type":"ListItem","position":1,"name":"Home","item":"https:\/\/mostrafilmfestival.org\/xv\/br\/home\/"},{"@type":"ListItem","position":2,"name":"Home BR"}]},{"@type":"WebSite","@id":"https:\/\/mostrafilmfestival.org\/xv\/br\/#website","url":"https:\/\/mostrafilmfestival.org\/xv\/br\/","name":"MOSTRA XV Brazilian Film Festival - Brasil","description":"Filmes brasileiros com consci\u00eancia social.","potentialAction":[{"@type":"SearchAction","target":{"@type":"EntryPoint","urlTemplate":"https:\/\/mostrafilmfestival.org\/xv\/br\/?s={search_term_string}"},"query-input":{"@type":"PropertyValueSpecification","valueRequired":true,"valueName":"search_term_string"}}],"inLanguage":"pt-BR"}]}},"_links":{"self":[{"href":"https:\/\/mostrafilmfestival.org\/xv\/br\/wp-json\/wp\/v2\/pages\/33","targetHints":{"allow":["GET"]}}],"collection":[{"href":"https:\/\/mostrafilmfestival.org\/xv\/br\/wp-json\/wp\/v2\/pages"}],"about":[{"href":"https:\/\/mostrafilmfestival.org\/xv\/br\/wp-json\/wp\/v2\/types\/page"}],"author":[{"embeddable":true,"href":"https:\/\/mostrafilmfestival.org\/xv\/br\/wp-json\/wp\/v2\/users\/1"}],"replies":[{"embeddable":true,"href":"https:\/\/mostrafilmfestival.org\/xv\/br\/wp-json\/wp\/v2\/comments?post=33"}],"version-history":[{"count":5,"href":"https:\/\/mostrafilmfestival.org\/xv\/br\/wp-json\/wp\/v2\/pages\/33\/revisions"}],"predecessor-version":[{"id":507,"href":"https:\/\/mostrafilmfestival.org\/xv\/br\/wp-json\/wp\/v2\/pages\/33\/revisions\/507"}],"wp:featuredmedia":[{"embeddable":true,"href":"https:\/\/mostrafilmfestival.org\/xv\/br\/wp-json\/wp\/v2\/media\/97"}],"wp:attachment":[{"href":"https:\/\/mostrafilmfestival.org\/xv\/br\/wp-json\/wp\/v2\/media?parent=33"}],"curies":[{"name":"wp","href":"https:\/\/api.w.org\/{rel}","templated":true}]}}