{"id":493,"date":"2024-11-28T12:54:43","date_gmt":"2024-11-28T15:54:43","guid":{"rendered":"https:\/\/mostrafilmfestival.org\/xv\/br\/?page_id=493"},"modified":"2024-12-03T12:02:53","modified_gmt":"2024-12-03T15:02:53","slug":"agenda","status":"publish","type":"page","link":"https:\/\/mostrafilmfestival.org\/xv\/br\/canoas\/agenda\/","title":{"rendered":"Agenda Canoas"},"content":{"rendered":"\n<style type=\"text\/css\" data-created_by=\"avia_inline_auto\" id=\"style-css-av-3ea645-6b20901b0ca587d64823f76890b467df\">\n.avia-section.av-3ea645-6b20901b0ca587d64823f76890b467df .av-parallax .av-parallax-inner{\nbackground-repeat:no-repeat;\nbackground-image:url(https:\/\/mostrafilmfestival.org\/xv\/br\/wp-content\/uploads\/2024\/11\/Mostra-XV-BG-3.png);\nbackground-position:50% 50%;\nbackground-attachment:scroll;\n}\n.avia-section.av-3ea645-6b20901b0ca587d64823f76890b467df .av-section-color-overlay{\nopacity:0.4;\nbackground-color:#000000;\n}\n<\/style>\n<div id='av_section_1'  class='avia-section av-3ea645-6b20901b0ca587d64823f76890b467df main_color avia-section-large avia-no-border-styling  avia-builder-el-0  el_before_av_section  avia-builder-el-first  avia-full-stretch av-parallax-section avia-bg-style-parallax av-section-color-overlay-active av-minimum-height av-minimum-height-50 av-height-50  container_wrap fullsize'  data-section-bg-repeat='stretch' data-av_minimum_height_pc='50' data-av_min_height_opt='50'><div class='av-parallax' data-avia-parallax-ratio='0.3' ><div class='av-parallax-inner main_color avia-full-stretch'><\/div><\/div><div class=\"av-section-color-overlay-wrap\"><div class=\"av-section-color-overlay\"><\/div><div class='container av-section-cont-open' ><main  role=\"main\" itemprop=\"mainContentOfPage\"  class='template-page content  av-content-full alpha units'><div class='post-entry post-entry-type-page post-entry-493'><div class='entry-content-wrapper clearfix'>\n\n<style type=\"text\/css\" data-created_by=\"avia_inline_auto\" id=\"style-css-av-3dkp51-26de1e44f57cf22139109eacc2a25d39\">\n#top .av-special-heading.av-3dkp51-26de1e44f57cf22139109eacc2a25d39{\npadding-bottom:10px;\ncolor:#ffffff;\nfont-size:50px;\n}\nbody .av-special-heading.av-3dkp51-26de1e44f57cf22139109eacc2a25d39 .av-special-heading-tag .heading-char{\nfont-size:25px;\n}\n#top #wrap_all .av-special-heading.av-3dkp51-26de1e44f57cf22139109eacc2a25d39 .av-special-heading-tag{\nfont-size:50px;\n}\n.av-special-heading.av-3dkp51-26de1e44f57cf22139109eacc2a25d39 .special-heading-inner-border{\nborder-color:#ffffff;\n}\n.av-special-heading.av-3dkp51-26de1e44f57cf22139109eacc2a25d39 .av-subheading{\nfont-size:15px;\n}\n\n@media only screen and (min-width: 480px) and (max-width: 767px){ \n#top #wrap_all .av-special-heading.av-3dkp51-26de1e44f57cf22139109eacc2a25d39 .av-special-heading-tag{\nfont-size:0.8em;\n}\n}\n\n@media only screen and (max-width: 479px){ \n#top #wrap_all .av-special-heading.av-3dkp51-26de1e44f57cf22139109eacc2a25d39 .av-special-heading-tag{\nfont-size:0.8em;\n}\n}\n<\/style>\n<div  class='av-special-heading av-3dkp51-26de1e44f57cf22139109eacc2a25d39 av-special-heading-h1 custom-color-heading blockquote modern-quote modern-centered  avia-builder-el-1  avia-builder-el-no-sibling  av-inherit-size'><h1 class='av-special-heading-tag '  itemprop=\"headline\"  >AGENDA CANOAS<\/h1><div class='av_custom_color av-subheading av-subheading_below'><p>11 e 12 de dezembro<\/p>\n<\/div><div class=\"special-heading-border\"><div class=\"special-heading-inner-border\"><\/div><\/div><\/div>\n\n<\/div><\/div><\/main><!-- close content main element --><\/div><\/div><\/div><div id='av_section_2'  class='avia-section av-tddm5-a8d755b3f2708df91adf629c42ec88a6 main_color avia-section-default avia-no-border-styling  avia-builder-el-2  el_after_av_section  el_before_av_section  avia-bg-style-scroll container_wrap fullsize'  ><div class='container av-section-cont-open' ><div class='template-page content  av-content-full alpha units'><div class='post-entry post-entry-type-page post-entry-493'><div class='entry-content-wrapper clearfix'>\n\n<style type=\"text\/css\" data-created_by=\"avia_inline_auto\" id=\"style-css-av-m3iyasq8-b3205eb526652983a5c25e49701fa6de\">\n#top .av-special-heading.av-m3iyasq8-b3205eb526652983a5c25e49701fa6de{\npadding-bottom:10px;\nfont-size:40px;\n}\nbody .av-special-heading.av-m3iyasq8-b3205eb526652983a5c25e49701fa6de .av-special-heading-tag .heading-char{\nfont-size:25px;\n}\n#top #wrap_all .av-special-heading.av-m3iyasq8-b3205eb526652983a5c25e49701fa6de .av-special-heading-tag{\nfont-size:40px;\n}\n.av-special-heading.av-m3iyasq8-b3205eb526652983a5c25e49701fa6de .av-subheading{\nfont-size:12px;\n}\n\n@media only screen and (min-width: 480px) and (max-width: 767px){ \n#top #wrap_all .av-special-heading.av-m3iyasq8-b3205eb526652983a5c25e49701fa6de .av-special-heading-tag{\nfont-size:0.8em;\n}\n}\n\n@media only screen and (max-width: 479px){ \n#top #wrap_all .av-special-heading.av-m3iyasq8-b3205eb526652983a5c25e49701fa6de .av-special-heading-tag{\nfont-size:0.8em;\n}\n}\n<\/style>\n<div  class='av-special-heading av-m3iyasq8-b3205eb526652983a5c25e49701fa6de av-special-heading-h2 blockquote modern-quote modern-centered  avia-builder-el-3  el_before_av_three_fifth  avia-builder-el-first  av-inherit-size'><h2 class='av-special-heading-tag '  itemprop=\"headline\"  >11\/12 (quarta-feira) &#8211; 18h<\/h2><div class=\"special-heading-border\"><div class=\"special-heading-inner-border\"><\/div><\/div><\/div>\n<div class='flex_column_table av-ss9l1-616ed90da5840ec79e3dca8494b3cbea sc-av_three_fifth av-equal-height-column-flextable'><div  class='flex_column av-ss9l1-616ed90da5840ec79e3dca8494b3cbea av_three_fifth  avia-builder-el-4  el_after_av_heading  el_before_av_two_fifth  first flex_column_table_cell av-equal-height-column av-align-top  '     ><p>\n<style type=\"text\/css\" data-created_by=\"avia_inline_auto\" id=\"style-css-av-m3iyb0gw-2be6676609eefd5be4d805628149da49\">\n#top .av-special-heading.av-m3iyb0gw-2be6676609eefd5be4d805628149da49{\npadding-bottom:10px;\nfont-size:30px;\n}\nbody .av-special-heading.av-m3iyb0gw-2be6676609eefd5be4d805628149da49 .av-special-heading-tag .heading-char{\nfont-size:25px;\n}\n#top #wrap_all .av-special-heading.av-m3iyb0gw-2be6676609eefd5be4d805628149da49 .av-special-heading-tag{\nfont-size:30px;\n}\n.av-special-heading.av-m3iyb0gw-2be6676609eefd5be4d805628149da49 .av-subheading{\nfont-size:12px;\n}\n\n@media only screen and (min-width: 480px) and (max-width: 767px){ \n#top #wrap_all .av-special-heading.av-m3iyb0gw-2be6676609eefd5be4d805628149da49 .av-special-heading-tag{\nfont-size:0.8em;\n}\n}\n\n@media only screen and (max-width: 479px){ \n#top #wrap_all .av-special-heading.av-m3iyb0gw-2be6676609eefd5be4d805628149da49 .av-special-heading-tag{\nfont-size:0.8em;\n}\n}\n<\/style>\n<div  class='av-special-heading av-m3iyb0gw-2be6676609eefd5be4d805628149da49 av-special-heading-h3 blockquote modern-quote  avia-builder-el-5  el_before_av_iconlist  avia-builder-el-first  av-inherit-size'><h3 class='av-special-heading-tag '  itemprop=\"headline\"  >Arte da Diplomacia<\/h3><div class=\"special-heading-border\"><div class=\"special-heading-inner-border\"><\/div><\/div><\/div><br \/>\n\n<style type=\"text\/css\" data-created_by=\"avia_inline_auto\" id=\"style-css-av-sfsnx-e2909a89826a2b15e763157010859fe3\">\n@keyframes av_sonarEffect_av-sfsnx-e2909a89826a2b15e763157010859fe3 {\n  0% {opacity: 0.3;}\n 40% {opacity: 0.5; box-shadow: 0 0 0 2px rgba(255,255,255,0.1), 0 0 10px 10px #ffffff, 0 0 0 10px rgba(255,255,255,0.5);}\n100% {opacity: 0; box-shadow: 0 0 0 2px rgba(255,255,255,0.1), 0 0 10px 10px #ffffff, 0 0 0 10px rgba(255,255,255,0.5); transform: scale(1.5);}\n}\n#top .avia-icon-list-container.av-sfsnx-e2909a89826a2b15e763157010859fe3 .iconlist_icon{\ncolor:#007ab3;\nfont-size:14px;\n}\n#top .avia-icon-list-container.av-sfsnx-e2909a89826a2b15e763157010859fe3 .iconlist_icon:hover:after{\nanimation:av_sonarEffect_av-sfsnx-e2909a89826a2b15e763157010859fe3 1s ease-in-out;\n}\n#top #wrap_all .avia-icon-list-container.av-sfsnx-e2909a89826a2b15e763157010859fe3 .av_iconlist_title{\nfont-size:14px;\n}\n.avia-icon-list-container.av-sfsnx-e2909a89826a2b15e763157010859fe3 .iconlist_content{\nfont-size:12px;\n}\n<\/style>\n<div  class='avia-icon-list-container av-sfsnx-e2909a89826a2b15e763157010859fe3  avia-builder-el-6  el_after_av_heading  el_before_av_iconlist '><ul class='avia-icon-list avia_animate_when_almost_visible avia-icon-list-left av-iconlist-small av-sfsnx-e2909a89826a2b15e763157010859fe3 avia-iconlist-animate avia-sonar-shadow'>\n<li><div class='iconlist_icon av-rk2ax-43677d884dc1364fab0b53bc1cc8e314 avia-font-entypo-fontello'><span class='iconlist-char' aria-hidden='true' data-av_icon='\ue842' data-av_iconfont='entypo-fontello'><\/span><\/div><article class=\"article-icon-entry \"  itemscope=\"itemscope\" itemtype=\"https:\/\/schema.org\/CreativeWork\" ><div class=\"iconlist_content_wrap\"><header class=\"entry-content-header\" aria-label=\"Icon: &lt;strong&gt;Local: Audit\u00f3rio Ir. Bruno Ruedell&lt;\/strong&gt;\"><div class='av_iconlist_title iconlist_title_small  '  itemprop=\"headline\" ><strong>Local: Audit\u00f3rio Ir. Bruno Ruedell<\/strong><\/div><\/header><div class='iconlist_content '  itemprop=\"text\" ><p>Universidade LaSalle, Av. Victor Barreto, 2288, Centro &#8211; Canoas\/RS<\/p>\n<\/div><\/div><footer class=\"entry-footer\"><\/footer><\/article><div class=\"iconlist-timeline\"><\/div><\/li>\n<li><div class='iconlist_icon av-r3xa9-74c94d96a870ac1b8434705798aa257e avia-font-entypo-fontello'><span class='iconlist-char' aria-hidden='true' data-av_icon='\ue8e2' data-av_iconfont='entypo-fontello'><\/span><\/div><article class=\"article-icon-entry av-iconlist-empty\"  itemscope=\"itemscope\" itemtype=\"https:\/\/schema.org\/CreativeWork\" ><div class=\"iconlist_content_wrap\"><header class=\"entry-content-header\" aria-label=\"Icon: &lt;strong&gt;Entrada Gratuita&lt;\/strong&gt;\"><div class='av_iconlist_title iconlist_title_small  '  itemprop=\"headline\" ><strong>Entrada Gratuita<\/strong><\/div><\/header><div class='iconlist_content '  itemprop=\"text\" ><\/div><\/div><footer class=\"entry-footer\"><\/footer><\/article><div class=\"iconlist-timeline\"><\/div><\/li>\n<\/ul><\/div><br \/>\n\n<style type=\"text\/css\" data-created_by=\"avia_inline_auto\" id=\"style-css-av-m3iyd719-a2d8388691c5499a8384f6cbf6783846\">\n@keyframes av_sonarEffect_av-m3iyd719-a2d8388691c5499a8384f6cbf6783846 {\n  0% {opacity: 0.3;}\n 40% {opacity: 0.5; box-shadow: 0 0 0 2px rgba(255,255,255,0.1), 0 0 10px 10px #ffffff, 0 0 0 10px rgba(255,255,255,0.5);}\n100% {opacity: 0; box-shadow: 0 0 0 2px rgba(255,255,255,0.1), 0 0 10px 10px #ffffff, 0 0 0 10px rgba(255,255,255,0.5); transform: scale(1.5);}\n}\n#top .avia-icon-list-container.av-m3iyd719-a2d8388691c5499a8384f6cbf6783846 .iconlist_icon{\ncolor:#007ab3;\nfont-size:14px;\n}\n#top .avia-icon-list-container.av-m3iyd719-a2d8388691c5499a8384f6cbf6783846 .iconlist_icon:hover:after{\nanimation:av_sonarEffect_av-m3iyd719-a2d8388691c5499a8384f6cbf6783846 1s ease-in-out;\n}\n#top #wrap_all .avia-icon-list-container.av-m3iyd719-a2d8388691c5499a8384f6cbf6783846 .av_iconlist_title{\nfont-size:14px;\n}\n.avia-icon-list-container.av-m3iyd719-a2d8388691c5499a8384f6cbf6783846 .iconlist_content{\nfont-size:12px;\n}\n<\/style>\n<div  class='avia-icon-list-container av-m3iyd719-a2d8388691c5499a8384f6cbf6783846  avia-builder-el-7  el_after_av_iconlist  el_before_av_hr '><ul class='avia-icon-list avia_animate_when_almost_visible avia-icon-list-left av-iconlist-small av-m3iyd719-a2d8388691c5499a8384f6cbf6783846 avia-iconlist-animate avia-sonar-shadow'>\n<li><div class='iconlist_icon av-m3iyd5ul-2b9d54d6e0253ac0910d2297a8a3d642 avia-font-entypo-fontello'><span class='iconlist-char' aria-hidden='true' data-av_icon='\ue84b' data-av_iconfont='entypo-fontello'><\/span><\/div><article class=\"article-icon-entry \"  itemscope=\"itemscope\" itemtype=\"https:\/\/schema.org\/CreativeWork\" ><div class=\"iconlist_content_wrap\"><header class=\"entry-content-header\" aria-label=\"Icon: &lt;strong&gt;Sinopse&lt;\/strong&gt;\"><div class='av_iconlist_title iconlist_title_small  '  itemprop=\"headline\" ><strong>Sinopse<\/strong><\/div><\/header><div class='iconlist_content '  itemprop=\"text\" ><p>Londres, 1944, em meio aos bombardeios da Segunda Guerra Mundial a Arte Moderna brasileira era apresentada ao mundo pela primeira vez. Um gesto de diplomacia cultural que ficou esquecido por d\u00e9cadas, que uniu territ\u00f3rios e definiu o papel do pa\u00eds na luta contra o nazifascismo.<\/p>\n<\/div><\/div><footer class=\"entry-footer\"><\/footer><\/article><div class=\"iconlist-timeline\"><\/div><\/li>\n<\/ul><\/div><br \/>\n\n<style type=\"text\/css\" data-created_by=\"avia_inline_auto\" id=\"style-css-av-qqzjl-e42985b8e23793553de4cfb424bfe441\">\n#top .hr.hr-invisible.av-qqzjl-e42985b8e23793553de4cfb424bfe441{\nheight:15px;\n}\n<\/style>\n<div  class='hr av-qqzjl-e42985b8e23793553de4cfb424bfe441 hr-invisible  avia-builder-el-8  el_after_av_iconlist  avia-builder-el-last '><span class='hr-inner '><span class=\"hr-inner-style\"><\/span><\/span><\/div><\/p><\/div><div class='av-flex-placeholder'><\/div><div  class='flex_column av-pp7ih-fb5504c1b0d2b9656831b454396f1d0c av_two_fifth  avia-builder-el-9  el_after_av_three_fifth  el_before_av_one_third  flex_column_table_cell av-equal-height-column av-align-top  '     ><p>\n<style type=\"text\/css\" data-created_by=\"avia_inline_auto\" id=\"style-css-av-m3iycjlk-d6a2794a2558603f1f25996792c04258\">\n@keyframes av_boxShadowEffect_av-m3iycjlk-d6a2794a2558603f1f25996792c04258 {\n0%   { box-shadow:  0 0 0 0 #000000; opacity: 1; }\n100% { box-shadow:  0 0 10px 0 #000000; opacity: 1; }\n}\n.avia-image-container.av-m3iycjlk-d6a2794a2558603f1f25996792c04258 img.avia_image{\nbox-shadow: 0 0 10px 0 #000000;\n}\n.avia-image-container.av-m3iycjlk-d6a2794a2558603f1f25996792c04258 .av-image-caption-overlay-center{\ncolor:#ffffff;\n}\n<\/style>\n<div  class='avia-image-container av-m3iycjlk-d6a2794a2558603f1f25996792c04258 av-styling- av-img-linked avia-align-center  avia-builder-el-10  el_before_av_hr  avia-builder-el-first  av-img-box-shadow av-box-shadow-not-animated'   itemprop=\"image\" itemscope=\"itemscope\" itemtype=\"https:\/\/schema.org\/ImageObject\" ><div class=\"avia-image-container-inner\"><div class=\"avia-image-overlay-wrap\"><a href=\"https:\/\/mostrafilmfestival.org\/xv\/br\/filmes\/arte-da-diplomacia\/\" class='avia_image '  aria-label='Arte_da_Diplomacia_Still 1 - cr\u00e9dito Bruno Polidoro'><img decoding=\"async\" fetchpriority=\"high\" class='wp-image-252 avia-img-lazy-loading-not-252 avia_image shadow-not-animated' src=\"https:\/\/mostrafilmfestival.org\/xv\/br\/wp-content\/uploads\/2024\/11\/Arte_da_Diplomacia_Still-1-credito-Bruno-Polidoro-1030x579.png\" alt='' title='Arte_da_Diplomacia_Still 1 - cr\u00e9dito Bruno Polidoro'  height=\"579\" width=\"1030\"  itemprop=\"thumbnailUrl\" srcset=\"https:\/\/mostrafilmfestival.org\/xv\/br\/wp-content\/uploads\/2024\/11\/Arte_da_Diplomacia_Still-1-credito-Bruno-Polidoro-1030x579.png 1030w, https:\/\/mostrafilmfestival.org\/xv\/br\/wp-content\/uploads\/2024\/11\/Arte_da_Diplomacia_Still-1-credito-Bruno-Polidoro-300x169.png 300w, https:\/\/mostrafilmfestival.org\/xv\/br\/wp-content\/uploads\/2024\/11\/Arte_da_Diplomacia_Still-1-credito-Bruno-Polidoro-768x432.png 768w, https:\/\/mostrafilmfestival.org\/xv\/br\/wp-content\/uploads\/2024\/11\/Arte_da_Diplomacia_Still-1-credito-Bruno-Polidoro-1536x864.png 1536w, https:\/\/mostrafilmfestival.org\/xv\/br\/wp-content\/uploads\/2024\/11\/Arte_da_Diplomacia_Still-1-credito-Bruno-Polidoro-1500x843.png 1500w, https:\/\/mostrafilmfestival.org\/xv\/br\/wp-content\/uploads\/2024\/11\/Arte_da_Diplomacia_Still-1-credito-Bruno-Polidoro-705x396.png 705w, https:\/\/mostrafilmfestival.org\/xv\/br\/wp-content\/uploads\/2024\/11\/Arte_da_Diplomacia_Still-1-credito-Bruno-Polidoro.png 1919w\" sizes=\"(max-width: 1030px) 100vw, 1030px\" \/><\/a><\/div><\/div><\/div><br \/>\n\n<style type=\"text\/css\" data-created_by=\"avia_inline_auto\" id=\"style-css-av-p9q11-22e87f5c602bca4dce610a5b5033c957\">\n#top .hr.hr-invisible.av-p9q11-22e87f5c602bca4dce610a5b5033c957{\nheight:15px;\n}\n<\/style>\n<div  class='hr av-p9q11-22e87f5c602bca4dce610a5b5033c957 hr-invisible  avia-builder-el-11  el_after_av_image  el_before_av_button '><span class='hr-inner '><span class=\"hr-inner-style\"><\/span><\/span><\/div><br \/>\n<div  class='avia-button-wrap av-m3iycrxe-329c37c5b0a6566323c745d118f48816-wrap avia-button-center  avia-builder-el-12  el_after_av_hr  el_before_av_hr '><a href='https:\/\/mostrafilmfestival.org\/xv\/br\/filmes\/arte-da-diplomacia\/'  class='avia-button av-m3iycrxe-329c37c5b0a6566323c745d118f48816 av-link-btn avia-icon_select-yes-left-icon avia-size-large avia-position-center avia-color-theme-color'   aria-label=\"SAIBA MAIS\"><span class='avia_button_icon avia_button_icon_left' aria-hidden='true' data-av_icon='\ue817' data-av_iconfont='entypo-fontello'><\/span><span class='avia_iconbox_title' >SAIBA MAIS<\/span><\/a><\/div><br \/>\n\n<style type=\"text\/css\" data-created_by=\"avia_inline_auto\" id=\"style-css-av-oppi5-88647277e4aaa1eb4157c719fe69b4b5\">\n#top .hr.hr-invisible.av-oppi5-88647277e4aaa1eb4157c719fe69b4b5{\nheight:15px;\n}\n<\/style>\n<div  class='hr av-oppi5-88647277e4aaa1eb4157c719fe69b4b5 hr-invisible  avia-builder-el-13  el_after_av_button  avia-builder-el-last '><span class='hr-inner '><span class=\"hr-inner-style\"><\/span><\/span><\/div><\/p><\/div><\/div><!--close column table wrapper. Autoclose: 1 --><div class='flex_column_table av-dazp9-8de5d3b1b9f0d0d4b27e62d2b39a0274 sc-av_one_third av-equal-height-column-flextable'><div  class='flex_column av-dazp9-8de5d3b1b9f0d0d4b27e62d2b39a0274 av_one_third  avia-builder-el-14  el_after_av_two_fifth  el_before_av_one_third  first flex_column_table_cell av-equal-height-column av-align-top  '     ><p>\n<style type=\"text\/css\" data-created_by=\"avia_inline_auto\" id=\"style-css-av-m3j10boo-86da383cea9512358fc33cb0ab3ee779\">\n@keyframes av_sonarEffect_av-m3j10boo-86da383cea9512358fc33cb0ab3ee779 {\n  0% {opacity: 0.3;}\n 40% {opacity: 0.5; box-shadow: 0 0 0 2px rgba(255,255,255,0.1), 0 0 10px 10px #ffffff, 0 0 0 10px rgba(255,255,255,0.5);}\n100% {opacity: 0; box-shadow: 0 0 0 2px rgba(255,255,255,0.1), 0 0 10px 10px #ffffff, 0 0 0 10px rgba(255,255,255,0.5); transform: scale(1.5);}\n}\n#top .avia-icon-list-container.av-m3j10boo-86da383cea9512358fc33cb0ab3ee779 .iconlist_icon{\ncolor:#007ab3;\nfont-size:14px;\n}\n#top .avia-icon-list-container.av-m3j10boo-86da383cea9512358fc33cb0ab3ee779 .iconlist_icon:hover:after{\nanimation:av_sonarEffect_av-m3j10boo-86da383cea9512358fc33cb0ab3ee779 1s ease-in-out;\n}\n#top #wrap_all .avia-icon-list-container.av-m3j10boo-86da383cea9512358fc33cb0ab3ee779 .av_iconlist_title{\nfont-size:14px;\n}\n.avia-icon-list-container.av-m3j10boo-86da383cea9512358fc33cb0ab3ee779 .iconlist_content{\nfont-size:12px;\n}\n<\/style>\n<div  class='avia-icon-list-container av-m3j10boo-86da383cea9512358fc33cb0ab3ee779  avia-builder-el-15  el_before_av_button  avia-builder-el-first '><ul class='avia-icon-list avia_animate_when_almost_visible avia-icon-list-left av-iconlist-small av-m3j10boo-86da383cea9512358fc33cb0ab3ee779 avia-iconlist-animate avia-sonar-shadow'>\n<li><div class='iconlist_icon av-m3j10aeq-e2482d89a9fc9bbacbf7e4fdeb45bfa6 avia-font-entypo-fontello'><span class='iconlist-char' aria-hidden='true' data-av_icon='\ue84b' data-av_iconfont='entypo-fontello'><\/span><\/div><article class=\"article-icon-entry \"  itemscope=\"itemscope\" itemtype=\"https:\/\/schema.org\/CreativeWork\" ><div class=\"iconlist_content_wrap\"><header class=\"entry-content-header\" aria-label=\"Icon: &lt;strong&gt;Utopia Muda&lt;\/strong&gt;\"><div class='av_iconlist_title iconlist_title_small  '  itemprop=\"headline\" ><strong>Utopia Muda<\/strong><\/div><\/header><div class='iconlist_content '  itemprop=\"text\" ><p>20 min | 2023 | Dire\u00e7\u00e3o: Julio Matos<\/p>\n<p>A luta pela democratiza\u00e7\u00e3o dos meios de comunica\u00e7\u00e3o a partir da hist\u00f3ria da R\u00e1dio Muda, a mais longeva r\u00e1dio livre que desafiou o sistema para defender a liberdade de express\u00e3o. Narrado em primeira pessoa, o filme \u00e9 constru\u00eddo a partir do material de arquivo do pr\u00f3prio diretor, que foi um membro do coletivo da R\u00e1dio Muda e um ativista pela democratiza\u00e7\u00e3o dos meios de comunica\u00e7\u00e3o no in\u00edcio do s\u00e9culo XXI.<\/p>\n<\/div><\/div><footer class=\"entry-footer\"><\/footer><\/article><div class=\"iconlist-timeline\"><\/div><\/li>\n<\/ul><\/div><br \/>\n<div  class='avia-button-wrap av-1w32t1-a0ba297b6c0719a6247c26ce41348044-wrap avia-button-center  avia-builder-el-16  el_after_av_iconlist  el_before_av_hr '><a href='https:\/\/mostrafilmfestival.org\/xv\/br\/filmes\/utopia-muda\/'  class='avia-button av-1w32t1-a0ba297b6c0719a6247c26ce41348044 av-link-btn avia-icon_select-yes-left-icon avia-size-large avia-position-center avia-color-theme-color'   aria-label=\"SAIBA MAIS\"><span class='avia_button_icon avia_button_icon_left' aria-hidden='true' data-av_icon='\ue817' data-av_iconfont='entypo-fontello'><\/span><span class='avia_iconbox_title' >SAIBA MAIS<\/span><\/a><\/div><br \/>\n\n<style type=\"text\/css\" data-created_by=\"avia_inline_auto\" id=\"style-css-av-22fnp-2d5df65d339be8f4a777d410bf811122\">\n#top .hr.hr-invisible.av-22fnp-2d5df65d339be8f4a777d410bf811122{\nheight:30px;\n}\n<\/style>\n<div  class='hr av-22fnp-2d5df65d339be8f4a777d410bf811122 hr-invisible  avia-builder-el-17  el_after_av_button  avia-builder-el-last '><span class='hr-inner '><span class=\"hr-inner-style\"><\/span><\/span><\/div><\/p><\/div><div class='av-flex-placeholder'><\/div><div  class='flex_column av-bhlrl-e9356ec56da1a7b4face90e7ec2748e3 av_one_third  avia-builder-el-18  el_after_av_one_third  el_before_av_one_third  flex_column_table_cell av-equal-height-column av-align-top  '     ><p>\n<style type=\"text\/css\" data-created_by=\"avia_inline_auto\" id=\"style-css-av-m3j12tz9-36ebf877b0ba7dc3817333f94c0b843a\">\n@keyframes av_sonarEffect_av-m3j12tz9-36ebf877b0ba7dc3817333f94c0b843a {\n  0% {opacity: 0.3;}\n 40% {opacity: 0.5; box-shadow: 0 0 0 2px rgba(255,255,255,0.1), 0 0 10px 10px #ffffff, 0 0 0 10px rgba(255,255,255,0.5);}\n100% {opacity: 0; box-shadow: 0 0 0 2px rgba(255,255,255,0.1), 0 0 10px 10px #ffffff, 0 0 0 10px rgba(255,255,255,0.5); transform: scale(1.5);}\n}\n#top .avia-icon-list-container.av-m3j12tz9-36ebf877b0ba7dc3817333f94c0b843a .iconlist_icon{\ncolor:#007ab3;\nfont-size:14px;\n}\n#top .avia-icon-list-container.av-m3j12tz9-36ebf877b0ba7dc3817333f94c0b843a .iconlist_icon:hover:after{\nanimation:av_sonarEffect_av-m3j12tz9-36ebf877b0ba7dc3817333f94c0b843a 1s ease-in-out;\n}\n#top #wrap_all .avia-icon-list-container.av-m3j12tz9-36ebf877b0ba7dc3817333f94c0b843a .av_iconlist_title{\nfont-size:14px;\n}\n.avia-icon-list-container.av-m3j12tz9-36ebf877b0ba7dc3817333f94c0b843a .iconlist_content{\nfont-size:12px;\n}\n<\/style>\n<div  class='avia-icon-list-container av-m3j12tz9-36ebf877b0ba7dc3817333f94c0b843a  avia-builder-el-19  el_before_av_button  avia-builder-el-first '><ul class='avia-icon-list avia_animate_when_almost_visible avia-icon-list-left av-iconlist-small av-m3j12tz9-36ebf877b0ba7dc3817333f94c0b843a avia-iconlist-animate avia-sonar-shadow'>\n<li><div class='iconlist_icon av-m3j12rrl-c6ffb572cfbed67b69e224d9e142581e avia-font-entypo-fontello'><span class='iconlist-char' aria-hidden='true' data-av_icon='\ue84b' data-av_iconfont='entypo-fontello'><\/span><\/div><article class=\"article-icon-entry \"  itemscope=\"itemscope\" itemtype=\"https:\/\/schema.org\/CreativeWork\" ><div class=\"iconlist_content_wrap\"><header class=\"entry-content-header\" aria-label=\"Icon: &lt;strong&gt;A Balada dos Palha\u00e7os&lt;\/strong&gt;\"><div class='av_iconlist_title iconlist_title_small  '  itemprop=\"headline\" ><strong>A Balada dos Palha\u00e7os<\/strong><\/div><\/header><div class='iconlist_content '  itemprop=\"text\" ><p>15 min | 2023 | Dire\u00e7\u00e3o: Felipe Dezotti Bar\u00eaa e Lucas Marcarini<\/p>\n<p>O fazer art\u00edstico permeia diversas dificuldades, ainda mais quando se \u00e9 artista no Brasil. Acompanharemos o casal de teatro de rua, Paula e Daniel, e veremos como o amor deles pela arte, faz com que eles possam superar as adversidades e levar o que amam a lugares cada vez mais distantes.<\/p>\n<\/div><\/div><footer class=\"entry-footer\"><\/footer><\/article><div class=\"iconlist-timeline\"><\/div><\/li>\n<\/ul><\/div><br \/>\n<div  class='avia-button-wrap av-1q834l-daabf81b2d66e724cbcf673e652033af-wrap avia-button-center  avia-builder-el-20  el_after_av_iconlist  el_before_av_hr '><a href='https:\/\/mostrafilmfestival.org\/xv\/br\/filmes\/a-balada-dos-palhacos\/'  class='avia-button av-1q834l-daabf81b2d66e724cbcf673e652033af av-link-btn avia-icon_select-yes-left-icon avia-size-large avia-position-center avia-color-theme-color'   aria-label=\"SAIBA MAIS\"><span class='avia_button_icon avia_button_icon_left' aria-hidden='true' data-av_icon='\ue817' data-av_iconfont='entypo-fontello'><\/span><span class='avia_iconbox_title' >SAIBA MAIS<\/span><\/a><\/div><br \/>\n\n<style type=\"text\/css\" data-created_by=\"avia_inline_auto\" id=\"style-css-av-1kblfp-d504272ad7d784682ec88c1618ec5e68\">\n#top .hr.hr-invisible.av-1kblfp-d504272ad7d784682ec88c1618ec5e68{\nheight:30px;\n}\n<\/style>\n<div  class='hr av-1kblfp-d504272ad7d784682ec88c1618ec5e68 hr-invisible  avia-builder-el-21  el_after_av_button  avia-builder-el-last '><span class='hr-inner '><span class=\"hr-inner-style\"><\/span><\/span><\/div><\/p><\/div><div class='av-flex-placeholder'><\/div><div  class='flex_column av-1gq465-5a508733699505bc2aacbf2401ac79d3 av_one_third  avia-builder-el-22  el_after_av_one_third  avia-builder-el-last  flex_column_table_cell av-equal-height-column av-align-top  '     ><p>\n<style type=\"text\/css\" data-created_by=\"avia_inline_auto\" id=\"style-css-av-19un9-686d8f0000ae3e89efcfd740b3f11542\">\n@keyframes av_sonarEffect_av-19un9-686d8f0000ae3e89efcfd740b3f11542 {\n  0% {opacity: 0.3;}\n 40% {opacity: 0.5; box-shadow: 0 0 0 2px rgba(255,255,255,0.1), 0 0 10px 10px #ffffff, 0 0 0 10px rgba(255,255,255,0.5);}\n100% {opacity: 0; box-shadow: 0 0 0 2px rgba(255,255,255,0.1), 0 0 10px 10px #ffffff, 0 0 0 10px rgba(255,255,255,0.5); transform: scale(1.5);}\n}\n#top .avia-icon-list-container.av-19un9-686d8f0000ae3e89efcfd740b3f11542 .iconlist_icon{\ncolor:#007ab3;\nfont-size:14px;\n}\n#top .avia-icon-list-container.av-19un9-686d8f0000ae3e89efcfd740b3f11542 .iconlist_icon:hover:after{\nanimation:av_sonarEffect_av-19un9-686d8f0000ae3e89efcfd740b3f11542 1s ease-in-out;\n}\n#top #wrap_all .avia-icon-list-container.av-19un9-686d8f0000ae3e89efcfd740b3f11542 .av_iconlist_title{\nfont-size:14px;\n}\n.avia-icon-list-container.av-19un9-686d8f0000ae3e89efcfd740b3f11542 .iconlist_content{\nfont-size:12px;\n}\n<\/style>\n<div  class='avia-icon-list-container av-19un9-686d8f0000ae3e89efcfd740b3f11542  avia-builder-el-23  el_before_av_button  avia-builder-el-first '><ul class='avia-icon-list avia_animate_when_almost_visible avia-icon-list-left av-iconlist-small av-19un9-686d8f0000ae3e89efcfd740b3f11542 avia-iconlist-animate avia-sonar-shadow'>\n<li><div class='iconlist_icon av-c61pd-0ea2fd36fab0be9af91337efc51d03f7 avia-font-entypo-fontello'><span class='iconlist-char' aria-hidden='true' data-av_icon='\ue84b' data-av_iconfont='entypo-fontello'><\/span><\/div><article class=\"article-icon-entry \"  itemscope=\"itemscope\" itemtype=\"https:\/\/schema.org\/CreativeWork\" ><div class=\"iconlist_content_wrap\"><header class=\"entry-content-header\" aria-label=\"Icon: &lt;strong&gt;As Placas S\u00e3o Invis\u00edveis&lt;\/strong&gt;\"><div class='av_iconlist_title iconlist_title_small  '  itemprop=\"headline\" ><strong>As Placas S\u00e3o Invis\u00edveis<\/strong><\/div><\/header><div class='iconlist_content '  itemprop=\"text\" ><p>24 min | 2023 | Dire\u00e7\u00e3o: Gabrielle Ferreira<\/p>\n<p>Num momento de ebuli\u00e7\u00e3o da luta pr\u00f3-cotas, cinco estudantes negras revelam o que \u00e9 estar dentro de uma das institui\u00e7\u00f5es mais elitizadas do pa\u00eds.<\/p>\n<\/div><\/div><footer class=\"entry-footer\"><\/footer><\/article><div class=\"iconlist-timeline\"><\/div><\/li>\n<\/ul><\/div><br \/>\n<div  class='avia-button-wrap av-m41hqq8s-14b163907c9c2043b33fa7cbaf9e484d-wrap avia-button-center  avia-builder-el-24  el_after_av_iconlist  el_before_av_hr '><a href='https:\/\/mostrafilmfestival.org\/xv\/br\/filmes\/as-placas-sao-invisiveis\/'  class='avia-button av-m41hqq8s-14b163907c9c2043b33fa7cbaf9e484d av-link-btn avia-icon_select-yes-left-icon avia-size-large avia-position-center avia-color-theme-color'   aria-label=\"SAIBA MAIS\"><span class='avia_button_icon avia_button_icon_left' aria-hidden='true' data-av_icon='\ue817' data-av_iconfont='entypo-fontello'><\/span><span class='avia_iconbox_title' >SAIBA MAIS<\/span><\/a><\/div><br \/>\n\n<style type=\"text\/css\" data-created_by=\"avia_inline_auto\" id=\"style-css-av-172nol-b749326c215329b364db23fde550b26b\">\n#top .hr.hr-invisible.av-172nol-b749326c215329b364db23fde550b26b{\nheight:30px;\n}\n<\/style>\n<div  class='hr av-172nol-b749326c215329b364db23fde550b26b hr-invisible  avia-builder-el-25  el_after_av_button  avia-builder-el-last '><span class='hr-inner '><span class=\"hr-inner-style\"><\/span><\/span><\/div><\/p><\/div><\/div><!--close column table wrapper. Autoclose: 1 --><\/div><\/div><\/div><!-- close content main div --><\/div><\/div>\n<style type=\"text\/css\" data-created_by=\"avia_inline_auto\" id=\"style-css-av-5vm5t-3016ea099e5cfcfd9bfb8f7ca9e1ce0f\">\n.avia-section.av-5vm5t-3016ea099e5cfcfd9bfb8f7ca9e1ce0f{\nposition:relative;\n}\n.avia-section.av-5vm5t-3016ea099e5cfcfd9bfb8f7ca9e1ce0f .avia-divider-svg-bottom svg{\nheight:50px;\nwidth:calc(100% + 1.3px);\nfill:#007ab3;\n}\n<\/style>\n<div id='av_section_3'  class='avia-section av-5vm5t-3016ea099e5cfcfd9bfb8f7ca9e1ce0f main_color avia-section-default avia-no-border-styling  avia-builder-el-26  el_after_av_section  avia-builder-el-last  avia-bg-style-scroll container_wrap fullsize'  ><div class='avia-divider-svg avia-divider-svg-mountains avia-divider-svg-bottom avia-svg-original'><svg xmlns=\"http:\/\/www.w3.org\/2000\/svg\" viewBox=\"0 0 1000 100\" preserveAspectRatio=\"none\">\n\t<path opacity=\"0.33\" d=\"M473,67.3c-203.9,88.3-263.1-34-320.3,0C66,119.1,0,59.7,0,59.7V0h1000v59.7 c0,0-62.1,26.1-94.9,29.3c-32.8,3.3-62.8-12.3-75.8-22.1C806,49.6,745.3,8.7,694.9,4.7S492.4,59,473,67.3z\"\/>\n\t<path opacity=\"0.66\" d=\"M734,67.3c-45.5,0-77.2-23.2-129.1-39.1c-28.6-8.7-150.3-10.1-254,39.1 s-91.7-34.4-149.2,0C115.7,118.3,0,39.8,0,39.8V0h1000v36.5c0,0-28.2-18.5-92.1-18.5C810.2,18.1,775.7,67.3,734,67.3z\"\/>\n\t<path d=\"M766.1,28.9c-200-57.5-266,65.5-395.1,19.5C242,1.8,242,5.4,184.8,20.6C128,35.8,132.3,44.9,89.9,52.5C28.6,63.7,0,0,0,0 h1000c0,0-9.9,40.9-83.6,48.1S829.6,47,766.1,28.9z\"\/>\n<\/svg><\/div><div class='container av-section-cont-open' ><div class='template-page content  av-content-full alpha units'><div class='post-entry post-entry-type-page post-entry-493'><div class='entry-content-wrapper clearfix'>\n\n<style type=\"text\/css\" data-created_by=\"avia_inline_auto\" id=\"style-css-av-m3j1biub-ea7837cc2117af9802fee9eb196ffe47\">\n#top .av-special-heading.av-m3j1biub-ea7837cc2117af9802fee9eb196ffe47{\npadding-bottom:10px;\nfont-size:40px;\n}\nbody .av-special-heading.av-m3j1biub-ea7837cc2117af9802fee9eb196ffe47 .av-special-heading-tag .heading-char{\nfont-size:25px;\n}\n#top #wrap_all .av-special-heading.av-m3j1biub-ea7837cc2117af9802fee9eb196ffe47 .av-special-heading-tag{\nfont-size:40px;\n}\n.av-special-heading.av-m3j1biub-ea7837cc2117af9802fee9eb196ffe47 .av-subheading{\nfont-size:12px;\n}\n\n@media only screen and (min-width: 480px) and (max-width: 767px){ \n#top #wrap_all .av-special-heading.av-m3j1biub-ea7837cc2117af9802fee9eb196ffe47 .av-special-heading-tag{\nfont-size:0.8em;\n}\n}\n\n@media only screen and (max-width: 479px){ \n#top #wrap_all .av-special-heading.av-m3j1biub-ea7837cc2117af9802fee9eb196ffe47 .av-special-heading-tag{\nfont-size:0.8em;\n}\n}\n<\/style>\n<div  class='av-special-heading av-m3j1biub-ea7837cc2117af9802fee9eb196ffe47 av-special-heading-h2 blockquote modern-quote modern-centered  avia-builder-el-27  el_before_av_three_fifth  avia-builder-el-first  av-inherit-size'><h2 class='av-special-heading-tag '  itemprop=\"headline\"  >12\/12 (quinta-feira) &#8211; 18h<\/h2><div class=\"special-heading-border\"><div class=\"special-heading-inner-border\"><\/div><\/div><\/div>\n<div class='flex_column_table av-55rj1-9becc5da153464dfb0a09127acce6b5b sc-av_three_fifth av-equal-height-column-flextable'><div  class='flex_column av-55rj1-9becc5da153464dfb0a09127acce6b5b av_three_fifth  avia-builder-el-28  el_after_av_heading  el_before_av_two_fifth  first flex_column_table_cell av-equal-height-column av-align-top  '     ><p>\n<style type=\"text\/css\" data-created_by=\"avia_inline_auto\" id=\"style-css-av-m3j1boz1-ed054220ce4a3a9c0f4a8906280651dc\">\n#top .av-special-heading.av-m3j1boz1-ed054220ce4a3a9c0f4a8906280651dc{\npadding-bottom:10px;\nfont-size:30px;\n}\nbody .av-special-heading.av-m3j1boz1-ed054220ce4a3a9c0f4a8906280651dc .av-special-heading-tag .heading-char{\nfont-size:25px;\n}\n#top #wrap_all .av-special-heading.av-m3j1boz1-ed054220ce4a3a9c0f4a8906280651dc .av-special-heading-tag{\nfont-size:30px;\n}\n.av-special-heading.av-m3j1boz1-ed054220ce4a3a9c0f4a8906280651dc .av-subheading{\nfont-size:12px;\n}\n\n@media only screen and (min-width: 480px) and (max-width: 767px){ \n#top #wrap_all .av-special-heading.av-m3j1boz1-ed054220ce4a3a9c0f4a8906280651dc .av-special-heading-tag{\nfont-size:0.8em;\n}\n}\n\n@media only screen and (max-width: 479px){ \n#top #wrap_all .av-special-heading.av-m3j1boz1-ed054220ce4a3a9c0f4a8906280651dc .av-special-heading-tag{\nfont-size:0.8em;\n}\n}\n<\/style>\n<div  class='av-special-heading av-m3j1boz1-ed054220ce4a3a9c0f4a8906280651dc av-special-heading-h3 blockquote modern-quote  avia-builder-el-29  el_before_av_iconlist  avia-builder-el-first  av-inherit-size'><h3 class='av-special-heading-tag '  itemprop=\"headline\"  >Saudosa Maloca<\/h3><div class=\"special-heading-border\"><div class=\"special-heading-inner-border\"><\/div><\/div><\/div><br \/>\n\n<style type=\"text\/css\" data-created_by=\"avia_inline_auto\" id=\"style-css-av-k4bzx-e458b335d113ff06b6ae6c84588c5f23\">\n@keyframes av_sonarEffect_av-k4bzx-e458b335d113ff06b6ae6c84588c5f23 {\n  0% {opacity: 0.3;}\n 40% {opacity: 0.5; box-shadow: 0 0 0 2px rgba(255,255,255,0.1), 0 0 10px 10px #ffffff, 0 0 0 10px rgba(255,255,255,0.5);}\n100% {opacity: 0; box-shadow: 0 0 0 2px rgba(255,255,255,0.1), 0 0 10px 10px #ffffff, 0 0 0 10px rgba(255,255,255,0.5); transform: scale(1.5);}\n}\n#top .avia-icon-list-container.av-k4bzx-e458b335d113ff06b6ae6c84588c5f23 .iconlist_icon{\ncolor:#007ab3;\nfont-size:14px;\n}\n#top .avia-icon-list-container.av-k4bzx-e458b335d113ff06b6ae6c84588c5f23 .iconlist_icon:hover:after{\nanimation:av_sonarEffect_av-k4bzx-e458b335d113ff06b6ae6c84588c5f23 1s ease-in-out;\n}\n#top #wrap_all .avia-icon-list-container.av-k4bzx-e458b335d113ff06b6ae6c84588c5f23 .av_iconlist_title{\nfont-size:14px;\n}\n.avia-icon-list-container.av-k4bzx-e458b335d113ff06b6ae6c84588c5f23 .iconlist_content{\nfont-size:12px;\n}\n<\/style>\n<div  class='avia-icon-list-container av-k4bzx-e458b335d113ff06b6ae6c84588c5f23  avia-builder-el-30  el_after_av_heading  el_before_av_iconlist '><ul class='avia-icon-list avia_animate_when_almost_visible avia-icon-list-left av-iconlist-small av-k4bzx-e458b335d113ff06b6ae6c84588c5f23 avia-iconlist-animate avia-sonar-shadow'>\n<li><div class='iconlist_icon av-csohh-881d4490711dd89cfd699b295c5507fe avia-font-entypo-fontello'><span class='iconlist-char' aria-hidden='true' data-av_icon='\ue842' data-av_iconfont='entypo-fontello'><\/span><\/div><article class=\"article-icon-entry \"  itemscope=\"itemscope\" itemtype=\"https:\/\/schema.org\/CreativeWork\" ><div class=\"iconlist_content_wrap\"><header class=\"entry-content-header\" aria-label=\"Icon: &lt;strong&gt;Local: Audit\u00f3rio Ir. Bruno Ruedell&lt;\/strong&gt;\"><div class='av_iconlist_title iconlist_title_small  '  itemprop=\"headline\" ><strong>Local: Audit\u00f3rio Ir. Bruno Ruedell<\/strong><\/div><\/header><div class='iconlist_content '  itemprop=\"text\" ><p>Universidade LaSalle, Av. Victor Barreto, 2288, Centro &#8211; Canoas\/RS<\/p>\n<\/div><\/div><footer class=\"entry-footer\"><\/footer><\/article><div class=\"iconlist-timeline\"><\/div><\/li>\n<li><div class='iconlist_icon av-9n27h-eea5c41bce0417083748b9ab8848ca83 avia-font-entypo-fontello'><span class='iconlist-char' aria-hidden='true' data-av_icon='\ue8e2' data-av_iconfont='entypo-fontello'><\/span><\/div><article class=\"article-icon-entry av-iconlist-empty\"  itemscope=\"itemscope\" itemtype=\"https:\/\/schema.org\/CreativeWork\" ><div class=\"iconlist_content_wrap\"><header class=\"entry-content-header\" aria-label=\"Icon: &lt;strong&gt;Entrada Gratuita&lt;\/strong&gt;\"><div class='av_iconlist_title iconlist_title_small  '  itemprop=\"headline\" ><strong>Entrada Gratuita<\/strong><\/div><\/header><div class='iconlist_content '  itemprop=\"text\" ><\/div><\/div><footer class=\"entry-footer\"><\/footer><\/article><div class=\"iconlist-timeline\"><\/div><\/li>\n<\/ul><\/div><br \/>\n\n<style type=\"text\/css\" data-created_by=\"avia_inline_auto\" id=\"style-css-av-m3j1cn9i-94febcc9f6526e0b743c5d93a92ad79b\">\n@keyframes av_sonarEffect_av-m3j1cn9i-94febcc9f6526e0b743c5d93a92ad79b {\n  0% {opacity: 0.3;}\n 40% {opacity: 0.5; box-shadow: 0 0 0 2px rgba(255,255,255,0.1), 0 0 10px 10px #ffffff, 0 0 0 10px rgba(255,255,255,0.5);}\n100% {opacity: 0; box-shadow: 0 0 0 2px rgba(255,255,255,0.1), 0 0 10px 10px #ffffff, 0 0 0 10px rgba(255,255,255,0.5); transform: scale(1.5);}\n}\n#top .avia-icon-list-container.av-m3j1cn9i-94febcc9f6526e0b743c5d93a92ad79b .iconlist_icon{\ncolor:#007ab3;\nfont-size:14px;\n}\n#top .avia-icon-list-container.av-m3j1cn9i-94febcc9f6526e0b743c5d93a92ad79b .iconlist_icon:hover:after{\nanimation:av_sonarEffect_av-m3j1cn9i-94febcc9f6526e0b743c5d93a92ad79b 1s ease-in-out;\n}\n#top #wrap_all .avia-icon-list-container.av-m3j1cn9i-94febcc9f6526e0b743c5d93a92ad79b .av_iconlist_title{\nfont-size:14px;\n}\n.avia-icon-list-container.av-m3j1cn9i-94febcc9f6526e0b743c5d93a92ad79b .iconlist_content{\nfont-size:12px;\n}\n<\/style>\n<div  class='avia-icon-list-container av-m3j1cn9i-94febcc9f6526e0b743c5d93a92ad79b  avia-builder-el-31  el_after_av_iconlist  el_before_av_hr '><ul class='avia-icon-list avia_animate_when_almost_visible avia-icon-list-left av-iconlist-small av-m3j1cn9i-94febcc9f6526e0b743c5d93a92ad79b avia-iconlist-animate avia-sonar-shadow'>\n<li><div class='iconlist_icon av-m3j1cm15-97db276188cc02c1957f312f235b6bf4 avia-font-entypo-fontello'><span class='iconlist-char' aria-hidden='true' data-av_icon='\ue84b' data-av_iconfont='entypo-fontello'><\/span><\/div><article class=\"article-icon-entry \"  itemscope=\"itemscope\" itemtype=\"https:\/\/schema.org\/CreativeWork\" ><div class=\"iconlist_content_wrap\"><header class=\"entry-content-header\" aria-label=\"Icon: &lt;strong&gt;Sinopse&lt;\/strong&gt;\"><div class='av_iconlist_title iconlist_title_small  '  itemprop=\"headline\" ><strong>Sinopse<\/strong><\/div><\/header><div class='iconlist_content '  itemprop=\"text\" ><p>Com a ajuda do samba, Adoniran, Joca e Mato Grosso sobrevivem \u00e0 pobreza e \u00e0 fome, mas t\u00eam seu modo de vida amea\u00e7ado quando o bairro do Bixiga come\u00e7a a passar por transforma\u00e7\u00f5es vorazes, um sinal de que, se n\u00e3o arrumarem trabalho, podem ser engolidos pelo \u201cpogr\u00e9ssio\u201d. \u00c0 medida que conta seus \u201ccausos\u201d, Adoniran estreita sua rela\u00e7\u00e3o com C\u00edcero e ambos s\u00e3o testemunhas do crescimento desenfreado da metr\u00f3pole, que segue passando por cima de sua gente. A especula\u00e7\u00e3o imobili\u00e1ria e os despejos ainda s\u00e3o as tintas que colorem a paisagem desigual.<\/p>\n<\/div><\/div><footer class=\"entry-footer\"><\/footer><\/article><div class=\"iconlist-timeline\"><\/div><\/li>\n<\/ul><\/div><br \/>\n\n<style type=\"text\/css\" data-created_by=\"avia_inline_auto\" id=\"style-css-av-2rd41-962b4be4c9ec95f0a77290a930e2cbb3\">\n#top .hr.hr-invisible.av-2rd41-962b4be4c9ec95f0a77290a930e2cbb3{\nheight:15px;\n}\n<\/style>\n<div  class='hr av-2rd41-962b4be4c9ec95f0a77290a930e2cbb3 hr-invisible  avia-builder-el-32  el_after_av_iconlist  avia-builder-el-last '><span class='hr-inner '><span class=\"hr-inner-style\"><\/span><\/span><\/div><\/p><\/div><div class='av-flex-placeholder'><\/div><div  class='flex_column av-27y1d-a6466309932eef22b73bb410b2dc5c34 av_two_fifth  avia-builder-el-33  el_after_av_three_fifth  el_before_av_one_third  flex_column_table_cell av-equal-height-column av-align-top  '     ><p>\n<style type=\"text\/css\" data-created_by=\"avia_inline_auto\" id=\"style-css-av-m3j1byx2-11798c72a1e46a326e1de84d1e5a8e7a\">\n@keyframes av_boxShadowEffect_av-m3j1byx2-11798c72a1e46a326e1de84d1e5a8e7a {\n0%   { box-shadow:  0 0 0 0 #000000; opacity: 1; }\n100% { box-shadow:  0 0 10px 0 #000000; opacity: 1; }\n}\n.avia-image-container.av-m3j1byx2-11798c72a1e46a326e1de84d1e5a8e7a img.avia_image{\nbox-shadow: 0 0 10px 0 #000000;\n}\n.avia-image-container.av-m3j1byx2-11798c72a1e46a326e1de84d1e5a8e7a .av-image-caption-overlay-center{\ncolor:#ffffff;\n}\n<\/style>\n<div  class='avia-image-container av-m3j1byx2-11798c72a1e46a326e1de84d1e5a8e7a av-styling- av-img-linked avia-align-center  avia-builder-el-34  el_before_av_hr  avia-builder-el-first  av-img-box-shadow av-box-shadow-not-animated'   itemprop=\"image\" itemscope=\"itemscope\" itemtype=\"https:\/\/schema.org\/ImageObject\" ><div class=\"avia-image-container-inner\"><div class=\"avia-image-overlay-wrap\"><a href=\"https:\/\/mostrafilmfestival.org\/xv\/br\/filmes\/saudosa-maloca\/\" class='avia_image '  aria-label='SDM_Frame1'><img decoding=\"async\" fetchpriority=\"high\" class='wp-image-198 avia-img-lazy-loading-not-198 avia_image shadow-not-animated' src=\"https:\/\/mostrafilmfestival.org\/xv\/br\/wp-content\/uploads\/2024\/11\/SDM_Frame1-1030x556.png\" alt='' title='SDM_Frame1'  height=\"556\" width=\"1030\"  itemprop=\"thumbnailUrl\" srcset=\"https:\/\/mostrafilmfestival.org\/xv\/br\/wp-content\/uploads\/2024\/11\/SDM_Frame1-1030x556.png 1030w, https:\/\/mostrafilmfestival.org\/xv\/br\/wp-content\/uploads\/2024\/11\/SDM_Frame1-300x162.png 300w, https:\/\/mostrafilmfestival.org\/xv\/br\/wp-content\/uploads\/2024\/11\/SDM_Frame1-768x415.png 768w, https:\/\/mostrafilmfestival.org\/xv\/br\/wp-content\/uploads\/2024\/11\/SDM_Frame1-705x381.png 705w, https:\/\/mostrafilmfestival.org\/xv\/br\/wp-content\/uploads\/2024\/11\/SDM_Frame1.png 1366w\" sizes=\"(max-width: 1030px) 100vw, 1030px\" \/><\/a><\/div><\/div><\/div><br \/>\n\n<style type=\"text\/css\" data-created_by=\"avia_inline_auto\" id=\"style-css-av-69ex-e6d127f27c6439fce9a13dc554bfb540\">\n#top .hr.hr-invisible.av-69ex-e6d127f27c6439fce9a13dc554bfb540{\nheight:15px;\n}\n<\/style>\n<div  class='hr av-69ex-e6d127f27c6439fce9a13dc554bfb540 hr-invisible  avia-builder-el-35  el_after_av_image  el_before_av_button '><span class='hr-inner '><span class=\"hr-inner-style\"><\/span><\/span><\/div><br \/>\n<div  class='avia-button-wrap av-m3j1c3ng-121c42bc1d6208c5e841b0da1dbae5dc-wrap avia-button-center  avia-builder-el-36  el_after_av_hr  el_before_av_hr '><a href='https:\/\/mostrafilmfestival.org\/xv\/br\/filmes\/saudosa-maloca\/'  class='avia-button av-m3j1c3ng-121c42bc1d6208c5e841b0da1dbae5dc av-link-btn avia-icon_select-yes-left-icon avia-size-large avia-position-center avia-color-theme-color'   aria-label=\"SAIBA MAIS\"><span class='avia_button_icon avia_button_icon_left' aria-hidden='true' data-av_icon='\ue817' data-av_iconfont='entypo-fontello'><\/span><span class='avia_iconbox_title' >SAIBA MAIS<\/span><\/a><\/div><br \/>\n\n<style type=\"text\/css\" data-created_by=\"avia_inline_auto\" id=\"style-css-av-pmsh-44660d33144ef3f517ba3936a5401a24\">\n#top .hr.hr-invisible.av-pmsh-44660d33144ef3f517ba3936a5401a24{\nheight:15px;\n}\n<\/style>\n<div  class='hr av-pmsh-44660d33144ef3f517ba3936a5401a24 hr-invisible  avia-builder-el-37  el_after_av_button  avia-builder-el-last '><span class='hr-inner '><span class=\"hr-inner-style\"><\/span><\/span><\/div><\/p><\/div><\/div><!--close column table wrapper. Autoclose: 1 --><div class='flex_column_table av-6u4ah-5187370a7f7636b64760965047914259 sc-av_one_third av-equal-height-column-flextable'><div  class='flex_column av-6u4ah-5187370a7f7636b64760965047914259 av_one_third  avia-builder-el-38  el_after_av_two_fifth  el_before_av_one_third  first flex_column_table_cell av-equal-height-column av-align-top  '     ><p>\n<style type=\"text\/css\" data-created_by=\"avia_inline_auto\" id=\"style-css-av-m3j19v6z-579d68b545e7a5480304a5f2bfa8a85d\">\n@keyframes av_sonarEffect_av-m3j19v6z-579d68b545e7a5480304a5f2bfa8a85d {\n  0% {opacity: 0.3;}\n 40% {opacity: 0.5; box-shadow: 0 0 0 2px rgba(255,255,255,0.1), 0 0 10px 10px #ffffff, 0 0 0 10px rgba(255,255,255,0.5);}\n100% {opacity: 0; box-shadow: 0 0 0 2px rgba(255,255,255,0.1), 0 0 10px 10px #ffffff, 0 0 0 10px rgba(255,255,255,0.5); transform: scale(1.5);}\n}\n#top .avia-icon-list-container.av-m3j19v6z-579d68b545e7a5480304a5f2bfa8a85d .iconlist_icon{\ncolor:#007ab3;\nfont-size:14px;\n}\n#top .avia-icon-list-container.av-m3j19v6z-579d68b545e7a5480304a5f2bfa8a85d .iconlist_icon:hover:after{\nanimation:av_sonarEffect_av-m3j19v6z-579d68b545e7a5480304a5f2bfa8a85d 1s ease-in-out;\n}\n#top #wrap_all .avia-icon-list-container.av-m3j19v6z-579d68b545e7a5480304a5f2bfa8a85d .av_iconlist_title{\nfont-size:14px;\n}\n.avia-icon-list-container.av-m3j19v6z-579d68b545e7a5480304a5f2bfa8a85d .iconlist_content{\nfont-size:12px;\n}\n<\/style>\n<div  class='avia-icon-list-container av-m3j19v6z-579d68b545e7a5480304a5f2bfa8a85d  avia-builder-el-39  el_before_av_button  avia-builder-el-first '><ul class='avia-icon-list avia_animate_when_almost_visible avia-icon-list-left av-iconlist-small av-m3j19v6z-579d68b545e7a5480304a5f2bfa8a85d avia-iconlist-animate avia-sonar-shadow'>\n<li><div class='iconlist_icon av-m3j19tz3-3bed79a9334da10a9f0a60a64bb3eee2 avia-font-entypo-fontello'><span class='iconlist-char' aria-hidden='true' data-av_icon='\ue84b' data-av_iconfont='entypo-fontello'><\/span><\/div><article class=\"article-icon-entry \"  itemscope=\"itemscope\" itemtype=\"https:\/\/schema.org\/CreativeWork\" ><div class=\"iconlist_content_wrap\"><header class=\"entry-content-header\" aria-label=\"Icon: &lt;strong&gt;Cadim&lt;\/strong&gt;\"><div class='av_iconlist_title iconlist_title_small  '  itemprop=\"headline\" ><strong>Cadim<\/strong><\/div><\/header><div class='iconlist_content '  itemprop=\"text\" ><p>Anima\u00e7\u00e3o | 6 min | 2022 | Dire\u00e7\u00e3o: Luiza Pugliesi Villa\u00e7a<\/p>\n<p>Em meio a terras \u00e1ridas e destru\u00eddas, Seu Z\u00e9 caminha carregando seu p\u00e1ssaro Chico em uma fr\u00e1gil gaiola. Tiros vindos de fazendeiros obrigam o andarilho a fugir, sem perceber que o p\u00e1ssaro havia sumido.<\/p>\n<\/div><\/div><footer class=\"entry-footer\"><\/footer><\/article><div class=\"iconlist-timeline\"><\/div><\/li>\n<\/ul><\/div><br \/>\n<div  class='avia-button-wrap av-12iowl-8d09e25a9d409345a1c2984403918980-wrap avia-button-center  avia-builder-el-40  el_after_av_iconlist  el_before_av_hr '><a href='https:\/\/mostrafilmfestival.org\/xv\/br\/filmes\/cadim\/'  class='avia-button av-12iowl-8d09e25a9d409345a1c2984403918980 av-link-btn avia-icon_select-yes-left-icon avia-size-large avia-position-center avia-color-theme-color'   aria-label=\"SAIBA MAIS\"><span class='avia_button_icon avia_button_icon_left' aria-hidden='true' data-av_icon='\ue817' data-av_iconfont='entypo-fontello'><\/span><span class='avia_iconbox_title' >SAIBA MAIS<\/span><\/a><\/div><br \/>\n\n<style type=\"text\/css\" data-created_by=\"avia_inline_auto\" id=\"style-css-av-zaxgt-742b2c72a015874e6a25bdc1af095ebd\">\n#top .hr.hr-invisible.av-zaxgt-742b2c72a015874e6a25bdc1af095ebd{\nheight:30px;\n}\n<\/style>\n<div  class='hr av-zaxgt-742b2c72a015874e6a25bdc1af095ebd hr-invisible  avia-builder-el-41  el_after_av_button  avia-builder-el-last '><span class='hr-inner '><span class=\"hr-inner-style\"><\/span><\/span><\/div><\/p><\/div><div class='av-flex-placeholder'><\/div><div  class='flex_column av-rpjn9-dadbf572579ee55a98c51336b2c7e863 av_one_third  avia-builder-el-42  el_after_av_one_third  el_before_av_one_third  flex_column_table_cell av-equal-height-column av-align-top  '     ><p>\n<style type=\"text\/css\" data-created_by=\"avia_inline_auto\" id=\"style-css-av-muk9h-28c5ae27d59812efd5c1ddf8fac59d7d\">\n@keyframes av_sonarEffect_av-muk9h-28c5ae27d59812efd5c1ddf8fac59d7d {\n  0% {opacity: 0.3;}\n 40% {opacity: 0.5; box-shadow: 0 0 0 2px rgba(255,255,255,0.1), 0 0 10px 10px #ffffff, 0 0 0 10px rgba(255,255,255,0.5);}\n100% {opacity: 0; box-shadow: 0 0 0 2px rgba(255,255,255,0.1), 0 0 10px 10px #ffffff, 0 0 0 10px rgba(255,255,255,0.5); transform: scale(1.5);}\n}\n#top .avia-icon-list-container.av-muk9h-28c5ae27d59812efd5c1ddf8fac59d7d .iconlist_icon{\ncolor:#007ab3;\nfont-size:14px;\n}\n#top .avia-icon-list-container.av-muk9h-28c5ae27d59812efd5c1ddf8fac59d7d .iconlist_icon:hover:after{\nanimation:av_sonarEffect_av-muk9h-28c5ae27d59812efd5c1ddf8fac59d7d 1s ease-in-out;\n}\n#top #wrap_all .avia-icon-list-container.av-muk9h-28c5ae27d59812efd5c1ddf8fac59d7d .av_iconlist_title{\nfont-size:14px;\n}\n.avia-icon-list-container.av-muk9h-28c5ae27d59812efd5c1ddf8fac59d7d .iconlist_content{\nfont-size:12px;\n}\n<\/style>\n<div  class='avia-icon-list-container av-muk9h-28c5ae27d59812efd5c1ddf8fac59d7d  avia-builder-el-43  el_before_av_button  avia-builder-el-first '><ul class='avia-icon-list avia_animate_when_almost_visible avia-icon-list-left av-iconlist-small av-muk9h-28c5ae27d59812efd5c1ddf8fac59d7d avia-iconlist-animate avia-sonar-shadow'>\n<li><div class='iconlist_icon av-gggb9-909d677e41ce9cbc2834ba608b6b6a16 avia-font-entypo-fontello'><span class='iconlist-char' aria-hidden='true' data-av_icon='\ue84b' data-av_iconfont='entypo-fontello'><\/span><\/div><article class=\"article-icon-entry \"  itemscope=\"itemscope\" itemtype=\"https:\/\/schema.org\/CreativeWork\" ><div class=\"iconlist_content_wrap\"><header class=\"entry-content-header\" aria-label=\"Icon: &lt;strong&gt;Big Bang&lt;\/strong&gt;\"><div class='av_iconlist_title iconlist_title_small  '  itemprop=\"headline\" ><strong>Big Bang<\/strong><\/div><\/header><div class='iconlist_content '  itemprop=\"text\" ><p>14 min | 2022 | Dire\u00e7\u00e3o: Carlos Segundo<\/p>\n<p>Chico \u00e9 um homem com nanismo que trabalha consertando fornos. Solit\u00e1rio, ele vive um conflito interno cont\u00ednuo, resultado do sentimento de abandono familiar e da exclus\u00e3o social que normalmente o persegue. No entanto, Chico descobre pouco a pouco uma forma de resist\u00eancia e de vingan\u00e7a.<\/p>\n<\/div><\/div><footer class=\"entry-footer\"><\/footer><\/article><div class=\"iconlist-timeline\"><\/div><\/li>\n<\/ul><\/div><br \/>\n<div  class='avia-button-wrap av-m41htbkk-a8287c5d940560fae948ee61aab02ec8-wrap avia-button-center  avia-builder-el-44  el_after_av_iconlist  el_before_av_hr '><a href='https:\/\/mostrafilmfestival.org\/xv\/br\/filmes\/big-bang\/'  class='avia-button av-m41htbkk-a8287c5d940560fae948ee61aab02ec8 av-link-btn avia-icon_select-yes-left-icon avia-size-large avia-position-center avia-color-theme-color'   aria-label=\"SAIBA MAIS\"><span class='avia_button_icon avia_button_icon_left' aria-hidden='true' data-av_icon='\ue817' data-av_iconfont='entypo-fontello'><\/span><span class='avia_iconbox_title' >SAIBA MAIS<\/span><\/a><\/div><br \/>\n\n<style type=\"text\/css\" data-created_by=\"avia_inline_auto\" id=\"style-css-av-8d011-bf1c77ffcca3a4b280fcf5ef97493976\">\n#top .hr.hr-invisible.av-8d011-bf1c77ffcca3a4b280fcf5ef97493976{\nheight:30px;\n}\n<\/style>\n<div  class='hr av-8d011-bf1c77ffcca3a4b280fcf5ef97493976 hr-invisible  avia-builder-el-45  el_after_av_button  avia-builder-el-last '><span class='hr-inner '><span class=\"hr-inner-style\"><\/span><\/span><\/div><\/p><\/div><div class='av-flex-placeholder'><\/div><div  class='flex_column av-7e3kx-742d9edaf186c4a622f4a4f81e71ad4f av_one_third  avia-builder-el-46  el_after_av_one_third  avia-builder-el-last  flex_column_table_cell av-equal-height-column av-align-top  '     ><p>\n<style type=\"text\/css\" data-created_by=\"avia_inline_auto\" id=\"style-css-av-m3j181kc-09a78af2d743c355a66b5bf51b8a4b2b\">\n@keyframes av_sonarEffect_av-m3j181kc-09a78af2d743c355a66b5bf51b8a4b2b {\n  0% {opacity: 0.3;}\n 40% {opacity: 0.5; box-shadow: 0 0 0 2px rgba(255,255,255,0.1), 0 0 10px 10px #ffffff, 0 0 0 10px rgba(255,255,255,0.5);}\n100% {opacity: 0; box-shadow: 0 0 0 2px rgba(255,255,255,0.1), 0 0 10px 10px #ffffff, 0 0 0 10px rgba(255,255,255,0.5); transform: scale(1.5);}\n}\n#top .avia-icon-list-container.av-m3j181kc-09a78af2d743c355a66b5bf51b8a4b2b .iconlist_icon{\ncolor:#007ab3;\nfont-size:14px;\n}\n#top .avia-icon-list-container.av-m3j181kc-09a78af2d743c355a66b5bf51b8a4b2b .iconlist_icon:hover:after{\nanimation:av_sonarEffect_av-m3j181kc-09a78af2d743c355a66b5bf51b8a4b2b 1s ease-in-out;\n}\n#top #wrap_all .avia-icon-list-container.av-m3j181kc-09a78af2d743c355a66b5bf51b8a4b2b .av_iconlist_title{\nfont-size:14px;\n}\n.avia-icon-list-container.av-m3j181kc-09a78af2d743c355a66b5bf51b8a4b2b .iconlist_content{\nfont-size:12px;\n}\n<\/style>\n<div  class='avia-icon-list-container av-m3j181kc-09a78af2d743c355a66b5bf51b8a4b2b  avia-builder-el-47  el_before_av_button  avia-builder-el-first '><ul class='avia-icon-list avia_animate_when_almost_visible avia-icon-list-left av-iconlist-small av-m3j181kc-09a78af2d743c355a66b5bf51b8a4b2b avia-iconlist-animate avia-sonar-shadow'>\n<li><div class='iconlist_icon av-m3j18088-9305682c7b65c17cfbd196247a1c532e avia-font-entypo-fontello'><span class='iconlist-char' aria-hidden='true' data-av_icon='\ue84b' data-av_iconfont='entypo-fontello'><\/span><\/div><article class=\"article-icon-entry \"  itemscope=\"itemscope\" itemtype=\"https:\/\/schema.org\/CreativeWork\" ><div class=\"iconlist_content_wrap\"><header class=\"entry-content-header\" aria-label=\"Icon: &lt;strong&gt;A Menina e o Pote&lt;\/strong&gt;\"><div class='av_iconlist_title iconlist_title_small  '  itemprop=\"headline\" ><strong>A Menina e o Pote<\/strong><\/div><\/header><div class='iconlist_content '  itemprop=\"text\" ><p>Anima\u00e7\u00e3o | 12 min | 2024 | Dire\u00e7\u00e3o: Valentina Homem e Tati Bond<\/p>\n<p>Em um mundo dist\u00f3pico, uma menina quebra seu pote de cer\u00e2mica que guarda um segredo dentro dele. A quebra do pote abre portais para um universo paralelo e ela entra em um momento de transforma\u00e7\u00e3o em que a cria\u00e7\u00e3o de um novo mundo \u00e9 poss\u00edvel.<\/p>\n<\/div><\/div><footer class=\"entry-footer\"><\/footer><\/article><div class=\"iconlist-timeline\"><\/div><\/li>\n<\/ul><\/div><br \/>\n<div  class='avia-button-wrap av-m41htv7x-03e747c46e6c1974167313c23053db13-wrap avia-button-center  avia-builder-el-48  el_after_av_iconlist  el_before_av_hr '><a href='https:\/\/mostrafilmfestival.org\/xv\/br\/filmes\/a-menina-e-o-pote\/'  class='avia-button av-m41htv7x-03e747c46e6c1974167313c23053db13 av-link-btn avia-icon_select-yes-left-icon avia-size-large avia-position-center avia-color-theme-color'   aria-label=\"SAIBA MAIS\"><span class='avia_button_icon avia_button_icon_left' aria-hidden='true' data-av_icon='\ue817' data-av_iconfont='entypo-fontello'><\/span><span class='avia_iconbox_title' >SAIBA MAIS<\/span><\/a><\/div><br \/>\n\n<style type=\"text\/css\" data-created_by=\"avia_inline_auto\" id=\"style-css-av-6b23p-8373bf566b698c0f4ec45ac37ae0ee12\">\n#top .hr.hr-invisible.av-6b23p-8373bf566b698c0f4ec45ac37ae0ee12{\nheight:30px;\n}\n<\/style>\n<div  class='hr av-6b23p-8373bf566b698c0f4ec45ac37ae0ee12 hr-invisible  avia-builder-el-49  el_after_av_button  avia-builder-el-last '><span class='hr-inner '><span class=\"hr-inner-style\"><\/span><\/span><\/div><\/p><\/div><\/div><!--close column table wrapper. Autoclose: 1 --><\/p>\n","protected":false},"excerpt":{"rendered":"","protected":false},"author":1,"featured_media":97,"parent":479,"menu_order":0,"comment_status":"closed","ping_status":"closed","template":"","meta":{"nf_dc_page":"","footnotes":""},"class_list":["post-493","page","type-page","status-publish","has-post-thumbnail","hentry"],"yoast_head":"<!-- This site is optimized with the Yoast SEO plugin v27.5 - https:\/\/yoast.com\/product\/yoast-seo-wordpress\/ -->\n<title>Agenda Canoas - MOSTRA XV Brazilian Film Festival - Brasil<\/title>\n<meta name=\"robots\" content=\"index, follow, max-snippet:-1, max-image-preview:large, max-video-preview:-1\" \/>\n<link rel=\"canonical\" href=\"https:\/\/mostrafilmfestival.org\/xv\/br\/canoas\/agenda\/\" \/>\n<meta property=\"og:locale\" content=\"pt_BR\" \/>\n<meta property=\"og:type\" content=\"article\" \/>\n<meta property=\"og:title\" content=\"Agenda Canoas - MOSTRA XV Brazilian Film Festival - Brasil\" \/>\n<meta property=\"og:url\" content=\"https:\/\/mostrafilmfestival.org\/xv\/br\/canoas\/agenda\/\" \/>\n<meta property=\"og:site_name\" content=\"MOSTRA XV Brazilian Film Festival - Brasil\" \/>\n<meta property=\"article:modified_time\" content=\"2024-12-03T15:02:53+00:00\" \/>\n<meta property=\"og:image\" content=\"https:\/\/mostrafilmfestival.org\/xv\/br\/wp-content\/uploads\/2024\/11\/mostra-xv-logo-color.png\" \/>\n\t<meta property=\"og:image:width\" content=\"680\" \/>\n\t<meta property=\"og:image:height\" content=\"312\" \/>\n\t<meta property=\"og:image:type\" content=\"image\/png\" \/>\n<meta name=\"twitter:card\" content=\"summary_large_image\" \/>\n<meta name=\"twitter:label1\" content=\"Est. tempo de leitura\" \/>\n\t<meta name=\"twitter:data1\" content=\"4 minutos\" \/>\n<script type=\"application\/ld+json\" class=\"yoast-schema-graph\">{\"@context\":\"https:\\\/\\\/schema.org\",\"@graph\":[{\"@type\":\"WebPage\",\"@id\":\"https:\\\/\\\/mostrafilmfestival.org\\\/xv\\\/br\\\/canoas\\\/agenda\\\/\",\"url\":\"https:\\\/\\\/mostrafilmfestival.org\\\/xv\\\/br\\\/canoas\\\/agenda\\\/\",\"name\":\"Agenda Canoas - MOSTRA XV Brazilian Film Festival - Brasil\",\"isPartOf\":{\"@id\":\"https:\\\/\\\/mostrafilmfestival.org\\\/xv\\\/br\\\/#website\"},\"primaryImageOfPage\":{\"@id\":\"https:\\\/\\\/mostrafilmfestival.org\\\/xv\\\/br\\\/canoas\\\/agenda\\\/#primaryimage\"},\"image\":{\"@id\":\"https:\\\/\\\/mostrafilmfestival.org\\\/xv\\\/br\\\/canoas\\\/agenda\\\/#primaryimage\"},\"thumbnailUrl\":\"https:\\\/\\\/mostrafilmfestival.org\\\/xv\\\/br\\\/wp-content\\\/uploads\\\/2024\\\/11\\\/mostra-xv-logo-color.png\",\"datePublished\":\"2024-11-28T15:54:43+00:00\",\"dateModified\":\"2024-12-03T15:02:53+00:00\",\"breadcrumb\":{\"@id\":\"https:\\\/\\\/mostrafilmfestival.org\\\/xv\\\/br\\\/canoas\\\/agenda\\\/#breadcrumb\"},\"inLanguage\":\"pt-BR\",\"potentialAction\":[{\"@type\":\"ReadAction\",\"target\":[\"https:\\\/\\\/mostrafilmfestival.org\\\/xv\\\/br\\\/canoas\\\/agenda\\\/\"]}]},{\"@type\":\"ImageObject\",\"inLanguage\":\"pt-BR\",\"@id\":\"https:\\\/\\\/mostrafilmfestival.org\\\/xv\\\/br\\\/canoas\\\/agenda\\\/#primaryimage\",\"url\":\"https:\\\/\\\/mostrafilmfestival.org\\\/xv\\\/br\\\/wp-content\\\/uploads\\\/2024\\\/11\\\/mostra-xv-logo-color.png\",\"contentUrl\":\"https:\\\/\\\/mostrafilmfestival.org\\\/xv\\\/br\\\/wp-content\\\/uploads\\\/2024\\\/11\\\/mostra-xv-logo-color.png\",\"width\":680,\"height\":312},{\"@type\":\"BreadcrumbList\",\"@id\":\"https:\\\/\\\/mostrafilmfestival.org\\\/xv\\\/br\\\/canoas\\\/agenda\\\/#breadcrumb\",\"itemListElement\":[{\"@type\":\"ListItem\",\"position\":1,\"name\":\"Home\",\"item\":\"https:\\\/\\\/mostrafilmfestival.org\\\/xv\\\/br\\\/home\\\/\"},{\"@type\":\"ListItem\",\"position\":2,\"name\":\"Edi\u00e7\u00e3o Canoas\",\"item\":\"https:\\\/\\\/mostrafilmfestival.org\\\/xv\\\/br\\\/canoas\\\/\"},{\"@type\":\"ListItem\",\"position\":3,\"name\":\"Agenda Canoas\"}]},{\"@type\":\"WebSite\",\"@id\":\"https:\\\/\\\/mostrafilmfestival.org\\\/xv\\\/br\\\/#website\",\"url\":\"https:\\\/\\\/mostrafilmfestival.org\\\/xv\\\/br\\\/\",\"name\":\"MOSTRA XV Brazilian Film Festival - Brasil\",\"description\":\"Filmes brasileiros com consci\u00eancia social.\",\"potentialAction\":[{\"@type\":\"SearchAction\",\"target\":{\"@type\":\"EntryPoint\",\"urlTemplate\":\"https:\\\/\\\/mostrafilmfestival.org\\\/xv\\\/br\\\/?s={search_term_string}\"},\"query-input\":{\"@type\":\"PropertyValueSpecification\",\"valueRequired\":true,\"valueName\":\"search_term_string\"}}],\"inLanguage\":\"pt-BR\"}]}<\/script>\n<!-- \/ Yoast SEO plugin. -->","yoast_head_json":{"title":"Agenda Canoas - MOSTRA XV Brazilian Film Festival - Brasil","robots":{"index":"index","follow":"follow","max-snippet":"max-snippet:-1","max-image-preview":"max-image-preview:large","max-video-preview":"max-video-preview:-1"},"canonical":"https:\/\/mostrafilmfestival.org\/xv\/br\/canoas\/agenda\/","og_locale":"pt_BR","og_type":"article","og_title":"Agenda Canoas - MOSTRA XV Brazilian Film Festival - Brasil","og_url":"https:\/\/mostrafilmfestival.org\/xv\/br\/canoas\/agenda\/","og_site_name":"MOSTRA XV Brazilian Film Festival - Brasil","article_modified_time":"2024-12-03T15:02:53+00:00","og_image":[{"width":680,"height":312,"url":"https:\/\/mostrafilmfestival.org\/xv\/br\/wp-content\/uploads\/2024\/11\/mostra-xv-logo-color.png","type":"image\/png"}],"twitter_card":"summary_large_image","twitter_misc":{"Est. tempo de leitura":"4 minutos"},"schema":{"@context":"https:\/\/schema.org","@graph":[{"@type":"WebPage","@id":"https:\/\/mostrafilmfestival.org\/xv\/br\/canoas\/agenda\/","url":"https:\/\/mostrafilmfestival.org\/xv\/br\/canoas\/agenda\/","name":"Agenda Canoas - MOSTRA XV Brazilian Film Festival - Brasil","isPartOf":{"@id":"https:\/\/mostrafilmfestival.org\/xv\/br\/#website"},"primaryImageOfPage":{"@id":"https:\/\/mostrafilmfestival.org\/xv\/br\/canoas\/agenda\/#primaryimage"},"image":{"@id":"https:\/\/mostrafilmfestival.org\/xv\/br\/canoas\/agenda\/#primaryimage"},"thumbnailUrl":"https:\/\/mostrafilmfestival.org\/xv\/br\/wp-content\/uploads\/2024\/11\/mostra-xv-logo-color.png","datePublished":"2024-11-28T15:54:43+00:00","dateModified":"2024-12-03T15:02:53+00:00","breadcrumb":{"@id":"https:\/\/mostrafilmfestival.org\/xv\/br\/canoas\/agenda\/#breadcrumb"},"inLanguage":"pt-BR","potentialAction":[{"@type":"ReadAction","target":["https:\/\/mostrafilmfestival.org\/xv\/br\/canoas\/agenda\/"]}]},{"@type":"ImageObject","inLanguage":"pt-BR","@id":"https:\/\/mostrafilmfestival.org\/xv\/br\/canoas\/agenda\/#primaryimage","url":"https:\/\/mostrafilmfestival.org\/xv\/br\/wp-content\/uploads\/2024\/11\/mostra-xv-logo-color.png","contentUrl":"https:\/\/mostrafilmfestival.org\/xv\/br\/wp-content\/uploads\/2024\/11\/mostra-xv-logo-color.png","width":680,"height":312},{"@type":"BreadcrumbList","@id":"https:\/\/mostrafilmfestival.org\/xv\/br\/canoas\/agenda\/#breadcrumb","itemListElement":[{"@type":"ListItem","position":1,"name":"Home","item":"https:\/\/mostrafilmfestival.org\/xv\/br\/home\/"},{"@type":"ListItem","position":2,"name":"Edi\u00e7\u00e3o Canoas","item":"https:\/\/mostrafilmfestival.org\/xv\/br\/canoas\/"},{"@type":"ListItem","position":3,"name":"Agenda Canoas"}]},{"@type":"WebSite","@id":"https:\/\/mostrafilmfestival.org\/xv\/br\/#website","url":"https:\/\/mostrafilmfestival.org\/xv\/br\/","name":"MOSTRA XV Brazilian Film Festival - Brasil","description":"Filmes brasileiros com consci\u00eancia social.","potentialAction":[{"@type":"SearchAction","target":{"@type":"EntryPoint","urlTemplate":"https:\/\/mostrafilmfestival.org\/xv\/br\/?s={search_term_string}"},"query-input":{"@type":"PropertyValueSpecification","valueRequired":true,"valueName":"search_term_string"}}],"inLanguage":"pt-BR"}]}},"_links":{"self":[{"href":"https:\/\/mostrafilmfestival.org\/xv\/br\/wp-json\/wp\/v2\/pages\/493","targetHints":{"allow":["GET"]}}],"collection":[{"href":"https:\/\/mostrafilmfestival.org\/xv\/br\/wp-json\/wp\/v2\/pages"}],"about":[{"href":"https:\/\/mostrafilmfestival.org\/xv\/br\/wp-json\/wp\/v2\/types\/page"}],"author":[{"embeddable":true,"href":"https:\/\/mostrafilmfestival.org\/xv\/br\/wp-json\/wp\/v2\/users\/1"}],"replies":[{"embeddable":true,"href":"https:\/\/mostrafilmfestival.org\/xv\/br\/wp-json\/wp\/v2\/comments?post=493"}],"version-history":[{"count":5,"href":"https:\/\/mostrafilmfestival.org\/xv\/br\/wp-json\/wp\/v2\/pages\/493\/revisions"}],"predecessor-version":[{"id":525,"href":"https:\/\/mostrafilmfestival.org\/xv\/br\/wp-json\/wp\/v2\/pages\/493\/revisions\/525"}],"up":[{"embeddable":true,"href":"https:\/\/mostrafilmfestival.org\/xv\/br\/wp-json\/wp\/v2\/pages\/479"}],"wp:featuredmedia":[{"embeddable":true,"href":"https:\/\/mostrafilmfestival.org\/xv\/br\/wp-json\/wp\/v2\/media\/97"}],"wp:attachment":[{"href":"https:\/\/mostrafilmfestival.org\/xv\/br\/wp-json\/wp\/v2\/media?parent=493"}],"curies":[{"name":"wp","href":"https:\/\/api.w.org\/{rel}","templated":true}]}}