{"id":359,"date":"2024-11-20T16:46:50","date_gmt":"2024-11-20T19:46:50","guid":{"rendered":"https:\/\/mostrafilmfestival.org\/xv\/br\/?post_type=portfolio&#038;p=359"},"modified":"2024-11-24T19:36:56","modified_gmt":"2024-11-24T22:36:56","slug":"a-balada-dos-palhacos","status":"publish","type":"portfolio","link":"https:\/\/mostrafilmfestival.org\/xv\/br\/filmes\/a-balada-dos-palhacos\/","title":{"rendered":"A Balada Dos Palha\u00e7os"},"content":{"rendered":"\n<style type=\"text\/css\" data-created_by=\"avia_inline_auto\" id=\"style-css-av-12vme1-54d8653eaa51e7e27780927d65f30226\">\n.avia-section.av-12vme1-54d8653eaa51e7e27780927d65f30226 .av-parallax .av-parallax-inner{\nbackground-repeat:no-repeat;\nbackground-image:url(https:\/\/mostrafilmfestival.org\/xv\/br\/wp-content\/uploads\/2024\/11\/balada-palhacos-still.png);\nbackground-position:50% 50%;\nbackground-attachment:scroll;\n}\n.avia-section.av-12vme1-54d8653eaa51e7e27780927d65f30226 .av-section-color-overlay{\nopacity:0.6;\nbackground-color:#000000;\n}\n<\/style>\n<div id='av_section_1'  class='avia-section av-12vme1-54d8653eaa51e7e27780927d65f30226 main_color avia-section-large avia-no-border-styling  avia-builder-el-0  el_before_av_submenu  avia-builder-el-first  avia-full-stretch av-parallax-section avia-bg-style-parallax av-section-color-overlay-active av-minimum-height av-minimum-height-100 av-height-100  container_wrap fullsize'  data-section-bg-repeat='stretch' data-av_minimum_height_pc='100' data-av_min_height_opt='100'><div class='av-parallax' data-avia-parallax-ratio='0.3' ><div class='av-parallax-inner main_color avia-full-stretch'><\/div><\/div><div class=\"av-section-color-overlay-wrap\"><div class=\"av-section-color-overlay\"><\/div><a href='#next-section' title='' class='scroll-down-link ' aria-hidden='true' data-av_icon='\ue877' data-av_iconfont='entypo-fontello'><\/a><div class='container av-section-cont-open' ><main  role=\"main\" itemprop=\"mainContentOfPage\"  class='template-page content  av-content-full alpha units'><div class='post-entry post-entry-type-page post-entry-359'><div class='entry-content-wrapper clearfix'>\n\n<style type=\"text\/css\" data-created_by=\"avia_inline_auto\" id=\"style-css-av-12kcg5-0214b8b83c08af68fc9d73f80850acfc\">\n#top .flex_column.av-12kcg5-0214b8b83c08af68fc9d73f80850acfc{\nmargin-top:0px;\nmargin-bottom:0px;\n}\n.responsive #top #wrap_all .flex_column.av-12kcg5-0214b8b83c08af68fc9d73f80850acfc{\nmargin-top:0px;\nmargin-bottom:0px;\n}\n<\/style>\n<div  class='flex_column av-12kcg5-0214b8b83c08af68fc9d73f80850acfc av_three_fourth  avia-builder-el-1  el_before_av_one_fourth  avia-builder-el-first  first flex_column_div  '     ><p>\n<style type=\"text\/css\" data-created_by=\"avia_inline_auto\" id=\"style-css-av-11o8l1-6abc235caadf49bfd1a8662243313986\">\n#top .av-special-heading.av-11o8l1-6abc235caadf49bfd1a8662243313986{\npadding-bottom:10px;\ncolor:#ffffff;\nfont-size:50px;\n}\nbody .av-special-heading.av-11o8l1-6abc235caadf49bfd1a8662243313986 .av-special-heading-tag .heading-char{\nfont-size:25px;\n}\n#top #wrap_all .av-special-heading.av-11o8l1-6abc235caadf49bfd1a8662243313986 .av-special-heading-tag{\nfont-size:50px;\n}\n.av-special-heading.av-11o8l1-6abc235caadf49bfd1a8662243313986 .special-heading-inner-border{\nborder-color:#ffffff;\n}\n.av-special-heading.av-11o8l1-6abc235caadf49bfd1a8662243313986 .av-subheading{\nfont-size:12px;\n}\n\n@media only screen and (min-width: 480px) and (max-width: 767px){ \n#top #wrap_all .av-special-heading.av-11o8l1-6abc235caadf49bfd1a8662243313986 .av-special-heading-tag{\nfont-size:0.8em;\n}\n}\n\n@media only screen and (max-width: 479px){ \n#top #wrap_all .av-special-heading.av-11o8l1-6abc235caadf49bfd1a8662243313986 .av-special-heading-tag{\nfont-size:0.8em;\n}\n}\n<\/style>\n<div  class='av-special-heading av-11o8l1-6abc235caadf49bfd1a8662243313986 av-special-heading-h1 custom-color-heading blockquote modern-quote  avia-builder-el-2  el_before_av_iconlist  avia-builder-el-first  av-inherit-size'><h1 class='av-special-heading-tag '  itemprop=\"headline\"  >A BALADA DOS PALHA\u00c7OS<\/h1><div class=\"special-heading-border\"><div class=\"special-heading-inner-border\"><\/div><\/div><\/div><br \/>\n\n<style type=\"text\/css\" data-created_by=\"avia_inline_auto\" id=\"style-css-av-117qzl-a6038d7395994db7428f9f7092828810\">\n@keyframes av_sonarEffect_av-117qzl-a6038d7395994db7428f9f7092828810 {\n  0% {opacity: 0.3;}\n 40% {opacity: 0.5; box-shadow: 0 0 0 2px rgba(255,255,255,0.1), 0 0 10px 10px #ffffff, 0 0 0 10px rgba(255,255,255,0.5);}\n100% {opacity: 0; box-shadow: 0 0 0 2px rgba(255,255,255,0.1), 0 0 10px 10px #ffffff, 0 0 0 10px rgba(255,255,255,0.5); transform: scale(1.5);}\n}\n#top .avia-icon-list-container.av-117qzl-a6038d7395994db7428f9f7092828810 .iconlist_icon{\ncolor:#ffffff;\nfont-size:18px;\n}\n#top .avia-icon-list-container.av-117qzl-a6038d7395994db7428f9f7092828810 .iconlist_icon:hover:after{\nanimation:av_sonarEffect_av-117qzl-a6038d7395994db7428f9f7092828810 1s ease-in-out;\n}\n#top #wrap_all .avia-icon-list-container.av-117qzl-a6038d7395994db7428f9f7092828810 .av_iconlist_title{\nfont-size:18px;\ncolor:#ffffff;\n}\n.avia-icon-list-container.av-117qzl-a6038d7395994db7428f9f7092828810 .iconlist_content{\ncolor:#ffffff;\n}\n<\/style>\n<div  class='avia-icon-list-container av-117qzl-a6038d7395994db7428f9f7092828810  avia-builder-el-3  el_after_av_heading  el_before_av_iconlist '><ul class='avia-icon-list avia_animate_when_almost_visible avia-icon-list-left av-iconlist-small av-117qzl-a6038d7395994db7428f9f7092828810 avia-iconlist-animate avia-sonar-shadow'>\n<li><div class='iconlist_icon av-10jm5t-077f1569f9456446d66ed789342fe9e2 avia-font-entypo-fontello'><span class='iconlist-char' aria-hidden='true' data-av_icon='\ue80a' data-av_iconfont='entypo-fontello'><\/span><\/div><article class=\"article-icon-entry \"  itemscope=\"itemscope\" itemtype=\"https:\/\/schema.org\/CreativeWork\" ><div class=\"iconlist_content_wrap\"><header class=\"entry-content-header\" aria-label=\"Icon: \"><\/header><div class='iconlist_content av_inherit_color'  itemprop=\"text\" ><p>Dirigido por <strong>Lucas Marcarini<\/strong> e <strong>Felipe D. B.\u00a0<\/strong><\/p>\n<\/div><\/div><footer class=\"entry-footer\"><\/footer><\/article><div class=\"iconlist-timeline\"><\/div><\/li>\n<li><div class='iconlist_icon av-zw0p9-42edadb5f0f951910ffc99993d65649e avia-font-entypo-fontello'><span class='iconlist-char' aria-hidden='true' data-av_icon='\ue81f' data-av_iconfont='entypo-fontello'><\/span><\/div><article class=\"article-icon-entry \"  itemscope=\"itemscope\" itemtype=\"https:\/\/schema.org\/CreativeWork\" ><div class=\"iconlist_content_wrap\"><header class=\"entry-content-header\" aria-label=\"Icon: \"><\/header><div class='iconlist_content av_inherit_color'  itemprop=\"text\" ><p>Document\u00e1rio\u00a0 |\u00a0 14min\u00a0 |\u00a0 2024<\/p>\n<\/div><\/div><footer class=\"entry-footer\"><\/footer><\/article><div class=\"iconlist-timeline\"><\/div><\/li>\n<\/ul><\/div><br \/>\n\n<style type=\"text\/css\" data-created_by=\"avia_inline_auto\" id=\"style-css-av-zbdkh-242a4ac39886849d23831cb6e3cebfbf\">\n@keyframes av_sonarEffect_av-zbdkh-242a4ac39886849d23831cb6e3cebfbf {\n  0% {opacity: 0.3;}\n 40% {opacity: 0.5; box-shadow: 0 0 0 2px rgba(255,255,255,0.1), 0 0 10px 10px #ffffff, 0 0 0 10px rgba(255,255,255,0.5);}\n100% {opacity: 0; box-shadow: 0 0 0 2px rgba(255,255,255,0.1), 0 0 10px 10px #ffffff, 0 0 0 10px rgba(255,255,255,0.5); transform: scale(1.5);}\n}\n#top .avia-icon-list-container.av-zbdkh-242a4ac39886849d23831cb6e3cebfbf .iconlist_icon{\ncolor:#ffffff;\nfont-size:18px;\n}\n#top .avia-icon-list-container.av-zbdkh-242a4ac39886849d23831cb6e3cebfbf .iconlist_icon:hover:after{\nanimation:av_sonarEffect_av-zbdkh-242a4ac39886849d23831cb6e3cebfbf 1s ease-in-out;\n}\n#top #wrap_all .avia-icon-list-container.av-zbdkh-242a4ac39886849d23831cb6e3cebfbf .av_iconlist_title{\nfont-size:18px;\ncolor:#ffffff;\n}\n.avia-icon-list-container.av-zbdkh-242a4ac39886849d23831cb6e3cebfbf .iconlist_content{\ncolor:#ffffff;\n}\n<\/style>\n<div  class='avia-icon-list-container av-zbdkh-242a4ac39886849d23831cb6e3cebfbf  avia-builder-el-4  el_after_av_iconlist  el_before_av_hr '><ul class='avia-icon-list avia_animate_when_almost_visible avia-icon-list-left av-iconlist-small av-zbdkh-242a4ac39886849d23831cb6e3cebfbf avia-iconlist-animate avia-sonar-shadow'>\n<li><div class='iconlist_icon av-3hug5-ad292c215d7a397a97d3f001aadaa4d5 avia-font-entypo-fontello'><span class='iconlist-char' aria-hidden='true' data-av_icon='\ue84b' data-av_iconfont='entypo-fontello'><\/span><\/div><article class=\"article-icon-entry \"  itemscope=\"itemscope\" itemtype=\"https:\/\/schema.org\/CreativeWork\" ><div class=\"iconlist_content_wrap\"><header class=\"entry-content-header\" aria-label=\"Icon: Sinopse\"><div class='av_iconlist_title iconlist_title_small  av_inherit_color'  itemprop=\"headline\" >Sinopse<\/div><\/header><div class='iconlist_content av_inherit_color'  itemprop=\"text\" ><p>O fazer art\u00edstico permeia diversas dificuldades, ainda mais quando se \u00e9 artista no Brasil. Acompanharemos o casal de teatro de rua, Paula e Daniel, e veremos como o amor deles pela arte, faz com que eles possam superar as adversidades e levar o que amam a lugares cada vez mais distantes.<\/p>\n<\/div><\/div><footer class=\"entry-footer\"><\/footer><\/article><div class=\"iconlist-timeline\"><\/div><\/li>\n<\/ul><\/div><br \/>\n\n<style type=\"text\/css\" data-created_by=\"avia_inline_auto\" id=\"style-css-av-y804p-e3bfba8fceb9d3041866949704bde1d7\">\n#top .hr.hr-invisible.av-y804p-e3bfba8fceb9d3041866949704bde1d7{\nheight:15px;\n}\n<\/style>\n<div  class='hr av-y804p-e3bfba8fceb9d3041866949704bde1d7 hr-invisible  avia-builder-el-5  el_after_av_iconlist  avia-builder-el-last '><span class='hr-inner '><span class=\"hr-inner-style\"><\/span><\/span><\/div><\/p><\/div>\n<style type=\"text\/css\" data-created_by=\"avia_inline_auto\" id=\"style-css-av-38yul-1b7ca75945509beb2107cac1b2806d31\">\n#top .flex_column.av-38yul-1b7ca75945509beb2107cac1b2806d31{\nmargin-top:0px;\nmargin-bottom:0px;\n}\n.flex_column.av-38yul-1b7ca75945509beb2107cac1b2806d31{\nborder-radius:0px 0px 0px 0px;\npadding:0px 0px 0px 0px;\n}\n.responsive #top #wrap_all .flex_column.av-38yul-1b7ca75945509beb2107cac1b2806d31{\nmargin-top:0px;\nmargin-bottom:0px;\n}\n<\/style>\n<div  class='flex_column av-38yul-1b7ca75945509beb2107cac1b2806d31 av_one_fourth  avia-builder-el-6  el_after_av_three_fourth  avia-builder-el-last  flex_column_div av-zero-column-padding  '     ><style type=\"text\/css\" data-created_by=\"avia_inline_auto\" id=\"style-css-av-vtr6x-13f5083726ecbda40ac206f58265c69a\">\n@keyframes av_boxShadowEffect_av-vtr6x-13f5083726ecbda40ac206f58265c69a {\n0%   { box-shadow:  0 0 0 0 #000000; opacity: 1; }\n100% { box-shadow:  0 0 10px 0 #000000; opacity: 1; }\n}\n.avia-image-container.av-vtr6x-13f5083726ecbda40ac206f58265c69a img.avia_image{\nbox-shadow: 0 0 10px 0 #000000;\n}\n.avia-image-container.av-vtr6x-13f5083726ecbda40ac206f58265c69a .av-image-caption-overlay-center{\ncolor:#ffffff;\n}\n<\/style>\n<div  class='avia-image-container av-vtr6x-13f5083726ecbda40ac206f58265c69a av-styling- av-img-linked avia-align-center  avia-builder-el-7  avia-builder-el-no-sibling  av-img-box-shadow av-box-shadow-not-animated'   itemprop=\"image\" itemscope=\"itemscope\" itemtype=\"https:\/\/schema.org\/ImageObject\" ><div class=\"avia-image-container-inner\"><div class=\"avia-image-overlay-wrap\"><a href=\"https:\/\/mostrafilmfestival.org\/xv\/br\/wp-content\/uploads\/2024\/11\/poster-Balada-dos-palhacos-687x1030.png\" data-srcset=\"https:\/\/mostrafilmfestival.org\/xv\/br\/wp-content\/uploads\/2024\/11\/poster-Balada-dos-palhacos-687x1030.png 687w, https:\/\/mostrafilmfestival.org\/xv\/br\/wp-content\/uploads\/2024\/11\/poster-Balada-dos-palhacos-200x300.png 200w, https:\/\/mostrafilmfestival.org\/xv\/br\/wp-content\/uploads\/2024\/11\/poster-Balada-dos-palhacos-470x705.png 470w, https:\/\/mostrafilmfestival.org\/xv\/br\/wp-content\/uploads\/2024\/11\/poster-Balada-dos-palhacos.png 768w\" data-sizes=\"(max-width: 687px) 100vw, 687px\" class='avia_image '  aria-label='poster-Balada-dos-palhacos'><img decoding=\"async\" fetchpriority=\"high\" class='wp-image-360 avia-img-lazy-loading-not-360 avia_image shadow-not-animated' src=\"https:\/\/mostrafilmfestival.org\/xv\/br\/wp-content\/uploads\/2024\/11\/poster-Balada-dos-palhacos-687x1030.png\" alt='' title='poster-Balada-dos-palhacos'  height=\"1030\" width=\"687\"  itemprop=\"thumbnailUrl\" srcset=\"https:\/\/mostrafilmfestival.org\/xv\/br\/wp-content\/uploads\/2024\/11\/poster-Balada-dos-palhacos-687x1030.png 687w, https:\/\/mostrafilmfestival.org\/xv\/br\/wp-content\/uploads\/2024\/11\/poster-Balada-dos-palhacos-200x300.png 200w, https:\/\/mostrafilmfestival.org\/xv\/br\/wp-content\/uploads\/2024\/11\/poster-Balada-dos-palhacos-470x705.png 470w, https:\/\/mostrafilmfestival.org\/xv\/br\/wp-content\/uploads\/2024\/11\/poster-Balada-dos-palhacos.png 768w\" sizes=\"(max-width: 687px) 100vw, 687px\" \/><\/a><\/div><\/div><\/div><\/div>\n\n<\/div><\/div><\/main><!-- close content main element --><\/div><\/div><\/div><div id='sub_menu1'  class='av-submenu-container av-v2crt-bee1ebc5b09295d064a14be1e0107b60 main_color  avia-builder-el-8  el_after_av_section  el_before_av_section  submenu-not-first container_wrap fullsize' style='z-index:301' ><div class='container av-menu-mobile-disabled av-submenu-pos-center'><ul id='av-custom-submenu-1' class='av-subnav-menu' role='menu'>\n<li class='menu-item av-ujuyd-1b8c70a5baedcf2623d6a0e8253c0d0f menu-item-top-level menu-item-top-level-1' role='menuitem'><a href='#trailer'  ><span class='avia-bullet'><\/span><span class='avia-menu-text'>Trailer<\/span><\/a><\/li>\n<li class='menu-item av-u2225-6b58fd8538b7fe2f35184dfac62a78ec menu-item-top-level menu-item-top-level-2' role='menuitem'><a href='#credits'  ><span class='avia-bullet'><\/span><span class='avia-menu-text'>Ficha T\u00e9cnica<\/span><\/a><\/li>\n<li class='menu-item av-td7x9-1cc2e3e99367c18cd22d76bdb8ab74c1 menu-item-top-level menu-item-top-level-3' role='menuitem'><a href='#gallery'  ><span class='avia-bullet'><\/span><span class='avia-menu-text'>Galeria<\/span><\/a><\/li>\n<li class='menu-item av-sxbs1-d7cf8c3b4d4bcf54ffbb271f3f75ad08 menu-item-top-level menu-item-top-level-4' role='menuitem'><a href='#qea'  ><span class='avia-bullet'><\/span><span class='avia-menu-text'>Conhe\u00e7a o(a) Diretor(a)<\/span><\/a><\/li>\n<li class='menu-item av-sbd1d-ac2e4e2b20bfcd8fe84c21c669f80dfc menu-item-top-level menu-item-top-level-5' role='menuitem'><a href='#watch'  ><span class='avia-bullet'><\/span><span class='avia-menu-text'>Onde Assistir<\/span><\/a><\/li>\n<li class='menu-item av-rl4wh-32b909c06547cf9b2f8a4c0161c93d2a menu-item-top-level menu-item-top-level-6' role='menuitem'><a href='#more'  ><span class='avia-bullet'><\/span><span class='avia-menu-text'>Mais Filmes<\/span><\/a><\/li>\n<\/ul><\/div><\/div>\n<div id='av_section_2'  class='avia-section av-r8zk1-6e11d530359061b1aceb97054b6a29f8 main_color avia-section-large avia-no-border-styling  avia-builder-el-9  el_after_av_submenu  el_before_av_section  avia-bg-style-scroll container_wrap fullsize'  ><div class='container av-section-cont-open' ><div class='template-page content  av-content-full alpha units'><div class='post-entry post-entry-type-page post-entry-359'><div class='entry-content-wrapper clearfix'>\n<div  id=\"trailer\"  class='flex_column av-qhq89-b6a91ef6dd65bd454d1ee93d583cfab9 av_three_fifth  avia-builder-el-10  el_before_av_two_fifth  avia-builder-el-first  first flex_column_div  '     ><p>\n<style type=\"text\/css\" data-created_by=\"avia_inline_auto\" id=\"style-css-av-pt5td-9d40f152e4cca59e05705cb273432ae4\">\n#top .av-special-heading.av-pt5td-9d40f152e4cca59e05705cb273432ae4{\npadding-bottom:10px;\nfont-size:40px;\n}\nbody .av-special-heading.av-pt5td-9d40f152e4cca59e05705cb273432ae4 .av-special-heading-tag .heading-char{\nfont-size:25px;\n}\n#top #wrap_all .av-special-heading.av-pt5td-9d40f152e4cca59e05705cb273432ae4 .av-special-heading-tag{\nfont-size:40px;\npadding:0 0 20px 0;\n}\n.av-special-heading.av-pt5td-9d40f152e4cca59e05705cb273432ae4 .av-subheading{\nfont-size:12px;\n}\n\n@media only screen and (min-width: 480px) and (max-width: 767px){ \n#top #wrap_all .av-special-heading.av-pt5td-9d40f152e4cca59e05705cb273432ae4 .av-special-heading-tag{\nfont-size:0.8em;\n}\n}\n\n@media only screen and (max-width: 479px){ \n#top #wrap_all .av-special-heading.av-pt5td-9d40f152e4cca59e05705cb273432ae4 .av-special-heading-tag{\nfont-size:0.8em;\n}\n}\n<\/style>\n<div  class='av-special-heading av-pt5td-9d40f152e4cca59e05705cb273432ae4 av-special-heading-h2 blockquote modern-quote  avia-builder-el-11  el_before_av_codeblock  avia-builder-el-first  av-inherit-size'><h2 class='av-special-heading-tag '  itemprop=\"headline\"  >Trailer<\/h2><div class=\"special-heading-border\"><div class=\"special-heading-inner-border\"><\/div><\/div><\/div><br \/>\n<\/p><\/div>\n<style type=\"text\/css\" data-created_by=\"avia_inline_auto\" id=\"style-css-av-2hott-c448197c5d2413146b5f1672505daa1c\">\n.avia-fold-unfold-section.av-fold-column-av-2hott-c448197c5d2413146b5f1672505daa1c .av-fold-unfold-container{\nmax-height:500px;\n}\n<\/style>\n<div  id=\"credits\"  class='flex_column av-2hott-c448197c5d2413146b5f1672505daa1c av_two_fifth  avia-builder-el-13  el_after_av_three_fifth  avia-builder-el-last  flex_column_div avia-fold-unfold-section avia-fold-column-wrap avia-fold-init av-fold-column-av-2hott-c448197c5d2413146b5f1672505daa1c avia-size-medium align-left '     data-fold_unfold=\"{&quot;type&quot;:&quot;avia-fold-unfold-section&quot;,&quot;height&quot;:&quot;500&quot;,&quot;more&quot;:&quot;Read more&quot;,&quot;less&quot;:&quot;Read less&quot;,&quot;context&quot;:&quot;avia_sc_columns&quot;}\"><div class=\"av-fold-unfold-container folded\"><div class=\"av-fold-unfold-inner\"><\/div><\/div><div class='av-fold-button-wrapper av-section-fold-btn-wrap avia-button-wrap'><a href=\"#\" class=\"av-fold-button-container  avia-button avia-size-medium avia-color-theme-color\" data-ignore_hash=\"1\" data-no_scroll_in_viewport=\"1\" data-scroll_top_offset=\"50\">Read more<\/a><\/div><p>\n<style type=\"text\/css\" data-created_by=\"avia_inline_auto\" id=\"style-css-av-2dzc9-c07cd3b0fcea5c01d98d2c44d1b686b4\">\n#top .av-special-heading.av-2dzc9-c07cd3b0fcea5c01d98d2c44d1b686b4{\npadding-bottom:10px;\nfont-size:40px;\n}\nbody .av-special-heading.av-2dzc9-c07cd3b0fcea5c01d98d2c44d1b686b4 .av-special-heading-tag .heading-char{\nfont-size:25px;\n}\n#top #wrap_all .av-special-heading.av-2dzc9-c07cd3b0fcea5c01d98d2c44d1b686b4 .av-special-heading-tag{\nfont-size:40px;\n}\n.av-special-heading.av-2dzc9-c07cd3b0fcea5c01d98d2c44d1b686b4 .av-subheading{\nfont-size:12px;\n}\n\n@media only screen and (min-width: 480px) and (max-width: 767px){ \n#top #wrap_all .av-special-heading.av-2dzc9-c07cd3b0fcea5c01d98d2c44d1b686b4 .av-special-heading-tag{\nfont-size:0.8em;\n}\n}\n\n@media only screen and (max-width: 479px){ \n#top #wrap_all .av-special-heading.av-2dzc9-c07cd3b0fcea5c01d98d2c44d1b686b4 .av-special-heading-tag{\nfont-size:0.8em;\n}\n}\n<\/style>\n<div  class='av-special-heading av-2dzc9-c07cd3b0fcea5c01d98d2c44d1b686b4 av-special-heading-h2 blockquote modern-quote  avia-builder-el-14  el_before_av_iconlist  avia-builder-el-first  av-inherit-size'><h2 class='av-special-heading-tag '  itemprop=\"headline\"  >Ficha T\u00e9cnica<\/h2><div class=\"special-heading-border\"><div class=\"special-heading-inner-border\"><\/div><\/div><\/div><br \/>\n\n<style type=\"text\/css\" data-created_by=\"avia_inline_auto\" id=\"style-css-av-nqis1-4100509dd48a69af8ba00b604abc3202\">\n@keyframes av_sonarEffect_av-nqis1-4100509dd48a69af8ba00b604abc3202 {\n  0% {opacity: 0.3;}\n 40% {opacity: 0.5; box-shadow: 0 0 0 2px rgba(255,255,255,0.1), 0 0 10px 10px #ffffff, 0 0 0 10px rgba(255,255,255,0.5);}\n100% {opacity: 0; box-shadow: 0 0 0 2px rgba(255,255,255,0.1), 0 0 10px 10px #ffffff, 0 0 0 10px rgba(255,255,255,0.5); transform: scale(1.5);}\n}\n#top .avia-icon-list-container.av-nqis1-4100509dd48a69af8ba00b604abc3202 .iconlist_icon:hover:after{\nanimation:av_sonarEffect_av-nqis1-4100509dd48a69af8ba00b604abc3202 1s ease-in-out;\n}\n<\/style>\n<div  class='avia-icon-list-container av-nqis1-4100509dd48a69af8ba00b604abc3202  avia-builder-el-15  el_after_av_heading  avia-builder-el-last '><ul class='avia-icon-list avia_animate_when_almost_visible avia-icon-list-left av-iconlist-small av-nqis1-4100509dd48a69af8ba00b604abc3202 avia-iconlist-animate avia-sonar-shadow'>\n<li><div class='iconlist_icon av-md7e5-5f5212945cd15cd732400665cbb9a1d6 avia-font-mostra-br-xiv'><span class='iconlist-char' aria-hidden='true' data-av_icon='\ue802' data-av_iconfont='mostra-br-xiv'><\/span><\/div><article class=\"article-icon-entry \"  itemscope=\"itemscope\" itemtype=\"https:\/\/schema.org\/CreativeWork\" ><div class=\"iconlist_content_wrap\"><header class=\"entry-content-header\" aria-label=\"Icon: Dire\u00e7\u00e3o\"><div class='av_iconlist_title iconlist_title_small  '  itemprop=\"headline\" >Dire\u00e7\u00e3o<\/div><\/header><div class='iconlist_content '  itemprop=\"text\" ><p>Lucas Marcarini e Felipe D. B.<\/p>\n<\/div><\/div><footer class=\"entry-footer\"><\/footer><\/article><div class=\"iconlist-timeline\"><\/div><\/li>\n<li><div class='iconlist_icon av-lwao9-28f4546e770a3c9a9557d66a09a70323 avia-font-mostra-br-xiv'><span class='iconlist-char' aria-hidden='true' data-av_icon='\ue808' data-av_iconfont='mostra-br-xiv'><\/span><\/div><article class=\"article-icon-entry \"  itemscope=\"itemscope\" itemtype=\"https:\/\/schema.org\/CreativeWork\" ><div class=\"iconlist_content_wrap\"><header class=\"entry-content-header\" aria-label=\"Icon: Produ\u00e7\u00e3o\"><div class='av_iconlist_title iconlist_title_small  '  itemprop=\"headline\" >Produ\u00e7\u00e3o<\/div><\/header><div class='iconlist_content '  itemprop=\"text\" ><p>Ana Riguez, Julia Riguez, Mariana Gusm\u00e3o, Ana J\u00falia Silveira<\/p>\n<\/div><\/div><footer class=\"entry-footer\"><\/footer><\/article><div class=\"iconlist-timeline\"><\/div><\/li>\n<li><div class='iconlist_icon av-l7uyt-1d87ac04217eb974844ce3ed732be850 avia-font-entypo-fontello'><span class='iconlist-char' aria-hidden='true' data-av_icon='\ue829' data-av_iconfont='entypo-fontello'><\/span><\/div><article class=\"article-icon-entry \"  itemscope=\"itemscope\" itemtype=\"https:\/\/schema.org\/CreativeWork\" ><div class=\"iconlist_content_wrap\"><header class=\"entry-content-header\" aria-label=\"Icon: Categoria\"><div class='av_iconlist_title iconlist_title_small  '  itemprop=\"headline\" >Categoria<\/div><\/header><div class='iconlist_content '  itemprop=\"text\" ><p>Document\u00e1rio<\/p>\n<\/div><\/div><footer class=\"entry-footer\"><\/footer><\/article><div class=\"iconlist-timeline\"><\/div><\/li>\n<li><div class='iconlist_icon av-ki0hl-b762d258cff555f3a967960e2f3fc58c avia-font-mostra-br-xiv'><span class='iconlist-char' aria-hidden='true' data-av_icon='\ue809' data-av_iconfont='mostra-br-xiv'><\/span><\/div><article class=\"article-icon-entry \"  itemscope=\"itemscope\" itemtype=\"https:\/\/schema.org\/CreativeWork\" ><div class=\"iconlist_content_wrap\"><header class=\"entry-content-header\" aria-label=\"Icon: Ano\"><div class='av_iconlist_title iconlist_title_small  '  itemprop=\"headline\" >Ano<\/div><\/header><div class='iconlist_content '  itemprop=\"text\" ><p>2024<\/p>\n<\/div><\/div><footer class=\"entry-footer\"><\/footer><\/article><div class=\"iconlist-timeline\"><\/div><\/li>\n<li><div class='iconlist_icon av-js2m5-45238324ff74d012a1014455c6d9c655 avia-font-entypo-fontello'><span class='iconlist-char' aria-hidden='true' data-av_icon='\ue837' data-av_iconfont='entypo-fontello'><\/span><\/div><article class=\"article-icon-entry \"  itemscope=\"itemscope\" itemtype=\"https:\/\/schema.org\/CreativeWork\" ><div class=\"iconlist_content_wrap\"><header class=\"entry-content-header\" aria-label=\"Icon: Roteiro Original\"><div class='av_iconlist_title iconlist_title_small  '  itemprop=\"headline\" >Roteiro Original<\/div><\/header><div class='iconlist_content '  itemprop=\"text\" ><p>Ana Riguez, Felipe D. B. e Lucas Marcarini<\/p>\n<\/div><\/div><footer class=\"entry-footer\"><\/footer><\/article><div class=\"iconlist-timeline\"><\/div><\/li>\n<li><div class='iconlist_icon av-1x4s5-fdfacda2a839a7f8824b2137401f8557 avia-font-entypo-fontello'><span class='iconlist-char' aria-hidden='true' data-av_icon='\ue80f' data-av_iconfont='entypo-fontello'><\/span><\/div><article class=\"article-icon-entry \"  itemscope=\"itemscope\" itemtype=\"https:\/\/schema.org\/CreativeWork\" ><div class=\"iconlist_content_wrap\"><header class=\"entry-content-header\" aria-label=\"Icon: Dire\u00e7\u00e3o de Fotografia\"><div class='av_iconlist_title iconlist_title_small  '  itemprop=\"headline\" >Dire\u00e7\u00e3o de Fotografia<\/div><\/header><div class='iconlist_content '  itemprop=\"text\" ><p>Giovanni Silvestrini e Lucas Marcarini<\/p>\n<\/div><\/div><footer class=\"entry-footer\"><\/footer><\/article><div class=\"iconlist-timeline\"><\/div><\/li>\n<li><div class='iconlist_icon av-ir9uh-c225286d497d9eec92b2487ec46bd1d5 avia-font-entypo-fontello'><span class='iconlist-char' aria-hidden='true' data-av_icon='\ue8a4' data-av_iconfont='entypo-fontello'><\/span><\/div><article class=\"article-icon-entry \"  itemscope=\"itemscope\" itemtype=\"https:\/\/schema.org\/CreativeWork\" ><div class=\"iconlist_content_wrap\"><header class=\"entry-content-header\" aria-label=\"Icon: Dire\u00e7\u00e3o de Arte\"><div class='av_iconlist_title iconlist_title_small  '  itemprop=\"headline\" >Dire\u00e7\u00e3o de Arte<\/div><\/header><div class='iconlist_content '  itemprop=\"text\" ><p>Vitor Pimenta e Luna Omotunde<\/p>\n<\/div><\/div><footer class=\"entry-footer\"><\/footer><\/article><div class=\"iconlist-timeline\"><\/div><\/li>\n<li><div class='iconlist_icon av-ib881-5433ece1dbea55f3a389c9b29b5e0bc7 avia-font-mostra-br-xiv'><span class='iconlist-char' aria-hidden='true' data-av_icon='\ue803' data-av_iconfont='mostra-br-xiv'><\/span><\/div><article class=\"article-icon-entry \"  itemscope=\"itemscope\" itemtype=\"https:\/\/schema.org\/CreativeWork\" ><div class=\"iconlist_content_wrap\"><header class=\"entry-content-header\" aria-label=\"Icon: Figurino\"><div class='av_iconlist_title iconlist_title_small  '  itemprop=\"headline\" >Figurino<\/div><\/header><div class='iconlist_content '  itemprop=\"text\" ><p>Vitor Pimenta e Luna Omotunde<\/p>\n<\/div><\/div><footer class=\"entry-footer\"><\/footer><\/article><div class=\"iconlist-timeline\"><\/div><\/li>\n<li><div class='iconlist_icon av-h12c9-8f7af2d89ee6f19b2359598300271df7 avia-font-mostra-br-xiv'><span class='iconlist-char' aria-hidden='true' data-av_icon='\ue806' data-av_iconfont='mostra-br-xiv'><\/span><\/div><article class=\"article-icon-entry \"  itemscope=\"itemscope\" itemtype=\"https:\/\/schema.org\/CreativeWork\" ><div class=\"iconlist_content_wrap\"><header class=\"entry-content-header\" aria-label=\"Icon: Montagem\"><div class='av_iconlist_title iconlist_title_small  '  itemprop=\"headline\" >Montagem<\/div><\/header><div class='iconlist_content '  itemprop=\"text\" ><p>Lucas Marcarini<\/p>\n<\/div><\/div><footer class=\"entry-footer\"><\/footer><\/article><div class=\"iconlist-timeline\"><\/div><\/li>\n<li><div class='iconlist_icon av-gjv4l-fd50558b5cbdc6549c261a541bcf0f25 avia-font-mostra-br-xiv'><span class='iconlist-char' aria-hidden='true' data-av_icon='\ue80b' data-av_iconfont='mostra-br-xiv'><\/span><\/div><article class=\"article-icon-entry \"  itemscope=\"itemscope\" itemtype=\"https:\/\/schema.org\/CreativeWork\" ><div class=\"iconlist_content_wrap\"><header class=\"entry-content-header\" aria-label=\"Icon: Som Direto\"><div class='av_iconlist_title iconlist_title_small  '  itemprop=\"headline\" >Som Direto<\/div><\/header><div class='iconlist_content '  itemprop=\"text\" ><p>Julia Pina<\/p>\n<\/div><\/div><footer class=\"entry-footer\"><\/footer><\/article><div class=\"iconlist-timeline\"><\/div><\/li>\n<li><div class='iconlist_icon av-fvsdt-f9d16d83dab12c0b381e684bc71ff639 avia-font-mostra-br-xiv'><span class='iconlist-char' aria-hidden='true' data-av_icon='\ue805' data-av_iconfont='mostra-br-xiv'><\/span><\/div><article class=\"article-icon-entry \"  itemscope=\"itemscope\" itemtype=\"https:\/\/schema.org\/CreativeWork\" ><div class=\"iconlist_content_wrap\"><header class=\"entry-content-header\" aria-label=\"Icon: Edi\u00e7\u00e3o Sonora\"><div class='av_iconlist_title iconlist_title_small  '  itemprop=\"headline\" >Edi\u00e7\u00e3o Sonora<\/div><\/header><div class='iconlist_content '  itemprop=\"text\" ><p>Lucas Marcarini e Felipe D. B.<\/p>\n<\/div><\/div><footer class=\"entry-footer\"><\/footer><\/article><div class=\"iconlist-timeline\"><\/div><\/li>\n<li><div class='iconlist_icon av-fh6gh-bdb4b98f7e42edb113f7c7a3d1d5bbdb avia-font-mostra-br-xiv'><span class='iconlist-char' aria-hidden='true' data-av_icon='\ue801' data-av_iconfont='mostra-br-xiv'><\/span><\/div><article class=\"article-icon-entry \"  itemscope=\"itemscope\" itemtype=\"https:\/\/schema.org\/CreativeWork\" ><div class=\"iconlist_content_wrap\"><header class=\"entry-content-header\" aria-label=\"Icon: Mixagem\"><div class='av_iconlist_title iconlist_title_small  '  itemprop=\"headline\" >Mixagem<\/div><\/header><div class='iconlist_content '  itemprop=\"text\" ><p>Lucas Marcarini e Felipe D. B.<\/p>\n<\/div><\/div><footer class=\"entry-footer\"><\/footer><\/article><div class=\"iconlist-timeline\"><\/div><\/li>\n<li><div class='iconlist_icon av-dra29-2f89f615568d6e46a38abd5699f7ac38 avia-font-entypo-fontello'><span class='iconlist-char' aria-hidden='true' data-av_icon='\ue808' data-av_iconfont='entypo-fontello'><\/span><\/div><article class=\"article-icon-entry \"  itemscope=\"itemscope\" itemtype=\"https:\/\/schema.org\/CreativeWork\" ><div class=\"iconlist_content_wrap\"><header class=\"entry-content-header\" aria-label=\"Icon: Elenco\"><div class='av_iconlist_title iconlist_title_small  '  itemprop=\"headline\" >Elenco<\/div><\/header><div class='iconlist_content '  itemprop=\"text\" ><p>Daniel Sapi\u00eancia, Diogo Guedes e Paula Martins<\/p>\n<\/div><\/div><footer class=\"entry-footer\"><\/footer><\/article><div class=\"iconlist-timeline\"><\/div><\/li>\n<\/ul><\/div><\/p><\/div>\n\n<\/div><\/div><\/div><!-- close content main div --><\/div><\/div><div id='more'  class='avia-section av-448up-a987023ae07baed2f0e56a3316e25506 main_color avia-section-default avia-no-border-styling  avia-builder-el-16  el_after_av_section  el_before_av_masonry_entries  avia-bg-style-scroll container_wrap fullsize'  ><div class='container av-section-cont-open' ><div class='template-page content  av-content-full alpha units'><div class='post-entry post-entry-type-page post-entry-359'><div class='entry-content-wrapper clearfix'>\n<div  class='flex_column av-3ggix-cb5f37f598b2941c2cfa95fe931f8d53 av_three_fourth  avia-builder-el-17  el_before_av_one_fourth  avia-builder-el-first  first flex_column_div  '     ><style type=\"text\/css\" data-created_by=\"avia_inline_auto\" id=\"style-css-av-8w9h-77f31e2fbf9cec8c994a48afc0635868\">\n#top .av-special-heading.av-8w9h-77f31e2fbf9cec8c994a48afc0635868{\npadding-bottom:10px;\nfont-size:35px;\n}\nbody .av-special-heading.av-8w9h-77f31e2fbf9cec8c994a48afc0635868 .av-special-heading-tag .heading-char{\nfont-size:25px;\n}\n#top #wrap_all .av-special-heading.av-8w9h-77f31e2fbf9cec8c994a48afc0635868 .av-special-heading-tag{\nfont-size:35px;\n}\n.av-special-heading.av-8w9h-77f31e2fbf9cec8c994a48afc0635868 .av-subheading{\nfont-size:12px;\n}\n\n@media only screen and (min-width: 480px) and (max-width: 767px){ \n#top #wrap_all .av-special-heading.av-8w9h-77f31e2fbf9cec8c994a48afc0635868 .av-special-heading-tag{\nfont-size:0.8em;\n}\n}\n\n@media only screen and (max-width: 479px){ \n#top #wrap_all .av-special-heading.av-8w9h-77f31e2fbf9cec8c994a48afc0635868 .av-special-heading-tag{\nfont-size:0.8em;\n}\n}\n<\/style>\n<div  class='av-special-heading av-8w9h-77f31e2fbf9cec8c994a48afc0635868 av-special-heading-h3 blockquote modern-quote modern-centered  avia-builder-el-18  avia-builder-el-no-sibling  av-inherit-size'><h3 class='av-special-heading-tag '  itemprop=\"headline\"  >Veja mais filmes<\/h3><div class=\"special-heading-border\"><div class=\"special-heading-inner-border\"><\/div><\/div><\/div><\/div><div  class='flex_column av-2d35x-89fff0422ea3e6462e36c91c5d996f27 av_one_fourth  avia-builder-el-19  el_after_av_three_fourth  avia-builder-el-last  flex_column_div  '     ><div  class='avia-button-wrap av-1hrp1-99081c6089c32ff896be5ebc7765c90f-wrap avia-button-center  avia-builder-el-20  avia-builder-el-no-sibling '><a href='https:\/\/mostrafilmfestival.org\/xv\/br\/sp\/filmes\/'  class='avia-button av-1hrp1-99081c6089c32ff896be5ebc7765c90f av-link-btn avia-icon_select-yes-left-icon avia-size-large avia-position-center avia-color-theme-color'   aria-label=\"VER TODOS OS FILMES\"><span class='avia_button_icon avia_button_icon_left' aria-hidden='true' data-av_icon='\ue817' data-av_iconfont='entypo-fontello'><\/span><span class='avia_iconbox_title' >VER TODOS OS FILMES<\/span><\/a><\/div><\/div>\n\n<div id='av-masonry-1' class='av-masonry av-obw9-fcab8abbc8654e18c058dfac218fff08 noHover av-fixed-size av-1px-gap av-hover-overlay-active av-masonry-animation-active av-masonry-col-6 av-caption-always av-caption-style-overlay av-masonry-entries av-small-columns-overwrite av-small-columns-2 av-mini-columns-overwrite av-mini-columns-2 av-orientation-square ' data-post_id=\"359\"><div class=\"av-masonry-container isotope av-js-disabled\"><div class='av-masonry-entry isotope-item av-masonry-item-no-image '><\/div><a href=\"https:\/\/mostrafilmfestival.org\/xv\/br\/filmes\/eu-sou-maria\/\"  id='av-masonry-1-item-51' data-av-masonry-item='51' class='av-masonry-entry isotope-item post-51 portfolio type-portfolio status-publish has-post-thumbnail hentry portfolio_entries-longa  av-masonry-item-with-image' title=\"EuSouMaria_Frame (2) (M\u00e9dio)\"   itemscope=\"itemscope\" itemtype=\"https:\/\/schema.org\/CreativeWork\" ><div class='av-inner-masonry-sizer'><\/div><figure class='av-inner-masonry main_color'><div class=\"av-masonry-outerimage-container\"><div class='av-masonry-image-container' style=\"background-image: url(https:\/\/mostrafilmfestival.org\/xv\/br\/wp-content\/uploads\/2024\/11\/EuSouMaria_Frame-2-Medio-495x400.png);\"  title=\"EuSouMaria_Frame (2) (M\u00e9dio)\" ><\/div><\/div><figcaption class='av-inner-masonry-content site-background'><div class='av-inner-masonry-content-pos'><div class='av-inner-masonry-content-pos-content'><div class='avia-arrow'><\/div><h3 class='av-masonry-entry-title entry-title '  itemprop=\"headline\" >Eu Sou Maria<\/h3><\/div><\/div><\/figcaption><\/figure><\/a><!--end av-masonry entry--><a href=\"https:\/\/mostrafilmfestival.org\/xv\/br\/filmes\/as-placas-sao-invisiveis\/\"  id='av-masonry-1-item-393' data-av-masonry-item='393' class='av-masonry-entry isotope-item post-393 portfolio type-portfolio status-publish has-post-thumbnail hentry portfolio_entries-canoas portfolio_entries-curta  av-masonry-item-with-image' title=\"apsi_horizontal\"   itemscope=\"itemscope\" itemtype=\"https:\/\/schema.org\/CreativeWork\" ><div class='av-inner-masonry-sizer'><\/div><figure class='av-inner-masonry main_color'><div class=\"av-masonry-outerimage-container\"><div class='av-masonry-image-container' style=\"background-image: url(https:\/\/mostrafilmfestival.org\/xv\/br\/wp-content\/uploads\/2024\/11\/apsi_horizontal-495x380.png);\"  title=\"apsi_horizontal\" ><\/div><\/div><figcaption class='av-inner-masonry-content site-background'><div class='av-inner-masonry-content-pos'><div class='av-inner-masonry-content-pos-content'><div class='avia-arrow'><\/div><h3 class='av-masonry-entry-title entry-title '  itemprop=\"headline\" >As Placas S\u00e3o Invis\u00edveis<\/h3><\/div><\/div><\/figcaption><\/figure><\/a><!--end av-masonry entry--><a href=\"https:\/\/mostrafilmfestival.org\/xv\/br\/filmes\/big-bang\/\"  id='av-masonry-1-item-424' data-av-masonry-item='424' class='av-masonry-entry isotope-item post-424 portfolio type-portfolio status-publish has-post-thumbnail hentry portfolio_entries-canoas portfolio_entries-curta  av-masonry-item-with-image' title=\"BB_still_01 (M\u00e9dio)\"   itemscope=\"itemscope\" itemtype=\"https:\/\/schema.org\/CreativeWork\" ><div class='av-inner-masonry-sizer'><\/div><figure class='av-inner-masonry main_color'><div class=\"av-masonry-outerimage-container\"><div class='av-masonry-image-container' style=\"background-image: url(https:\/\/mostrafilmfestival.org\/xv\/br\/wp-content\/uploads\/2024\/11\/BB_still_01-Medio-495x400.jpg);\"  title=\"BB_still_01 (M\u00e9dio)\" ><\/div><\/div><figcaption class='av-inner-masonry-content site-background'><div class='av-inner-masonry-content-pos'><div class='av-inner-masonry-content-pos-content'><div class='avia-arrow'><\/div><h3 class='av-masonry-entry-title entry-title '  itemprop=\"headline\" >Big Bang<\/h3><\/div><\/div><\/figcaption><\/figure><\/a><!--end av-masonry entry--><a href=\"https:\/\/mostrafilmfestival.org\/xv\/br\/filmes\/a-menina-e-o-pote\/\"  id='av-masonry-1-item-410' data-av-masonry-item='410' class='av-masonry-entry isotope-item post-410 portfolio type-portfolio status-publish has-post-thumbnail hentry portfolio_entries-canoas portfolio_entries-curta  av-masonry-item-with-image' title=\"AMEOP_3 (M\u00e9dio)\"   itemscope=\"itemscope\" itemtype=\"https:\/\/schema.org\/CreativeWork\" ><div class='av-inner-masonry-sizer'><\/div><figure class='av-inner-masonry main_color'><div class=\"av-masonry-outerimage-container\"><div class='av-masonry-image-container' style=\"background-image: url(https:\/\/mostrafilmfestival.org\/xv\/br\/wp-content\/uploads\/2024\/11\/AMEOP_3-Medio-495x400.jpg);\"  title=\"AMEOP_3 (M\u00e9dio)\" ><\/div><\/div><figcaption class='av-inner-masonry-content site-background'><div class='av-inner-masonry-content-pos'><div class='av-inner-masonry-content-pos-content'><div class='avia-arrow'><\/div><h3 class='av-masonry-entry-title entry-title '  itemprop=\"headline\" >A Menina e o Pote<\/h3><\/div><\/div><\/figcaption><\/figure><\/a><!--end av-masonry entry--><a href=\"https:\/\/mostrafilmfestival.org\/xv\/br\/filmes\/grande-sertao\/\"  id='av-masonry-1-item-49' data-av-masonry-item='49' class='av-masonry-entry isotope-item post-49 portfolio type-portfolio status-publish has-post-thumbnail hentry portfolio_entries-longa  av-masonry-item-with-image' title=\"GRANDE SERT\u00c3O_ thumb\"   itemscope=\"itemscope\" itemtype=\"https:\/\/schema.org\/CreativeWork\" ><div class='av-inner-masonry-sizer'><\/div><figure class='av-inner-masonry main_color'><div class=\"av-masonry-outerimage-container\"><div class='av-masonry-image-container' style=\"background-image: url(https:\/\/mostrafilmfestival.org\/xv\/br\/wp-content\/uploads\/2024\/11\/GRANDE-SERTAO_-thumb-495x400.png);\"  title=\"GRANDE SERT\u00c3O_ thumb\" ><\/div><\/div><figcaption class='av-inner-masonry-content site-background'><div class='av-inner-masonry-content-pos'><div class='av-inner-masonry-content-pos-content'><div class='avia-arrow'><\/div><h3 class='av-masonry-entry-title entry-title '  itemprop=\"headline\" >Grande Sert\u00e3o<\/h3><\/div><\/div><\/figcaption><\/figure><\/a><!--end av-masonry entry--><a href=\"https:\/\/mostrafilmfestival.org\/xv\/br\/filmes\/a-balada-dos-palhacos\/\"  id='av-masonry-1-item-359' data-av-masonry-item='359' class='av-masonry-entry isotope-item post-359 portfolio type-portfolio status-publish has-post-thumbnail hentry portfolio_entries-canoas portfolio_entries-curta  av-masonry-item-with-image' title=\"balada-palhacos-still\"   itemscope=\"itemscope\" itemtype=\"https:\/\/schema.org\/CreativeWork\" ><div class='av-inner-masonry-sizer'><\/div><figure class='av-inner-masonry main_color'><div class=\"av-masonry-outerimage-container\"><div class='av-masonry-image-container' style=\"background-image: url(https:\/\/mostrafilmfestival.org\/xv\/br\/wp-content\/uploads\/2024\/11\/balada-palhacos-still-495x400.png);\"  title=\"balada-palhacos-still\" ><\/div><\/div><figcaption class='av-inner-masonry-content site-background'><div class='av-inner-masonry-content-pos'><div class='av-inner-masonry-content-pos-content'><div class='avia-arrow'><\/div><h3 class='av-masonry-entry-title entry-title '  itemprop=\"headline\" >A Balada Dos Palha\u00e7os<\/h3><\/div><\/div><\/figcaption><\/figure><\/a><!--end av-masonry entry--><\/div><\/div>\n","protected":false},"excerpt":{"rendered":"<p>O fazer art\u00edstico permeia diversas dificuldades, ainda mais quando se \u00e9 artista no Brasil. Acompanharemos o casal de teatro de rua, Paula e Daniel, e veremos como o amor deles pela arte, faz com que eles possam superar as adversidades e levar o que amam a lugares cada vez mais distantes.<\/p>\n","protected":false},"author":1,"featured_media":361,"comment_status":"closed","ping_status":"closed","template":"","meta":{"nf_dc_page":"","footnotes":""},"tags":[],"portfolio_entries":[8,6],"class_list":["post-359","portfolio","type-portfolio","status-publish","has-post-thumbnail","hentry","portfolio_entries-canoas","portfolio_entries-curta"],"yoast_head":"<!-- This site is optimized with the Yoast SEO plugin v27.5 - https:\/\/yoast.com\/product\/yoast-seo-wordpress\/ -->\n<title>A Balada Dos Palha\u00e7os - MOSTRA XV Brazilian Film Festival - Brasil<\/title>\n<meta name=\"description\" content=\"O fazer art\u00edstico permeia diversas dificuldades, ainda mais quando se \u00e9 artista no Brasil. Acompanharemos o casal de teatro de rua, Paula e Daniel, e veremos como o amor deles pela arte, faz com que eles possam superar as adversidades e levar o que amam a lugares cada vez mais distantes.\" \/>\n<meta name=\"robots\" content=\"index, follow, max-snippet:-1, max-image-preview:large, max-video-preview:-1\" \/>\n<link rel=\"canonical\" href=\"https:\/\/mostrafilmfestival.org\/xv\/br\/filmes\/a-balada-dos-palhacos\/\" \/>\n<meta property=\"og:locale\" content=\"pt_BR\" \/>\n<meta property=\"og:type\" content=\"article\" \/>\n<meta property=\"og:title\" content=\"A Balada Dos Palha\u00e7os - MOSTRA XV Brazilian Film Festival - Brasil\" \/>\n<meta property=\"og:description\" content=\"O fazer art\u00edstico permeia diversas dificuldades, ainda mais quando se \u00e9 artista no Brasil. Acompanharemos o casal de teatro de rua, Paula e Daniel, e veremos como o amor deles pela arte, faz com que eles possam superar as adversidades e levar o que amam a lugares cada vez mais distantes.\" \/>\n<meta property=\"og:url\" content=\"https:\/\/mostrafilmfestival.org\/xv\/br\/filmes\/a-balada-dos-palhacos\/\" \/>\n<meta property=\"og:site_name\" content=\"MOSTRA XV Brazilian Film Festival - Brasil\" \/>\n<meta property=\"article:modified_time\" content=\"2024-11-24T22:36:56+00:00\" \/>\n<meta property=\"og:image\" content=\"https:\/\/mostrafilmfestival.org\/xv\/br\/wp-content\/uploads\/2024\/11\/balada-palhacos-still.png\" \/>\n\t<meta property=\"og:image:width\" content=\"1299\" \/>\n\t<meta property=\"og:image:height\" content=\"700\" \/>\n\t<meta property=\"og:image:type\" content=\"image\/png\" \/>\n<meta name=\"twitter:card\" content=\"summary_large_image\" \/>\n<meta name=\"twitter:label1\" content=\"Est. tempo de leitura\" \/>\n\t<meta name=\"twitter:data1\" content=\"2 minutos\" \/>\n<script type=\"application\/ld+json\" class=\"yoast-schema-graph\">{\"@context\":\"https:\\\/\\\/schema.org\",\"@graph\":[{\"@type\":\"WebPage\",\"@id\":\"https:\\\/\\\/mostrafilmfestival.org\\\/xv\\\/br\\\/filmes\\\/a-balada-dos-palhacos\\\/\",\"url\":\"https:\\\/\\\/mostrafilmfestival.org\\\/xv\\\/br\\\/filmes\\\/a-balada-dos-palhacos\\\/\",\"name\":\"A Balada Dos Palha\u00e7os - MOSTRA XV Brazilian Film Festival - Brasil\",\"isPartOf\":{\"@id\":\"https:\\\/\\\/mostrafilmfestival.org\\\/xv\\\/br\\\/#website\"},\"primaryImageOfPage\":{\"@id\":\"https:\\\/\\\/mostrafilmfestival.org\\\/xv\\\/br\\\/filmes\\\/a-balada-dos-palhacos\\\/#primaryimage\"},\"image\":{\"@id\":\"https:\\\/\\\/mostrafilmfestival.org\\\/xv\\\/br\\\/filmes\\\/a-balada-dos-palhacos\\\/#primaryimage\"},\"thumbnailUrl\":\"https:\\\/\\\/mostrafilmfestival.org\\\/xv\\\/br\\\/wp-content\\\/uploads\\\/2024\\\/11\\\/balada-palhacos-still.png\",\"datePublished\":\"2024-11-20T19:46:50+00:00\",\"dateModified\":\"2024-11-24T22:36:56+00:00\",\"description\":\"O fazer art\u00edstico permeia diversas dificuldades, ainda mais quando se \u00e9 artista no Brasil. Acompanharemos o casal de teatro de rua, Paula e Daniel, e veremos como o amor deles pela arte, faz com que eles possam superar as adversidades e levar o que amam a lugares cada vez mais distantes.\",\"breadcrumb\":{\"@id\":\"https:\\\/\\\/mostrafilmfestival.org\\\/xv\\\/br\\\/filmes\\\/a-balada-dos-palhacos\\\/#breadcrumb\"},\"inLanguage\":\"pt-BR\",\"potentialAction\":[{\"@type\":\"ReadAction\",\"target\":[\"https:\\\/\\\/mostrafilmfestival.org\\\/xv\\\/br\\\/filmes\\\/a-balada-dos-palhacos\\\/\"]}]},{\"@type\":\"ImageObject\",\"inLanguage\":\"pt-BR\",\"@id\":\"https:\\\/\\\/mostrafilmfestival.org\\\/xv\\\/br\\\/filmes\\\/a-balada-dos-palhacos\\\/#primaryimage\",\"url\":\"https:\\\/\\\/mostrafilmfestival.org\\\/xv\\\/br\\\/wp-content\\\/uploads\\\/2024\\\/11\\\/balada-palhacos-still.png\",\"contentUrl\":\"https:\\\/\\\/mostrafilmfestival.org\\\/xv\\\/br\\\/wp-content\\\/uploads\\\/2024\\\/11\\\/balada-palhacos-still.png\",\"width\":1299,\"height\":700},{\"@type\":\"BreadcrumbList\",\"@id\":\"https:\\\/\\\/mostrafilmfestival.org\\\/xv\\\/br\\\/filmes\\\/a-balada-dos-palhacos\\\/#breadcrumb\",\"itemListElement\":[{\"@type\":\"ListItem\",\"position\":1,\"name\":\"Home\",\"item\":\"https:\\\/\\\/mostrafilmfestival.org\\\/xv\\\/br\\\/home\\\/\"},{\"@type\":\"ListItem\",\"position\":2,\"name\":\"A Balada Dos Palha\u00e7os\"}]},{\"@type\":\"WebSite\",\"@id\":\"https:\\\/\\\/mostrafilmfestival.org\\\/xv\\\/br\\\/#website\",\"url\":\"https:\\\/\\\/mostrafilmfestival.org\\\/xv\\\/br\\\/\",\"name\":\"MOSTRA XV Brazilian Film Festival - Brasil\",\"description\":\"Filmes brasileiros com consci\u00eancia social.\",\"potentialAction\":[{\"@type\":\"SearchAction\",\"target\":{\"@type\":\"EntryPoint\",\"urlTemplate\":\"https:\\\/\\\/mostrafilmfestival.org\\\/xv\\\/br\\\/?s={search_term_string}\"},\"query-input\":{\"@type\":\"PropertyValueSpecification\",\"valueRequired\":true,\"valueName\":\"search_term_string\"}}],\"inLanguage\":\"pt-BR\"}]}<\/script>\n<!-- \/ Yoast SEO plugin. -->","yoast_head_json":{"title":"A Balada Dos Palha\u00e7os - MOSTRA XV Brazilian Film Festival - Brasil","description":"O fazer art\u00edstico permeia diversas dificuldades, ainda mais quando se \u00e9 artista no Brasil. Acompanharemos o casal de teatro de rua, Paula e Daniel, e veremos como o amor deles pela arte, faz com que eles possam superar as adversidades e levar o que amam a lugares cada vez mais distantes.","robots":{"index":"index","follow":"follow","max-snippet":"max-snippet:-1","max-image-preview":"max-image-preview:large","max-video-preview":"max-video-preview:-1"},"canonical":"https:\/\/mostrafilmfestival.org\/xv\/br\/filmes\/a-balada-dos-palhacos\/","og_locale":"pt_BR","og_type":"article","og_title":"A Balada Dos Palha\u00e7os - MOSTRA XV Brazilian Film Festival - Brasil","og_description":"O fazer art\u00edstico permeia diversas dificuldades, ainda mais quando se \u00e9 artista no Brasil. Acompanharemos o casal de teatro de rua, Paula e Daniel, e veremos como o amor deles pela arte, faz com que eles possam superar as adversidades e levar o que amam a lugares cada vez mais distantes.","og_url":"https:\/\/mostrafilmfestival.org\/xv\/br\/filmes\/a-balada-dos-palhacos\/","og_site_name":"MOSTRA XV Brazilian Film Festival - Brasil","article_modified_time":"2024-11-24T22:36:56+00:00","og_image":[{"width":1299,"height":700,"url":"https:\/\/mostrafilmfestival.org\/xv\/br\/wp-content\/uploads\/2024\/11\/balada-palhacos-still.png","type":"image\/png"}],"twitter_card":"summary_large_image","twitter_misc":{"Est. tempo de leitura":"2 minutos"},"schema":{"@context":"https:\/\/schema.org","@graph":[{"@type":"WebPage","@id":"https:\/\/mostrafilmfestival.org\/xv\/br\/filmes\/a-balada-dos-palhacos\/","url":"https:\/\/mostrafilmfestival.org\/xv\/br\/filmes\/a-balada-dos-palhacos\/","name":"A Balada Dos Palha\u00e7os - MOSTRA XV Brazilian Film Festival - Brasil","isPartOf":{"@id":"https:\/\/mostrafilmfestival.org\/xv\/br\/#website"},"primaryImageOfPage":{"@id":"https:\/\/mostrafilmfestival.org\/xv\/br\/filmes\/a-balada-dos-palhacos\/#primaryimage"},"image":{"@id":"https:\/\/mostrafilmfestival.org\/xv\/br\/filmes\/a-balada-dos-palhacos\/#primaryimage"},"thumbnailUrl":"https:\/\/mostrafilmfestival.org\/xv\/br\/wp-content\/uploads\/2024\/11\/balada-palhacos-still.png","datePublished":"2024-11-20T19:46:50+00:00","dateModified":"2024-11-24T22:36:56+00:00","description":"O fazer art\u00edstico permeia diversas dificuldades, ainda mais quando se \u00e9 artista no Brasil. Acompanharemos o casal de teatro de rua, Paula e Daniel, e veremos como o amor deles pela arte, faz com que eles possam superar as adversidades e levar o que amam a lugares cada vez mais distantes.","breadcrumb":{"@id":"https:\/\/mostrafilmfestival.org\/xv\/br\/filmes\/a-balada-dos-palhacos\/#breadcrumb"},"inLanguage":"pt-BR","potentialAction":[{"@type":"ReadAction","target":["https:\/\/mostrafilmfestival.org\/xv\/br\/filmes\/a-balada-dos-palhacos\/"]}]},{"@type":"ImageObject","inLanguage":"pt-BR","@id":"https:\/\/mostrafilmfestival.org\/xv\/br\/filmes\/a-balada-dos-palhacos\/#primaryimage","url":"https:\/\/mostrafilmfestival.org\/xv\/br\/wp-content\/uploads\/2024\/11\/balada-palhacos-still.png","contentUrl":"https:\/\/mostrafilmfestival.org\/xv\/br\/wp-content\/uploads\/2024\/11\/balada-palhacos-still.png","width":1299,"height":700},{"@type":"BreadcrumbList","@id":"https:\/\/mostrafilmfestival.org\/xv\/br\/filmes\/a-balada-dos-palhacos\/#breadcrumb","itemListElement":[{"@type":"ListItem","position":1,"name":"Home","item":"https:\/\/mostrafilmfestival.org\/xv\/br\/home\/"},{"@type":"ListItem","position":2,"name":"A Balada Dos Palha\u00e7os"}]},{"@type":"WebSite","@id":"https:\/\/mostrafilmfestival.org\/xv\/br\/#website","url":"https:\/\/mostrafilmfestival.org\/xv\/br\/","name":"MOSTRA XV Brazilian Film Festival - Brasil","description":"Filmes brasileiros com consci\u00eancia social.","potentialAction":[{"@type":"SearchAction","target":{"@type":"EntryPoint","urlTemplate":"https:\/\/mostrafilmfestival.org\/xv\/br\/?s={search_term_string}"},"query-input":{"@type":"PropertyValueSpecification","valueRequired":true,"valueName":"search_term_string"}}],"inLanguage":"pt-BR"}]}},"_links":{"self":[{"href":"https:\/\/mostrafilmfestival.org\/xv\/br\/wp-json\/wp\/v2\/portfolio\/359","targetHints":{"allow":["GET"]}}],"collection":[{"href":"https:\/\/mostrafilmfestival.org\/xv\/br\/wp-json\/wp\/v2\/portfolio"}],"about":[{"href":"https:\/\/mostrafilmfestival.org\/xv\/br\/wp-json\/wp\/v2\/types\/portfolio"}],"author":[{"embeddable":true,"href":"https:\/\/mostrafilmfestival.org\/xv\/br\/wp-json\/wp\/v2\/users\/1"}],"replies":[{"embeddable":true,"href":"https:\/\/mostrafilmfestival.org\/xv\/br\/wp-json\/wp\/v2\/comments?post=359"}],"version-history":[{"count":5,"href":"https:\/\/mostrafilmfestival.org\/xv\/br\/wp-json\/wp\/v2\/portfolio\/359\/revisions"}],"predecessor-version":[{"id":400,"href":"https:\/\/mostrafilmfestival.org\/xv\/br\/wp-json\/wp\/v2\/portfolio\/359\/revisions\/400"}],"wp:featuredmedia":[{"embeddable":true,"href":"https:\/\/mostrafilmfestival.org\/xv\/br\/wp-json\/wp\/v2\/media\/361"}],"wp:attachment":[{"href":"https:\/\/mostrafilmfestival.org\/xv\/br\/wp-json\/wp\/v2\/media?parent=359"}],"wp:term":[{"taxonomy":"post_tag","embeddable":true,"href":"https:\/\/mostrafilmfestival.org\/xv\/br\/wp-json\/wp\/v2\/tags?post=359"},{"taxonomy":"portfolio_entries","embeddable":true,"href":"https:\/\/mostrafilmfestival.org\/xv\/br\/wp-json\/wp\/v2\/portfolio_entries?post=359"}],"curies":[{"name":"wp","href":"https:\/\/api.w.org\/{rel}","templated":true}]}}