{"id":39,"date":"2024-11-12T02:55:48","date_gmt":"2024-11-12T02:55:48","guid":{"rendered":"https:\/\/mostrafilmfestival.org\/xv\/br\/?post_type=portfolio&#038;p=39"},"modified":"2024-11-14T00:19:23","modified_gmt":"2024-11-14T03:19:23","slug":"dorival-caymmi-um-homem-de-afetos","status":"publish","type":"portfolio","link":"https:\/\/mostrafilmfestival.org\/xv\/br\/filmes\/dorival-caymmi-um-homem-de-afetos\/","title":{"rendered":"Dorival Caymmi &#8211; Um Homem de Afetos"},"content":{"rendered":"\n<style type=\"text\/css\" data-created_by=\"avia_inline_auto\" id=\"style-css-av-3j2ev-11dcad07681e1f5f2352074f07be7352\">\n.avia-section.av-3j2ev-11dcad07681e1f5f2352074f07be7352 .av-parallax .av-parallax-inner{\nbackground-repeat:no-repeat;\nbackground-image:url(https:\/\/mostrafilmfestival.org\/xv\/br\/wp-content\/uploads\/2024\/11\/Dorival_pescador_Still.png);\nbackground-position:50% 50%;\nbackground-attachment:scroll;\n}\n.avia-section.av-3j2ev-11dcad07681e1f5f2352074f07be7352 .av-section-color-overlay{\nopacity:0.6;\nbackground-color:#000000;\n}\n<\/style>\n<div id='av_section_1'  class='avia-section av-3j2ev-11dcad07681e1f5f2352074f07be7352 main_color avia-section-large avia-no-border-styling  avia-builder-el-0  el_before_av_submenu  avia-builder-el-first  avia-full-stretch av-parallax-section avia-bg-style-parallax av-section-color-overlay-active av-minimum-height av-minimum-height-100 av-height-100  container_wrap fullsize'  data-section-bg-repeat='stretch' data-av_minimum_height_pc='100' data-av_min_height_opt='100'><div class='av-parallax' data-avia-parallax-ratio='0.3' ><div class='av-parallax-inner main_color avia-full-stretch'><\/div><\/div><div class=\"av-section-color-overlay-wrap\"><div class=\"av-section-color-overlay\"><\/div><a href='#next-section' title='' class='scroll-down-link ' aria-hidden='true' data-av_icon='\ue877' data-av_iconfont='entypo-fontello'><\/a><div class='container av-section-cont-open' ><main  role=\"main\" itemprop=\"mainContentOfPage\"  class='template-page content  av-content-full alpha units'><div class='post-entry post-entry-type-page post-entry-39'><div class='entry-content-wrapper clearfix'>\n\n<style type=\"text\/css\" data-created_by=\"avia_inline_auto\" id=\"style-css-av-yu46f-ffa7797039504e38e69c9ead312d49ad\">\n#top .flex_column.av-yu46f-ffa7797039504e38e69c9ead312d49ad{\nmargin-top:0px;\nmargin-bottom:0px;\n}\n.responsive #top #wrap_all .flex_column.av-yu46f-ffa7797039504e38e69c9ead312d49ad{\nmargin-top:0px;\nmargin-bottom:0px;\n}\n<\/style>\n<div  class='flex_column av-yu46f-ffa7797039504e38e69c9ead312d49ad av_three_fourth  avia-builder-el-1  el_before_av_one_fourth  avia-builder-el-first  first flex_column_div  '     ><p>\n<style type=\"text\/css\" data-created_by=\"avia_inline_auto\" id=\"style-css-av-y5yfb-24841774ee7936d731dfa771e0257302\">\n#top .av-special-heading.av-y5yfb-24841774ee7936d731dfa771e0257302{\npadding-bottom:10px;\ncolor:#ffffff;\nfont-size:50px;\n}\nbody .av-special-heading.av-y5yfb-24841774ee7936d731dfa771e0257302 .av-special-heading-tag .heading-char{\nfont-size:25px;\n}\n#top #wrap_all .av-special-heading.av-y5yfb-24841774ee7936d731dfa771e0257302 .av-special-heading-tag{\nfont-size:50px;\n}\n.av-special-heading.av-y5yfb-24841774ee7936d731dfa771e0257302 .special-heading-inner-border{\nborder-color:#ffffff;\n}\n.av-special-heading.av-y5yfb-24841774ee7936d731dfa771e0257302 .av-subheading{\nfont-size:12px;\n}\n\n@media only screen and (min-width: 480px) and (max-width: 767px){ \n#top #wrap_all .av-special-heading.av-y5yfb-24841774ee7936d731dfa771e0257302 .av-special-heading-tag{\nfont-size:0.8em;\n}\n}\n\n@media only screen and (max-width: 479px){ \n#top #wrap_all .av-special-heading.av-y5yfb-24841774ee7936d731dfa771e0257302 .av-special-heading-tag{\nfont-size:0.8em;\n}\n}\n<\/style>\n<div  class='av-special-heading av-y5yfb-24841774ee7936d731dfa771e0257302 av-special-heading-h1 custom-color-heading blockquote modern-quote  avia-builder-el-2  el_before_av_iconlist  avia-builder-el-first  av-inherit-size'><h1 class='av-special-heading-tag '  itemprop=\"headline\"  >DORIVAL CAYMMI &#8211; UM HOMEM DE AFETOS<\/h1><div class=\"special-heading-border\"><div class=\"special-heading-inner-border\"><\/div><\/div><\/div><br \/>\n\n<style type=\"text\/css\" data-created_by=\"avia_inline_auto\" id=\"style-css-av-xmurr-df037d6f65d65e382a51b077a3800cbb\">\n@keyframes av_sonarEffect_av-xmurr-df037d6f65d65e382a51b077a3800cbb {\n  0% {opacity: 0.3;}\n 40% {opacity: 0.5; box-shadow: 0 0 0 2px rgba(255,255,255,0.1), 0 0 10px 10px #ffffff, 0 0 0 10px rgba(255,255,255,0.5);}\n100% {opacity: 0; box-shadow: 0 0 0 2px rgba(255,255,255,0.1), 0 0 10px 10px #ffffff, 0 0 0 10px rgba(255,255,255,0.5); transform: scale(1.5);}\n}\n#top .avia-icon-list-container.av-xmurr-df037d6f65d65e382a51b077a3800cbb .iconlist_icon{\ncolor:#ffffff;\nfont-size:18px;\n}\n#top .avia-icon-list-container.av-xmurr-df037d6f65d65e382a51b077a3800cbb .iconlist_icon:hover:after{\nanimation:av_sonarEffect_av-xmurr-df037d6f65d65e382a51b077a3800cbb 1s ease-in-out;\n}\n#top #wrap_all .avia-icon-list-container.av-xmurr-df037d6f65d65e382a51b077a3800cbb .av_iconlist_title{\nfont-size:18px;\ncolor:#ffffff;\n}\n.avia-icon-list-container.av-xmurr-df037d6f65d65e382a51b077a3800cbb .iconlist_content{\ncolor:#ffffff;\n}\n<\/style>\n<div  class='avia-icon-list-container av-xmurr-df037d6f65d65e382a51b077a3800cbb  avia-builder-el-3  el_after_av_heading  el_before_av_iconlist '><ul class='avia-icon-list avia_animate_when_almost_visible avia-icon-list-left av-iconlist-small av-xmurr-df037d6f65d65e382a51b077a3800cbb avia-iconlist-animate avia-sonar-shadow'>\n<li><div class='iconlist_icon av-wu77n-3363619e2473376204c2b7d8bf52dc39 avia-font-entypo-fontello'><span class='iconlist-char' aria-hidden='true' data-av_icon='\ue80a' data-av_iconfont='entypo-fontello'><\/span><\/div><article class=\"article-icon-entry \"  itemscope=\"itemscope\" itemtype=\"https:\/\/schema.org\/CreativeWork\" ><div class=\"iconlist_content_wrap\"><header class=\"entry-content-header\" aria-label=\"Icon: \"><\/header><div class='iconlist_content av_inherit_color'  itemprop=\"text\" ><p>Dirigido por <strong>Daniela Broitman<\/strong><\/p>\n<\/div><\/div><footer class=\"entry-footer\"><\/footer><\/article><div class=\"iconlist-timeline\"><\/div><\/li>\n<li><div class='iconlist_icon av-wbs67-6fb275f1c8fe5502f9c4e0479462d72a avia-font-entypo-fontello'><span class='iconlist-char' aria-hidden='true' data-av_icon='\ue81f' data-av_iconfont='entypo-fontello'><\/span><\/div><article class=\"article-icon-entry \"  itemscope=\"itemscope\" itemtype=\"https:\/\/schema.org\/CreativeWork\" ><div class=\"iconlist_content_wrap\"><header class=\"entry-content-header\" aria-label=\"Icon: \"><\/header><div class='iconlist_content av_inherit_color'  itemprop=\"text\" ><p>Document\u00e1rio |\u00a0 93min\u00a0 |\u00a0 2020<\/p>\n<\/div><\/div><footer class=\"entry-footer\"><\/footer><\/article><div class=\"iconlist-timeline\"><\/div><\/li>\n<\/ul><\/div><br \/>\n\n<style type=\"text\/css\" data-created_by=\"avia_inline_auto\" id=\"style-css-av-vzjtf-f38b52c0bbb29096f2af8a8401986194\">\n@keyframes av_sonarEffect_av-vzjtf-f38b52c0bbb29096f2af8a8401986194 {\n  0% {opacity: 0.3;}\n 40% {opacity: 0.5; box-shadow: 0 0 0 2px rgba(255,255,255,0.1), 0 0 10px 10px #ffffff, 0 0 0 10px rgba(255,255,255,0.5);}\n100% {opacity: 0; box-shadow: 0 0 0 2px rgba(255,255,255,0.1), 0 0 10px 10px #ffffff, 0 0 0 10px rgba(255,255,255,0.5); transform: scale(1.5);}\n}\n#top .avia-icon-list-container.av-vzjtf-f38b52c0bbb29096f2af8a8401986194 .iconlist_icon{\ncolor:#ffffff;\nfont-size:18px;\n}\n#top .avia-icon-list-container.av-vzjtf-f38b52c0bbb29096f2af8a8401986194 .iconlist_icon:hover:after{\nanimation:av_sonarEffect_av-vzjtf-f38b52c0bbb29096f2af8a8401986194 1s ease-in-out;\n}\n#top #wrap_all .avia-icon-list-container.av-vzjtf-f38b52c0bbb29096f2af8a8401986194 .av_iconlist_title{\nfont-size:18px;\ncolor:#ffffff;\n}\n.avia-icon-list-container.av-vzjtf-f38b52c0bbb29096f2af8a8401986194 .iconlist_content{\ncolor:#ffffff;\n}\n<\/style>\n<div  class='avia-icon-list-container av-vzjtf-f38b52c0bbb29096f2af8a8401986194  avia-builder-el-4  el_after_av_iconlist  el_before_av_hr '><ul class='avia-icon-list avia_animate_when_almost_visible avia-icon-list-left av-iconlist-small av-vzjtf-f38b52c0bbb29096f2af8a8401986194 avia-iconlist-animate avia-sonar-shadow'>\n<li><div class='iconlist_icon av-33sev-4242739c347f468546238f43731ba612 avia-font-entypo-fontello'><span class='iconlist-char' aria-hidden='true' data-av_icon='\ue84b' data-av_iconfont='entypo-fontello'><\/span><\/div><article class=\"article-icon-entry \"  itemscope=\"itemscope\" itemtype=\"https:\/\/schema.org\/CreativeWork\" ><div class=\"iconlist_content_wrap\"><header class=\"entry-content-header\" aria-label=\"Icon: Sinopse\"><div class='av_iconlist_title iconlist_title_small  av_inherit_color'  itemprop=\"headline\" >Sinopse<\/div><\/header><div class='iconlist_content av_inherit_color'  itemprop=\"text\" ><p>Uma viagem irresist\u00edvel pelo universo do cantor e compositor que revolucionou a can\u00e7\u00e3o no Brasil e influenciou gera\u00e7\u00f5es de m\u00fasicos, abrindo caminho para Bossa Nova e a Tropic\u00e1lia. Traduzindo sensorialmente os versos de Caymmi, o filme passeia pela atmosfera vibrante dos pescadores baianos, as refer\u00eancias de raiz africana, a religiosidade e espiritualidade no candombl\u00e9, e suas hist\u00f3rias de amor.<\/p>\n<\/div><\/div><footer class=\"entry-footer\"><\/footer><\/article><div class=\"iconlist-timeline\"><\/div><\/li>\n<\/ul><\/div><br \/>\n\n<style type=\"text\/css\" data-created_by=\"avia_inline_auto\" id=\"style-css-av-uopjv-bfe82c89ab68b7edcf110ec6061435da\">\n#top .hr.hr-invisible.av-uopjv-bfe82c89ab68b7edcf110ec6061435da{\nheight:50px;\n}\n<\/style>\n<div  class='hr av-uopjv-bfe82c89ab68b7edcf110ec6061435da hr-invisible  avia-builder-el-5  el_after_av_iconlist  avia-builder-el-last '><span class='hr-inner '><span class=\"hr-inner-style\"><\/span><\/span><\/div><\/p><\/div>\n<style type=\"text\/css\" data-created_by=\"avia_inline_auto\" id=\"style-css-av-txucf-fe6f6e82822b19332a16271da680991f\">\n#top .flex_column.av-txucf-fe6f6e82822b19332a16271da680991f{\nmargin-top:0px;\nmargin-bottom:0px;\n}\n.flex_column.av-txucf-fe6f6e82822b19332a16271da680991f{\nborder-radius:0px 0px 0px 0px;\npadding:0px 0px 0px 0px;\n}\n.responsive #top #wrap_all .flex_column.av-txucf-fe6f6e82822b19332a16271da680991f{\nmargin-top:0px;\nmargin-bottom:0px;\n}\n<\/style>\n<div  class='flex_column av-txucf-fe6f6e82822b19332a16271da680991f av_one_fourth  avia-builder-el-6  el_after_av_three_fourth  avia-builder-el-last  flex_column_div av-zero-column-padding  '     ><style type=\"text\/css\" data-created_by=\"avia_inline_auto\" id=\"style-css-av-tnf9n-5ebc715e790d0327c7b3d701ecbbed3d\">\n@keyframes av_boxShadowEffect_av-tnf9n-5ebc715e790d0327c7b3d701ecbbed3d {\n0%   { box-shadow:  0 0 0 0 #000000; opacity: 1; }\n100% { box-shadow:  0 0 10px 0 #000000; opacity: 1; }\n}\n.avia-image-container.av-tnf9n-5ebc715e790d0327c7b3d701ecbbed3d img.avia_image{\nbox-shadow: 0 0 10px 0 #000000;\n}\n.avia-image-container.av-tnf9n-5ebc715e790d0327c7b3d701ecbbed3d .av-image-caption-overlay-center{\ncolor:#ffffff;\n}\n<\/style>\n<div  class='avia-image-container av-tnf9n-5ebc715e790d0327c7b3d701ecbbed3d av-styling- av-img-linked avia-align-center  avia-builder-el-7  avia-builder-el-no-sibling  av-img-box-shadow av-box-shadow-not-animated'   itemprop=\"image\" itemscope=\"itemscope\" itemtype=\"https:\/\/schema.org\/ImageObject\" ><div class=\"avia-image-container-inner\"><div class=\"avia-image-overlay-wrap\"><a href=\"https:\/\/mostrafilmfestival.org\/xv\/br\/wp-content\/uploads\/2024\/11\/DORIVAL-CAYMMI-UM-HOMEM-DE-AFETOS.webp\" data-srcset=\"https:\/\/mostrafilmfestival.org\/xv\/br\/wp-content\/uploads\/2024\/11\/DORIVAL-CAYMMI-UM-HOMEM-DE-AFETOS.webp 723w, https:\/\/mostrafilmfestival.org\/xv\/br\/wp-content\/uploads\/2024\/11\/DORIVAL-CAYMMI-UM-HOMEM-DE-AFETOS-212x300.webp 212w, https:\/\/mostrafilmfestival.org\/xv\/br\/wp-content\/uploads\/2024\/11\/DORIVAL-CAYMMI-UM-HOMEM-DE-AFETOS-498x705.webp 498w\" data-sizes=\"(max-width: 723px) 100vw, 723px\" class='avia_image '  aria-label='DORIVAL CAYMMI - UM HOMEM DE AFETOS'><img decoding=\"async\" fetchpriority=\"high\" class='wp-image-270 avia-img-lazy-loading-not-270 avia_image shadow-not-animated' src=\"https:\/\/mostrafilmfestival.org\/xv\/br\/wp-content\/uploads\/2024\/11\/DORIVAL-CAYMMI-UM-HOMEM-DE-AFETOS.webp\" alt='' title='DORIVAL CAYMMI - UM HOMEM DE AFETOS'  height=\"1024\" width=\"723\"  itemprop=\"thumbnailUrl\" srcset=\"https:\/\/mostrafilmfestival.org\/xv\/br\/wp-content\/uploads\/2024\/11\/DORIVAL-CAYMMI-UM-HOMEM-DE-AFETOS.webp 723w, https:\/\/mostrafilmfestival.org\/xv\/br\/wp-content\/uploads\/2024\/11\/DORIVAL-CAYMMI-UM-HOMEM-DE-AFETOS-212x300.webp 212w, https:\/\/mostrafilmfestival.org\/xv\/br\/wp-content\/uploads\/2024\/11\/DORIVAL-CAYMMI-UM-HOMEM-DE-AFETOS-498x705.webp 498w\" sizes=\"(max-width: 723px) 100vw, 723px\" \/><\/a><\/div><\/div><\/div><\/div>\n\n<\/div><\/div><\/main><!-- close content main element --><\/div><\/div><\/div><div id='sub_menu1'  class='av-submenu-container av-ssh5b-37f1e7127e75649b149d3d57b3f0d0b1 main_color  avia-builder-el-8  el_after_av_section  el_before_av_section  submenu-not-first container_wrap fullsize' style='z-index:301' ><div class='container av-menu-mobile-disabled av-submenu-pos-center'><ul id='av-custom-submenu-1' class='av-subnav-menu' role='menu'>\n<li class='menu-item av-s3lp7-3014c1d49a24002740b577154f63ea38 menu-item-top-level menu-item-top-level-1' role='menuitem'><a href='#trailer'  ><span class='avia-bullet'><\/span><span class='avia-menu-text'>Trailer<\/span><\/a><\/li>\n<li class='menu-item av-roksz-2801b4d5a111c53f913561f0af1d25b4 menu-item-top-level menu-item-top-level-2' role='menuitem'><a href='#credits'  ><span class='avia-bullet'><\/span><span class='avia-menu-text'>Cr\u00e9ditos<\/span><\/a><\/li>\n<li class='menu-item av-rahmn-249976dcd649cb3dc5cf8feb6e160164 menu-item-top-level menu-item-top-level-3' role='menuitem'><a href='#gallery'  ><span class='avia-bullet'><\/span><span class='avia-menu-text'>Galeria<\/span><\/a><\/li>\n<li class='menu-item av-qgmxr-9d3aa55e18743513da4c5d6e5ad883b2 menu-item-top-level menu-item-top-level-4' role='menuitem'><a href='#qea'  ><span class='avia-bullet'><\/span><span class='avia-menu-text'>Conhe\u00e7a o(a) Diretor(a)<\/span><\/a><\/li>\n<li class='menu-item av-pyibb-4735a45ebe9881b8fcf31d74dd77150b menu-item-top-level menu-item-top-level-5' role='menuitem'><a href='#watch'  ><span class='avia-bullet'><\/span><span class='avia-menu-text'>Onde Assistir<\/span><\/a><\/li>\n<li class='menu-item av-pkayz-d354d290df64d5ead1f8ef6ba86ab72a menu-item-top-level menu-item-top-level-6' role='menuitem'><a href='#more'  ><span class='avia-bullet'><\/span><span class='avia-menu-text'>Mais Filmes<\/span><\/a><\/li>\n<\/ul><\/div><\/div>\n<div id='av_section_2'  class='avia-section av-otd7v-058bc9ded5fb4fef65fe5bedf8fe4de7 main_color avia-section-large avia-no-border-styling  avia-builder-el-9  el_after_av_submenu  el_before_av_masonry_gallery  avia-bg-style-scroll container_wrap fullsize'  ><div class='container av-section-cont-open' ><div class='template-page content  av-content-full alpha units'><div class='post-entry post-entry-type-page post-entry-39'><div class='entry-content-wrapper clearfix'>\n<div  id=\"trailer\"  class='flex_column av-2eyib-63a0c3f6b79bd9b3752c6e0e92fc9e0f av_three_fifth  avia-builder-el-10  el_before_av_two_fifth  avia-builder-el-first  first flex_column_div  '     ><p>\n<style type=\"text\/css\" data-created_by=\"avia_inline_auto\" id=\"style-css-av-nlhz3-f85db4aa18a3fff02ec550c0baacd6f6\">\n#top .av-special-heading.av-nlhz3-f85db4aa18a3fff02ec550c0baacd6f6{\npadding-bottom:10px;\nfont-size:40px;\n}\nbody .av-special-heading.av-nlhz3-f85db4aa18a3fff02ec550c0baacd6f6 .av-special-heading-tag .heading-char{\nfont-size:25px;\n}\n#top #wrap_all .av-special-heading.av-nlhz3-f85db4aa18a3fff02ec550c0baacd6f6 .av-special-heading-tag{\nfont-size:40px;\npadding:0 0 20px 0;\n}\n.av-special-heading.av-nlhz3-f85db4aa18a3fff02ec550c0baacd6f6 .av-subheading{\nfont-size:12px;\n}\n\n@media only screen and (min-width: 480px) and (max-width: 767px){ \n#top #wrap_all .av-special-heading.av-nlhz3-f85db4aa18a3fff02ec550c0baacd6f6 .av-special-heading-tag{\nfont-size:0.8em;\n}\n}\n\n@media only screen and (max-width: 479px){ \n#top #wrap_all .av-special-heading.av-nlhz3-f85db4aa18a3fff02ec550c0baacd6f6 .av-special-heading-tag{\nfont-size:0.8em;\n}\n}\n<\/style>\n<div  class='av-special-heading av-nlhz3-f85db4aa18a3fff02ec550c0baacd6f6 av-special-heading-h2 blockquote modern-quote  avia-builder-el-11  el_before_av_codeblock  avia-builder-el-first  av-inherit-size'><h2 class='av-special-heading-tag '  itemprop=\"headline\"  >Trailer<\/h2><div class=\"special-heading-border\"><div class=\"special-heading-inner-border\"><\/div><\/div><\/div><br \/>\n<\/p><\/div>\n<style type=\"text\/css\" data-created_by=\"avia_inline_auto\" id=\"style-css-av-m5ogr-0736a059ac859c1f75b26ae4f80a589f\">\n.avia-fold-unfold-section.av-fold-column-av-m5ogr-0736a059ac859c1f75b26ae4f80a589f .av-fold-unfold-container{\nmax-height:500px;\n}\n<\/style>\n<div  id=\"credits\"  class='flex_column av-m5ogr-0736a059ac859c1f75b26ae4f80a589f av_two_fifth  avia-builder-el-13  el_after_av_three_fifth  avia-builder-el-last  flex_column_div avia-fold-unfold-section avia-fold-column-wrap avia-fold-init av-fold-column-av-m5ogr-0736a059ac859c1f75b26ae4f80a589f avia-size-medium align-left '     data-fold_unfold=\"{&quot;type&quot;:&quot;avia-fold-unfold-section&quot;,&quot;height&quot;:&quot;500&quot;,&quot;more&quot;:&quot;Read more&quot;,&quot;less&quot;:&quot;Read less&quot;,&quot;context&quot;:&quot;avia_sc_columns&quot;}\"><div class=\"av-fold-unfold-container folded\"><div class=\"av-fold-unfold-inner\"><\/div><\/div><div class='av-fold-button-wrapper av-section-fold-btn-wrap avia-button-wrap'><a href=\"#\" class=\"av-fold-button-container  avia-button avia-size-medium avia-color-theme-color\" data-ignore_hash=\"1\" data-no_scroll_in_viewport=\"1\" data-scroll_top_offset=\"50\">Read more<\/a><\/div><p>\n<style type=\"text\/css\" data-created_by=\"avia_inline_auto\" id=\"style-css-av-lpvmz-cde6579f44c9e597983598fb0b35a105\">\n#top .av-special-heading.av-lpvmz-cde6579f44c9e597983598fb0b35a105{\npadding-bottom:10px;\nfont-size:40px;\n}\nbody .av-special-heading.av-lpvmz-cde6579f44c9e597983598fb0b35a105 .av-special-heading-tag .heading-char{\nfont-size:25px;\n}\n#top #wrap_all .av-special-heading.av-lpvmz-cde6579f44c9e597983598fb0b35a105 .av-special-heading-tag{\nfont-size:40px;\n}\n.av-special-heading.av-lpvmz-cde6579f44c9e597983598fb0b35a105 .av-subheading{\nfont-size:12px;\n}\n\n@media only screen and (min-width: 480px) and (max-width: 767px){ \n#top #wrap_all .av-special-heading.av-lpvmz-cde6579f44c9e597983598fb0b35a105 .av-special-heading-tag{\nfont-size:0.8em;\n}\n}\n\n@media only screen and (max-width: 479px){ \n#top #wrap_all .av-special-heading.av-lpvmz-cde6579f44c9e597983598fb0b35a105 .av-special-heading-tag{\nfont-size:0.8em;\n}\n}\n<\/style>\n<div  class='av-special-heading av-lpvmz-cde6579f44c9e597983598fb0b35a105 av-special-heading-h2 blockquote modern-quote  avia-builder-el-14  el_before_av_iconlist  avia-builder-el-first  av-inherit-size'><h2 class='av-special-heading-tag '  itemprop=\"headline\"  >Ficha T\u00e9cnica<\/h2><div class=\"special-heading-border\"><div class=\"special-heading-inner-border\"><\/div><\/div><\/div><br \/>\n\n<style type=\"text\/css\" data-created_by=\"avia_inline_auto\" id=\"style-css-av-lbkfr-6d7ce7d4e5afa30e83012fa8fc044ebc\">\n@keyframes av_sonarEffect_av-lbkfr-6d7ce7d4e5afa30e83012fa8fc044ebc {\n  0% {opacity: 0.3;}\n 40% {opacity: 0.5; box-shadow: 0 0 0 2px rgba(255,255,255,0.1), 0 0 10px 10px #ffffff, 0 0 0 10px rgba(255,255,255,0.5);}\n100% {opacity: 0; box-shadow: 0 0 0 2px rgba(255,255,255,0.1), 0 0 10px 10px #ffffff, 0 0 0 10px rgba(255,255,255,0.5); transform: scale(1.5);}\n}\n#top .avia-icon-list-container.av-lbkfr-6d7ce7d4e5afa30e83012fa8fc044ebc .iconlist_icon:hover:after{\nanimation:av_sonarEffect_av-lbkfr-6d7ce7d4e5afa30e83012fa8fc044ebc 1s ease-in-out;\n}\n<\/style>\n<div  class='avia-icon-list-container av-lbkfr-6d7ce7d4e5afa30e83012fa8fc044ebc  avia-builder-el-15  el_after_av_heading  avia-builder-el-last '><ul class='avia-icon-list avia_animate_when_almost_visible avia-icon-list-left av-iconlist-small av-lbkfr-6d7ce7d4e5afa30e83012fa8fc044ebc avia-iconlist-animate avia-sonar-shadow'>\n<li><div class='iconlist_icon av-klhs3-05bc5c97f6168b746be90e6814d717d3 avia-font-entypo-fontello'><span class='iconlist-char' aria-hidden='true' data-av_icon='\ue80d' data-av_iconfont='entypo-fontello'><\/span><\/div><article class=\"article-icon-entry \"  itemscope=\"itemscope\" itemtype=\"https:\/\/schema.org\/CreativeWork\" ><div class=\"iconlist_content_wrap\"><header class=\"entry-content-header\" aria-label=\"Icon: T\u00edtulo Original\"><div class='av_iconlist_title iconlist_title_small  '  itemprop=\"headline\" >T\u00edtulo Original<\/div><\/header><div class='iconlist_content '  itemprop=\"text\" ><p><span style=\"font-weight: 400;\">Dorival Caymmi &#8211; Um Homem de Afetos<\/span><\/p>\n<\/div><\/div><footer class=\"entry-footer\"><\/footer><\/article><div class=\"iconlist-timeline\"><\/div><\/li>\n<li><div class='iconlist_icon av-jvu0j-550ab7ed019cd27ae9e2fa14c45dc1ac avia-font-mostra-br-xiv'><span class='iconlist-char' aria-hidden='true' data-av_icon='\ue802' data-av_iconfont='mostra-br-xiv'><\/span><\/div><article class=\"article-icon-entry \"  itemscope=\"itemscope\" itemtype=\"https:\/\/schema.org\/CreativeWork\" ><div class=\"iconlist_content_wrap\"><header class=\"entry-content-header\" aria-label=\"Icon: Dire\u00e7\u00e3o\"><div class='av_iconlist_title iconlist_title_small  '  itemprop=\"headline\" >Dire\u00e7\u00e3o<\/div><\/header><div class='iconlist_content '  itemprop=\"text\" ><p><span style=\"font-weight: 400;\">Daniela Broitman<\/span><\/p>\n<\/div><\/div><footer class=\"entry-footer\"><\/footer><\/article><div class=\"iconlist-timeline\"><\/div><\/li>\n<li><div class='iconlist_icon av-jcaun-9182adae9429f7839fec517a6622299c avia-font-mostra-br-xiv'><span class='iconlist-char' aria-hidden='true' data-av_icon='\ue808' data-av_iconfont='mostra-br-xiv'><\/span><\/div><article class=\"article-icon-entry \"  itemscope=\"itemscope\" itemtype=\"https:\/\/schema.org\/CreativeWork\" ><div class=\"iconlist_content_wrap\"><header class=\"entry-content-header\" aria-label=\"Icon: Produ\u00e7\u00e3o\"><div class='av_iconlist_title iconlist_title_small  '  itemprop=\"headline\" >Produ\u00e7\u00e3o<\/div><\/header><div class='iconlist_content '  itemprop=\"text\" ><p><span style=\"font-weight: 400;\">Daniela Broitman<\/span><\/p>\n<\/div><\/div><footer class=\"entry-footer\"><\/footer><\/article><div class=\"iconlist-timeline\"><\/div><\/li>\n<li><div class='iconlist_icon av-in6ar-ff5f9f5f794ad48744ff7f1c69c1a824 avia-font-entypo-fontello'><span class='iconlist-char' aria-hidden='true' data-av_icon='\ue829' data-av_iconfont='entypo-fontello'><\/span><\/div><article class=\"article-icon-entry \"  itemscope=\"itemscope\" itemtype=\"https:\/\/schema.org\/CreativeWork\" ><div class=\"iconlist_content_wrap\"><header class=\"entry-content-header\" aria-label=\"Icon: Categoria\"><div class='av_iconlist_title iconlist_title_small  '  itemprop=\"headline\" >Categoria<\/div><\/header><div class='iconlist_content '  itemprop=\"text\" ><p>Document\u00e1rio<\/p>\n<\/div><\/div><footer class=\"entry-footer\"><\/footer><\/article><div class=\"iconlist-timeline\"><\/div><\/li>\n<li><div class='iconlist_icon av-i7vdf-aef5c35a3bfad06eb9a9e180965ac188 avia-font-mostra-br-xiv'><span class='iconlist-char' aria-hidden='true' data-av_icon='\ue809' data-av_iconfont='mostra-br-xiv'><\/span><\/div><article class=\"article-icon-entry \"  itemscope=\"itemscope\" itemtype=\"https:\/\/schema.org\/CreativeWork\" ><div class=\"iconlist_content_wrap\"><header class=\"entry-content-header\" aria-label=\"Icon: Ano\"><div class='av_iconlist_title iconlist_title_small  '  itemprop=\"headline\" >Ano<\/div><\/header><div class='iconlist_content '  itemprop=\"text\" ><p>2020<\/p>\n<\/div><\/div><footer class=\"entry-footer\"><\/footer><\/article><div class=\"iconlist-timeline\"><\/div><\/li>\n<li><div class='iconlist_icon av-hjj4z-2098b9236770142ff3975a5404665186 avia-font-entypo-fontello'><span class='iconlist-char' aria-hidden='true' data-av_icon='\ue837' data-av_iconfont='entypo-fontello'><\/span><\/div><article class=\"article-icon-entry \"  itemscope=\"itemscope\" itemtype=\"https:\/\/schema.org\/CreativeWork\" ><div class=\"iconlist_content_wrap\"><header class=\"entry-content-header\" aria-label=\"Icon: Roteiro Original\"><div class='av_iconlist_title iconlist_title_small  '  itemprop=\"headline\" >Roteiro Original<\/div><\/header><div class='iconlist_content '  itemprop=\"text\" ><p><span style=\"font-weight: 400;\">Daniela Broitman<\/span><\/p>\n<\/div><\/div><footer class=\"entry-footer\"><\/footer><\/article><div class=\"iconlist-timeline\"><\/div><\/li>\n<li><div class='iconlist_icon av-gvonf-1f24856e94b4372500cd5fd05af5fedd avia-font-entypo-fontello'><span class='iconlist-char' aria-hidden='true' data-av_icon='\ue80f' data-av_iconfont='entypo-fontello'><\/span><\/div><article class=\"article-icon-entry \"  itemscope=\"itemscope\" itemtype=\"https:\/\/schema.org\/CreativeWork\" ><div class=\"iconlist_content_wrap\"><header class=\"entry-content-header\" aria-label=\"Icon: Dire\u00e7\u00e3o de Fotografia\"><div class='av_iconlist_title iconlist_title_small  '  itemprop=\"headline\" >Dire\u00e7\u00e3o de Fotografia<\/div><\/header><div class='iconlist_content '  itemprop=\"text\" ><p><span style=\"font-weight: 400;\">Reynaldo Zangrandi,\u00a0<\/span><span style=\"font-weight: 400;\">Jacques Cheuiche (ABC)<\/span><\/p>\n<\/div><\/div><footer class=\"entry-footer\"><\/footer><\/article><div class=\"iconlist-timeline\"><\/div><\/li>\n<li><div class='iconlist_icon av-gkjhr-797c33abf87b86564645dc4f383c3bd7 avia-font-mostra-br-xiv'><span class='iconlist-char' aria-hidden='true' data-av_icon='\ue806' data-av_iconfont='mostra-br-xiv'><\/span><\/div><article class=\"article-icon-entry \"  itemscope=\"itemscope\" itemtype=\"https:\/\/schema.org\/CreativeWork\" ><div class=\"iconlist_content_wrap\"><header class=\"entry-content-header\" aria-label=\"Icon: Montagem\"><div class='av_iconlist_title iconlist_title_small  '  itemprop=\"headline\" >Montagem<\/div><\/header><div class='iconlist_content '  itemprop=\"text\" ><p><span style=\"font-weight: 400;\">Jordana Berg<\/span><\/p>\n<\/div><\/div><footer class=\"entry-footer\"><\/footer><\/article><div class=\"iconlist-timeline\"><\/div><\/li>\n<li><div class='iconlist_icon av-fou7n-e348917d1ad11f5afa04e623deb8b2fa avia-font-mostra-br-xiv'><span class='iconlist-char' aria-hidden='true' data-av_icon='\ue80b' data-av_iconfont='mostra-br-xiv'><\/span><\/div><article class=\"article-icon-entry \"  itemscope=\"itemscope\" itemtype=\"https:\/\/schema.org\/CreativeWork\" ><div class=\"iconlist_content_wrap\"><header class=\"entry-content-header\" aria-label=\"Icon: Som Direto\"><div class='av_iconlist_title iconlist_title_small  '  itemprop=\"headline\" >Som Direto<\/div><\/header><div class='iconlist_content '  itemprop=\"text\" ><p><span style=\"font-weight: 400;\">Yan Saldanha<\/span><\/p>\n<\/div><\/div><footer class=\"entry-footer\"><\/footer><\/article><div class=\"iconlist-timeline\"><\/div><\/li>\n<li><div class='iconlist_icon av-ezfxr-80a1d107990eb8dd33dd9c6c969ad401 avia-font-mostra-br-xiv'><span class='iconlist-char' aria-hidden='true' data-av_icon='\ue805' data-av_iconfont='mostra-br-xiv'><\/span><\/div><article class=\"article-icon-entry \"  itemscope=\"itemscope\" itemtype=\"https:\/\/schema.org\/CreativeWork\" ><div class=\"iconlist_content_wrap\"><header class=\"entry-content-header\" aria-label=\"Icon: Edi\u00e7\u00e3o Sonora\"><div class='av_iconlist_title iconlist_title_small  '  itemprop=\"headline\" >Edi\u00e7\u00e3o Sonora<\/div><\/header><div class='iconlist_content '  itemprop=\"text\" ><p><span style=\"font-weight: 400;\">Julia Teles, Rafael Coutinho<\/span><\/p>\n<\/div><\/div><footer class=\"entry-footer\"><\/footer><\/article><div class=\"iconlist-timeline\"><\/div><\/li>\n<li><div class='iconlist_icon av-1hfn3-801dff6551b05e81ceefe8da0f0e398a avia-font-mostra-br-xiv'><span class='iconlist-char' aria-hidden='true' data-av_icon='\ue801' data-av_iconfont='mostra-br-xiv'><\/span><\/div><article class=\"article-icon-entry \"  itemscope=\"itemscope\" itemtype=\"https:\/\/schema.org\/CreativeWork\" ><div class=\"iconlist_content_wrap\"><header class=\"entry-content-header\" aria-label=\"Icon: Mixagem\"><div class='av_iconlist_title iconlist_title_small  '  itemprop=\"headline\" >Mixagem<\/div><\/header><div class='iconlist_content '  itemprop=\"text\" ><p><span style=\"font-weight: 400;\">Edson Secco<\/span><\/p>\n<\/div><\/div><footer class=\"entry-footer\"><\/footer><\/article><div class=\"iconlist-timeline\"><\/div><\/li>\n<li><div class='iconlist_icon av-e60wr-9d1def399427e98aca0a9541a56c03e9 avia-font-entypo-fontello'><span class='iconlist-char' aria-hidden='true' data-av_icon='\ue808' data-av_iconfont='entypo-fontello'><\/span><\/div><article class=\"article-icon-entry \"  itemscope=\"itemscope\" itemtype=\"https:\/\/schema.org\/CreativeWork\" ><div class=\"iconlist_content_wrap\"><header class=\"entry-content-header\" aria-label=\"Icon: Elenco\"><div class='av_iconlist_title iconlist_title_small  '  itemprop=\"headline\" >Elenco<\/div><\/header><div class='iconlist_content '  itemprop=\"text\" ><p>Dorival Caymmi, seus filhos m\u00fasicos Nana, Dori e Danilo Caymmi, Caetano Veloso, Gilberto Gil, Tom Jobim, o produtor musical Guto Burgos, a compositora e ex-nora Ana terra, o neto Gabriel Caymmi e a confidente e cozinheira Cristiane de Oliveira.<\/p>\n<\/div><\/div><footer class=\"entry-footer\"><\/footer><\/article><div class=\"iconlist-timeline\"><\/div><\/li>\n<li><div class='iconlist_icon av-djpqv-fc863f2338d2b55d41aac88d6dd6bbe9 avia-font-mostra-br-xiv'><span class='iconlist-char' aria-hidden='true' data-av_icon='\ue80a' data-av_iconfont='mostra-br-xiv'><\/span><\/div><article class=\"article-icon-entry \"  itemscope=\"itemscope\" itemtype=\"https:\/\/schema.org\/CreativeWork\" ><div class=\"iconlist_content_wrap\"><header class=\"entry-content-header\" aria-label=\"Icon: Empresa Produtora\"><div class='av_iconlist_title iconlist_title_small  '  itemprop=\"headline\" >Empresa Produtora<\/div><\/header><div class='iconlist_content '  itemprop=\"text\" ><p><span style=\"font-weight: 400;\">Videoforum Filmes<\/span><\/p>\n<\/div><\/div><footer class=\"entry-footer\"><\/footer><\/article><div class=\"iconlist-timeline\"><\/div><\/li>\n<\/ul><\/div><\/p><\/div>\n\n<div id='gallery' class='av-masonry av-cs2rf-a411c11cf920e353b43f8c356eedfcb5 noHover av-fixed-size av-1px-gap av-hover-overlay-active av-masonry-animation-active av-masonry-col-3 av-caption-always av-caption-style- av-masonry-gallery av-small-columns-overwrite av-small-columns-2 av-mini-columns-overwrite av-mini-columns-2 ' data-post_id=\"39\"><div class=\"av-masonry-container isotope av-js-disabled\"><div class='av-masonry-entry isotope-item av-masonry-item-no-image '><\/div><a href=\"https:\/\/mostrafilmfestival.org\/xv\/br\/wp-content\/uploads\/2024\/11\/Dorival-Caymmi_frame-1.png\" data-srcset=\"https:\/\/mostrafilmfestival.org\/xv\/br\/wp-content\/uploads\/2024\/11\/Dorival-Caymmi_frame-1.png 1011w, https:\/\/mostrafilmfestival.org\/xv\/br\/wp-content\/uploads\/2024\/11\/Dorival-Caymmi_frame-1-300x228.png 300w, https:\/\/mostrafilmfestival.org\/xv\/br\/wp-content\/uploads\/2024\/11\/Dorival-Caymmi_frame-1-768x583.png 768w, https:\/\/mostrafilmfestival.org\/xv\/br\/wp-content\/uploads\/2024\/11\/Dorival-Caymmi_frame-1-705x536.png 705w\" data-sizes=\"(max-width: 1011px) 100vw, 1011px\"  aria-label=\"image Dorival Caymmi_frame (1)\"  id='av-masonry-1-item-276' data-av-masonry-item='276' class='av-masonry-entry isotope-item post-276 attachment type-attachment status-inherit hentry  av-masonry-item-with-image' title=\"Dorival Caymmi_frame (1)\" alt=\"\"    itemprop=\"thumbnailUrl\" ><div class='av-inner-masonry-sizer'><\/div><figure class='av-inner-masonry main_color'><div class=\"av-masonry-outerimage-container\"><div class='av-masonry-image-container' style=\"background-image: url(https:\/\/mostrafilmfestival.org\/xv\/br\/wp-content\/uploads\/2024\/11\/Dorival-Caymmi_frame-1-1011x630.png);\"  title=\"Dorival Caymmi_frame (1)\" ><\/div><\/div><\/figure><\/a><!--end av-masonry entry--><a href=\"https:\/\/mostrafilmfestival.org\/xv\/br\/wp-content\/uploads\/2024\/11\/Dorival-Caymmi-e-sua-esposa-Stella-1030x820.jpg\" data-srcset=\"https:\/\/mostrafilmfestival.org\/xv\/br\/wp-content\/uploads\/2024\/11\/Dorival-Caymmi-e-sua-esposa-Stella-1030x820.jpg 1030w, https:\/\/mostrafilmfestival.org\/xv\/br\/wp-content\/uploads\/2024\/11\/Dorival-Caymmi-e-sua-esposa-Stella-300x239.jpg 300w, https:\/\/mostrafilmfestival.org\/xv\/br\/wp-content\/uploads\/2024\/11\/Dorival-Caymmi-e-sua-esposa-Stella-768x611.jpg 768w, https:\/\/mostrafilmfestival.org\/xv\/br\/wp-content\/uploads\/2024\/11\/Dorival-Caymmi-e-sua-esposa-Stella-705x561.jpg 705w, https:\/\/mostrafilmfestival.org\/xv\/br\/wp-content\/uploads\/2024\/11\/Dorival-Caymmi-e-sua-esposa-Stella.jpg 1436w\" data-sizes=\"(max-width: 1030px) 100vw, 1030px\"  aria-label=\"image Dorival Caymmi e sua esposa Stella\"  id='av-masonry-1-item-275' data-av-masonry-item='275' class='av-masonry-entry isotope-item post-275 attachment type-attachment status-inherit hentry  av-masonry-item-with-image' title=\"Dorival Caymmi e sua esposa Stella\" alt=\"\"    itemprop=\"thumbnailUrl\" ><div class='av-inner-masonry-sizer'><\/div><figure class='av-inner-masonry main_color'><div class=\"av-masonry-outerimage-container\"><div class='av-masonry-image-container' style=\"background-image: url(https:\/\/mostrafilmfestival.org\/xv\/br\/wp-content\/uploads\/2024\/11\/Dorival-Caymmi-e-sua-esposa-Stella-1436x630.jpg);\"  title=\"Dorival Caymmi e sua esposa Stella\" ><\/div><\/div><\/figure><\/a><!--end av-masonry entry--><a href=\"https:\/\/mostrafilmfestival.org\/xv\/br\/wp-content\/uploads\/2024\/11\/Dorival_pescador_Still-1030x580.png\" data-srcset=\"https:\/\/mostrafilmfestival.org\/xv\/br\/wp-content\/uploads\/2024\/11\/Dorival_pescador_Still-1030x580.png 1030w, https:\/\/mostrafilmfestival.org\/xv\/br\/wp-content\/uploads\/2024\/11\/Dorival_pescador_Still-300x169.png 300w, https:\/\/mostrafilmfestival.org\/xv\/br\/wp-content\/uploads\/2024\/11\/Dorival_pescador_Still-768x432.png 768w, https:\/\/mostrafilmfestival.org\/xv\/br\/wp-content\/uploads\/2024\/11\/Dorival_pescador_Still-705x397.png 705w, https:\/\/mostrafilmfestival.org\/xv\/br\/wp-content\/uploads\/2024\/11\/Dorival_pescador_Still.png 1365w\" data-sizes=\"(max-width: 1030px) 100vw, 1030px\"  aria-label=\"image Dorival_pescador_Still\"  id='av-masonry-1-item-274' data-av-masonry-item='274' class='av-masonry-entry isotope-item post-274 attachment type-attachment status-inherit hentry  av-masonry-item-with-image' title=\"Dorival_pescador_Still\" alt=\"\"    itemprop=\"thumbnailUrl\" ><div class='av-inner-masonry-sizer'><\/div><figure class='av-inner-masonry main_color'><div class=\"av-masonry-outerimage-container\"><div class='av-masonry-image-container' style=\"background-image: url(https:\/\/mostrafilmfestival.org\/xv\/br\/wp-content\/uploads\/2024\/11\/Dorival_pescador_Still-1365x630.png);\"  title=\"Dorival_pescador_Still\" ><\/div><\/div><\/figure><\/a><!--end av-masonry entry--><a href=\"https:\/\/mostrafilmfestival.org\/xv\/br\/wp-content\/uploads\/2024\/11\/Dorival-Caymmi_frame-3.png\" data-srcset=\"https:\/\/mostrafilmfestival.org\/xv\/br\/wp-content\/uploads\/2024\/11\/Dorival-Caymmi_frame-3.png 991w, https:\/\/mostrafilmfestival.org\/xv\/br\/wp-content\/uploads\/2024\/11\/Dorival-Caymmi_frame-3-300x232.png 300w, https:\/\/mostrafilmfestival.org\/xv\/br\/wp-content\/uploads\/2024\/11\/Dorival-Caymmi_frame-3-768x595.png 768w, https:\/\/mostrafilmfestival.org\/xv\/br\/wp-content\/uploads\/2024\/11\/Dorival-Caymmi_frame-3-705x546.png 705w\" data-sizes=\"(max-width: 991px) 100vw, 991px\"  aria-label=\"image Dorival Caymmi_frame (3)\"  id='av-masonry-1-item-272' data-av-masonry-item='272' class='av-masonry-entry isotope-item post-272 attachment type-attachment status-inherit hentry  av-masonry-item-with-image' title=\"Dorival Caymmi_frame (3)\" alt=\"\"    itemprop=\"thumbnailUrl\" ><div class='av-inner-masonry-sizer'><\/div><figure class='av-inner-masonry main_color'><div class=\"av-masonry-outerimage-container\"><div class='av-masonry-image-container' style=\"background-image: url(https:\/\/mostrafilmfestival.org\/xv\/br\/wp-content\/uploads\/2024\/11\/Dorival-Caymmi_frame-3-991x630.png);\"  title=\"Dorival Caymmi_frame (3)\" ><\/div><\/div><\/figure><\/a><!--end av-masonry entry--><a href=\"https:\/\/mostrafilmfestival.org\/xv\/br\/wp-content\/uploads\/2024\/11\/Dorival_pesca_Still-1030x580.png\" data-srcset=\"https:\/\/mostrafilmfestival.org\/xv\/br\/wp-content\/uploads\/2024\/11\/Dorival_pesca_Still-1030x580.png 1030w, https:\/\/mostrafilmfestival.org\/xv\/br\/wp-content\/uploads\/2024\/11\/Dorival_pesca_Still-300x169.png 300w, https:\/\/mostrafilmfestival.org\/xv\/br\/wp-content\/uploads\/2024\/11\/Dorival_pesca_Still-768x432.png 768w, https:\/\/mostrafilmfestival.org\/xv\/br\/wp-content\/uploads\/2024\/11\/Dorival_pesca_Still-705x397.png 705w, https:\/\/mostrafilmfestival.org\/xv\/br\/wp-content\/uploads\/2024\/11\/Dorival_pesca_Still.png 1365w\" data-sizes=\"(max-width: 1030px) 100vw, 1030px\"  aria-label=\"image Dorival_pesca_Still\"  id='av-masonry-1-item-273' data-av-masonry-item='273' class='av-masonry-entry isotope-item post-273 attachment type-attachment status-inherit hentry  av-masonry-item-with-image' title=\"Dorival_pesca_Still\" alt=\"\"    itemprop=\"thumbnailUrl\" ><div class='av-inner-masonry-sizer'><\/div><figure class='av-inner-masonry main_color'><div class=\"av-masonry-outerimage-container\"><div class='av-masonry-image-container' style=\"background-image: url(https:\/\/mostrafilmfestival.org\/xv\/br\/wp-content\/uploads\/2024\/11\/Dorival_pesca_Still-1365x630.png);\"  title=\"Dorival_pesca_Still\" ><\/div><\/div><\/figure><\/a><!--end av-masonry entry--><a href=\"https:\/\/mostrafilmfestival.org\/xv\/br\/wp-content\/uploads\/2024\/11\/Dorival-Caymmi_frame-2-1.png\" data-srcset=\"https:\/\/mostrafilmfestival.org\/xv\/br\/wp-content\/uploads\/2024\/11\/Dorival-Caymmi_frame-2-1.png 1015w, https:\/\/mostrafilmfestival.org\/xv\/br\/wp-content\/uploads\/2024\/11\/Dorival-Caymmi_frame-2-1-300x227.png 300w, https:\/\/mostrafilmfestival.org\/xv\/br\/wp-content\/uploads\/2024\/11\/Dorival-Caymmi_frame-2-1-768x581.png 768w, https:\/\/mostrafilmfestival.org\/xv\/br\/wp-content\/uploads\/2024\/11\/Dorival-Caymmi_frame-2-1-705x533.png 705w\" data-sizes=\"(max-width: 1015px) 100vw, 1015px\"  aria-label=\"image Dorival Caymmi_frame (2) (1)\"  id='av-masonry-1-item-271' data-av-masonry-item='271' class='av-masonry-entry isotope-item post-271 attachment type-attachment status-inherit hentry  av-masonry-item-with-image' title=\"Dorival Caymmi_frame (2) (1)\" alt=\"\"    itemprop=\"thumbnailUrl\" ><div class='av-inner-masonry-sizer'><\/div><figure class='av-inner-masonry main_color'><div class=\"av-masonry-outerimage-container\"><div class='av-masonry-image-container' style=\"background-image: url(https:\/\/mostrafilmfestival.org\/xv\/br\/wp-content\/uploads\/2024\/11\/Dorival-Caymmi_frame-2-1-1015x630.png);\"  title=\"Dorival Caymmi_frame (2) (1)\" ><\/div><\/div><\/figure><\/a><!--end av-masonry entry--><\/div><\/div>\n<div id='qea'  class='avia-section av-c8w0r-477fddf1632881c09ef0fac54ea3162c main_color avia-section-huge avia-no-border-styling  avia-builder-el-17  el_after_av_masonry_gallery  el_before_av_section  avia-bg-style-scroll container_wrap fullsize'  ><div class='container av-section-cont-open' ><div class='template-page content  av-content-full alpha units'><div class='post-entry post-entry-type-page post-entry-39'><div class='entry-content-wrapper clearfix'>\n<div  class='flex_column av-bjykf-0e3350dabb3a36f33053482a946c2cbb av_one_half  avia-builder-el-18  el_before_av_one_half  avia-builder-el-first  first flex_column_div  '     ><style type=\"text\/css\" data-created_by=\"avia_inline_auto\" id=\"style-css-av-b3bvn-d6c3edce2f784d4b7762dbf9a56a7de2\">\n@keyframes av_boxShadowEffect_av-b3bvn-d6c3edce2f784d4b7762dbf9a56a7de2 {\n0%   { box-shadow:  0 0 0 0 ; opacity: 1; }\n100% { box-shadow:  0 0 10px 0 ; opacity: 1; }\n}\n.avia-image-container.av-b3bvn-d6c3edce2f784d4b7762dbf9a56a7de2 img.avia_image{\nbox-shadow: 0 0 10px 0 ;\n}\n.avia-image-container.av-b3bvn-d6c3edce2f784d4b7762dbf9a56a7de2 .av-image-caption-overlay-center{\ncolor:#ffffff;\n}\n<\/style>\n<div  class='avia-image-container av-b3bvn-d6c3edce2f784d4b7762dbf9a56a7de2 av-styling- av-hover-grow av-hide-overflow av-img-linked avia-align-center  avia-builder-el-19  avia-builder-el-no-sibling  av-img-box-shadow av-box-shadow-not-animated'   itemprop=\"image\" itemscope=\"itemscope\" itemtype=\"https:\/\/schema.org\/ImageObject\" ><div class=\"avia-image-container-inner\"><div class=\"avia-image-overlay-wrap\"><a href=\"https:\/\/mostrafilmfestival.org\/xv\/br\/wp-content\/uploads\/2024\/11\/Foto_Diretora-Daniela-Broitman-2-1030x687.jpg\" data-srcset=\"https:\/\/mostrafilmfestival.org\/xv\/br\/wp-content\/uploads\/2024\/11\/Foto_Diretora-Daniela-Broitman-2-1030x687.jpg 1030w, https:\/\/mostrafilmfestival.org\/xv\/br\/wp-content\/uploads\/2024\/11\/Foto_Diretora-Daniela-Broitman-2-300x200.jpg 300w, https:\/\/mostrafilmfestival.org\/xv\/br\/wp-content\/uploads\/2024\/11\/Foto_Diretora-Daniela-Broitman-2-768x512.jpg 768w, https:\/\/mostrafilmfestival.org\/xv\/br\/wp-content\/uploads\/2024\/11\/Foto_Diretora-Daniela-Broitman-2-705x470.jpg 705w, https:\/\/mostrafilmfestival.org\/xv\/br\/wp-content\/uploads\/2024\/11\/Foto_Diretora-Daniela-Broitman-2.jpg 1152w\" data-sizes=\"(max-width: 1030px) 100vw, 1030px\" class='avia_image '  aria-label='Foto_Diretora Daniela Broitman 2'><img decoding=\"async\" fetchpriority=\"high\" class='wp-image-277 avia-img-lazy-loading-not-277 avia_image shadow-not-animated' src=\"https:\/\/mostrafilmfestival.org\/xv\/br\/wp-content\/uploads\/2024\/11\/Foto_Diretora-Daniela-Broitman-2-1030x687.jpg\" alt='' title='Foto_Diretora Daniela Broitman 2'  height=\"687\" width=\"1030\"  itemprop=\"thumbnailUrl\" srcset=\"https:\/\/mostrafilmfestival.org\/xv\/br\/wp-content\/uploads\/2024\/11\/Foto_Diretora-Daniela-Broitman-2-1030x687.jpg 1030w, https:\/\/mostrafilmfestival.org\/xv\/br\/wp-content\/uploads\/2024\/11\/Foto_Diretora-Daniela-Broitman-2-300x200.jpg 300w, https:\/\/mostrafilmfestival.org\/xv\/br\/wp-content\/uploads\/2024\/11\/Foto_Diretora-Daniela-Broitman-2-768x512.jpg 768w, https:\/\/mostrafilmfestival.org\/xv\/br\/wp-content\/uploads\/2024\/11\/Foto_Diretora-Daniela-Broitman-2-705x470.jpg 705w, https:\/\/mostrafilmfestival.org\/xv\/br\/wp-content\/uploads\/2024\/11\/Foto_Diretora-Daniela-Broitman-2.jpg 1152w\" sizes=\"(max-width: 1030px) 100vw, 1030px\" \/><\/a><\/div><\/div><\/div><\/div><div  class='flex_column av-ahacz-4c6cafe4a95f1318a07c2189002304a3 av_one_half  avia-builder-el-20  el_after_av_one_half  avia-builder-el-last  flex_column_div  '     ><p>\n<style type=\"text\/css\" data-created_by=\"avia_inline_auto\" id=\"style-css-av-9qdj7-dd275076ee9a9c78c588383f9964feea\">\n#top .av-special-heading.av-9qdj7-dd275076ee9a9c78c588383f9964feea{\npadding-bottom:10px;\nfont-size:40px;\n}\nbody .av-special-heading.av-9qdj7-dd275076ee9a9c78c588383f9964feea .av-special-heading-tag .heading-char{\nfont-size:25px;\n}\n#top #wrap_all .av-special-heading.av-9qdj7-dd275076ee9a9c78c588383f9964feea .av-special-heading-tag{\nfont-size:40px;\n}\n.av-special-heading.av-9qdj7-dd275076ee9a9c78c588383f9964feea .av-subheading{\nfont-size:25px;\n}\n\n@media only screen and (min-width: 480px) and (max-width: 767px){ \n#top #wrap_all .av-special-heading.av-9qdj7-dd275076ee9a9c78c588383f9964feea .av-special-heading-tag{\nfont-size:0.8em;\n}\n}\n\n@media only screen and (max-width: 479px){ \n#top #wrap_all .av-special-heading.av-9qdj7-dd275076ee9a9c78c588383f9964feea .av-special-heading-tag{\nfont-size:0.8em;\n}\n}\n<\/style>\n<div  class='av-special-heading av-9qdj7-dd275076ee9a9c78c588383f9964feea av-special-heading-h2 blockquote modern-quote  avia-builder-el-21  el_before_av_textblock  avia-builder-el-first  av-inherit-size'><h2 class='av-special-heading-tag '  itemprop=\"headline\"  >Conhe\u00e7a a Diretora<\/h2><div class=\"special-heading-border\"><div class=\"special-heading-inner-border\"><\/div><\/div><\/div><br \/>\n<section  class='av_textblock_section av-9g9hn-67f6bcd4670575cfdfea64c93e9af46c '   itemscope=\"itemscope\" itemtype=\"https:\/\/schema.org\/CreativeWork\" ><div class='avia_textblock'  itemprop=\"text\" ><p>A trajet\u00f3ria no cinema de <strong>Daniela Broitman<\/strong> est\u00e1 vinculada ao registro da luta de grupos exclu\u00eddos e ao document\u00e1rio. De 1989 a 1998, trabalhou como jornalista (tem mestrado na \u00e1rea pela Universidade da Calif\u00f3rnia \u2013 Berkeley ) e migrou para o cinema nos fins dos anos 90 para 2000. Em 1997, mudou-se para os EUA, onde cursou Produ\u00e7\u00e3o de V\u00eddeo Digital na New York University (NYU). Em 2003, finaliza o seu primeiro longa document\u00e1rio: A voz da ponta \u2013 A favela vai ao F\u00f3rum Social Mundial. O filme ganhou o Pr\u00eamio de Excel\u00eancia da Brazilian Studies Association (BRASA), sendo exibido em festivais internacionais.<\/p>\n<p>Seu segundo document\u00e1rio, Meu Brasil, foi resultado de uma pesquisa com mais de 100 l\u00edderes comunit\u00e1rios e in\u00fameras Ongs, e desdobramento de um projeto audiovisual social sobre comunidades populares marginalizadas. Premiada com a prestigiosa bolsa da Funda\u00e7\u00e3o Guggenheim de Nova York, ela filmou o document\u00e1rio Marcelo Yuka no caminho das setas, que participou de mais de 15 festivais nacionais e internacionais, e ganhou o pr\u00eamio de melhor montagem no Festival do Rio 2011, e vencedor do J\u00fari Popular online no Festival In-Edit Brasil.<\/p>\n<p>Nos \u00faltimos anos, a cineasta tamb\u00e9m atuou como produtora em document\u00e1rios internacionais como Rip! A remix manifesto (EyeSteelFilm e National Film Board of Canada); Witness, da HBO; e coproduziu Obama Samba, The Money Tree e The Carbon Hunters, com o programa Frontline\/World, da TV americana PBS.<\/p>\n<\/div><\/section><\/p><\/div>\n\n<\/div><\/div><\/div><!-- close content main div --><\/div><\/div>\n<style type=\"text\/css\" data-created_by=\"avia_inline_auto\" id=\"style-css-av-3uefr-7c9c356a12a6eb8a18d6df2cc10721a0\">\n.avia-section.av-3uefr-7c9c356a12a6eb8a18d6df2cc10721a0{\nbackground-color:#f2f2f2;\nbackground-image:unset;\n}\n<\/style>\n<div id='watch'  class='avia-section av-3uefr-7c9c356a12a6eb8a18d6df2cc10721a0 alternate_color avia-section-large avia-no-border-styling  avia-builder-el-23  el_after_av_section  el_before_av_section  avia-bg-style-scroll container_wrap fullsize'  ><div class='container av-section-cont-open' ><div class='template-page content  av-content-full alpha units'><div class='post-entry post-entry-type-page post-entry-39'><div class='entry-content-wrapper clearfix'>\n<div  class='flex_column av-38143-9e16ba31ecace4d3e6ed172924914700 av_one_third  avia-builder-el-24  el_before_av_two_third  avia-builder-el-first  first flex_column_div  '     ><p>\n<style type=\"text\/css\" data-created_by=\"avia_inline_auto\" id=\"style-css-av-2ks8b-664167effcf3fdbcb2f50f224e5cd062\">\n#top .av-special-heading.av-2ks8b-664167effcf3fdbcb2f50f224e5cd062{\npadding-bottom:25px;\nfont-size:40px;\n}\nbody .av-special-heading.av-2ks8b-664167effcf3fdbcb2f50f224e5cd062 .av-special-heading-tag .heading-char{\nfont-size:25px;\n}\n#top #wrap_all .av-special-heading.av-2ks8b-664167effcf3fdbcb2f50f224e5cd062 .av-special-heading-tag{\nfont-size:40px;\npadding:0 0 15px 0;\n}\n.av-special-heading.av-2ks8b-664167effcf3fdbcb2f50f224e5cd062 .av-subheading{\nfont-size:15px;\n}\n\n@media only screen and (min-width: 480px) and (max-width: 767px){ \n#top #wrap_all .av-special-heading.av-2ks8b-664167effcf3fdbcb2f50f224e5cd062 .av-special-heading-tag{\nfont-size:0.8em;\n}\n}\n\n@media only screen and (max-width: 479px){ \n#top #wrap_all .av-special-heading.av-2ks8b-664167effcf3fdbcb2f50f224e5cd062 .av-special-heading-tag{\nfont-size:0.8em;\n}\n}\n<\/style>\n<div  class='av-special-heading av-2ks8b-664167effcf3fdbcb2f50f224e5cd062 av-special-heading-h2 blockquote modern-quote modern-centered  avia-builder-el-25  el_before_av_iconlist  avia-builder-el-first  av-inherit-size'><h2 class='av-special-heading-tag '  itemprop=\"headline\"  >ONDE ASSISTIR<\/h2><div class='av-subheading av-subheading_below'><p>Voc\u00ea pode assistir a esse filme no cinema! Confira data, hor\u00e1rio e local de exibi\u00e7\u00e3o abaixo.<\/p>\n<\/div><div class=\"special-heading-border\"><div class=\"special-heading-inner-border\"><\/div><\/div><\/div><br \/>\n\n<style type=\"text\/css\" data-created_by=\"avia_inline_auto\" id=\"style-css-av-m3gpkfl7-a829df1dbf706826f47ca9d705d97d42\">\n#top .avia-icon-list-container.av-m3gpkfl7-a829df1dbf706826f47ca9d705d97d42 .iconlist_icon{\ncolor:#007ab3;\n}\n<\/style>\n<div  class='avia-icon-list-container av-m3gpkfl7-a829df1dbf706826f47ca9d705d97d42  avia-builder-el-26  el_after_av_heading  avia-builder-el-last '><ul class='avia-icon-list avia_animate_when_almost_visible avia-icon-list-left av-iconlist-big av-m3gpkfl7-a829df1dbf706826f47ca9d705d97d42 avia-iconlist-animate'>\n<li><div class='iconlist_icon av-m3gpkf5f-c3875648290c107e5b6da2051588bbe5 avia-font-entypo-fontello'><span class='iconlist-char' aria-hidden='true' data-av_icon='\ue81f' data-av_iconfont='entypo-fontello'><\/span><\/div><article class=\"article-icon-entry \"  itemscope=\"itemscope\" itemtype=\"https:\/\/schema.org\/CreativeWork\" ><div class=\"iconlist_content_wrap\"><header class=\"entry-content-header\" aria-label=\"Icon: DATA E HOR\u00c1RIO\"><h4 class='av_iconlist_title iconlist_title  '  itemprop=\"headline\" >DATA E HOR\u00c1RIO<\/h4><\/header><div class='iconlist_content '  itemprop=\"text\" ><p>30\/11 (s\u00e1bado) &#8211; 18h<\/p>\n<p><em>Confira a\u00a0<a href=\"https:\/\/mostrafilmfestival.org\/xv\/br\/sp\/agenda\/\">Agenda<\/a> para mais informa\u00e7\u00f5es.<\/em><\/p>\n<\/div><\/div><footer class=\"entry-footer\"><\/footer><\/article><div class=\"iconlist-timeline\"><\/div><\/li>\n<li><div class='iconlist_icon av-1vvpb-21a2dce94eeff6813ef76bd6c3a5fe90 avia-font-entypo-fontello'><span class='iconlist-char' aria-hidden='true' data-av_icon='\ue842' data-av_iconfont='entypo-fontello'><\/span><\/div><article class=\"article-icon-entry \"  itemscope=\"itemscope\" itemtype=\"https:\/\/schema.org\/CreativeWork\" ><div class=\"iconlist_content_wrap\"><header class=\"entry-content-header\" aria-label=\"Icon: Matilha Cultural\"><h4 class='av_iconlist_title iconlist_title  '  itemprop=\"headline\" >Matilha Cultural<\/h4><\/header><div class='iconlist_content '  itemprop=\"text\" ><p>Rua Rego Freitas, 542 \u2013 Rep\u00fablica<\/p>\n<\/div><\/div><footer class=\"entry-footer\"><\/footer><\/article><div class=\"iconlist-timeline\"><\/div><\/li>\n<li><div class='iconlist_icon av-1vvpb-e8388fefc870303d3befe383753d1cb2 avia-font-entypo-fontello'><span class='iconlist-char' aria-hidden='true' data-av_icon='\ue8e2' data-av_iconfont='entypo-fontello'><\/span><\/div><article class=\"article-icon-entry av-iconlist-empty\"  itemscope=\"itemscope\" itemtype=\"https:\/\/schema.org\/CreativeWork\" ><div class=\"iconlist_content_wrap\"><header class=\"entry-content-header\" aria-label=\"Icon: Entrada gratuita\"><h4 class='av_iconlist_title iconlist_title  '  itemprop=\"headline\" >Entrada gratuita<\/h4><\/header><div class='iconlist_content '  itemprop=\"text\" ><\/div><\/div><footer class=\"entry-footer\"><\/footer><\/article><div class=\"iconlist-timeline\"><\/div><\/li>\n<\/ul><\/div><\/p><\/div><div  class='flex_column av-1rkub-f016c98351be386a9e7de198cb2f3c8d av_two_third  avia-builder-el-27  el_after_av_one_third  avia-builder-el-last  flex_column_div  '     ><\/div><\/div><\/div><\/div><!-- close content main div --><\/div><\/div><div id='more'  class='avia-section av-3owfz-99d9ac94805c37045a23c678fd72c4b1 main_color avia-section-default avia-no-border-styling  avia-builder-el-29  el_after_av_section  el_before_av_masonry_entries  avia-bg-style-scroll container_wrap fullsize'  ><div class='container av-section-cont-open' ><div class='template-page content  av-content-full alpha units'><div class='post-entry post-entry-type-page post-entry-39'><div class='entry-content-wrapper clearfix'>\n<div  class='flex_column av-37hlb-75c964852c4e80efe165c3f2f181d6dd av_three_fourth  avia-builder-el-30  el_before_av_one_fourth  avia-builder-el-first  first flex_column_div  '     ><style type=\"text\/css\" data-created_by=\"avia_inline_auto\" id=\"style-css-av-1283-f4b44fdb7c88efabd4933946f4b1890c\">\n#top .av-special-heading.av-1283-f4b44fdb7c88efabd4933946f4b1890c{\npadding-bottom:10px;\nfont-size:35px;\n}\nbody .av-special-heading.av-1283-f4b44fdb7c88efabd4933946f4b1890c .av-special-heading-tag .heading-char{\nfont-size:25px;\n}\n#top #wrap_all .av-special-heading.av-1283-f4b44fdb7c88efabd4933946f4b1890c .av-special-heading-tag{\nfont-size:35px;\n}\n.av-special-heading.av-1283-f4b44fdb7c88efabd4933946f4b1890c .av-subheading{\nfont-size:12px;\n}\n\n@media only screen and (min-width: 480px) and (max-width: 767px){ \n#top #wrap_all .av-special-heading.av-1283-f4b44fdb7c88efabd4933946f4b1890c .av-special-heading-tag{\nfont-size:0.8em;\n}\n}\n\n@media only screen and (max-width: 479px){ \n#top #wrap_all .av-special-heading.av-1283-f4b44fdb7c88efabd4933946f4b1890c .av-special-heading-tag{\nfont-size:0.8em;\n}\n}\n<\/style>\n<div  class='av-special-heading av-1283-f4b44fdb7c88efabd4933946f4b1890c av-special-heading-h3 blockquote modern-quote modern-centered  avia-builder-el-31  avia-builder-el-no-sibling  av-inherit-size'><h3 class='av-special-heading-tag '  itemprop=\"headline\"  >Veja mais filmes<\/h3><div class=\"special-heading-border\"><div class=\"special-heading-inner-border\"><\/div><\/div><\/div><\/div><div  class='flex_column av-25093-744b63ad5e959865c43e79926fe62ab3 av_one_fourth  avia-builder-el-32  el_after_av_three_fourth  avia-builder-el-last  flex_column_div  '     ><div  class='avia-button-wrap av-19zcr-1182a42a4387d2bd4865090c473b606d-wrap avia-button-center  avia-builder-el-33  avia-builder-el-no-sibling '><a href='https:\/\/mostrafilmfestival.org\/xv\/br\/sp\/filmes\/'  class='avia-button av-19zcr-1182a42a4387d2bd4865090c473b606d av-link-btn avia-icon_select-yes-left-icon avia-size-large avia-position-center avia-color-theme-color'   aria-label=\"VER TODOS OS FILMES\"><span class='avia_button_icon avia_button_icon_left' aria-hidden='true' data-av_icon='\ue817' data-av_iconfont='entypo-fontello'><\/span><span class='avia_iconbox_title' >VER TODOS OS FILMES<\/span><\/a><\/div><\/div>\n<\/p>\n<div id='av-masonry-2' class='av-masonry av-104kj-86c1b70445b9dfe3c0ae91a8ef25cddf noHover av-fixed-size av-1px-gap av-hover-overlay-active av-masonry-animation-active av-masonry-col-6 av-caption-always av-caption-style-overlay av-masonry-entries av-small-columns-overwrite av-small-columns-2 av-mini-columns-overwrite av-mini-columns-2 av-orientation-square ' data-post_id=\"39\"><div class=\"av-masonry-container isotope av-js-disabled\"><div class='av-masonry-entry isotope-item av-masonry-item-no-image '><\/div><a href=\"https:\/\/mostrafilmfestival.org\/xv\/br\/filmes\/camaco\/\"  id='av-masonry-2-item-382' data-av-masonry-item='382' class='av-masonry-entry isotope-item post-382 portfolio type-portfolio status-publish has-post-thumbnail hentry portfolio_entries-curta  av-masonry-item-with-image' title=\"camaco01\"   itemscope=\"itemscope\" itemtype=\"https:\/\/schema.org\/CreativeWork\" ><div class='av-inner-masonry-sizer'><\/div><figure class='av-inner-masonry main_color'><div class=\"av-masonry-outerimage-container\"><div class='av-masonry-image-container' style=\"background-image: url(https:\/\/mostrafilmfestival.org\/xv\/br\/wp-content\/uploads\/2024\/11\/camaco01-495x400.jpg);\"  title=\"camaco01\" ><\/div><\/div><figcaption class='av-inner-masonry-content site-background'><div class='av-inner-masonry-content-pos'><div class='av-inner-masonry-content-pos-content'><div class='avia-arrow'><\/div><h3 class='av-masonry-entry-title entry-title '  itemprop=\"headline\" >Camaco<\/h3><\/div><\/div><\/figcaption><\/figure><\/a><!--end av-masonry entry--><a href=\"https:\/\/mostrafilmfestival.org\/xv\/br\/filmes\/grande-sertao\/\"  id='av-masonry-2-item-49' data-av-masonry-item='49' class='av-masonry-entry isotope-item post-49 portfolio type-portfolio status-publish has-post-thumbnail hentry portfolio_entries-longa  av-masonry-item-with-image' title=\"GRANDE SERT\u00c3O_ thumb\"   itemscope=\"itemscope\" itemtype=\"https:\/\/schema.org\/CreativeWork\" ><div class='av-inner-masonry-sizer'><\/div><figure class='av-inner-masonry main_color'><div class=\"av-masonry-outerimage-container\"><div class='av-masonry-image-container' style=\"background-image: url(https:\/\/mostrafilmfestival.org\/xv\/br\/wp-content\/uploads\/2024\/11\/GRANDE-SERTAO_-thumb-495x400.png);\"  title=\"GRANDE SERT\u00c3O_ thumb\" ><\/div><\/div><figcaption class='av-inner-masonry-content site-background'><div class='av-inner-masonry-content-pos'><div class='av-inner-masonry-content-pos-content'><div class='avia-arrow'><\/div><h3 class='av-masonry-entry-title entry-title '  itemprop=\"headline\" >Grande Sert\u00e3o<\/h3><\/div><\/div><\/figcaption><\/figure><\/a><!--end av-masonry entry--><a href=\"https:\/\/mostrafilmfestival.org\/xv\/br\/filmes\/as-placas-sao-invisiveis\/\"  id='av-masonry-2-item-393' data-av-masonry-item='393' class='av-masonry-entry isotope-item post-393 portfolio type-portfolio status-publish has-post-thumbnail hentry portfolio_entries-canoas portfolio_entries-curta  av-masonry-item-with-image' title=\"apsi_horizontal\"   itemscope=\"itemscope\" itemtype=\"https:\/\/schema.org\/CreativeWork\" ><div class='av-inner-masonry-sizer'><\/div><figure class='av-inner-masonry main_color'><div class=\"av-masonry-outerimage-container\"><div class='av-masonry-image-container' style=\"background-image: url(https:\/\/mostrafilmfestival.org\/xv\/br\/wp-content\/uploads\/2024\/11\/apsi_horizontal-495x380.png);\"  title=\"apsi_horizontal\" ><\/div><\/div><figcaption class='av-inner-masonry-content site-background'><div class='av-inner-masonry-content-pos'><div class='av-inner-masonry-content-pos-content'><div class='avia-arrow'><\/div><h3 class='av-masonry-entry-title entry-title '  itemprop=\"headline\" >As Placas S\u00e3o Invis\u00edveis<\/h3><\/div><\/div><\/figcaption><\/figure><\/a><!--end av-masonry entry--><a href=\"https:\/\/mostrafilmfestival.org\/xv\/br\/filmes\/a-menina-e-o-pote\/\"  id='av-masonry-2-item-410' data-av-masonry-item='410' class='av-masonry-entry isotope-item post-410 portfolio type-portfolio status-publish has-post-thumbnail hentry portfolio_entries-canoas portfolio_entries-curta  av-masonry-item-with-image' title=\"AMEOP_3 (M\u00e9dio)\"   itemscope=\"itemscope\" itemtype=\"https:\/\/schema.org\/CreativeWork\" ><div class='av-inner-masonry-sizer'><\/div><figure class='av-inner-masonry main_color'><div class=\"av-masonry-outerimage-container\"><div class='av-masonry-image-container' style=\"background-image: url(https:\/\/mostrafilmfestival.org\/xv\/br\/wp-content\/uploads\/2024\/11\/AMEOP_3-Medio-495x400.jpg);\"  title=\"AMEOP_3 (M\u00e9dio)\" ><\/div><\/div><figcaption class='av-inner-masonry-content site-background'><div class='av-inner-masonry-content-pos'><div class='av-inner-masonry-content-pos-content'><div class='avia-arrow'><\/div><h3 class='av-masonry-entry-title entry-title '  itemprop=\"headline\" >A Menina e o Pote<\/h3><\/div><\/div><\/figcaption><\/figure><\/a><!--end av-masonry entry--><a href=\"https:\/\/mostrafilmfestival.org\/xv\/br\/filmes\/cida-tem-duas-silabas\/\"  id='av-masonry-2-item-404' data-av-masonry-item='404' class='av-masonry-entry isotope-item post-404 portfolio type-portfolio status-publish has-post-thumbnail hentry portfolio_entries-curta  av-masonry-item-with-image' title=\"Banner Cida Tem Duas Silabas\"   itemscope=\"itemscope\" itemtype=\"https:\/\/schema.org\/CreativeWork\" ><div class='av-inner-masonry-sizer'><\/div><figure class='av-inner-masonry main_color'><div class=\"av-masonry-outerimage-container\"><div class='av-masonry-image-container' style=\"background-image: url(https:\/\/mostrafilmfestival.org\/xv\/br\/wp-content\/uploads\/2024\/11\/Banner-Cida-Tem-Duas-Silabas-495x380.png);\"  title=\"Banner Cida Tem Duas Silabas\" ><\/div><\/div><figcaption class='av-inner-masonry-content site-background'><div class='av-inner-masonry-content-pos'><div class='av-inner-masonry-content-pos-content'><div class='avia-arrow'><\/div><h3 class='av-masonry-entry-title entry-title '  itemprop=\"headline\" >Cida Tem Duas S\u00edlabas<\/h3><\/div><\/div><\/figcaption><\/figure><\/a><!--end av-masonry entry--><a href=\"https:\/\/mostrafilmfestival.org\/xv\/br\/filmes\/eu-sou-maria\/\"  id='av-masonry-2-item-51' data-av-masonry-item='51' class='av-masonry-entry isotope-item post-51 portfolio type-portfolio status-publish has-post-thumbnail hentry portfolio_entries-longa  av-masonry-item-with-image' title=\"EuSouMaria_Frame (2) (M\u00e9dio)\"   itemscope=\"itemscope\" itemtype=\"https:\/\/schema.org\/CreativeWork\" ><div class='av-inner-masonry-sizer'><\/div><figure class='av-inner-masonry main_color'><div class=\"av-masonry-outerimage-container\"><div class='av-masonry-image-container' style=\"background-image: url(https:\/\/mostrafilmfestival.org\/xv\/br\/wp-content\/uploads\/2024\/11\/EuSouMaria_Frame-2-Medio-495x400.png);\"  title=\"EuSouMaria_Frame (2) (M\u00e9dio)\" ><\/div><\/div><figcaption class='av-inner-masonry-content site-background'><div class='av-inner-masonry-content-pos'><div class='av-inner-masonry-content-pos-content'><div class='avia-arrow'><\/div><h3 class='av-masonry-entry-title entry-title '  itemprop=\"headline\" >Eu Sou Maria<\/h3><\/div><\/div><\/figcaption><\/figure><\/a><!--end av-masonry entry--><\/div><\/div>\n","protected":false},"excerpt":{"rendered":"<p>Uma viagem irresist\u00edvel pelo universo do cantor e compositor que revolucionou a can\u00e7\u00e3o no Brasil e influenciou gera\u00e7\u00f5es de m\u00fasicos, abrindo caminho para Bossa Nova e a Tropic\u00e1lia. <\/p>\n","protected":false},"author":1,"featured_media":276,"comment_status":"closed","ping_status":"closed","template":"","meta":{"nf_dc_page":"","footnotes":""},"tags":[],"portfolio_entries":[4],"class_list":["post-39","portfolio","type-portfolio","status-publish","has-post-thumbnail","hentry","portfolio_entries-longa"],"yoast_head":"<!-- This site is optimized with the Yoast SEO plugin v27.5 - https:\/\/yoast.com\/product\/yoast-seo-wordpress\/ -->\n<title>Dorival Caymmi - Um Homem de Afetos - MOSTRA XV Brazilian Film Festival - Brasil<\/title>\n<meta name=\"description\" content=\"Uma viagem irresist\u00edvel pelo universo do cantor e compositor que revolucionou a can\u00e7\u00e3o no Brasil e influenciou gera\u00e7\u00f5es de m\u00fasicos, abrindo caminho para Bossa Nova e a Tropic\u00e1lia.\" \/>\n<meta name=\"robots\" content=\"index, follow, max-snippet:-1, max-image-preview:large, max-video-preview:-1\" \/>\n<link rel=\"canonical\" href=\"https:\/\/mostrafilmfestival.org\/xv\/br\/filmes\/dorival-caymmi-um-homem-de-afetos\/\" \/>\n<meta property=\"og:locale\" content=\"pt_BR\" \/>\n<meta property=\"og:type\" content=\"article\" \/>\n<meta property=\"og:title\" content=\"Dorival Caymmi - Um Homem de Afetos - MOSTRA XV Brazilian Film Festival - Brasil\" \/>\n<meta property=\"og:description\" content=\"Uma viagem irresist\u00edvel pelo universo do cantor e compositor que revolucionou a can\u00e7\u00e3o no Brasil e influenciou gera\u00e7\u00f5es de m\u00fasicos, abrindo caminho para Bossa Nova e a Tropic\u00e1lia.\" \/>\n<meta property=\"og:url\" content=\"https:\/\/mostrafilmfestival.org\/xv\/br\/filmes\/dorival-caymmi-um-homem-de-afetos\/\" \/>\n<meta property=\"og:site_name\" content=\"MOSTRA XV Brazilian Film Festival - Brasil\" \/>\n<meta property=\"article:modified_time\" content=\"2024-11-14T03:19:23+00:00\" \/>\n<meta property=\"og:image\" content=\"https:\/\/mostrafilmfestival.org\/xv\/br\/wp-content\/uploads\/2024\/11\/Dorival-Caymmi_frame-1.png\" \/>\n\t<meta property=\"og:image:width\" content=\"1011\" \/>\n\t<meta property=\"og:image:height\" content=\"768\" \/>\n\t<meta property=\"og:image:type\" content=\"image\/png\" \/>\n<meta name=\"twitter:card\" content=\"summary_large_image\" \/>\n<meta name=\"twitter:label1\" content=\"Est. tempo de leitura\" \/>\n\t<meta name=\"twitter:data1\" content=\"3 minutos\" \/>\n<script type=\"application\/ld+json\" class=\"yoast-schema-graph\">{\"@context\":\"https:\\\/\\\/schema.org\",\"@graph\":[{\"@type\":\"WebPage\",\"@id\":\"https:\\\/\\\/mostrafilmfestival.org\\\/xv\\\/br\\\/filmes\\\/dorival-caymmi-um-homem-de-afetos\\\/\",\"url\":\"https:\\\/\\\/mostrafilmfestival.org\\\/xv\\\/br\\\/filmes\\\/dorival-caymmi-um-homem-de-afetos\\\/\",\"name\":\"Dorival Caymmi - Um Homem de Afetos - MOSTRA XV Brazilian Film Festival - Brasil\",\"isPartOf\":{\"@id\":\"https:\\\/\\\/mostrafilmfestival.org\\\/xv\\\/br\\\/#website\"},\"primaryImageOfPage\":{\"@id\":\"https:\\\/\\\/mostrafilmfestival.org\\\/xv\\\/br\\\/filmes\\\/dorival-caymmi-um-homem-de-afetos\\\/#primaryimage\"},\"image\":{\"@id\":\"https:\\\/\\\/mostrafilmfestival.org\\\/xv\\\/br\\\/filmes\\\/dorival-caymmi-um-homem-de-afetos\\\/#primaryimage\"},\"thumbnailUrl\":\"https:\\\/\\\/mostrafilmfestival.org\\\/xv\\\/br\\\/wp-content\\\/uploads\\\/2024\\\/11\\\/Dorival-Caymmi_frame-1.png\",\"datePublished\":\"2024-11-12T02:55:48+00:00\",\"dateModified\":\"2024-11-14T03:19:23+00:00\",\"description\":\"Uma viagem irresist\u00edvel pelo universo do cantor e compositor que revolucionou a can\u00e7\u00e3o no Brasil e influenciou gera\u00e7\u00f5es de m\u00fasicos, abrindo caminho para Bossa Nova e a Tropic\u00e1lia.\",\"breadcrumb\":{\"@id\":\"https:\\\/\\\/mostrafilmfestival.org\\\/xv\\\/br\\\/filmes\\\/dorival-caymmi-um-homem-de-afetos\\\/#breadcrumb\"},\"inLanguage\":\"pt-BR\",\"potentialAction\":[{\"@type\":\"ReadAction\",\"target\":[\"https:\\\/\\\/mostrafilmfestival.org\\\/xv\\\/br\\\/filmes\\\/dorival-caymmi-um-homem-de-afetos\\\/\"]}]},{\"@type\":\"ImageObject\",\"inLanguage\":\"pt-BR\",\"@id\":\"https:\\\/\\\/mostrafilmfestival.org\\\/xv\\\/br\\\/filmes\\\/dorival-caymmi-um-homem-de-afetos\\\/#primaryimage\",\"url\":\"https:\\\/\\\/mostrafilmfestival.org\\\/xv\\\/br\\\/wp-content\\\/uploads\\\/2024\\\/11\\\/Dorival-Caymmi_frame-1.png\",\"contentUrl\":\"https:\\\/\\\/mostrafilmfestival.org\\\/xv\\\/br\\\/wp-content\\\/uploads\\\/2024\\\/11\\\/Dorival-Caymmi_frame-1.png\",\"width\":1011,\"height\":768},{\"@type\":\"BreadcrumbList\",\"@id\":\"https:\\\/\\\/mostrafilmfestival.org\\\/xv\\\/br\\\/filmes\\\/dorival-caymmi-um-homem-de-afetos\\\/#breadcrumb\",\"itemListElement\":[{\"@type\":\"ListItem\",\"position\":1,\"name\":\"Home\",\"item\":\"https:\\\/\\\/mostrafilmfestival.org\\\/xv\\\/br\\\/home\\\/\"},{\"@type\":\"ListItem\",\"position\":2,\"name\":\"Dorival Caymmi &#8211; Um Homem de Afetos\"}]},{\"@type\":\"WebSite\",\"@id\":\"https:\\\/\\\/mostrafilmfestival.org\\\/xv\\\/br\\\/#website\",\"url\":\"https:\\\/\\\/mostrafilmfestival.org\\\/xv\\\/br\\\/\",\"name\":\"MOSTRA XV Brazilian Film Festival - Brasil\",\"description\":\"Filmes brasileiros com consci\u00eancia social.\",\"potentialAction\":[{\"@type\":\"SearchAction\",\"target\":{\"@type\":\"EntryPoint\",\"urlTemplate\":\"https:\\\/\\\/mostrafilmfestival.org\\\/xv\\\/br\\\/?s={search_term_string}\"},\"query-input\":{\"@type\":\"PropertyValueSpecification\",\"valueRequired\":true,\"valueName\":\"search_term_string\"}}],\"inLanguage\":\"pt-BR\"}]}<\/script>\n<!-- \/ Yoast SEO plugin. -->","yoast_head_json":{"title":"Dorival Caymmi - Um Homem de Afetos - MOSTRA XV Brazilian Film Festival - Brasil","description":"Uma viagem irresist\u00edvel pelo universo do cantor e compositor que revolucionou a can\u00e7\u00e3o no Brasil e influenciou gera\u00e7\u00f5es de m\u00fasicos, abrindo caminho para Bossa Nova e a Tropic\u00e1lia.","robots":{"index":"index","follow":"follow","max-snippet":"max-snippet:-1","max-image-preview":"max-image-preview:large","max-video-preview":"max-video-preview:-1"},"canonical":"https:\/\/mostrafilmfestival.org\/xv\/br\/filmes\/dorival-caymmi-um-homem-de-afetos\/","og_locale":"pt_BR","og_type":"article","og_title":"Dorival Caymmi - Um Homem de Afetos - MOSTRA XV Brazilian Film Festival - Brasil","og_description":"Uma viagem irresist\u00edvel pelo universo do cantor e compositor que revolucionou a can\u00e7\u00e3o no Brasil e influenciou gera\u00e7\u00f5es de m\u00fasicos, abrindo caminho para Bossa Nova e a Tropic\u00e1lia.","og_url":"https:\/\/mostrafilmfestival.org\/xv\/br\/filmes\/dorival-caymmi-um-homem-de-afetos\/","og_site_name":"MOSTRA XV Brazilian Film Festival - Brasil","article_modified_time":"2024-11-14T03:19:23+00:00","og_image":[{"width":1011,"height":768,"url":"https:\/\/mostrafilmfestival.org\/xv\/br\/wp-content\/uploads\/2024\/11\/Dorival-Caymmi_frame-1.png","type":"image\/png"}],"twitter_card":"summary_large_image","twitter_misc":{"Est. tempo de leitura":"3 minutos"},"schema":{"@context":"https:\/\/schema.org","@graph":[{"@type":"WebPage","@id":"https:\/\/mostrafilmfestival.org\/xv\/br\/filmes\/dorival-caymmi-um-homem-de-afetos\/","url":"https:\/\/mostrafilmfestival.org\/xv\/br\/filmes\/dorival-caymmi-um-homem-de-afetos\/","name":"Dorival Caymmi - Um Homem de Afetos - MOSTRA XV Brazilian Film Festival - Brasil","isPartOf":{"@id":"https:\/\/mostrafilmfestival.org\/xv\/br\/#website"},"primaryImageOfPage":{"@id":"https:\/\/mostrafilmfestival.org\/xv\/br\/filmes\/dorival-caymmi-um-homem-de-afetos\/#primaryimage"},"image":{"@id":"https:\/\/mostrafilmfestival.org\/xv\/br\/filmes\/dorival-caymmi-um-homem-de-afetos\/#primaryimage"},"thumbnailUrl":"https:\/\/mostrafilmfestival.org\/xv\/br\/wp-content\/uploads\/2024\/11\/Dorival-Caymmi_frame-1.png","datePublished":"2024-11-12T02:55:48+00:00","dateModified":"2024-11-14T03:19:23+00:00","description":"Uma viagem irresist\u00edvel pelo universo do cantor e compositor que revolucionou a can\u00e7\u00e3o no Brasil e influenciou gera\u00e7\u00f5es de m\u00fasicos, abrindo caminho para Bossa Nova e a Tropic\u00e1lia.","breadcrumb":{"@id":"https:\/\/mostrafilmfestival.org\/xv\/br\/filmes\/dorival-caymmi-um-homem-de-afetos\/#breadcrumb"},"inLanguage":"pt-BR","potentialAction":[{"@type":"ReadAction","target":["https:\/\/mostrafilmfestival.org\/xv\/br\/filmes\/dorival-caymmi-um-homem-de-afetos\/"]}]},{"@type":"ImageObject","inLanguage":"pt-BR","@id":"https:\/\/mostrafilmfestival.org\/xv\/br\/filmes\/dorival-caymmi-um-homem-de-afetos\/#primaryimage","url":"https:\/\/mostrafilmfestival.org\/xv\/br\/wp-content\/uploads\/2024\/11\/Dorival-Caymmi_frame-1.png","contentUrl":"https:\/\/mostrafilmfestival.org\/xv\/br\/wp-content\/uploads\/2024\/11\/Dorival-Caymmi_frame-1.png","width":1011,"height":768},{"@type":"BreadcrumbList","@id":"https:\/\/mostrafilmfestival.org\/xv\/br\/filmes\/dorival-caymmi-um-homem-de-afetos\/#breadcrumb","itemListElement":[{"@type":"ListItem","position":1,"name":"Home","item":"https:\/\/mostrafilmfestival.org\/xv\/br\/home\/"},{"@type":"ListItem","position":2,"name":"Dorival Caymmi &#8211; Um Homem de Afetos"}]},{"@type":"WebSite","@id":"https:\/\/mostrafilmfestival.org\/xv\/br\/#website","url":"https:\/\/mostrafilmfestival.org\/xv\/br\/","name":"MOSTRA XV Brazilian Film Festival - Brasil","description":"Filmes brasileiros com consci\u00eancia social.","potentialAction":[{"@type":"SearchAction","target":{"@type":"EntryPoint","urlTemplate":"https:\/\/mostrafilmfestival.org\/xv\/br\/?s={search_term_string}"},"query-input":{"@type":"PropertyValueSpecification","valueRequired":true,"valueName":"search_term_string"}}],"inLanguage":"pt-BR"}]}},"_links":{"self":[{"href":"https:\/\/mostrafilmfestival.org\/xv\/br\/wp-json\/wp\/v2\/portfolio\/39","targetHints":{"allow":["GET"]}}],"collection":[{"href":"https:\/\/mostrafilmfestival.org\/xv\/br\/wp-json\/wp\/v2\/portfolio"}],"about":[{"href":"https:\/\/mostrafilmfestival.org\/xv\/br\/wp-json\/wp\/v2\/types\/portfolio"}],"author":[{"embeddable":true,"href":"https:\/\/mostrafilmfestival.org\/xv\/br\/wp-json\/wp\/v2\/users\/1"}],"replies":[{"embeddable":true,"href":"https:\/\/mostrafilmfestival.org\/xv\/br\/wp-json\/wp\/v2\/comments?post=39"}],"version-history":[{"count":5,"href":"https:\/\/mostrafilmfestival.org\/xv\/br\/wp-json\/wp\/v2\/portfolio\/39\/revisions"}],"predecessor-version":[{"id":312,"href":"https:\/\/mostrafilmfestival.org\/xv\/br\/wp-json\/wp\/v2\/portfolio\/39\/revisions\/312"}],"wp:featuredmedia":[{"embeddable":true,"href":"https:\/\/mostrafilmfestival.org\/xv\/br\/wp-json\/wp\/v2\/media\/276"}],"wp:attachment":[{"href":"https:\/\/mostrafilmfestival.org\/xv\/br\/wp-json\/wp\/v2\/media?parent=39"}],"wp:term":[{"taxonomy":"post_tag","embeddable":true,"href":"https:\/\/mostrafilmfestival.org\/xv\/br\/wp-json\/wp\/v2\/tags?post=39"},{"taxonomy":"portfolio_entries","embeddable":true,"href":"https:\/\/mostrafilmfestival.org\/xv\/br\/wp-json\/wp\/v2\/portfolio_entries?post=39"}],"curies":[{"name":"wp","href":"https:\/\/api.w.org\/{rel}","templated":true}]}}