{"id":43,"date":"2024-11-12T02:59:28","date_gmt":"2024-11-12T02:59:28","guid":{"rendered":"https:\/\/mostrafilmfestival.org\/xv\/br\/?post_type=portfolio&#038;p=43"},"modified":"2024-11-14T00:18:30","modified_gmt":"2024-11-14T03:18:30","slug":"mais-pesado-e-o-ceu","status":"publish","type":"portfolio","link":"https:\/\/mostrafilmfestival.org\/xv\/br\/filmes\/mais-pesado-e-o-ceu\/","title":{"rendered":"Mais Pesado \u00e9 o C\u00e9u"},"content":{"rendered":"\n<style type=\"text\/css\" data-created_by=\"avia_inline_auto\" id=\"style-css-av-13zadv-d4f1c0481171a7c645236ff69ffc14ad\">\n.avia-section.av-13zadv-d4f1c0481171a7c645236ff69ffc14ad .av-parallax .av-parallax-inner{\nbackground-repeat:no-repeat;\nbackground-image:url(https:\/\/mostrafilmfestival.org\/xv\/br\/wp-content\/uploads\/2024\/11\/Mais-Pesado-e-o-Ceu-2.jpeg);\nbackground-position:50% 50%;\nbackground-attachment:scroll;\n}\n.avia-section.av-13zadv-d4f1c0481171a7c645236ff69ffc14ad .av-section-color-overlay{\nopacity:0.6;\nbackground-color:#000000;\n}\n<\/style>\n<div id='av_section_1'  class='avia-section av-13zadv-d4f1c0481171a7c645236ff69ffc14ad main_color avia-section-large avia-no-border-styling  avia-builder-el-0  el_before_av_submenu  avia-builder-el-first  avia-full-stretch av-parallax-section avia-bg-style-parallax av-section-color-overlay-active av-minimum-height av-minimum-height-100 av-height-100  container_wrap fullsize'  data-section-bg-repeat='stretch' data-av_minimum_height_pc='100' data-av_min_height_opt='100'><div class='av-parallax' data-avia-parallax-ratio='0.3' ><div class='av-parallax-inner main_color avia-full-stretch'><\/div><\/div><div class=\"av-section-color-overlay-wrap\"><div class=\"av-section-color-overlay\"><\/div><a href='#next-section' title='' class='scroll-down-link ' aria-hidden='true' data-av_icon='\ue877' data-av_iconfont='entypo-fontello'><\/a><div class='container av-section-cont-open' ><main  role=\"main\" itemprop=\"mainContentOfPage\"  class='template-page content  av-content-full alpha units'><div class='post-entry post-entry-type-page post-entry-43'><div class='entry-content-wrapper clearfix'>\n\n<style type=\"text\/css\" data-created_by=\"avia_inline_auto\" id=\"style-css-av-13o9pb-ea22900da6a98fb05f809e4fd81ffa2b\">\n#top .flex_column.av-13o9pb-ea22900da6a98fb05f809e4fd81ffa2b{\nmargin-top:0px;\nmargin-bottom:0px;\n}\n.responsive #top #wrap_all .flex_column.av-13o9pb-ea22900da6a98fb05f809e4fd81ffa2b{\nmargin-top:0px;\nmargin-bottom:0px;\n}\n<\/style>\n<div  class='flex_column av-13o9pb-ea22900da6a98fb05f809e4fd81ffa2b av_three_fourth  avia-builder-el-1  el_before_av_one_fourth  avia-builder-el-first  first flex_column_div  '     ><p>\n<style type=\"text\/css\" data-created_by=\"avia_inline_auto\" id=\"style-css-av-136apn-67521370851d3155189e2d729e9f37e4\">\n#top .av-special-heading.av-136apn-67521370851d3155189e2d729e9f37e4{\npadding-bottom:10px;\ncolor:#ffffff;\nfont-size:50px;\n}\nbody .av-special-heading.av-136apn-67521370851d3155189e2d729e9f37e4 .av-special-heading-tag .heading-char{\nfont-size:25px;\n}\n#top #wrap_all .av-special-heading.av-136apn-67521370851d3155189e2d729e9f37e4 .av-special-heading-tag{\nfont-size:50px;\n}\n.av-special-heading.av-136apn-67521370851d3155189e2d729e9f37e4 .special-heading-inner-border{\nborder-color:#ffffff;\n}\n.av-special-heading.av-136apn-67521370851d3155189e2d729e9f37e4 .av-subheading{\nfont-size:12px;\n}\n\n@media only screen and (min-width: 480px) and (max-width: 767px){ \n#top #wrap_all .av-special-heading.av-136apn-67521370851d3155189e2d729e9f37e4 .av-special-heading-tag{\nfont-size:0.8em;\n}\n}\n\n@media only screen and (max-width: 479px){ \n#top #wrap_all .av-special-heading.av-136apn-67521370851d3155189e2d729e9f37e4 .av-special-heading-tag{\nfont-size:0.8em;\n}\n}\n<\/style>\n<div  class='av-special-heading av-136apn-67521370851d3155189e2d729e9f37e4 av-special-heading-h1 custom-color-heading blockquote modern-quote  avia-builder-el-2  el_before_av_iconlist  avia-builder-el-first  av-inherit-size'><h1 class='av-special-heading-tag '  itemprop=\"headline\"  >MAIS PESADO \u00c9 O C\u00c9U<\/h1><div class=\"special-heading-border\"><div class=\"special-heading-inner-border\"><\/div><\/div><\/div><br \/>\n\n<style type=\"text\/css\" data-created_by=\"avia_inline_auto\" id=\"style-css-av-12i9z3-05d266b5c610c4bf7317bb85eb4805f5\">\n@keyframes av_sonarEffect_av-12i9z3-05d266b5c610c4bf7317bb85eb4805f5 {\n  0% {opacity: 0.3;}\n 40% {opacity: 0.5; box-shadow: 0 0 0 2px rgba(255,255,255,0.1), 0 0 10px 10px #ffffff, 0 0 0 10px rgba(255,255,255,0.5);}\n100% {opacity: 0; box-shadow: 0 0 0 2px rgba(255,255,255,0.1), 0 0 10px 10px #ffffff, 0 0 0 10px rgba(255,255,255,0.5); transform: scale(1.5);}\n}\n#top .avia-icon-list-container.av-12i9z3-05d266b5c610c4bf7317bb85eb4805f5 .iconlist_icon{\ncolor:#ffffff;\nfont-size:18px;\n}\n#top .avia-icon-list-container.av-12i9z3-05d266b5c610c4bf7317bb85eb4805f5 .iconlist_icon:hover:after{\nanimation:av_sonarEffect_av-12i9z3-05d266b5c610c4bf7317bb85eb4805f5 1s ease-in-out;\n}\n#top #wrap_all .avia-icon-list-container.av-12i9z3-05d266b5c610c4bf7317bb85eb4805f5 .av_iconlist_title{\nfont-size:18px;\ncolor:#ffffff;\n}\n.avia-icon-list-container.av-12i9z3-05d266b5c610c4bf7317bb85eb4805f5 .iconlist_content{\ncolor:#ffffff;\n}\n<\/style>\n<div  class='avia-icon-list-container av-12i9z3-05d266b5c610c4bf7317bb85eb4805f5  avia-builder-el-3  el_after_av_heading  el_before_av_iconlist '><ul class='avia-icon-list avia_animate_when_almost_visible avia-icon-list-left av-iconlist-small av-12i9z3-05d266b5c610c4bf7317bb85eb4805f5 avia-iconlist-animate avia-sonar-shadow'>\n<li><div class='iconlist_icon av-123n4f-d792dfd6db4f1515f231272b32443362 avia-font-entypo-fontello'><span class='iconlist-char' aria-hidden='true' data-av_icon='\ue80a' data-av_iconfont='entypo-fontello'><\/span><\/div><article class=\"article-icon-entry \"  itemscope=\"itemscope\" itemtype=\"https:\/\/schema.org\/CreativeWork\" ><div class=\"iconlist_content_wrap\"><header class=\"entry-content-header\" aria-label=\"Icon: \"><\/header><div class='iconlist_content av_inherit_color'  itemprop=\"text\" ><p>Dirigido por <strong>Petrus Cariry<\/strong><\/p>\n<\/div><\/div><footer class=\"entry-footer\"><\/footer><\/article><div class=\"iconlist-timeline\"><\/div><\/li>\n<li><div class='iconlist_icon av-112phr-24e70599a9cf98518369cb4e7ec173c2 avia-font-entypo-fontello'><span class='iconlist-char' aria-hidden='true' data-av_icon='\ue81f' data-av_iconfont='entypo-fontello'><\/span><\/div><article class=\"article-icon-entry \"  itemscope=\"itemscope\" itemtype=\"https:\/\/schema.org\/CreativeWork\" ><div class=\"iconlist_content_wrap\"><header class=\"entry-content-header\" aria-label=\"Icon: \"><\/header><div class='iconlist_content av_inherit_color'  itemprop=\"text\" ><p>Fic\u00e7\u00e3o |\u00a0 98min\u00a0 |\u00a0 2023<\/p>\n<\/div><\/div><footer class=\"entry-footer\"><\/footer><\/article><div class=\"iconlist-timeline\"><\/div><\/li>\n<li><div class='iconlist_icon av-3nusj-3fec7a2bf05146f99b2f707f3a2c1b3b avia-font-entypo-fontello'><span class='iconlist-char' aria-hidden='true' data-av_icon='\ue8a8' data-av_iconfont='entypo-fontello'><\/span><\/div><article class=\"article-icon-entry \"  itemscope=\"itemscope\" itemtype=\"https:\/\/schema.org\/CreativeWork\" ><div class=\"iconlist_content_wrap\"><header class=\"entry-content-header\" aria-label=\"Icon: \"><\/header><div class='iconlist_content av_inherit_color'  itemprop=\"text\" ><p>Winner of MOSTRA XV Trophy<\/p>\n<\/div><\/div><footer class=\"entry-footer\"><\/footer><\/article><div class=\"iconlist-timeline\"><\/div><\/li>\n<\/ul><\/div><br \/>\n\n<style type=\"text\/css\" data-created_by=\"avia_inline_auto\" id=\"style-css-av-10649n-8ca5ea36a4d21435efe68483973cf3e2\">\n@keyframes av_sonarEffect_av-10649n-8ca5ea36a4d21435efe68483973cf3e2 {\n  0% {opacity: 0.3;}\n 40% {opacity: 0.5; box-shadow: 0 0 0 2px rgba(255,255,255,0.1), 0 0 10px 10px #ffffff, 0 0 0 10px rgba(255,255,255,0.5);}\n100% {opacity: 0; box-shadow: 0 0 0 2px rgba(255,255,255,0.1), 0 0 10px 10px #ffffff, 0 0 0 10px rgba(255,255,255,0.5); transform: scale(1.5);}\n}\n#top .avia-icon-list-container.av-10649n-8ca5ea36a4d21435efe68483973cf3e2 .iconlist_icon{\ncolor:#ffffff;\nfont-size:18px;\n}\n#top .avia-icon-list-container.av-10649n-8ca5ea36a4d21435efe68483973cf3e2 .iconlist_icon:hover:after{\nanimation:av_sonarEffect_av-10649n-8ca5ea36a4d21435efe68483973cf3e2 1s ease-in-out;\n}\n#top #wrap_all .avia-icon-list-container.av-10649n-8ca5ea36a4d21435efe68483973cf3e2 .av_iconlist_title{\nfont-size:18px;\ncolor:#ffffff;\n}\n.avia-icon-list-container.av-10649n-8ca5ea36a4d21435efe68483973cf3e2 .iconlist_content{\ncolor:#ffffff;\n}\n<\/style>\n<div  class='avia-icon-list-container av-10649n-8ca5ea36a4d21435efe68483973cf3e2  avia-builder-el-4  el_after_av_iconlist  el_before_av_hr '><ul class='avia-icon-list avia_animate_when_almost_visible avia-icon-list-left av-iconlist-small av-10649n-8ca5ea36a4d21435efe68483973cf3e2 avia-iconlist-animate avia-sonar-shadow'>\n<li><div class='iconlist_icon av-ziolf-3649927434eaf861029cc2e152f5d2f9 avia-font-entypo-fontello'><span class='iconlist-char' aria-hidden='true' data-av_icon='\ue84b' data-av_iconfont='entypo-fontello'><\/span><\/div><article class=\"article-icon-entry \"  itemscope=\"itemscope\" itemtype=\"https:\/\/schema.org\/CreativeWork\" ><div class=\"iconlist_content_wrap\"><header class=\"entry-content-header\" aria-label=\"Icon: Sinopse\"><div class='av_iconlist_title iconlist_title_small  av_inherit_color'  itemprop=\"headline\" >Sinopse<\/div><\/header><div class='iconlist_content av_inherit_color'  itemprop=\"text\" ><p>Ap\u00f3s acolher uma crian\u00e7a abandonada, Teresa conhece Ant\u00f4nio e os dois iniciam uma jornada pelas estradas. Para eles, o passado em comum est\u00e1 nas mem\u00f3rias de uma cidade submersa no fundo de uma represa. A vida \u00e9 sonho, mas o futuro \u00e9 a incerteza.<\/p>\n<\/div><\/div><footer class=\"entry-footer\"><\/footer><\/article><div class=\"iconlist-timeline\"><\/div><\/li>\n<\/ul><\/div><br \/>\n\n<style type=\"text\/css\" data-created_by=\"avia_inline_auto\" id=\"style-css-av-yz74n-c3e58371401d73515a7ea316dd632b97\">\n#top .hr.hr-invisible.av-yz74n-c3e58371401d73515a7ea316dd632b97{\nheight:50px;\n}\n<\/style>\n<div  class='hr av-yz74n-c3e58371401d73515a7ea316dd632b97 hr-invisible  avia-builder-el-5  el_after_av_iconlist  avia-builder-el-last '><span class='hr-inner '><span class=\"hr-inner-style\"><\/span><\/span><\/div><\/p><\/div>\n<style type=\"text\/css\" data-created_by=\"avia_inline_auto\" id=\"style-css-av-3g93r-89af876e8e6fd010fef5e59fef75ca2f\">\n#top .flex_column.av-3g93r-89af876e8e6fd010fef5e59fef75ca2f{\nmargin-top:0px;\nmargin-bottom:0px;\n}\n.flex_column.av-3g93r-89af876e8e6fd010fef5e59fef75ca2f{\nborder-radius:0px 0px 0px 0px;\npadding:0px 0px 0px 0px;\n}\n.responsive #top #wrap_all .flex_column.av-3g93r-89af876e8e6fd010fef5e59fef75ca2f{\nmargin-top:0px;\nmargin-bottom:0px;\n}\n<\/style>\n<div  class='flex_column av-3g93r-89af876e8e6fd010fef5e59fef75ca2f av_one_fourth  avia-builder-el-6  el_after_av_three_fourth  avia-builder-el-last  flex_column_div av-zero-column-padding  '     ><style type=\"text\/css\" data-created_by=\"avia_inline_auto\" id=\"style-css-av-xvjnr-bbe13547888329d34a4f1c66842c5510\">\n@keyframes av_boxShadowEffect_av-xvjnr-bbe13547888329d34a4f1c66842c5510 {\n0%   { box-shadow:  0 0 0 0 #000000; opacity: 1; }\n100% { box-shadow:  0 0 10px 0 #000000; opacity: 1; }\n}\n.avia-image-container.av-xvjnr-bbe13547888329d34a4f1c66842c5510 img.avia_image{\nbox-shadow: 0 0 10px 0 #000000;\n}\n.avia-image-container.av-xvjnr-bbe13547888329d34a4f1c66842c5510 .av-image-caption-overlay-center{\ncolor:#ffffff;\n}\n<\/style>\n<div  class='avia-image-container av-xvjnr-bbe13547888329d34a4f1c66842c5510 av-styling- av-img-linked avia-align-center  avia-builder-el-7  avia-builder-el-no-sibling  av-img-box-shadow av-box-shadow-not-animated'   itemprop=\"image\" itemscope=\"itemscope\" itemtype=\"https:\/\/schema.org\/ImageObject\" ><div class=\"avia-image-container-inner\"><div class=\"avia-image-overlay-wrap\"><a href=\"https:\/\/mostrafilmfestival.org\/xv\/br\/wp-content\/uploads\/2024\/11\/Mais-Pesado-Ceu-POSTER-724x1030.jpeg\" data-srcset=\"https:\/\/mostrafilmfestival.org\/xv\/br\/wp-content\/uploads\/2024\/11\/Mais-Pesado-Ceu-POSTER-724x1030.jpeg 724w, https:\/\/mostrafilmfestival.org\/xv\/br\/wp-content\/uploads\/2024\/11\/Mais-Pesado-Ceu-POSTER-211x300.jpeg 211w, https:\/\/mostrafilmfestival.org\/xv\/br\/wp-content\/uploads\/2024\/11\/Mais-Pesado-Ceu-POSTER-495x705.jpeg 495w, https:\/\/mostrafilmfestival.org\/xv\/br\/wp-content\/uploads\/2024\/11\/Mais-Pesado-Ceu-POSTER.jpeg 768w\" data-sizes=\"(max-width: 724px) 100vw, 724px\" class='avia_image '  aria-label='Mais-Pesado-Ceu-POSTER'><img decoding=\"async\" fetchpriority=\"high\" class='wp-image-261 avia-img-lazy-loading-not-261 avia_image shadow-not-animated' src=\"https:\/\/mostrafilmfestival.org\/xv\/br\/wp-content\/uploads\/2024\/11\/Mais-Pesado-Ceu-POSTER-724x1030.jpeg\" alt='' title='Mais-Pesado-Ceu-POSTER'  height=\"1030\" width=\"724\"  itemprop=\"thumbnailUrl\" srcset=\"https:\/\/mostrafilmfestival.org\/xv\/br\/wp-content\/uploads\/2024\/11\/Mais-Pesado-Ceu-POSTER-724x1030.jpeg 724w, https:\/\/mostrafilmfestival.org\/xv\/br\/wp-content\/uploads\/2024\/11\/Mais-Pesado-Ceu-POSTER-211x300.jpeg 211w, https:\/\/mostrafilmfestival.org\/xv\/br\/wp-content\/uploads\/2024\/11\/Mais-Pesado-Ceu-POSTER-495x705.jpeg 495w, https:\/\/mostrafilmfestival.org\/xv\/br\/wp-content\/uploads\/2024\/11\/Mais-Pesado-Ceu-POSTER.jpeg 768w\" sizes=\"(max-width: 724px) 100vw, 724px\" \/><\/a><\/div><\/div><\/div><\/div>\n\n<\/div><\/div><\/main><!-- close content main element --><\/div><\/div><\/div><div id='sub_menu1'  class='av-submenu-container av-x49mz-e71eb1c5f82d925d6e696e112848f2d2 main_color  avia-builder-el-8  el_after_av_section  el_before_av_section  submenu-not-first container_wrap fullsize' style='z-index:301' ><div class='container av-menu-mobile-disabled av-submenu-pos-center'><ul id='av-custom-submenu-1' class='av-subnav-menu' role='menu'>\n<li class='menu-item av-w7vl7-28126a9ee3290c62fbe2c06da05691fe menu-item-top-level menu-item-top-level-1' role='menuitem'><a href='#trailer'  ><span class='avia-bullet'><\/span><span class='avia-menu-text'>Trailer<\/span><\/a><\/li>\n<li class='menu-item av-35yt7-5952b7fa600e2482207c89c795438f83 menu-item-top-level menu-item-top-level-2' role='menuitem'><a href='#credits'  ><span class='avia-bullet'><\/span><span class='avia-menu-text'>Cr\u00e9ditos<\/span><\/a><\/li>\n<li class='menu-item av-vf10b-3012c441f0623e9dda8cb34b1967866d menu-item-top-level menu-item-top-level-3' role='menuitem'><a href='#gallery'  ><span class='avia-bullet'><\/span><span class='avia-menu-text'>Galeria<\/span><\/a><\/li>\n<li class='menu-item av-urxdf-8024a69d959d529e5cea4faabcfd815e menu-item-top-level menu-item-top-level-4' role='menuitem'><a href='#qea'  ><span class='avia-bullet'><\/span><span class='avia-menu-text'>Conhe\u00e7a o(a) Diretor(a)<\/span><\/a><\/li>\n<li class='menu-item av-uapp3-ae9efaea58136e9a9aad6ac2da7b7714 menu-item-top-level menu-item-top-level-5' role='menuitem'><a href='#watch'  ><span class='avia-bullet'><\/span><span class='avia-menu-text'>Onde Assistir<\/span><\/a><\/li>\n<li class='menu-item av-tbuoj-d2bc4310f7f5e0231211a5834264ad94 menu-item-top-level menu-item-top-level-6' role='menuitem'><a href='#more'  ><span class='avia-bullet'><\/span><span class='avia-menu-text'>Mais Filmes<\/span><\/a><\/li>\n<\/ul><\/div><\/div>\n<div id='av_section_2'  class='avia-section av-sz0vj-337a985ce3ae82db0027383876493a61 main_color avia-section-large avia-no-border-styling  avia-builder-el-9  el_after_av_submenu  el_before_av_masonry_gallery  avia-bg-style-scroll container_wrap fullsize'  ><div class='container av-section-cont-open' ><div class='template-page content  av-content-full alpha units'><div class='post-entry post-entry-type-page post-entry-43'><div class='entry-content-wrapper clearfix'>\n<div  id=\"trailer\"  class='flex_column av-sanmz-ab0443acf4e1fa558dac253e5ff8a75f av_three_fifth  avia-builder-el-10  el_before_av_two_fifth  avia-builder-el-first  first flex_column_div  '     ><p>\n<style type=\"text\/css\" data-created_by=\"avia_inline_auto\" id=\"style-css-av-rvnwf-3cbbcdfd638e6050689478c7805695ce\">\n#top .av-special-heading.av-rvnwf-3cbbcdfd638e6050689478c7805695ce{\npadding-bottom:10px;\nfont-size:40px;\n}\nbody .av-special-heading.av-rvnwf-3cbbcdfd638e6050689478c7805695ce .av-special-heading-tag .heading-char{\nfont-size:25px;\n}\n#top #wrap_all .av-special-heading.av-rvnwf-3cbbcdfd638e6050689478c7805695ce .av-special-heading-tag{\nfont-size:40px;\npadding:0 0 20px 0;\n}\n.av-special-heading.av-rvnwf-3cbbcdfd638e6050689478c7805695ce .av-subheading{\nfont-size:12px;\n}\n\n@media only screen and (min-width: 480px) and (max-width: 767px){ \n#top #wrap_all .av-special-heading.av-rvnwf-3cbbcdfd638e6050689478c7805695ce .av-special-heading-tag{\nfont-size:0.8em;\n}\n}\n\n@media only screen and (max-width: 479px){ \n#top #wrap_all .av-special-heading.av-rvnwf-3cbbcdfd638e6050689478c7805695ce .av-special-heading-tag{\nfont-size:0.8em;\n}\n}\n<\/style>\n<div  class='av-special-heading av-rvnwf-3cbbcdfd638e6050689478c7805695ce av-special-heading-h2 blockquote modern-quote  avia-builder-el-11  el_before_av_codeblock  avia-builder-el-first  av-inherit-size'><h2 class='av-special-heading-tag '  itemprop=\"headline\"  >Trailer<\/h2><div class=\"special-heading-border\"><div class=\"special-heading-inner-border\"><\/div><\/div><\/div><br \/>\n<\/p><\/div>\n<style type=\"text\/css\" data-created_by=\"avia_inline_auto\" id=\"style-css-av-qj3ir-b97796f1db40f5bde383a57fcdf8da8c\">\n.avia-fold-unfold-section.av-fold-column-av-qj3ir-b97796f1db40f5bde383a57fcdf8da8c .av-fold-unfold-container{\nmax-height:500px;\n}\n<\/style>\n<div  id=\"credits\"  class='flex_column av-qj3ir-b97796f1db40f5bde383a57fcdf8da8c av_two_fifth  avia-builder-el-13  el_after_av_three_fifth  avia-builder-el-last  flex_column_div avia-fold-unfold-section avia-fold-column-wrap avia-fold-init av-fold-column-av-qj3ir-b97796f1db40f5bde383a57fcdf8da8c avia-size-medium align-left '     data-fold_unfold=\"{&quot;type&quot;:&quot;avia-fold-unfold-section&quot;,&quot;height&quot;:&quot;500&quot;,&quot;more&quot;:&quot;Read more&quot;,&quot;less&quot;:&quot;Read less&quot;,&quot;context&quot;:&quot;avia_sc_columns&quot;}\"><div class=\"av-fold-unfold-container folded\"><div class=\"av-fold-unfold-inner\"><\/div><\/div><div class='av-fold-button-wrapper av-section-fold-btn-wrap avia-button-wrap'><a href=\"#\" class=\"av-fold-button-container  avia-button avia-size-medium avia-color-theme-color\" data-ignore_hash=\"1\" data-no_scroll_in_viewport=\"1\" data-scroll_top_offset=\"50\">Read more<\/a><\/div><p>\n<style type=\"text\/css\" data-created_by=\"avia_inline_auto\" id=\"style-css-av-pvlav-a81f39b95e9d461d7c9d55b21fd6b5eb\">\n#top .av-special-heading.av-pvlav-a81f39b95e9d461d7c9d55b21fd6b5eb{\npadding-bottom:10px;\nfont-size:40px;\n}\nbody .av-special-heading.av-pvlav-a81f39b95e9d461d7c9d55b21fd6b5eb .av-special-heading-tag .heading-char{\nfont-size:25px;\n}\n#top #wrap_all .av-special-heading.av-pvlav-a81f39b95e9d461d7c9d55b21fd6b5eb .av-special-heading-tag{\nfont-size:40px;\n}\n.av-special-heading.av-pvlav-a81f39b95e9d461d7c9d55b21fd6b5eb .av-subheading{\nfont-size:12px;\n}\n\n@media only screen and (min-width: 480px) and (max-width: 767px){ \n#top #wrap_all .av-special-heading.av-pvlav-a81f39b95e9d461d7c9d55b21fd6b5eb .av-special-heading-tag{\nfont-size:0.8em;\n}\n}\n\n@media only screen and (max-width: 479px){ \n#top #wrap_all .av-special-heading.av-pvlav-a81f39b95e9d461d7c9d55b21fd6b5eb .av-special-heading-tag{\nfont-size:0.8em;\n}\n}\n<\/style>\n<div  class='av-special-heading av-pvlav-a81f39b95e9d461d7c9d55b21fd6b5eb av-special-heading-h2 blockquote modern-quote  avia-builder-el-14  el_before_av_iconlist  avia-builder-el-first  av-inherit-size'><h2 class='av-special-heading-tag '  itemprop=\"headline\"  >Ficha T\u00e9cnica<\/h2><div class=\"special-heading-border\"><div class=\"special-heading-inner-border\"><\/div><\/div><\/div><br \/>\n\n<style type=\"text\/css\" data-created_by=\"avia_inline_auto\" id=\"style-css-av-p79j3-64405e11fdccff75b1421bff4970b8a8\">\n@keyframes av_sonarEffect_av-p79j3-64405e11fdccff75b1421bff4970b8a8 {\n  0% {opacity: 0.3;}\n 40% {opacity: 0.5; box-shadow: 0 0 0 2px rgba(255,255,255,0.1), 0 0 10px 10px #ffffff, 0 0 0 10px rgba(255,255,255,0.5);}\n100% {opacity: 0; box-shadow: 0 0 0 2px rgba(255,255,255,0.1), 0 0 10px 10px #ffffff, 0 0 0 10px rgba(255,255,255,0.5); transform: scale(1.5);}\n}\n#top .avia-icon-list-container.av-p79j3-64405e11fdccff75b1421bff4970b8a8 .iconlist_icon:hover:after{\nanimation:av_sonarEffect_av-p79j3-64405e11fdccff75b1421bff4970b8a8 1s ease-in-out;\n}\n<\/style>\n<div  class='avia-icon-list-container av-p79j3-64405e11fdccff75b1421bff4970b8a8  avia-builder-el-15  el_after_av_heading  avia-builder-el-last '><ul class='avia-icon-list avia_animate_when_almost_visible avia-icon-list-left av-iconlist-small av-p79j3-64405e11fdccff75b1421bff4970b8a8 avia-iconlist-animate avia-sonar-shadow'>\n<li><div class='iconlist_icon av-ow37r-0ce94a385db1daf88569eebf3d646c64 avia-font-entypo-fontello'><span class='iconlist-char' aria-hidden='true' data-av_icon='\ue80d' data-av_iconfont='entypo-fontello'><\/span><\/div><article class=\"article-icon-entry \"  itemscope=\"itemscope\" itemtype=\"https:\/\/schema.org\/CreativeWork\" ><div class=\"iconlist_content_wrap\"><header class=\"entry-content-header\" aria-label=\"Icon: T\u00edtulo Original\"><div class='av_iconlist_title iconlist_title_small  '  itemprop=\"headline\" >T\u00edtulo Original<\/div><\/header><div class='iconlist_content '  itemprop=\"text\" ><p>Mais Pesado \u00e9 o C\u00e9u<\/p>\n<\/div><\/div><footer class=\"entry-footer\"><\/footer><\/article><div class=\"iconlist-timeline\"><\/div><\/li>\n<li><div class='iconlist_icon av-oe6m7-560b5976c03f0a3a511aa1e5dbbd9196 avia-font-mostra-br-xiv'><span class='iconlist-char' aria-hidden='true' data-av_icon='\ue802' data-av_iconfont='mostra-br-xiv'><\/span><\/div><article class=\"article-icon-entry \"  itemscope=\"itemscope\" itemtype=\"https:\/\/schema.org\/CreativeWork\" ><div class=\"iconlist_content_wrap\"><header class=\"entry-content-header\" aria-label=\"Icon: Dire\u00e7\u00e3o\"><div class='av_iconlist_title iconlist_title_small  '  itemprop=\"headline\" >Dire\u00e7\u00e3o<\/div><\/header><div class='iconlist_content '  itemprop=\"text\" ><p>Petrus Cariry<\/p>\n<\/div><\/div><footer class=\"entry-footer\"><\/footer><\/article><div class=\"iconlist-timeline\"><\/div><\/li>\n<li><div class='iconlist_icon av-nomsb-cf58e9bfdc6e4c5c07b02159745102ae avia-font-mostra-br-xiv'><span class='iconlist-char' aria-hidden='true' data-av_icon='\ue808' data-av_iconfont='mostra-br-xiv'><\/span><\/div><article class=\"article-icon-entry \"  itemscope=\"itemscope\" itemtype=\"https:\/\/schema.org\/CreativeWork\" ><div class=\"iconlist_content_wrap\"><header class=\"entry-content-header\" aria-label=\"Icon: Produ\u00e7\u00e3o\"><div class='av_iconlist_title iconlist_title_small  '  itemprop=\"headline\" >Produ\u00e7\u00e3o<\/div><\/header><div class='iconlist_content '  itemprop=\"text\" ><p>B\u00e1rbara Cariry<\/p>\n<\/div><\/div><footer class=\"entry-footer\"><\/footer><\/article><div class=\"iconlist-timeline\"><\/div><\/li>\n<li><div class='iconlist_icon av-n0if7-0308a1fcecbdf03dcb054c01f9bdda76 avia-font-entypo-fontello'><span class='iconlist-char' aria-hidden='true' data-av_icon='\ue829' data-av_iconfont='entypo-fontello'><\/span><\/div><article class=\"article-icon-entry \"  itemscope=\"itemscope\" itemtype=\"https:\/\/schema.org\/CreativeWork\" ><div class=\"iconlist_content_wrap\"><header class=\"entry-content-header\" aria-label=\"Icon: Categoria\"><div class='av_iconlist_title iconlist_title_small  '  itemprop=\"headline\" >Categoria<\/div><\/header><div class='iconlist_content '  itemprop=\"text\" ><p>Fic\u00e7\u00e3o<\/p>\n<\/div><\/div><footer class=\"entry-footer\"><\/footer><\/article><div class=\"iconlist-timeline\"><\/div><\/li>\n<li><div class='iconlist_icon av-mehwn-7353d7cc2ecafd3baf65b61767c4743d avia-font-mostra-br-xiv'><span class='iconlist-char' aria-hidden='true' data-av_icon='\ue809' data-av_iconfont='mostra-br-xiv'><\/span><\/div><article class=\"article-icon-entry \"  itemscope=\"itemscope\" itemtype=\"https:\/\/schema.org\/CreativeWork\" ><div class=\"iconlist_content_wrap\"><header class=\"entry-content-header\" aria-label=\"Icon: Ano\"><div class='av_iconlist_title iconlist_title_small  '  itemprop=\"headline\" >Ano<\/div><\/header><div class='iconlist_content '  itemprop=\"text\" ><p>2023<\/p>\n<\/div><\/div><footer class=\"entry-footer\"><\/footer><\/article><div class=\"iconlist-timeline\"><\/div><\/li>\n<li><div class='iconlist_icon av-loexv-e8fc5d64f1060de8d3432226b61e25e0 avia-font-entypo-fontello'><span class='iconlist-char' aria-hidden='true' data-av_icon='\ue837' data-av_iconfont='entypo-fontello'><\/span><\/div><article class=\"article-icon-entry \"  itemscope=\"itemscope\" itemtype=\"https:\/\/schema.org\/CreativeWork\" ><div class=\"iconlist_content_wrap\"><header class=\"entry-content-header\" aria-label=\"Icon: Roteiro Original\"><div class='av_iconlist_title iconlist_title_small  '  itemprop=\"headline\" >Roteiro Original<\/div><\/header><div class='iconlist_content '  itemprop=\"text\" ><p>Rosemberg Cariry, Firmino Holanda e Petrus Cariry<\/p>\n<\/div><\/div><footer class=\"entry-footer\"><\/footer><\/article><div class=\"iconlist-timeline\"><\/div><\/li>\n<li><div class='iconlist_icon av-kzpz3-df7be18aa23b00248511206643a56b57 avia-font-entypo-fontello'><span class='iconlist-char' aria-hidden='true' data-av_icon='\ue80f' data-av_iconfont='entypo-fontello'><\/span><\/div><article class=\"article-icon-entry \"  itemscope=\"itemscope\" itemtype=\"https:\/\/schema.org\/CreativeWork\" ><div class=\"iconlist_content_wrap\"><header class=\"entry-content-header\" aria-label=\"Icon: Dire\u00e7\u00e3o de Fotografia\"><div class='av_iconlist_title iconlist_title_small  '  itemprop=\"headline\" >Dire\u00e7\u00e3o de Fotografia<\/div><\/header><div class='iconlist_content '  itemprop=\"text\" ><p>Petrus Cariry<\/p>\n<\/div><\/div><footer class=\"entry-footer\"><\/footer><\/article><div class=\"iconlist-timeline\"><\/div><\/li>\n<li><div class='iconlist_icon av-kqxoz-a50e726646efc6cb08aa74ee9f31849a avia-font-entypo-fontello'><span class='iconlist-char' aria-hidden='true' data-av_icon='\ue8a4' data-av_iconfont='entypo-fontello'><\/span><\/div><article class=\"article-icon-entry \"  itemscope=\"itemscope\" itemtype=\"https:\/\/schema.org\/CreativeWork\" ><div class=\"iconlist_content_wrap\"><header class=\"entry-content-header\" aria-label=\"Icon: Dire\u00e7\u00e3o de Arte\"><div class='av_iconlist_title iconlist_title_small  '  itemprop=\"headline\" >Dire\u00e7\u00e3o de Arte<\/div><\/header><div class='iconlist_content '  itemprop=\"text\" ><p>S\u00e9rgio Silveira e Lana Patr\u00edcia<\/p>\n<\/div><\/div><footer class=\"entry-footer\"><\/footer><\/article><div class=\"iconlist-timeline\"><\/div><\/li>\n<li><div class='iconlist_icon av-jycrb-7a1afaed1b2abc349d8bd93ce0cc2f0b avia-font-mostra-br-xiv'><span class='iconlist-char' aria-hidden='true' data-av_icon='\ue803' data-av_iconfont='mostra-br-xiv'><\/span><\/div><article class=\"article-icon-entry \"  itemscope=\"itemscope\" itemtype=\"https:\/\/schema.org\/CreativeWork\" ><div class=\"iconlist_content_wrap\"><header class=\"entry-content-header\" aria-label=\"Icon: Figurino\"><div class='av_iconlist_title iconlist_title_small  '  itemprop=\"headline\" >Figurino<\/div><\/header><div class='iconlist_content '  itemprop=\"text\" ><p>Lana Patr\u00edcia<\/p>\n<\/div><\/div><footer class=\"entry-footer\"><\/footer><\/article><div class=\"iconlist-timeline\"><\/div><\/li>\n<li><div class='iconlist_icon av-j9b27-d4b006ccf0599623032e492a2cfa1baf avia-font-mostra-br-xiv'><span class='iconlist-char' aria-hidden='true' data-av_icon='\ue800' data-av_iconfont='mostra-br-xiv'><\/span><\/div><article class=\"article-icon-entry \"  itemscope=\"itemscope\" itemtype=\"https:\/\/schema.org\/CreativeWork\" ><div class=\"iconlist_content_wrap\"><header class=\"entry-content-header\" aria-label=\"Icon: Maquiagem\"><div class='av_iconlist_title iconlist_title_small  '  itemprop=\"headline\" >Maquiagem<\/div><\/header><div class='iconlist_content '  itemprop=\"text\" ><p>Bruna Santos<\/p>\n<\/div><\/div><footer class=\"entry-footer\"><\/footer><\/article><div class=\"iconlist-timeline\"><\/div><\/li>\n<li><div class='iconlist_icon av-irsff-3d9f86e3c8622b247f53963d7f498580 avia-font-mostra-br-xiv'><span class='iconlist-char' aria-hidden='true' data-av_icon='\ue804' data-av_iconfont='mostra-br-xiv'><\/span><\/div><article class=\"article-icon-entry \"  itemscope=\"itemscope\" itemtype=\"https:\/\/schema.org\/CreativeWork\" ><div class=\"iconlist_content_wrap\"><header class=\"entry-content-header\" aria-label=\"Icon: Efeitos Visuais\"><div class='av_iconlist_title iconlist_title_small  '  itemprop=\"headline\" >Efeitos Visuais<\/div><\/header><div class='iconlist_content '  itemprop=\"text\" ><p>Magno Guimar\u00e3es<\/p>\n<\/div><\/div><footer class=\"entry-footer\"><\/footer><\/article><div class=\"iconlist-timeline\"><\/div><\/li>\n<li><div class='iconlist_icon av-i9qyv-600bdcc5aec82e0370750bd996bfca64 avia-font-mostra-br-xiv'><span class='iconlist-char' aria-hidden='true' data-av_icon='\ue806' data-av_iconfont='mostra-br-xiv'><\/span><\/div><article class=\"article-icon-entry \"  itemscope=\"itemscope\" itemtype=\"https:\/\/schema.org\/CreativeWork\" ><div class=\"iconlist_content_wrap\"><header class=\"entry-content-header\" aria-label=\"Icon: Montagem\"><div class='av_iconlist_title iconlist_title_small  '  itemprop=\"headline\" >Montagem<\/div><\/header><div class='iconlist_content '  itemprop=\"text\" ><p>Petrus Cariry e Firmino Holanda<\/p>\n<\/div><\/div><footer class=\"entry-footer\"><\/footer><\/article><div class=\"iconlist-timeline\"><\/div><\/li>\n<li><div class='iconlist_icon av-hj40n-dcd7962d62a0a88072f2af3d292cfa71 avia-font-mostra-br-xiv'><span class='iconlist-char' aria-hidden='true' data-av_icon='\ue80b' data-av_iconfont='mostra-br-xiv'><\/span><\/div><article class=\"article-icon-entry \"  itemscope=\"itemscope\" itemtype=\"https:\/\/schema.org\/CreativeWork\" ><div class=\"iconlist_content_wrap\"><header class=\"entry-content-header\" aria-label=\"Icon: Som Direto\"><div class='av_iconlist_title iconlist_title_small  '  itemprop=\"headline\" >Som Direto<\/div><\/header><div class='iconlist_content '  itemprop=\"text\" ><p>Danilo Carvalho<\/p>\n<\/div><\/div><footer class=\"entry-footer\"><\/footer><\/article><div class=\"iconlist-timeline\"><\/div><\/li>\n<li><div class='iconlist_icon av-h75oz-dccd7178b99816eb4c279fb32b43fb50 avia-font-mostra-br-xiv'><span class='iconlist-char' aria-hidden='true' data-av_icon='\ue805' data-av_iconfont='mostra-br-xiv'><\/span><\/div><article class=\"article-icon-entry \"  itemscope=\"itemscope\" itemtype=\"https:\/\/schema.org\/CreativeWork\" ><div class=\"iconlist_content_wrap\"><header class=\"entry-content-header\" aria-label=\"Icon: Edi\u00e7\u00e3o Sonora\"><div class='av_iconlist_title iconlist_title_small  '  itemprop=\"headline\" >Edi\u00e7\u00e3o Sonora<\/div><\/header><div class='iconlist_content '  itemprop=\"text\" ><p>\u00c9rico Paiva<\/p>\n<\/div><\/div><footer class=\"entry-footer\"><\/footer><\/article><div class=\"iconlist-timeline\"><\/div><\/li>\n<li><div class='iconlist_icon av-gncnj-ff501cc3ac7bce7328bf1123500931e5 avia-font-mostra-br-xiv'><span class='iconlist-char' aria-hidden='true' data-av_icon='\ue801' data-av_iconfont='mostra-br-xiv'><\/span><\/div><article class=\"article-icon-entry \"  itemscope=\"itemscope\" itemtype=\"https:\/\/schema.org\/CreativeWork\" ><div class=\"iconlist_content_wrap\"><header class=\"entry-content-header\" aria-label=\"Icon: Mixagem\"><div class='av_iconlist_title iconlist_title_small  '  itemprop=\"headline\" >Mixagem<\/div><\/header><div class='iconlist_content '  itemprop=\"text\" ><p>\u00c9rico Paiva<\/p>\n<\/div><\/div><footer class=\"entry-footer\"><\/footer><\/article><div class=\"iconlist-timeline\"><\/div><\/li>\n<li><div class='iconlist_icon av-fmu5b-f9e7d76184473794859d70a2ad6b32d5 avia-font-entypo-fontello'><span class='iconlist-char' aria-hidden='true' data-av_icon='\ue801' data-av_iconfont='entypo-fontello'><\/span><\/div><article class=\"article-icon-entry \"  itemscope=\"itemscope\" itemtype=\"https:\/\/schema.org\/CreativeWork\" ><div class=\"iconlist_content_wrap\"><header class=\"entry-content-header\" aria-label=\"Icon: Trilha Sonora\"><div class='av_iconlist_title iconlist_title_small  '  itemprop=\"headline\" >Trilha Sonora<\/div><\/header><div class='iconlist_content '  itemprop=\"text\" ><p>Jo\u00e3o Victor Barroso<\/p>\n<\/div><\/div><footer class=\"entry-footer\"><\/footer><\/article><div class=\"iconlist-timeline\"><\/div><\/li>\n<li><div class='iconlist_icon av-fgwyb-ab3bac3e03adc85309274aadcd66822d avia-font-entypo-fontello'><span class='iconlist-char' aria-hidden='true' data-av_icon='\ue808' data-av_iconfont='entypo-fontello'><\/span><\/div><article class=\"article-icon-entry \"  itemscope=\"itemscope\" itemtype=\"https:\/\/schema.org\/CreativeWork\" ><div class=\"iconlist_content_wrap\"><header class=\"entry-content-header\" aria-label=\"Icon: Elenco\"><div class='av_iconlist_title iconlist_title_small  '  itemprop=\"headline\" >Elenco<\/div><\/header><div class='iconlist_content '  itemprop=\"text\" ><p>Matheus Nachtergaele, Ana Luiza Rios, S\u00edlvia Buarque, Danny Barbosa, Marcos Duarte e Buda Lira.<\/p>\n<\/div><\/div><footer class=\"entry-footer\"><\/footer><\/article><div class=\"iconlist-timeline\"><\/div><\/li>\n<li><div class='iconlist_icon av-eqf67-d75f64ee7eb7801fae59640a288bf6c3 avia-font-mostra-br-xiv'><span class='iconlist-char' aria-hidden='true' data-av_icon='\ue80a' data-av_iconfont='mostra-br-xiv'><\/span><\/div><article class=\"article-icon-entry \"  itemscope=\"itemscope\" itemtype=\"https:\/\/schema.org\/CreativeWork\" ><div class=\"iconlist_content_wrap\"><header class=\"entry-content-header\" aria-label=\"Icon: Empresa Produtora\"><div class='av_iconlist_title iconlist_title_small  '  itemprop=\"headline\" >Empresa Produtora<\/div><\/header><div class='iconlist_content '  itemprop=\"text\" ><p>Iluminura Filmes<\/p>\n<\/div><\/div><footer class=\"entry-footer\"><\/footer><\/article><div class=\"iconlist-timeline\"><\/div><\/li>\n<\/ul><\/div><\/p><\/div>\n\n<div id='gallery' class='av-masonry av-e1eh7-8aeec3249e84da424ff110f9c0c99655 noHover av-fixed-size av-1px-gap av-hover-overlay-active av-masonry-animation-active av-masonry-col-3 av-caption-always av-caption-style- av-masonry-gallery av-small-columns-overwrite av-small-columns-2 av-mini-columns-overwrite av-mini-columns-2 ' data-post_id=\"43\"><div class=\"av-masonry-container isotope av-js-disabled\"><div class='av-masonry-entry isotope-item av-masonry-item-no-image '><\/div><a href=\"https:\/\/mostrafilmfestival.org\/xv\/br\/wp-content\/uploads\/2024\/11\/Mais-Pesado-e-o-Ceu-3-1030x579.jpeg\" data-srcset=\"https:\/\/mostrafilmfestival.org\/xv\/br\/wp-content\/uploads\/2024\/11\/Mais-Pesado-e-o-Ceu-3-1030x579.jpeg 1030w, https:\/\/mostrafilmfestival.org\/xv\/br\/wp-content\/uploads\/2024\/11\/Mais-Pesado-e-o-Ceu-3-300x169.jpeg 300w, https:\/\/mostrafilmfestival.org\/xv\/br\/wp-content\/uploads\/2024\/11\/Mais-Pesado-e-o-Ceu-3-768x432.jpeg 768w, https:\/\/mostrafilmfestival.org\/xv\/br\/wp-content\/uploads\/2024\/11\/Mais-Pesado-e-o-Ceu-3-1536x864.jpeg 1536w, https:\/\/mostrafilmfestival.org\/xv\/br\/wp-content\/uploads\/2024\/11\/Mais-Pesado-e-o-Ceu-3-1500x844.jpeg 1500w, https:\/\/mostrafilmfestival.org\/xv\/br\/wp-content\/uploads\/2024\/11\/Mais-Pesado-e-o-Ceu-3-705x397.jpeg 705w, https:\/\/mostrafilmfestival.org\/xv\/br\/wp-content\/uploads\/2024\/11\/Mais-Pesado-e-o-Ceu-3.jpeg 1920w\" data-sizes=\"(max-width: 1030px) 100vw, 1030px\"  aria-label=\"image Mais Pesado \u00e9 o C\u00e9u (3)\"  id='av-masonry-1-item-264' data-av-masonry-item='264' class='av-masonry-entry isotope-item post-264 attachment type-attachment status-inherit hentry  av-masonry-item-with-image' title=\"Mais Pesado \u00e9 o C\u00e9u (3)\" alt=\"\"    itemprop=\"thumbnailUrl\" ><div class='av-inner-masonry-sizer'><\/div><figure class='av-inner-masonry main_color'><div class=\"av-masonry-outerimage-container\"><div class='av-masonry-image-container' style=\"background-image: url(https:\/\/mostrafilmfestival.org\/xv\/br\/wp-content\/uploads\/2024\/11\/Mais-Pesado-e-o-Ceu-3-1500x630.jpeg);\"  title=\"Mais Pesado \u00e9 o C\u00e9u (3)\" ><\/div><\/div><\/figure><\/a><!--end av-masonry entry--><a href=\"https:\/\/mostrafilmfestival.org\/xv\/br\/wp-content\/uploads\/2024\/11\/Mais-Pesado-e-o-Ceu-2-1030x579.jpeg\" data-srcset=\"https:\/\/mostrafilmfestival.org\/xv\/br\/wp-content\/uploads\/2024\/11\/Mais-Pesado-e-o-Ceu-2-1030x579.jpeg 1030w, https:\/\/mostrafilmfestival.org\/xv\/br\/wp-content\/uploads\/2024\/11\/Mais-Pesado-e-o-Ceu-2-300x169.jpeg 300w, https:\/\/mostrafilmfestival.org\/xv\/br\/wp-content\/uploads\/2024\/11\/Mais-Pesado-e-o-Ceu-2-768x432.jpeg 768w, https:\/\/mostrafilmfestival.org\/xv\/br\/wp-content\/uploads\/2024\/11\/Mais-Pesado-e-o-Ceu-2-1536x864.jpeg 1536w, https:\/\/mostrafilmfestival.org\/xv\/br\/wp-content\/uploads\/2024\/11\/Mais-Pesado-e-o-Ceu-2-1500x844.jpeg 1500w, https:\/\/mostrafilmfestival.org\/xv\/br\/wp-content\/uploads\/2024\/11\/Mais-Pesado-e-o-Ceu-2-705x397.jpeg 705w, https:\/\/mostrafilmfestival.org\/xv\/br\/wp-content\/uploads\/2024\/11\/Mais-Pesado-e-o-Ceu-2.jpeg 1920w\" data-sizes=\"(max-width: 1030px) 100vw, 1030px\"  aria-label=\"image Mais Pesado \u00e9 o C\u00e9u (2)\"  id='av-masonry-1-item-263' data-av-masonry-item='263' class='av-masonry-entry isotope-item post-263 attachment type-attachment status-inherit hentry  av-masonry-item-with-image' title=\"Mais Pesado \u00e9 o C\u00e9u (2)\" alt=\"\"    itemprop=\"thumbnailUrl\" ><div class='av-inner-masonry-sizer'><\/div><figure class='av-inner-masonry main_color'><div class=\"av-masonry-outerimage-container\"><div class='av-masonry-image-container' style=\"background-image: url(https:\/\/mostrafilmfestival.org\/xv\/br\/wp-content\/uploads\/2024\/11\/Mais-Pesado-e-o-Ceu-2-1500x630.jpeg);\"  title=\"Mais Pesado \u00e9 o C\u00e9u (2)\" ><\/div><\/div><\/figure><\/a><!--end av-masonry entry--><a href=\"https:\/\/mostrafilmfestival.org\/xv\/br\/wp-content\/uploads\/2024\/11\/Mais-Pesado-e-o-Ceu-1-1030x579.jpeg\" data-srcset=\"https:\/\/mostrafilmfestival.org\/xv\/br\/wp-content\/uploads\/2024\/11\/Mais-Pesado-e-o-Ceu-1-1030x579.jpeg 1030w, https:\/\/mostrafilmfestival.org\/xv\/br\/wp-content\/uploads\/2024\/11\/Mais-Pesado-e-o-Ceu-1-300x169.jpeg 300w, https:\/\/mostrafilmfestival.org\/xv\/br\/wp-content\/uploads\/2024\/11\/Mais-Pesado-e-o-Ceu-1-768x432.jpeg 768w, https:\/\/mostrafilmfestival.org\/xv\/br\/wp-content\/uploads\/2024\/11\/Mais-Pesado-e-o-Ceu-1-1536x864.jpeg 1536w, https:\/\/mostrafilmfestival.org\/xv\/br\/wp-content\/uploads\/2024\/11\/Mais-Pesado-e-o-Ceu-1-1500x844.jpeg 1500w, https:\/\/mostrafilmfestival.org\/xv\/br\/wp-content\/uploads\/2024\/11\/Mais-Pesado-e-o-Ceu-1-705x397.jpeg 705w, https:\/\/mostrafilmfestival.org\/xv\/br\/wp-content\/uploads\/2024\/11\/Mais-Pesado-e-o-Ceu-1.jpeg 1920w\" data-sizes=\"(max-width: 1030px) 100vw, 1030px\"  aria-label=\"image Mais Pesado \u00e9 o C\u00e9u (1)\"  id='av-masonry-1-item-262' data-av-masonry-item='262' class='av-masonry-entry isotope-item post-262 attachment type-attachment status-inherit hentry  av-masonry-item-with-image' title=\"Mais Pesado \u00e9 o C\u00e9u (1)\" alt=\"\"    itemprop=\"thumbnailUrl\" ><div class='av-inner-masonry-sizer'><\/div><figure class='av-inner-masonry main_color'><div class=\"av-masonry-outerimage-container\"><div class='av-masonry-image-container' style=\"background-image: url(https:\/\/mostrafilmfestival.org\/xv\/br\/wp-content\/uploads\/2024\/11\/Mais-Pesado-e-o-Ceu-1-1500x630.jpeg);\"  title=\"Mais Pesado \u00e9 o C\u00e9u (1)\" ><\/div><\/div><\/figure><\/a><!--end av-masonry entry--><\/div><\/div>\n<div id='qea'  class='avia-section av-dj7xb-7c6e59de6629fb633d9696fe23d47ab2 main_color avia-section-huge avia-no-border-styling  avia-builder-el-17  el_after_av_masonry_gallery  el_before_av_section  avia-bg-style-scroll container_wrap fullsize'  ><div class='container av-section-cont-open' ><div class='template-page content  av-content-full alpha units'><div class='post-entry post-entry-type-page post-entry-43'><div class='entry-content-wrapper clearfix'>\n<div  class='flex_column av-cqwhb-660c549f454e647e9a2f1c6202f50013 av_one_half  avia-builder-el-18  el_before_av_one_half  avia-builder-el-first  first flex_column_div  '     ><style type=\"text\/css\" data-created_by=\"avia_inline_auto\" id=\"style-css-av-cd643-d218d0301953f31e7c8556aba5cd7d3b\">\n@keyframes av_boxShadowEffect_av-cd643-d218d0301953f31e7c8556aba5cd7d3b {\n0%   { box-shadow:  0 0 0 0 ; opacity: 1; }\n100% { box-shadow:  0 0 10px 0 ; opacity: 1; }\n}\n.avia-image-container.av-cd643-d218d0301953f31e7c8556aba5cd7d3b img.avia_image{\nbox-shadow: 0 0 10px 0 ;\n}\n.avia-image-container.av-cd643-d218d0301953f31e7c8556aba5cd7d3b .av-image-caption-overlay-center{\ncolor:#ffffff;\n}\n<\/style>\n<div  class='avia-image-container av-cd643-d218d0301953f31e7c8556aba5cd7d3b av-styling- av-hover-grow av-hide-overflow av-img-linked avia-align-center  avia-builder-el-19  avia-builder-el-no-sibling  av-img-box-shadow av-box-shadow-not-animated'   itemprop=\"image\" itemscope=\"itemscope\" itemtype=\"https:\/\/schema.org\/ImageObject\" ><div class=\"avia-image-container-inner\"><div class=\"avia-image-overlay-wrap\"><a href=\"https:\/\/mostrafilmfestival.org\/xv\/br\/wp-content\/uploads\/2024\/11\/Petrus-Cariry-Diretor-2-1030x1030.jpg\" data-srcset=\"https:\/\/mostrafilmfestival.org\/xv\/br\/wp-content\/uploads\/2024\/11\/Petrus-Cariry-Diretor-2-1030x1030.jpg 1030w, https:\/\/mostrafilmfestival.org\/xv\/br\/wp-content\/uploads\/2024\/11\/Petrus-Cariry-Diretor-2-300x300.jpg 300w, https:\/\/mostrafilmfestival.org\/xv\/br\/wp-content\/uploads\/2024\/11\/Petrus-Cariry-Diretor-2-80x80.jpg 80w, https:\/\/mostrafilmfestival.org\/xv\/br\/wp-content\/uploads\/2024\/11\/Petrus-Cariry-Diretor-2-768x768.jpg 768w, https:\/\/mostrafilmfestival.org\/xv\/br\/wp-content\/uploads\/2024\/11\/Petrus-Cariry-Diretor-2-36x36.jpg 36w, https:\/\/mostrafilmfestival.org\/xv\/br\/wp-content\/uploads\/2024\/11\/Petrus-Cariry-Diretor-2-180x180.jpg 180w, https:\/\/mostrafilmfestival.org\/xv\/br\/wp-content\/uploads\/2024\/11\/Petrus-Cariry-Diretor-2-705x705.jpg 705w, https:\/\/mostrafilmfestival.org\/xv\/br\/wp-content\/uploads\/2024\/11\/Petrus-Cariry-Diretor-2.jpg 1080w\" data-sizes=\"(max-width: 1030px) 100vw, 1030px\" class='avia_image '  aria-label='Petrus Cariry - Diretor 2'><img decoding=\"async\" fetchpriority=\"high\" class='wp-image-265 avia-img-lazy-loading-not-265 avia_image shadow-not-animated' src=\"https:\/\/mostrafilmfestival.org\/xv\/br\/wp-content\/uploads\/2024\/11\/Petrus-Cariry-Diretor-2-1030x1030.jpg\" alt='' title='Petrus Cariry - Diretor 2'  height=\"1030\" width=\"1030\"  itemprop=\"thumbnailUrl\" srcset=\"https:\/\/mostrafilmfestival.org\/xv\/br\/wp-content\/uploads\/2024\/11\/Petrus-Cariry-Diretor-2-1030x1030.jpg 1030w, https:\/\/mostrafilmfestival.org\/xv\/br\/wp-content\/uploads\/2024\/11\/Petrus-Cariry-Diretor-2-300x300.jpg 300w, https:\/\/mostrafilmfestival.org\/xv\/br\/wp-content\/uploads\/2024\/11\/Petrus-Cariry-Diretor-2-80x80.jpg 80w, https:\/\/mostrafilmfestival.org\/xv\/br\/wp-content\/uploads\/2024\/11\/Petrus-Cariry-Diretor-2-768x768.jpg 768w, https:\/\/mostrafilmfestival.org\/xv\/br\/wp-content\/uploads\/2024\/11\/Petrus-Cariry-Diretor-2-36x36.jpg 36w, https:\/\/mostrafilmfestival.org\/xv\/br\/wp-content\/uploads\/2024\/11\/Petrus-Cariry-Diretor-2-180x180.jpg 180w, https:\/\/mostrafilmfestival.org\/xv\/br\/wp-content\/uploads\/2024\/11\/Petrus-Cariry-Diretor-2-705x705.jpg 705w, https:\/\/mostrafilmfestival.org\/xv\/br\/wp-content\/uploads\/2024\/11\/Petrus-Cariry-Diretor-2.jpg 1080w\" sizes=\"(max-width: 1030px) 100vw, 1030px\" \/><\/a><\/div><\/div><\/div><\/div><div  class='flex_column av-bfopn-88b574fb097b0e75831aa3d2509643f8 av_one_half  avia-builder-el-20  el_after_av_one_half  avia-builder-el-last  flex_column_div  '     ><p>\n<style type=\"text\/css\" data-created_by=\"avia_inline_auto\" id=\"style-css-av-137wz-9ff5fc3e130d58b4fb2d1521aa28c86f\">\n#top .av-special-heading.av-137wz-9ff5fc3e130d58b4fb2d1521aa28c86f{\npadding-bottom:10px;\nfont-size:40px;\n}\nbody .av-special-heading.av-137wz-9ff5fc3e130d58b4fb2d1521aa28c86f .av-special-heading-tag .heading-char{\nfont-size:25px;\n}\n#top #wrap_all .av-special-heading.av-137wz-9ff5fc3e130d58b4fb2d1521aa28c86f .av-special-heading-tag{\nfont-size:40px;\n}\n.av-special-heading.av-137wz-9ff5fc3e130d58b4fb2d1521aa28c86f .av-subheading{\nfont-size:25px;\n}\n\n@media only screen and (min-width: 480px) and (max-width: 767px){ \n#top #wrap_all .av-special-heading.av-137wz-9ff5fc3e130d58b4fb2d1521aa28c86f .av-special-heading-tag{\nfont-size:0.8em;\n}\n}\n\n@media only screen and (max-width: 479px){ \n#top #wrap_all .av-special-heading.av-137wz-9ff5fc3e130d58b4fb2d1521aa28c86f .av-special-heading-tag{\nfont-size:0.8em;\n}\n}\n<\/style>\n<div  class='av-special-heading av-137wz-9ff5fc3e130d58b4fb2d1521aa28c86f av-special-heading-h2 blockquote modern-quote  avia-builder-el-21  el_before_av_textblock  avia-builder-el-first  av-inherit-size'><h2 class='av-special-heading-tag '  itemprop=\"headline\"  >Conhe\u00e7a o Diretor<\/h2><div class=\"special-heading-border\"><div class=\"special-heading-inner-border\"><\/div><\/div><\/div><br \/>\n<section  class='av_textblock_section av-adqfj-fa97104ea8f1e218e4d84d0f43fc4ee6 '   itemscope=\"itemscope\" itemtype=\"https:\/\/schema.org\/CreativeWork\" ><div class='avia_textblock'  itemprop=\"text\" ><p>Nascido em 1977 no Brasil, <strong>Petrus Cariry<\/strong> dirigiu seu primeiro longa-metragem em 2007, o premiado filme \u201cO Gr\u00e3o\u201d que deu in\u00edcio a trilogia da morte, seguido de \u201cM\u00e3e e Filha\u201d (2011) e \u201cClarisse ou alguma coisa sobre n\u00f3s dois\u201d (2015), que em conjunto ganharam mais de 100 pr\u00eamios em festivais de cinemas nacionais e internacionais. Em 2018 lan\u00e7ou o filme \u201cO Barco\u201d seu primeiro longa ap\u00f3s a trilogia da morte. Em 2021 lan\u00e7ou o filme \u201cA Praia do Fim do Mundo\u201d. Petrus Cariry teve seus filmes exibidos em importantes festivais de cinema, como Nantes (3 Continentes), \u00cdndia (IFFI), Toulouse, Mar Del Plata, Havana, Miami e Oldenburg.<\/p>\n<\/div><\/section><\/p><\/div>\n\n<\/div><\/div><\/div><!-- close content main div --><\/div><\/div>\n<style type=\"text\/css\" data-created_by=\"avia_inline_auto\" id=\"style-css-av-3qkpj-563baa6e86dc9d44fde0783ebf0f0413\">\n.avia-section.av-3qkpj-563baa6e86dc9d44fde0783ebf0f0413{\nbackground-color:#f2f2f2;\nbackground-image:unset;\n}\n<\/style>\n<div id='watch'  class='avia-section av-3qkpj-563baa6e86dc9d44fde0783ebf0f0413 alternate_color avia-section-large avia-no-border-styling  avia-builder-el-23  el_after_av_section  el_before_av_section  avia-bg-style-scroll container_wrap fullsize'  ><div class='container av-section-cont-open' ><div class='template-page content  av-content-full alpha units'><div class='post-entry post-entry-type-page post-entry-43'><div class='entry-content-wrapper clearfix'>\n<div  class='flex_column av-3j61j-b365ba4494ac303c47ea20d3954c424b av_one_third  avia-builder-el-24  el_before_av_two_third  avia-builder-el-first  first flex_column_div  '     ><p>\n<style type=\"text\/css\" data-created_by=\"avia_inline_auto\" id=\"style-css-av-2s9iv-805a7aedd04e6e40917c15520feb80b1\">\n#top .av-special-heading.av-2s9iv-805a7aedd04e6e40917c15520feb80b1{\npadding-bottom:25px;\nfont-size:40px;\n}\nbody .av-special-heading.av-2s9iv-805a7aedd04e6e40917c15520feb80b1 .av-special-heading-tag .heading-char{\nfont-size:25px;\n}\n#top #wrap_all .av-special-heading.av-2s9iv-805a7aedd04e6e40917c15520feb80b1 .av-special-heading-tag{\nfont-size:40px;\npadding:0 0 15px 0;\n}\n.av-special-heading.av-2s9iv-805a7aedd04e6e40917c15520feb80b1 .av-subheading{\nfont-size:15px;\n}\n\n@media only screen and (min-width: 480px) and (max-width: 767px){ \n#top #wrap_all .av-special-heading.av-2s9iv-805a7aedd04e6e40917c15520feb80b1 .av-special-heading-tag{\nfont-size:0.8em;\n}\n}\n\n@media only screen and (max-width: 479px){ \n#top #wrap_all .av-special-heading.av-2s9iv-805a7aedd04e6e40917c15520feb80b1 .av-special-heading-tag{\nfont-size:0.8em;\n}\n}\n<\/style>\n<div  class='av-special-heading av-2s9iv-805a7aedd04e6e40917c15520feb80b1 av-special-heading-h2 blockquote modern-quote modern-centered  avia-builder-el-25  el_before_av_iconlist  avia-builder-el-first  av-inherit-size'><h2 class='av-special-heading-tag '  itemprop=\"headline\"  >ONDE ASSISTIR<\/h2><div class='av-subheading av-subheading_below'><p>Voc\u00ea pode assistir a esse filme no cinema! Confira data, hor\u00e1rio e local de exibi\u00e7\u00e3o abaixo.<\/p>\n<\/div><div class=\"special-heading-border\"><div class=\"special-heading-inner-border\"><\/div><\/div><\/div><br \/>\n\n<style type=\"text\/css\" data-created_by=\"avia_inline_auto\" id=\"style-css-av-m3gpfxw1-5057fb0c73b43ad2d6d484112ffcc9b1\">\n#top .avia-icon-list-container.av-m3gpfxw1-5057fb0c73b43ad2d6d484112ffcc9b1 .iconlist_icon{\ncolor:#007ab3;\n}\n<\/style>\n<div  class='avia-icon-list-container av-m3gpfxw1-5057fb0c73b43ad2d6d484112ffcc9b1  avia-builder-el-26  el_after_av_heading  avia-builder-el-last '><ul class='avia-icon-list avia_animate_when_almost_visible avia-icon-list-left av-iconlist-big av-m3gpfxw1-5057fb0c73b43ad2d6d484112ffcc9b1 avia-iconlist-animate'>\n<li><div class='iconlist_icon av-m3gpfw67-3d764710191ea91a571a78fe863810aa avia-font-entypo-fontello'><span class='iconlist-char' aria-hidden='true' data-av_icon='\ue81f' data-av_iconfont='entypo-fontello'><\/span><\/div><article class=\"article-icon-entry \"  itemscope=\"itemscope\" itemtype=\"https:\/\/schema.org\/CreativeWork\" ><div class=\"iconlist_content_wrap\"><header class=\"entry-content-header\" aria-label=\"Icon: DATA E HOR\u00c1RIO\"><h4 class='av_iconlist_title iconlist_title  '  itemprop=\"headline\" >DATA E HOR\u00c1RIO<\/h4><\/header><div class='iconlist_content '  itemprop=\"text\" ><p>30\/11 (s\u00e1bado) &#8211; 16h<\/p>\n<p><em>Confira a\u00a0<a href=\"https:\/\/mostrafilmfestival.org\/xv\/br\/sp\/agenda\/\">Agenda<\/a> para mais informa\u00e7\u00f5es.<\/em><\/p>\n<\/div><\/div><footer class=\"entry-footer\"><\/footer><\/article><div class=\"iconlist-timeline\"><\/div><\/li>\n<li><div class='iconlist_icon av-273vf-1d49288a50aa7a89458f50ad4572f3aa avia-font-entypo-fontello'><span class='iconlist-char' aria-hidden='true' data-av_icon='\ue842' data-av_iconfont='entypo-fontello'><\/span><\/div><article class=\"article-icon-entry \"  itemscope=\"itemscope\" itemtype=\"https:\/\/schema.org\/CreativeWork\" ><div class=\"iconlist_content_wrap\"><header class=\"entry-content-header\" aria-label=\"Icon: Matilha Cultural\"><h4 class='av_iconlist_title iconlist_title  '  itemprop=\"headline\" >Matilha Cultural<\/h4><\/header><div class='iconlist_content '  itemprop=\"text\" ><p>Rua Rego Freitas, 542 \u2013 Rep\u00fablica<\/p>\n<\/div><\/div><footer class=\"entry-footer\"><\/footer><\/article><div class=\"iconlist-timeline\"><\/div><\/li>\n<li><div class='iconlist_icon av-273vf-e05a89755c3645d3e2bda350a8db0a0d avia-font-entypo-fontello'><span class='iconlist-char' aria-hidden='true' data-av_icon='\ue8e2' data-av_iconfont='entypo-fontello'><\/span><\/div><article class=\"article-icon-entry av-iconlist-empty\"  itemscope=\"itemscope\" itemtype=\"https:\/\/schema.org\/CreativeWork\" ><div class=\"iconlist_content_wrap\"><header class=\"entry-content-header\" aria-label=\"Icon: Entrada gratuita\"><h4 class='av_iconlist_title iconlist_title  '  itemprop=\"headline\" >Entrada gratuita<\/h4><\/header><div class='iconlist_content '  itemprop=\"text\" ><\/div><\/div><footer class=\"entry-footer\"><\/footer><\/article><div class=\"iconlist-timeline\"><\/div><\/li>\n<\/ul><\/div><\/p><\/div><div  class='flex_column av-19blb-7fecead462fb4d89e41e17031156d285 av_two_third  avia-builder-el-27  el_after_av_one_third  avia-builder-el-last  flex_column_div  '     ><\/div><\/div><\/div><\/div><!-- close content main div --><\/div><\/div><div id='more'  class='avia-section av-3y93j-cc8019dfdc8ea904bb20b835606e3848 main_color avia-section-default avia-no-border-styling  avia-builder-el-29  el_after_av_section  el_before_av_masonry_entries  avia-bg-style-scroll container_wrap fullsize'  ><div class='container av-section-cont-open' ><div class='template-page content  av-content-full alpha units'><div class='post-entry post-entry-type-page post-entry-43'><div class='entry-content-wrapper clearfix'>\n<div  class='flex_column av-37ruv-001c52f65bb9202ec789680d867a0e52 av_three_fourth  avia-builder-el-30  el_before_av_one_fourth  avia-builder-el-first  first flex_column_div  '     ><style type=\"text\/css\" data-created_by=\"avia_inline_auto\" id=\"style-css-av-2qwiz-b5de9b23cd9af43fb60a7290c68e1587\">\n#top .av-special-heading.av-2qwiz-b5de9b23cd9af43fb60a7290c68e1587{\npadding-bottom:10px;\nfont-size:35px;\n}\nbody .av-special-heading.av-2qwiz-b5de9b23cd9af43fb60a7290c68e1587 .av-special-heading-tag .heading-char{\nfont-size:25px;\n}\n#top #wrap_all .av-special-heading.av-2qwiz-b5de9b23cd9af43fb60a7290c68e1587 .av-special-heading-tag{\nfont-size:35px;\n}\n.av-special-heading.av-2qwiz-b5de9b23cd9af43fb60a7290c68e1587 .av-subheading{\nfont-size:12px;\n}\n\n@media only screen and (min-width: 480px) and (max-width: 767px){ \n#top #wrap_all .av-special-heading.av-2qwiz-b5de9b23cd9af43fb60a7290c68e1587 .av-special-heading-tag{\nfont-size:0.8em;\n}\n}\n\n@media only screen and (max-width: 479px){ \n#top #wrap_all .av-special-heading.av-2qwiz-b5de9b23cd9af43fb60a7290c68e1587 .av-special-heading-tag{\nfont-size:0.8em;\n}\n}\n<\/style>\n<div  class='av-special-heading av-2qwiz-b5de9b23cd9af43fb60a7290c68e1587 av-special-heading-h3 blockquote modern-quote modern-centered  avia-builder-el-31  avia-builder-el-no-sibling  av-inherit-size'><h3 class='av-special-heading-tag '  itemprop=\"headline\"  >Veja mais filmes<\/h3><div class=\"special-heading-border\"><div class=\"special-heading-inner-border\"><\/div><\/div><\/div><\/div><div  class='flex_column av-22yhn-f023e48498dec377810257c29797ba23 av_one_fourth  avia-builder-el-32  el_after_av_three_fourth  avia-builder-el-last  flex_column_div  '     ><div  class='avia-button-wrap av-1djob-2805a5ef110bee8cb29289469f597e8c-wrap avia-button-center  avia-builder-el-33  avia-builder-el-no-sibling '><a href='https:\/\/mostrafilmfestival.org\/xv\/br\/sp\/filmes\/'  class='avia-button av-1djob-2805a5ef110bee8cb29289469f597e8c av-link-btn avia-icon_select-yes-left-icon avia-size-large avia-position-center avia-color-theme-color'   aria-label=\"VER TODOS OS FILMES\"><span class='avia_button_icon avia_button_icon_left' aria-hidden='true' data-av_icon='\ue817' data-av_iconfont='entypo-fontello'><\/span><span class='avia_iconbox_title' >VER TODOS OS FILMES<\/span><\/a><\/div><\/div>\n<\/p>\n<div id='av-masonry-2' class='av-masonry av-um6z-83ab40c05508103bf27aba737c04e869 noHover av-fixed-size av-1px-gap av-hover-overlay-active av-masonry-animation-active av-masonry-col-6 av-caption-always av-caption-style-overlay av-masonry-entries av-small-columns-overwrite av-small-columns-2 av-mini-columns-overwrite av-mini-columns-2 av-orientation-square ' data-post_id=\"43\"><div class=\"av-masonry-container isotope av-js-disabled\"><div class='av-masonry-entry isotope-item av-masonry-item-no-image '><\/div><a href=\"https:\/\/mostrafilmfestival.org\/xv\/br\/filmes\/retratos-fantasmas\/\"  id='av-masonry-2-item-47' data-av-masonry-item='47' class='av-masonry-entry isotope-item post-47 portfolio type-portfolio status-publish has-post-thumbnail hentry portfolio_entries-longa  av-masonry-item-with-image' title=\"Retratos Fantasmas (3)\"   itemscope=\"itemscope\" itemtype=\"https:\/\/schema.org\/CreativeWork\" ><div class='av-inner-masonry-sizer'><\/div><figure class='av-inner-masonry main_color'><div class=\"av-masonry-outerimage-container\"><div class='av-masonry-image-container' style=\"background-image: url(https:\/\/mostrafilmfestival.org\/xv\/br\/wp-content\/uploads\/2024\/11\/Retratos-Fantasmas-3-495x400.png);\"  title=\"Retratos Fantasmas (3)\" ><\/div><\/div><figcaption class='av-inner-masonry-content site-background'><div class='av-inner-masonry-content-pos'><div class='av-inner-masonry-content-pos-content'><div class='avia-arrow'><\/div><h3 class='av-masonry-entry-title entry-title '  itemprop=\"headline\" >Retratos Fantasmas<\/h3><\/div><\/div><\/figcaption><\/figure><\/a><!--end av-masonry entry--><a href=\"https:\/\/mostrafilmfestival.org\/xv\/br\/filmes\/arte-da-diplomacia\/\"  id='av-masonry-2-item-45' data-av-masonry-item='45' class='av-masonry-entry isotope-item post-45 portfolio type-portfolio status-publish has-post-thumbnail hentry portfolio_entries-canoas portfolio_entries-longa  av-masonry-item-with-image' title=\"Arte_da_Diplomacia_Still 2 &#8211; cr\u00e9dito Bruno Polidoro\"   itemscope=\"itemscope\" itemtype=\"https:\/\/schema.org\/CreativeWork\" ><div class='av-inner-masonry-sizer'><\/div><figure class='av-inner-masonry main_color'><div class=\"av-masonry-outerimage-container\"><div class='av-masonry-image-container' style=\"background-image: url(https:\/\/mostrafilmfestival.org\/xv\/br\/wp-content\/uploads\/2024\/11\/Arte_da_Diplomacia_Still-2-credito-Bruno-Polidoro-495x400.png);\"  title=\"Arte_da_Diplomacia_Still 2 &#8211; cr\u00e9dito Bruno Polidoro\" ><\/div><\/div><figcaption class='av-inner-masonry-content site-background'><div class='av-inner-masonry-content-pos'><div class='av-inner-masonry-content-pos-content'><div class='avia-arrow'><\/div><h3 class='av-masonry-entry-title entry-title '  itemprop=\"headline\" >Arte da Diplomacia<\/h3><\/div><\/div><\/figcaption><\/figure><\/a><!--end av-masonry entry--><a href=\"https:\/\/mostrafilmfestival.org\/xv\/br\/filmes\/as-placas-sao-invisiveis\/\"  id='av-masonry-2-item-393' data-av-masonry-item='393' class='av-masonry-entry isotope-item post-393 portfolio type-portfolio status-publish has-post-thumbnail hentry portfolio_entries-canoas portfolio_entries-curta  av-masonry-item-with-image' title=\"apsi_horizontal\"   itemscope=\"itemscope\" itemtype=\"https:\/\/schema.org\/CreativeWork\" ><div class='av-inner-masonry-sizer'><\/div><figure class='av-inner-masonry main_color'><div class=\"av-masonry-outerimage-container\"><div class='av-masonry-image-container' style=\"background-image: url(https:\/\/mostrafilmfestival.org\/xv\/br\/wp-content\/uploads\/2024\/11\/apsi_horizontal-495x380.png);\"  title=\"apsi_horizontal\" ><\/div><\/div><figcaption class='av-inner-masonry-content site-background'><div class='av-inner-masonry-content-pos'><div class='av-inner-masonry-content-pos-content'><div class='avia-arrow'><\/div><h3 class='av-masonry-entry-title entry-title '  itemprop=\"headline\" >As Placas S\u00e3o Invis\u00edveis<\/h3><\/div><\/div><\/figcaption><\/figure><\/a><!--end av-masonry entry--><a href=\"https:\/\/mostrafilmfestival.org\/xv\/br\/filmes\/saudosa-maloca\/\"  id='av-masonry-2-item-57' data-av-masonry-item='57' class='av-masonry-entry isotope-item post-57 portfolio type-portfolio status-publish has-post-thumbnail hentry portfolio_entries-canoas portfolio_entries-longa  av-masonry-item-with-image' title=\"SDM_Frame1\"   itemscope=\"itemscope\" itemtype=\"https:\/\/schema.org\/CreativeWork\" ><div class='av-inner-masonry-sizer'><\/div><figure class='av-inner-masonry main_color'><div class=\"av-masonry-outerimage-container\"><div class='av-masonry-image-container' style=\"background-image: url(https:\/\/mostrafilmfestival.org\/xv\/br\/wp-content\/uploads\/2024\/11\/SDM_Frame1-495x400.png);\"  title=\"SDM_Frame1\" ><\/div><\/div><figcaption class='av-inner-masonry-content site-background'><div class='av-inner-masonry-content-pos'><div class='av-inner-masonry-content-pos-content'><div class='avia-arrow'><\/div><h3 class='av-masonry-entry-title entry-title '  itemprop=\"headline\" >Saudosa Maloca<\/h3><\/div><\/div><\/figcaption><\/figure><\/a><!--end av-masonry entry--><a href=\"https:\/\/mostrafilmfestival.org\/xv\/br\/filmes\/a-balada-dos-palhacos\/\"  id='av-masonry-2-item-359' data-av-masonry-item='359' class='av-masonry-entry isotope-item post-359 portfolio type-portfolio status-publish has-post-thumbnail hentry portfolio_entries-canoas portfolio_entries-curta  av-masonry-item-with-image' title=\"balada-palhacos-still\"   itemscope=\"itemscope\" itemtype=\"https:\/\/schema.org\/CreativeWork\" ><div class='av-inner-masonry-sizer'><\/div><figure class='av-inner-masonry main_color'><div class=\"av-masonry-outerimage-container\"><div class='av-masonry-image-container' style=\"background-image: url(https:\/\/mostrafilmfestival.org\/xv\/br\/wp-content\/uploads\/2024\/11\/balada-palhacos-still-495x400.png);\"  title=\"balada-palhacos-still\" ><\/div><\/div><figcaption class='av-inner-masonry-content site-background'><div class='av-inner-masonry-content-pos'><div class='av-inner-masonry-content-pos-content'><div class='avia-arrow'><\/div><h3 class='av-masonry-entry-title entry-title '  itemprop=\"headline\" >A Balada Dos Palha\u00e7os<\/h3><\/div><\/div><\/figcaption><\/figure><\/a><!--end av-masonry entry--><a href=\"https:\/\/mostrafilmfestival.org\/xv\/br\/filmes\/pedagio\/\"  id='av-masonry-2-item-53' data-av-masonry-item='53' class='av-masonry-entry isotope-item post-53 portfolio type-portfolio status-publish has-post-thumbnail hentry portfolio_entries-longa  av-masonry-item-with-image' title=\"Pedagio_Still_01 (M\u00e9dio)\"   itemscope=\"itemscope\" itemtype=\"https:\/\/schema.org\/CreativeWork\" ><div class='av-inner-masonry-sizer'><\/div><figure class='av-inner-masonry main_color'><div class=\"av-masonry-outerimage-container\"><div class='av-masonry-image-container' style=\"background-image: url(https:\/\/mostrafilmfestival.org\/xv\/br\/wp-content\/uploads\/2024\/11\/Pedagio_Still_01-Medio-495x400.png);\"  title=\"Pedagio_Still_01 (M\u00e9dio)\" ><\/div><\/div><figcaption class='av-inner-masonry-content site-background'><div class='av-inner-masonry-content-pos'><div class='av-inner-masonry-content-pos-content'><div class='avia-arrow'><\/div><h3 class='av-masonry-entry-title entry-title '  itemprop=\"headline\" >Ped\u00e1gio<\/h3><\/div><\/div><\/figcaption><\/figure><\/a><!--end av-masonry entry--><\/div><\/div>\n","protected":false},"excerpt":{"rendered":"<p>Ap\u00f3s acolher uma crian\u00e7a abandonada, Teresa conhece Ant\u00f4nio e os dois iniciam uma jornada pelas estradas. Para eles, o passado em comum est\u00e1 nas mem\u00f3rias de uma cidade submersa no fundo de uma represa. A vida \u00e9 sonho, mas o futuro \u00e9 a incerteza.<\/p>\n","protected":false},"author":1,"featured_media":262,"comment_status":"closed","ping_status":"closed","template":"","meta":{"nf_dc_page":"","footnotes":""},"tags":[],"portfolio_entries":[4],"class_list":["post-43","portfolio","type-portfolio","status-publish","has-post-thumbnail","hentry","portfolio_entries-longa"],"yoast_head":"<!-- This site is optimized with the Yoast SEO plugin v27.5 - https:\/\/yoast.com\/product\/yoast-seo-wordpress\/ -->\n<title>Mais Pesado \u00e9 o C\u00e9u - MOSTRA XV Brazilian Film Festival - Brasil<\/title>\n<meta name=\"description\" content=\"Ap\u00f3s acolher uma crian\u00e7a abandonada, Teresa conhece Ant\u00f4nio e os dois iniciam uma jornada pelas estradas. Para eles, o passado em comum est\u00e1 nas mem\u00f3rias de uma cidade submersa no fundo de uma represa. A vida \u00e9 sonho, mas o futuro \u00e9 a incerteza.\" \/>\n<meta name=\"robots\" content=\"index, follow, max-snippet:-1, max-image-preview:large, max-video-preview:-1\" \/>\n<link rel=\"canonical\" href=\"https:\/\/mostrafilmfestival.org\/xv\/br\/filmes\/mais-pesado-e-o-ceu\/\" \/>\n<meta property=\"og:locale\" content=\"pt_BR\" \/>\n<meta property=\"og:type\" content=\"article\" \/>\n<meta property=\"og:title\" content=\"Mais Pesado \u00e9 o C\u00e9u - MOSTRA XV Brazilian Film Festival - Brasil\" \/>\n<meta property=\"og:description\" content=\"Ap\u00f3s acolher uma crian\u00e7a abandonada, Teresa conhece Ant\u00f4nio e os dois iniciam uma jornada pelas estradas. Para eles, o passado em comum est\u00e1 nas mem\u00f3rias de uma cidade submersa no fundo de uma represa. A vida \u00e9 sonho, mas o futuro \u00e9 a incerteza.\" \/>\n<meta property=\"og:url\" content=\"https:\/\/mostrafilmfestival.org\/xv\/br\/filmes\/mais-pesado-e-o-ceu\/\" \/>\n<meta property=\"og:site_name\" content=\"MOSTRA XV Brazilian Film Festival - Brasil\" \/>\n<meta property=\"article:modified_time\" content=\"2024-11-14T03:18:30+00:00\" \/>\n<meta property=\"og:image\" content=\"https:\/\/mostrafilmfestival.org\/xv\/br\/wp-content\/uploads\/2024\/11\/Mais-Pesado-e-o-Ceu-1.jpeg\" \/>\n\t<meta property=\"og:image:width\" content=\"1920\" \/>\n\t<meta property=\"og:image:height\" content=\"1080\" \/>\n\t<meta property=\"og:image:type\" content=\"image\/jpeg\" \/>\n<meta name=\"twitter:card\" content=\"summary_large_image\" \/>\n<meta name=\"twitter:label1\" content=\"Est. tempo de leitura\" \/>\n\t<meta name=\"twitter:data1\" content=\"3 minutos\" \/>\n<script type=\"application\/ld+json\" class=\"yoast-schema-graph\">{\"@context\":\"https:\\\/\\\/schema.org\",\"@graph\":[{\"@type\":\"WebPage\",\"@id\":\"https:\\\/\\\/mostrafilmfestival.org\\\/xv\\\/br\\\/filmes\\\/mais-pesado-e-o-ceu\\\/\",\"url\":\"https:\\\/\\\/mostrafilmfestival.org\\\/xv\\\/br\\\/filmes\\\/mais-pesado-e-o-ceu\\\/\",\"name\":\"Mais Pesado \u00e9 o C\u00e9u - MOSTRA XV Brazilian Film Festival - Brasil\",\"isPartOf\":{\"@id\":\"https:\\\/\\\/mostrafilmfestival.org\\\/xv\\\/br\\\/#website\"},\"primaryImageOfPage\":{\"@id\":\"https:\\\/\\\/mostrafilmfestival.org\\\/xv\\\/br\\\/filmes\\\/mais-pesado-e-o-ceu\\\/#primaryimage\"},\"image\":{\"@id\":\"https:\\\/\\\/mostrafilmfestival.org\\\/xv\\\/br\\\/filmes\\\/mais-pesado-e-o-ceu\\\/#primaryimage\"},\"thumbnailUrl\":\"https:\\\/\\\/mostrafilmfestival.org\\\/xv\\\/br\\\/wp-content\\\/uploads\\\/2024\\\/11\\\/Mais-Pesado-e-o-Ceu-1.jpeg\",\"datePublished\":\"2024-11-12T02:59:28+00:00\",\"dateModified\":\"2024-11-14T03:18:30+00:00\",\"description\":\"Ap\u00f3s acolher uma crian\u00e7a abandonada, Teresa conhece Ant\u00f4nio e os dois iniciam uma jornada pelas estradas. Para eles, o passado em comum est\u00e1 nas mem\u00f3rias de uma cidade submersa no fundo de uma represa. A vida \u00e9 sonho, mas o futuro \u00e9 a incerteza.\",\"breadcrumb\":{\"@id\":\"https:\\\/\\\/mostrafilmfestival.org\\\/xv\\\/br\\\/filmes\\\/mais-pesado-e-o-ceu\\\/#breadcrumb\"},\"inLanguage\":\"pt-BR\",\"potentialAction\":[{\"@type\":\"ReadAction\",\"target\":[\"https:\\\/\\\/mostrafilmfestival.org\\\/xv\\\/br\\\/filmes\\\/mais-pesado-e-o-ceu\\\/\"]}]},{\"@type\":\"ImageObject\",\"inLanguage\":\"pt-BR\",\"@id\":\"https:\\\/\\\/mostrafilmfestival.org\\\/xv\\\/br\\\/filmes\\\/mais-pesado-e-o-ceu\\\/#primaryimage\",\"url\":\"https:\\\/\\\/mostrafilmfestival.org\\\/xv\\\/br\\\/wp-content\\\/uploads\\\/2024\\\/11\\\/Mais-Pesado-e-o-Ceu-1.jpeg\",\"contentUrl\":\"https:\\\/\\\/mostrafilmfestival.org\\\/xv\\\/br\\\/wp-content\\\/uploads\\\/2024\\\/11\\\/Mais-Pesado-e-o-Ceu-1.jpeg\",\"width\":1920,\"height\":1080},{\"@type\":\"BreadcrumbList\",\"@id\":\"https:\\\/\\\/mostrafilmfestival.org\\\/xv\\\/br\\\/filmes\\\/mais-pesado-e-o-ceu\\\/#breadcrumb\",\"itemListElement\":[{\"@type\":\"ListItem\",\"position\":1,\"name\":\"Home\",\"item\":\"https:\\\/\\\/mostrafilmfestival.org\\\/xv\\\/br\\\/home\\\/\"},{\"@type\":\"ListItem\",\"position\":2,\"name\":\"Mais Pesado \u00e9 o C\u00e9u\"}]},{\"@type\":\"WebSite\",\"@id\":\"https:\\\/\\\/mostrafilmfestival.org\\\/xv\\\/br\\\/#website\",\"url\":\"https:\\\/\\\/mostrafilmfestival.org\\\/xv\\\/br\\\/\",\"name\":\"MOSTRA XV Brazilian Film Festival - Brasil\",\"description\":\"Filmes brasileiros com consci\u00eancia social.\",\"potentialAction\":[{\"@type\":\"SearchAction\",\"target\":{\"@type\":\"EntryPoint\",\"urlTemplate\":\"https:\\\/\\\/mostrafilmfestival.org\\\/xv\\\/br\\\/?s={search_term_string}\"},\"query-input\":{\"@type\":\"PropertyValueSpecification\",\"valueRequired\":true,\"valueName\":\"search_term_string\"}}],\"inLanguage\":\"pt-BR\"}]}<\/script>\n<!-- \/ Yoast SEO plugin. -->","yoast_head_json":{"title":"Mais Pesado \u00e9 o C\u00e9u - MOSTRA XV Brazilian Film Festival - Brasil","description":"Ap\u00f3s acolher uma crian\u00e7a abandonada, Teresa conhece Ant\u00f4nio e os dois iniciam uma jornada pelas estradas. Para eles, o passado em comum est\u00e1 nas mem\u00f3rias de uma cidade submersa no fundo de uma represa. A vida \u00e9 sonho, mas o futuro \u00e9 a incerteza.","robots":{"index":"index","follow":"follow","max-snippet":"max-snippet:-1","max-image-preview":"max-image-preview:large","max-video-preview":"max-video-preview:-1"},"canonical":"https:\/\/mostrafilmfestival.org\/xv\/br\/filmes\/mais-pesado-e-o-ceu\/","og_locale":"pt_BR","og_type":"article","og_title":"Mais Pesado \u00e9 o C\u00e9u - MOSTRA XV Brazilian Film Festival - Brasil","og_description":"Ap\u00f3s acolher uma crian\u00e7a abandonada, Teresa conhece Ant\u00f4nio e os dois iniciam uma jornada pelas estradas. Para eles, o passado em comum est\u00e1 nas mem\u00f3rias de uma cidade submersa no fundo de uma represa. A vida \u00e9 sonho, mas o futuro \u00e9 a incerteza.","og_url":"https:\/\/mostrafilmfestival.org\/xv\/br\/filmes\/mais-pesado-e-o-ceu\/","og_site_name":"MOSTRA XV Brazilian Film Festival - Brasil","article_modified_time":"2024-11-14T03:18:30+00:00","og_image":[{"width":1920,"height":1080,"url":"https:\/\/mostrafilmfestival.org\/xv\/br\/wp-content\/uploads\/2024\/11\/Mais-Pesado-e-o-Ceu-1.jpeg","type":"image\/jpeg"}],"twitter_card":"summary_large_image","twitter_misc":{"Est. tempo de leitura":"3 minutos"},"schema":{"@context":"https:\/\/schema.org","@graph":[{"@type":"WebPage","@id":"https:\/\/mostrafilmfestival.org\/xv\/br\/filmes\/mais-pesado-e-o-ceu\/","url":"https:\/\/mostrafilmfestival.org\/xv\/br\/filmes\/mais-pesado-e-o-ceu\/","name":"Mais Pesado \u00e9 o C\u00e9u - MOSTRA XV Brazilian Film Festival - Brasil","isPartOf":{"@id":"https:\/\/mostrafilmfestival.org\/xv\/br\/#website"},"primaryImageOfPage":{"@id":"https:\/\/mostrafilmfestival.org\/xv\/br\/filmes\/mais-pesado-e-o-ceu\/#primaryimage"},"image":{"@id":"https:\/\/mostrafilmfestival.org\/xv\/br\/filmes\/mais-pesado-e-o-ceu\/#primaryimage"},"thumbnailUrl":"https:\/\/mostrafilmfestival.org\/xv\/br\/wp-content\/uploads\/2024\/11\/Mais-Pesado-e-o-Ceu-1.jpeg","datePublished":"2024-11-12T02:59:28+00:00","dateModified":"2024-11-14T03:18:30+00:00","description":"Ap\u00f3s acolher uma crian\u00e7a abandonada, Teresa conhece Ant\u00f4nio e os dois iniciam uma jornada pelas estradas. Para eles, o passado em comum est\u00e1 nas mem\u00f3rias de uma cidade submersa no fundo de uma represa. A vida \u00e9 sonho, mas o futuro \u00e9 a incerteza.","breadcrumb":{"@id":"https:\/\/mostrafilmfestival.org\/xv\/br\/filmes\/mais-pesado-e-o-ceu\/#breadcrumb"},"inLanguage":"pt-BR","potentialAction":[{"@type":"ReadAction","target":["https:\/\/mostrafilmfestival.org\/xv\/br\/filmes\/mais-pesado-e-o-ceu\/"]}]},{"@type":"ImageObject","inLanguage":"pt-BR","@id":"https:\/\/mostrafilmfestival.org\/xv\/br\/filmes\/mais-pesado-e-o-ceu\/#primaryimage","url":"https:\/\/mostrafilmfestival.org\/xv\/br\/wp-content\/uploads\/2024\/11\/Mais-Pesado-e-o-Ceu-1.jpeg","contentUrl":"https:\/\/mostrafilmfestival.org\/xv\/br\/wp-content\/uploads\/2024\/11\/Mais-Pesado-e-o-Ceu-1.jpeg","width":1920,"height":1080},{"@type":"BreadcrumbList","@id":"https:\/\/mostrafilmfestival.org\/xv\/br\/filmes\/mais-pesado-e-o-ceu\/#breadcrumb","itemListElement":[{"@type":"ListItem","position":1,"name":"Home","item":"https:\/\/mostrafilmfestival.org\/xv\/br\/home\/"},{"@type":"ListItem","position":2,"name":"Mais Pesado \u00e9 o C\u00e9u"}]},{"@type":"WebSite","@id":"https:\/\/mostrafilmfestival.org\/xv\/br\/#website","url":"https:\/\/mostrafilmfestival.org\/xv\/br\/","name":"MOSTRA XV Brazilian Film Festival - Brasil","description":"Filmes brasileiros com consci\u00eancia social.","potentialAction":[{"@type":"SearchAction","target":{"@type":"EntryPoint","urlTemplate":"https:\/\/mostrafilmfestival.org\/xv\/br\/?s={search_term_string}"},"query-input":{"@type":"PropertyValueSpecification","valueRequired":true,"valueName":"search_term_string"}}],"inLanguage":"pt-BR"}]}},"_links":{"self":[{"href":"https:\/\/mostrafilmfestival.org\/xv\/br\/wp-json\/wp\/v2\/portfolio\/43","targetHints":{"allow":["GET"]}}],"collection":[{"href":"https:\/\/mostrafilmfestival.org\/xv\/br\/wp-json\/wp\/v2\/portfolio"}],"about":[{"href":"https:\/\/mostrafilmfestival.org\/xv\/br\/wp-json\/wp\/v2\/types\/portfolio"}],"author":[{"embeddable":true,"href":"https:\/\/mostrafilmfestival.org\/xv\/br\/wp-json\/wp\/v2\/users\/1"}],"replies":[{"embeddable":true,"href":"https:\/\/mostrafilmfestival.org\/xv\/br\/wp-json\/wp\/v2\/comments?post=43"}],"version-history":[{"count":5,"href":"https:\/\/mostrafilmfestival.org\/xv\/br\/wp-json\/wp\/v2\/portfolio\/43\/revisions"}],"predecessor-version":[{"id":308,"href":"https:\/\/mostrafilmfestival.org\/xv\/br\/wp-json\/wp\/v2\/portfolio\/43\/revisions\/308"}],"wp:featuredmedia":[{"embeddable":true,"href":"https:\/\/mostrafilmfestival.org\/xv\/br\/wp-json\/wp\/v2\/media\/262"}],"wp:attachment":[{"href":"https:\/\/mostrafilmfestival.org\/xv\/br\/wp-json\/wp\/v2\/media?parent=43"}],"wp:term":[{"taxonomy":"post_tag","embeddable":true,"href":"https:\/\/mostrafilmfestival.org\/xv\/br\/wp-json\/wp\/v2\/tags?post=43"},{"taxonomy":"portfolio_entries","embeddable":true,"href":"https:\/\/mostrafilmfestival.org\/xv\/br\/wp-json\/wp\/v2\/portfolio_entries?post=43"}],"curies":[{"name":"wp","href":"https:\/\/api.w.org\/{rel}","templated":true}]}}