{"id":47,"date":"2024-11-12T03:02:46","date_gmt":"2024-11-12T03:02:46","guid":{"rendered":"https:\/\/mostrafilmfestival.org\/xv\/br\/?post_type=portfolio&#038;p=47"},"modified":"2024-11-14T00:14:52","modified_gmt":"2024-11-14T03:14:52","slug":"retratos-fantasmas","status":"publish","type":"portfolio","link":"https:\/\/mostrafilmfestival.org\/xv\/br\/filmes\/retratos-fantasmas\/","title":{"rendered":"Retratos Fantasmas"},"content":{"rendered":"\n<style type=\"text\/css\" data-created_by=\"avia_inline_auto\" id=\"style-css-av-zit87-aedbda79ef983cc6715270ac283c377f\">\n.avia-section.av-zit87-aedbda79ef983cc6715270ac283c377f .av-parallax .av-parallax-inner{\nbackground-repeat:no-repeat;\nbackground-image:url(https:\/\/mostrafilmfestival.org\/xv\/br\/wp-content\/uploads\/2024\/11\/Retratos-Fantasmas-2.png);\nbackground-position:50% 50%;\nbackground-attachment:scroll;\n}\n.avia-section.av-zit87-aedbda79ef983cc6715270ac283c377f .av-section-color-overlay{\nopacity:0.6;\nbackground-color:#000000;\n}\n<\/style>\n<div id='av_section_1'  class='avia-section av-zit87-aedbda79ef983cc6715270ac283c377f main_color avia-section-large avia-no-border-styling  avia-builder-el-0  el_before_av_submenu  avia-builder-el-first  avia-full-stretch av-parallax-section avia-bg-style-parallax av-section-color-overlay-active av-minimum-height av-minimum-height-100 av-height-100  container_wrap fullsize'  data-section-bg-repeat='stretch' data-av_minimum_height_pc='100' data-av_min_height_opt='100'><div class='av-parallax' data-avia-parallax-ratio='0.3' ><div class='av-parallax-inner main_color avia-full-stretch'><\/div><\/div><div class=\"av-section-color-overlay-wrap\"><div class=\"av-section-color-overlay\"><\/div><a href='#next-section' title='' class='scroll-down-link ' aria-hidden='true' data-av_icon='\ue877' data-av_iconfont='entypo-fontello'><\/a><div class='container av-section-cont-open' ><main  role=\"main\" itemprop=\"mainContentOfPage\"  class='template-page content  av-content-full alpha units'><div class='post-entry post-entry-type-page post-entry-47'><div class='entry-content-wrapper clearfix'>\n\n<style type=\"text\/css\" data-created_by=\"avia_inline_auto\" id=\"style-css-av-yt98r-e1995218565f620170d49bda21a88e9a\">\n#top .flex_column.av-yt98r-e1995218565f620170d49bda21a88e9a{\nmargin-top:0px;\nmargin-bottom:0px;\n}\n.responsive #top #wrap_all .flex_column.av-yt98r-e1995218565f620170d49bda21a88e9a{\nmargin-top:0px;\nmargin-bottom:0px;\n}\n<\/style>\n<div  class='flex_column av-yt98r-e1995218565f620170d49bda21a88e9a av_three_fourth  avia-builder-el-1  el_before_av_one_fourth  avia-builder-el-first  first flex_column_div  '     ><p>\n<style type=\"text\/css\" data-created_by=\"avia_inline_auto\" id=\"style-css-av-yj2cf-8932da0695540ebee01cea9a21a8e8b8\">\n#top .av-special-heading.av-yj2cf-8932da0695540ebee01cea9a21a8e8b8{\npadding-bottom:10px;\ncolor:#ffffff;\nfont-size:50px;\n}\nbody .av-special-heading.av-yj2cf-8932da0695540ebee01cea9a21a8e8b8 .av-special-heading-tag .heading-char{\nfont-size:25px;\n}\n#top #wrap_all .av-special-heading.av-yj2cf-8932da0695540ebee01cea9a21a8e8b8 .av-special-heading-tag{\nfont-size:50px;\n}\n.av-special-heading.av-yj2cf-8932da0695540ebee01cea9a21a8e8b8 .special-heading-inner-border{\nborder-color:#ffffff;\n}\n.av-special-heading.av-yj2cf-8932da0695540ebee01cea9a21a8e8b8 .av-subheading{\nfont-size:12px;\n}\n\n@media only screen and (min-width: 480px) and (max-width: 767px){ \n#top #wrap_all .av-special-heading.av-yj2cf-8932da0695540ebee01cea9a21a8e8b8 .av-special-heading-tag{\nfont-size:0.8em;\n}\n}\n\n@media only screen and (max-width: 479px){ \n#top #wrap_all .av-special-heading.av-yj2cf-8932da0695540ebee01cea9a21a8e8b8 .av-special-heading-tag{\nfont-size:0.8em;\n}\n}\n<\/style>\n<div  class='av-special-heading av-yj2cf-8932da0695540ebee01cea9a21a8e8b8 av-special-heading-h1 custom-color-heading blockquote modern-quote  avia-builder-el-2  el_before_av_iconlist  avia-builder-el-first  av-inherit-size'><h1 class='av-special-heading-tag '  itemprop=\"headline\"  >RETRATOS FANTASMAS<\/h1><div class=\"special-heading-border\"><div class=\"special-heading-inner-border\"><\/div><\/div><\/div><br \/>\n\n<style type=\"text\/css\" data-created_by=\"avia_inline_auto\" id=\"style-css-av-xoz8r-a7e2121557f7689e60078be6b2ea85ed\">\n@keyframes av_sonarEffect_av-xoz8r-a7e2121557f7689e60078be6b2ea85ed {\n  0% {opacity: 0.3;}\n 40% {opacity: 0.5; box-shadow: 0 0 0 2px rgba(255,255,255,0.1), 0 0 10px 10px #ffffff, 0 0 0 10px rgba(255,255,255,0.5);}\n100% {opacity: 0; box-shadow: 0 0 0 2px rgba(255,255,255,0.1), 0 0 10px 10px #ffffff, 0 0 0 10px rgba(255,255,255,0.5); transform: scale(1.5);}\n}\n#top .avia-icon-list-container.av-xoz8r-a7e2121557f7689e60078be6b2ea85ed .iconlist_icon{\ncolor:#ffffff;\nfont-size:18px;\n}\n#top .avia-icon-list-container.av-xoz8r-a7e2121557f7689e60078be6b2ea85ed .iconlist_icon:hover:after{\nanimation:av_sonarEffect_av-xoz8r-a7e2121557f7689e60078be6b2ea85ed 1s ease-in-out;\n}\n#top #wrap_all .avia-icon-list-container.av-xoz8r-a7e2121557f7689e60078be6b2ea85ed .av_iconlist_title{\nfont-size:18px;\ncolor:#ffffff;\n}\n.avia-icon-list-container.av-xoz8r-a7e2121557f7689e60078be6b2ea85ed .iconlist_content{\ncolor:#ffffff;\n}\n<\/style>\n<div  class='avia-icon-list-container av-xoz8r-a7e2121557f7689e60078be6b2ea85ed  avia-builder-el-3  el_after_av_heading  el_before_av_iconlist '><ul class='avia-icon-list avia_animate_when_almost_visible avia-icon-list-left av-iconlist-small av-xoz8r-a7e2121557f7689e60078be6b2ea85ed avia-iconlist-animate avia-sonar-shadow'>\n<li><div class='iconlist_icon av-x7eu3-8e763ee1790bdf34c7af831684f9383c avia-font-entypo-fontello'><span class='iconlist-char' aria-hidden='true' data-av_icon='\ue80a' data-av_iconfont='entypo-fontello'><\/span><\/div><article class=\"article-icon-entry \"  itemscope=\"itemscope\" itemtype=\"https:\/\/schema.org\/CreativeWork\" ><div class=\"iconlist_content_wrap\"><header class=\"entry-content-header\" aria-label=\"Icon: \"><\/header><div class='iconlist_content av_inherit_color'  itemprop=\"text\" ><p>Dirigido por<strong> Kleber Mendon\u00e7a Filho<\/strong><\/p>\n<\/div><\/div><footer class=\"entry-footer\"><\/footer><\/article><div class=\"iconlist-timeline\"><\/div><\/li>\n<li><div class='iconlist_icon av-wmckv-294d366e88adf9127679e055753732ce avia-font-entypo-fontello'><span class='iconlist-char' aria-hidden='true' data-av_icon='\ue81f' data-av_iconfont='entypo-fontello'><\/span><\/div><article class=\"article-icon-entry \"  itemscope=\"itemscope\" itemtype=\"https:\/\/schema.org\/CreativeWork\" ><div class=\"iconlist_content_wrap\"><header class=\"entry-content-header\" aria-label=\"Icon: \"><\/header><div class='iconlist_content av_inherit_color'  itemprop=\"text\" ><p>Document\u00e1rio |\u00a0 91min\u00a0 |\u00a0 2023<\/p>\n<\/div><\/div><footer class=\"entry-footer\"><\/footer><\/article><div class=\"iconlist-timeline\"><\/div><\/li>\n<li><div class='iconlist_icon av-wmckv-1-9d8150ff5afe27209932a494c2706ce0 avia-font-entypo-fontello'><span class='iconlist-char' aria-hidden='true' data-av_icon='\ue808' data-av_iconfont='entypo-fontello'><\/span><\/div><article class=\"article-icon-entry \"  itemscope=\"itemscope\" itemtype=\"https:\/\/schema.org\/CreativeWork\" ><div class=\"iconlist_content_wrap\"><header class=\"entry-content-header\" aria-label=\"Icon: \"><\/header><div class='iconlist_content av_inherit_color'  itemprop=\"text\" ><p>Noite de Abertura<\/p>\n<\/div><\/div><footer class=\"entry-footer\"><\/footer><\/article><div class=\"iconlist-timeline\"><\/div><\/li>\n<\/ul><\/div><br \/>\n\n<style type=\"text\/css\" data-created_by=\"avia_inline_auto\" id=\"style-css-av-vp8iz-816bc92967851f166b773515fe552544\">\n@keyframes av_sonarEffect_av-vp8iz-816bc92967851f166b773515fe552544 {\n  0% {opacity: 0.3;}\n 40% {opacity: 0.5; box-shadow: 0 0 0 2px rgba(255,255,255,0.1), 0 0 10px 10px #ffffff, 0 0 0 10px rgba(255,255,255,0.5);}\n100% {opacity: 0; box-shadow: 0 0 0 2px rgba(255,255,255,0.1), 0 0 10px 10px #ffffff, 0 0 0 10px rgba(255,255,255,0.5); transform: scale(1.5);}\n}\n#top .avia-icon-list-container.av-vp8iz-816bc92967851f166b773515fe552544 .iconlist_icon{\ncolor:#ffffff;\nfont-size:18px;\n}\n#top .avia-icon-list-container.av-vp8iz-816bc92967851f166b773515fe552544 .iconlist_icon:hover:after{\nanimation:av_sonarEffect_av-vp8iz-816bc92967851f166b773515fe552544 1s ease-in-out;\n}\n#top #wrap_all .avia-icon-list-container.av-vp8iz-816bc92967851f166b773515fe552544 .av_iconlist_title{\nfont-size:18px;\ncolor:#ffffff;\n}\n.avia-icon-list-container.av-vp8iz-816bc92967851f166b773515fe552544 .iconlist_content{\ncolor:#ffffff;\n}\n<\/style>\n<div  class='avia-icon-list-container av-vp8iz-816bc92967851f166b773515fe552544  avia-builder-el-4  el_after_av_iconlist  el_before_av_hr '><ul class='avia-icon-list avia_animate_when_almost_visible avia-icon-list-left av-iconlist-small av-vp8iz-816bc92967851f166b773515fe552544 avia-iconlist-animate avia-sonar-shadow'>\n<li><div class='iconlist_icon av-v9yrb-763794a08cde7183a61b4c43a7508ef0 avia-font-entypo-fontello'><span class='iconlist-char' aria-hidden='true' data-av_icon='\ue84b' data-av_iconfont='entypo-fontello'><\/span><\/div><article class=\"article-icon-entry \"  itemscope=\"itemscope\" itemtype=\"https:\/\/schema.org\/CreativeWork\" ><div class=\"iconlist_content_wrap\"><header class=\"entry-content-header\" aria-label=\"Icon: Sinopse\"><div class='av_iconlist_title iconlist_title_small  av_inherit_color'  itemprop=\"headline\" >Sinopse<\/div><\/header><div class='iconlist_content av_inherit_color'  itemprop=\"text\" ><p>Retratos Fantasmas \u00e9 uma jornada multidimensional atrav\u00e9s do tempo, som, arquitetura e cinema, ambientada na paisagem urbana de Recife, capital costeira de Pernambuco: um territ\u00f3rio hist\u00f3rico e humano, explorado por meio dos grandes cinemas que foram espa\u00e7os de conviv\u00eancia durante o s\u00e9culo XX. Esses lugares, que acolheram sonhos e progresso, tamb\u00e9m representam uma transforma\u00e7\u00e3o nas pr\u00e1ticas sociais. Combinando document\u00e1rio de arquivo, mist\u00e9rio, trechos de filmes e mem\u00f3rias pessoais, Retratos Fantasmas \u00e9 um mapa da cidade sob a \u00f3tica do cinema.<\/p>\n<\/div><\/div><footer class=\"entry-footer\"><\/footer><\/article><div class=\"iconlist-timeline\"><\/div><\/li>\n<\/ul><\/div><br \/>\n\n<style type=\"text\/css\" data-created_by=\"avia_inline_auto\" id=\"style-css-av-ur0qj-5c5079a2f03a41ee40b06b43a978bc6d\">\n#top .hr.hr-invisible.av-ur0qj-5c5079a2f03a41ee40b06b43a978bc6d{\nheight:20px;\n}\n<\/style>\n<div  class='hr av-ur0qj-5c5079a2f03a41ee40b06b43a978bc6d hr-invisible  avia-builder-el-5  el_after_av_iconlist  avia-builder-el-last '><span class='hr-inner '><span class=\"hr-inner-style\"><\/span><\/span><\/div><\/p><\/div>\n<style type=\"text\/css\" data-created_by=\"avia_inline_auto\" id=\"style-css-av-ssq0z-0b76cadd92cf95b8e5c590509a7f8d73\">\n#top .flex_column.av-ssq0z-0b76cadd92cf95b8e5c590509a7f8d73{\nmargin-top:0px;\nmargin-bottom:0px;\n}\n.flex_column.av-ssq0z-0b76cadd92cf95b8e5c590509a7f8d73{\nborder-radius:0px 0px 0px 0px;\npadding:0px 0px 0px 0px;\n}\n.responsive #top #wrap_all .flex_column.av-ssq0z-0b76cadd92cf95b8e5c590509a7f8d73{\nmargin-top:0px;\nmargin-bottom:0px;\n}\n<\/style>\n<div  class='flex_column av-ssq0z-0b76cadd92cf95b8e5c590509a7f8d73 av_one_fourth  avia-builder-el-6  el_after_av_three_fourth  avia-builder-el-last  flex_column_div av-zero-column-padding  '     ><style type=\"text\/css\" data-created_by=\"avia_inline_auto\" id=\"style-css-av-sdq23-4d202e03f56f9cae319a95d16171d8cd\">\n@keyframes av_boxShadowEffect_av-sdq23-4d202e03f56f9cae319a95d16171d8cd {\n0%   { box-shadow:  0 0 0 0 #000000; opacity: 1; }\n100% { box-shadow:  0 0 10px 0 #000000; opacity: 1; }\n}\n.avia-image-container.av-sdq23-4d202e03f56f9cae319a95d16171d8cd img.avia_image{\nbox-shadow: 0 0 10px 0 #000000;\n}\n.avia-image-container.av-sdq23-4d202e03f56f9cae319a95d16171d8cd .av-image-caption-overlay-center{\ncolor:#ffffff;\n}\n<\/style>\n<div  class='avia-image-container av-sdq23-4d202e03f56f9cae319a95d16171d8cd av-styling- av-img-linked avia-align-center  avia-builder-el-7  avia-builder-el-no-sibling  av-img-box-shadow av-box-shadow-not-animated'   itemprop=\"image\" itemscope=\"itemscope\" itemtype=\"https:\/\/schema.org\/ImageObject\" ><div class=\"avia-image-container-inner\"><div class=\"avia-image-overlay-wrap\"><a href=\"https:\/\/mostrafilmfestival.org\/xv\/br\/wp-content\/uploads\/2024\/11\/Retratos-Fantasmas-Cartaz-701x1030.png\" data-srcset=\"https:\/\/mostrafilmfestival.org\/xv\/br\/wp-content\/uploads\/2024\/11\/Retratos-Fantasmas-Cartaz-701x1030.png 701w, https:\/\/mostrafilmfestival.org\/xv\/br\/wp-content\/uploads\/2024\/11\/Retratos-Fantasmas-Cartaz-204x300.png 204w, https:\/\/mostrafilmfestival.org\/xv\/br\/wp-content\/uploads\/2024\/11\/Retratos-Fantasmas-Cartaz-480x705.png 480w, https:\/\/mostrafilmfestival.org\/xv\/br\/wp-content\/uploads\/2024\/11\/Retratos-Fantasmas-Cartaz.png 768w\" data-sizes=\"(max-width: 701px) 100vw, 701px\" class='avia_image '  aria-label='Retratos Fantasmas - Cartaz'><img decoding=\"async\" fetchpriority=\"high\" class='wp-image-111 avia-img-lazy-loading-not-111 avia_image shadow-not-animated' src=\"https:\/\/mostrafilmfestival.org\/xv\/br\/wp-content\/uploads\/2024\/11\/Retratos-Fantasmas-Cartaz-701x1030.png\" alt='' title='Retratos Fantasmas - Cartaz'  height=\"1030\" width=\"701\"  itemprop=\"thumbnailUrl\" srcset=\"https:\/\/mostrafilmfestival.org\/xv\/br\/wp-content\/uploads\/2024\/11\/Retratos-Fantasmas-Cartaz-701x1030.png 701w, https:\/\/mostrafilmfestival.org\/xv\/br\/wp-content\/uploads\/2024\/11\/Retratos-Fantasmas-Cartaz-204x300.png 204w, https:\/\/mostrafilmfestival.org\/xv\/br\/wp-content\/uploads\/2024\/11\/Retratos-Fantasmas-Cartaz-480x705.png 480w, https:\/\/mostrafilmfestival.org\/xv\/br\/wp-content\/uploads\/2024\/11\/Retratos-Fantasmas-Cartaz.png 768w\" sizes=\"(max-width: 701px) 100vw, 701px\" \/><\/a><\/div><\/div><\/div><\/div>\n\n<\/div><\/div><\/main><!-- close content main element --><\/div><\/div><\/div><div id='sub_menu1'  class='av-submenu-container av-rx2wn-d2628442e5c8c6cc431143817684aa12 main_color  avia-builder-el-8  el_after_av_section  el_before_av_section  submenu-not-first container_wrap fullsize' style='z-index:301' ><div class='container av-menu-mobile-disabled av-submenu-pos-center'><ul id='av-custom-submenu-1' class='av-subnav-menu' role='menu'>\n<li class='menu-item av-2oyjn-f0459b262c4ca864f8cb90d08b6910e0 menu-item-top-level menu-item-top-level-1' role='menuitem'><a href='#trailer'  ><span class='avia-bullet'><\/span><span class='avia-menu-text'>Trailer<\/span><\/a><\/li>\n<li class='menu-item av-qb8f7-97f44881bdf218457bcaf055dec152e2 menu-item-top-level menu-item-top-level-2' role='menuitem'><a href='#credits'  ><span class='avia-bullet'><\/span><span class='avia-menu-text'>Cr\u00e9ditos<\/span><\/a><\/li>\n<li class='menu-item av-pv7q3-a55eb0c72fcb2397af06edfe3bc09703 menu-item-top-level menu-item-top-level-3' role='menuitem'><a href='#gallery'  ><span class='avia-bullet'><\/span><span class='avia-menu-text'>Galeria<\/span><\/a><\/li>\n<li class='menu-item av-p4thr-5daebaf5b10433ed2cda01220c749c2d menu-item-top-level menu-item-top-level-4' role='menuitem'><a href='#qea'  ><span class='avia-bullet'><\/span><span class='avia-menu-text'>Conhe\u00e7a o(a) Diretor(a)<\/span><\/a><\/li>\n<li class='menu-item av-ooe4v-0b2cb62f666f49d2ceb2c93e94d4e0f6 menu-item-top-level menu-item-top-level-5' role='menuitem'><a href='#watch'  ><span class='avia-bullet'><\/span><span class='avia-menu-text'>Onde Assistir<\/span><\/a><\/li>\n<li class='menu-item av-o5m7j-5766a6d57a00ab44e8803ffa0477b490 menu-item-top-level menu-item-top-level-6' role='menuitem'><a href='#more'  ><span class='avia-bullet'><\/span><span class='avia-menu-text'>Mais Filmes<\/span><\/a><\/li>\n<\/ul><\/div><\/div>\n<div id='av_section_2'  class='avia-section av-nd64v-87d7f11558db376f474fe16227f784a1 main_color avia-section-large avia-no-border-styling  avia-builder-el-9  el_after_av_submenu  el_before_av_masonry_gallery  avia-bg-style-scroll container_wrap fullsize'  ><div class='container av-section-cont-open' ><div class='template-page content  av-content-full alpha units'><div class='post-entry post-entry-type-page post-entry-47'><div class='entry-content-wrapper clearfix'>\n<div  id=\"trailer\"  class='flex_column av-n77pf-00489b2aef99f61234c11434b349675e av_three_fifth  avia-builder-el-10  el_before_av_two_fifth  avia-builder-el-first  first flex_column_div  '     ><p>\n<style type=\"text\/css\" data-created_by=\"avia_inline_auto\" id=\"style-css-av-m8rnr-45296a8b6aae30939ffb071605bbf71a\">\n#top .av-special-heading.av-m8rnr-45296a8b6aae30939ffb071605bbf71a{\npadding-bottom:10px;\nfont-size:40px;\n}\nbody .av-special-heading.av-m8rnr-45296a8b6aae30939ffb071605bbf71a .av-special-heading-tag .heading-char{\nfont-size:25px;\n}\n#top #wrap_all .av-special-heading.av-m8rnr-45296a8b6aae30939ffb071605bbf71a .av-special-heading-tag{\nfont-size:40px;\npadding:0 0 20px 0;\n}\n.av-special-heading.av-m8rnr-45296a8b6aae30939ffb071605bbf71a .av-subheading{\nfont-size:12px;\n}\n\n@media only screen and (min-width: 480px) and (max-width: 767px){ \n#top #wrap_all .av-special-heading.av-m8rnr-45296a8b6aae30939ffb071605bbf71a .av-special-heading-tag{\nfont-size:0.8em;\n}\n}\n\n@media only screen and (max-width: 479px){ \n#top #wrap_all .av-special-heading.av-m8rnr-45296a8b6aae30939ffb071605bbf71a .av-special-heading-tag{\nfont-size:0.8em;\n}\n}\n<\/style>\n<div  class='av-special-heading av-m8rnr-45296a8b6aae30939ffb071605bbf71a av-special-heading-h2 blockquote modern-quote  avia-builder-el-11  el_before_av_codeblock  avia-builder-el-first  av-inherit-size'><h2 class='av-special-heading-tag '  itemprop=\"headline\"  >Trailer<\/h2><div class=\"special-heading-border\"><div class=\"special-heading-inner-border\"><\/div><\/div><\/div><br \/>\n<\/p><\/div>\n<style type=\"text\/css\" data-created_by=\"avia_inline_auto\" id=\"style-css-av-l3uif-0a3bcc416217e666fbdb31b3b246a494\">\n.avia-fold-unfold-section.av-fold-column-av-l3uif-0a3bcc416217e666fbdb31b3b246a494 .av-fold-unfold-container{\nmax-height:500px;\n}\n<\/style>\n<div  id=\"credits\"  class='flex_column av-l3uif-0a3bcc416217e666fbdb31b3b246a494 av_two_fifth  avia-builder-el-13  el_after_av_three_fifth  avia-builder-el-last  flex_column_div avia-fold-unfold-section avia-fold-column-wrap avia-fold-init av-fold-column-av-l3uif-0a3bcc416217e666fbdb31b3b246a494 avia-size-medium align-left '     data-fold_unfold=\"{&quot;type&quot;:&quot;avia-fold-unfold-section&quot;,&quot;height&quot;:&quot;500&quot;,&quot;more&quot;:&quot;Read more&quot;,&quot;less&quot;:&quot;Read less&quot;,&quot;context&quot;:&quot;avia_sc_columns&quot;}\"><div class=\"av-fold-unfold-container folded\"><div class=\"av-fold-unfold-inner\"><\/div><\/div><div class='av-fold-button-wrapper av-section-fold-btn-wrap avia-button-wrap'><a href=\"#\" class=\"av-fold-button-container  avia-button avia-size-medium avia-color-theme-color\" data-ignore_hash=\"1\" data-no_scroll_in_viewport=\"1\" data-scroll_top_offset=\"50\">Read more<\/a><\/div><p>\n<style type=\"text\/css\" data-created_by=\"avia_inline_auto\" id=\"style-css-av-kqrln-18c135b36ecfac8bec78e55fb43914dd\">\n#top .av-special-heading.av-kqrln-18c135b36ecfac8bec78e55fb43914dd{\npadding-bottom:10px;\nfont-size:40px;\n}\nbody .av-special-heading.av-kqrln-18c135b36ecfac8bec78e55fb43914dd .av-special-heading-tag .heading-char{\nfont-size:25px;\n}\n#top #wrap_all .av-special-heading.av-kqrln-18c135b36ecfac8bec78e55fb43914dd .av-special-heading-tag{\nfont-size:40px;\n}\n.av-special-heading.av-kqrln-18c135b36ecfac8bec78e55fb43914dd .av-subheading{\nfont-size:12px;\n}\n\n@media only screen and (min-width: 480px) and (max-width: 767px){ \n#top #wrap_all .av-special-heading.av-kqrln-18c135b36ecfac8bec78e55fb43914dd .av-special-heading-tag{\nfont-size:0.8em;\n}\n}\n\n@media only screen and (max-width: 479px){ \n#top #wrap_all .av-special-heading.av-kqrln-18c135b36ecfac8bec78e55fb43914dd .av-special-heading-tag{\nfont-size:0.8em;\n}\n}\n<\/style>\n<div  class='av-special-heading av-kqrln-18c135b36ecfac8bec78e55fb43914dd av-special-heading-h2 blockquote modern-quote  avia-builder-el-14  el_before_av_iconlist  avia-builder-el-first  av-inherit-size'><h2 class='av-special-heading-tag '  itemprop=\"headline\"  >Ficha T\u00e9cnica<\/h2><div class=\"special-heading-border\"><div class=\"special-heading-inner-border\"><\/div><\/div><\/div><br \/>\n\n<style type=\"text\/css\" data-created_by=\"avia_inline_auto\" id=\"style-css-av-k2do3-6a181d28ece6586e9f7d373de1778706\">\n@keyframes av_sonarEffect_av-k2do3-6a181d28ece6586e9f7d373de1778706 {\n  0% {opacity: 0.3;}\n 40% {opacity: 0.5; box-shadow: 0 0 0 2px rgba(255,255,255,0.1), 0 0 10px 10px #ffffff, 0 0 0 10px rgba(255,255,255,0.5);}\n100% {opacity: 0; box-shadow: 0 0 0 2px rgba(255,255,255,0.1), 0 0 10px 10px #ffffff, 0 0 0 10px rgba(255,255,255,0.5); transform: scale(1.5);}\n}\n#top .avia-icon-list-container.av-k2do3-6a181d28ece6586e9f7d373de1778706 .iconlist_icon:hover:after{\nanimation:av_sonarEffect_av-k2do3-6a181d28ece6586e9f7d373de1778706 1s ease-in-out;\n}\n<\/style>\n<div  class='avia-icon-list-container av-k2do3-6a181d28ece6586e9f7d373de1778706  avia-builder-el-15  el_after_av_heading  avia-builder-el-last '><ul class='avia-icon-list avia_animate_when_almost_visible avia-icon-list-left av-iconlist-small av-k2do3-6a181d28ece6586e9f7d373de1778706 avia-iconlist-animate avia-sonar-shadow'>\n<li><div class='iconlist_icon av-704b-35a243a3049b829d05d203edf0166eba avia-font-entypo-fontello'><span class='iconlist-char' aria-hidden='true' data-av_icon='\ue80d' data-av_iconfont='entypo-fontello'><\/span><\/div><article class=\"article-icon-entry \"  itemscope=\"itemscope\" itemtype=\"https:\/\/schema.org\/CreativeWork\" ><div class=\"iconlist_content_wrap\"><header class=\"entry-content-header\" aria-label=\"Icon: T\u00edtulo Original\"><div class='av_iconlist_title iconlist_title_small  '  itemprop=\"headline\" >T\u00edtulo Original<\/div><\/header><div class='iconlist_content '  itemprop=\"text\" ><p>Retratos Fantasmas<\/p>\n<\/div><\/div><footer class=\"entry-footer\"><\/footer><\/article><div class=\"iconlist-timeline\"><\/div><\/li>\n<li><div class='iconlist_icon av-itcg7-01fa8b0373256029fbf7fe0d0b9f0349 avia-font-mostra-br-xiv'><span class='iconlist-char' aria-hidden='true' data-av_icon='\ue802' data-av_iconfont='mostra-br-xiv'><\/span><\/div><article class=\"article-icon-entry \"  itemscope=\"itemscope\" itemtype=\"https:\/\/schema.org\/CreativeWork\" ><div class=\"iconlist_content_wrap\"><header class=\"entry-content-header\" aria-label=\"Icon: Dire\u00e7\u00e3o\"><div class='av_iconlist_title iconlist_title_small  '  itemprop=\"headline\" >Dire\u00e7\u00e3o<\/div><\/header><div class='iconlist_content '  itemprop=\"text\" ><p>Kleber Mendon\u00e7a Filho<\/p>\n<\/div><\/div><footer class=\"entry-footer\"><\/footer><\/article><div class=\"iconlist-timeline\"><\/div><\/li>\n<li><div class='iconlist_icon av-ie0r3-9fcd5fcd3a10a512e97149083136a96d avia-font-mostra-br-xiv'><span class='iconlist-char' aria-hidden='true' data-av_icon='\ue808' data-av_iconfont='mostra-br-xiv'><\/span><\/div><article class=\"article-icon-entry \"  itemscope=\"itemscope\" itemtype=\"https:\/\/schema.org\/CreativeWork\" ><div class=\"iconlist_content_wrap\"><header class=\"entry-content-header\" aria-label=\"Icon: Produ\u00e7\u00e3o\"><div class='av_iconlist_title iconlist_title_small  '  itemprop=\"headline\" >Produ\u00e7\u00e3o<\/div><\/header><div class='iconlist_content '  itemprop=\"text\" ><p>Emilie Lesclaux<\/p>\n<\/div><\/div><footer class=\"entry-footer\"><\/footer><\/article><div class=\"iconlist-timeline\"><\/div><\/li>\n<li><div class='iconlist_icon av-hl6sf-c5bae25d058577562b170c557778bc66 avia-font-entypo-fontello'><span class='iconlist-char' aria-hidden='true' data-av_icon='\ue829' data-av_iconfont='entypo-fontello'><\/span><\/div><article class=\"article-icon-entry \"  itemscope=\"itemscope\" itemtype=\"https:\/\/schema.org\/CreativeWork\" ><div class=\"iconlist_content_wrap\"><header class=\"entry-content-header\" aria-label=\"Icon: Categoria\"><div class='av_iconlist_title iconlist_title_small  '  itemprop=\"headline\" >Categoria<\/div><\/header><div class='iconlist_content '  itemprop=\"text\" ><p>Documentary<\/p>\n<\/div><\/div><footer class=\"entry-footer\"><\/footer><\/article><div class=\"iconlist-timeline\"><\/div><\/li>\n<li><div class='iconlist_icon av-gusxz-a55b798358e5c140e1d820f7bd2134f5 avia-font-mostra-br-xiv'><span class='iconlist-char' aria-hidden='true' data-av_icon='\ue809' data-av_iconfont='mostra-br-xiv'><\/span><\/div><article class=\"article-icon-entry \"  itemscope=\"itemscope\" itemtype=\"https:\/\/schema.org\/CreativeWork\" ><div class=\"iconlist_content_wrap\"><header class=\"entry-content-header\" aria-label=\"Icon: Ano\"><div class='av_iconlist_title iconlist_title_small  '  itemprop=\"headline\" >Ano<\/div><\/header><div class='iconlist_content '  itemprop=\"text\" ><p>2023<\/p>\n<\/div><\/div><footer class=\"entry-footer\"><\/footer><\/article><div class=\"iconlist-timeline\"><\/div><\/li>\n<li><div class='iconlist_icon av-ggbhr-a567f5b54297543dbfa5e8f5c2eadbd1 avia-font-entypo-fontello'><span class='iconlist-char' aria-hidden='true' data-av_icon='\ue837' data-av_iconfont='entypo-fontello'><\/span><\/div><article class=\"article-icon-entry \"  itemscope=\"itemscope\" itemtype=\"https:\/\/schema.org\/CreativeWork\" ><div class=\"iconlist_content_wrap\"><header class=\"entry-content-header\" aria-label=\"Icon: Roteiro Original\"><div class='av_iconlist_title iconlist_title_small  '  itemprop=\"headline\" >Roteiro Original<\/div><\/header><div class='iconlist_content '  itemprop=\"text\" ><p>Kleber Mendon\u00e7a Filho<\/p>\n<\/div><\/div><footer class=\"entry-footer\"><\/footer><\/article><div class=\"iconlist-timeline\"><\/div><\/li>\n<li><div class='iconlist_icon av-g13vv-0a979871eb0fc10bcca1c413799eed6d avia-font-entypo-fontello'><span class='iconlist-char' aria-hidden='true' data-av_icon='\ue80f' data-av_iconfont='entypo-fontello'><\/span><\/div><article class=\"article-icon-entry \"  itemscope=\"itemscope\" itemtype=\"https:\/\/schema.org\/CreativeWork\" ><div class=\"iconlist_content_wrap\"><header class=\"entry-content-header\" aria-label=\"Icon: Dire\u00e7\u00e3o de Fotografia\"><div class='av_iconlist_title iconlist_title_small  '  itemprop=\"headline\" >Dire\u00e7\u00e3o de Fotografia<\/div><\/header><div class='iconlist_content '  itemprop=\"text\" ><p>Pedro Sotero<\/p>\n<\/div><\/div><footer class=\"entry-footer\"><\/footer><\/article><div class=\"iconlist-timeline\"><\/div><\/li>\n<li><div class='iconlist_icon av-f8h0r-26f3a6a13d5846059414eca173e3e95e avia-font-mostra-br-xiv'><span class='iconlist-char' aria-hidden='true' data-av_icon='\ue806' data-av_iconfont='mostra-br-xiv'><\/span><\/div><article class=\"article-icon-entry \"  itemscope=\"itemscope\" itemtype=\"https:\/\/schema.org\/CreativeWork\" ><div class=\"iconlist_content_wrap\"><header class=\"entry-content-header\" aria-label=\"Icon: Montagem\"><div class='av_iconlist_title iconlist_title_small  '  itemprop=\"headline\" >Montagem<\/div><\/header><div class='iconlist_content '  itemprop=\"text\" ><p>Matheus Farias<\/p>\n<\/div><\/div><footer class=\"entry-footer\"><\/footer><\/article><div class=\"iconlist-timeline\"><\/div><\/li>\n<li><div class='iconlist_icon av-erkub-d9f3821602b5d2fb6d30fe830db76877 avia-font-mostra-br-xiv'><span class='iconlist-char' aria-hidden='true' data-av_icon='\ue80b' data-av_iconfont='mostra-br-xiv'><\/span><\/div><article class=\"article-icon-entry \"  itemscope=\"itemscope\" itemtype=\"https:\/\/schema.org\/CreativeWork\" ><div class=\"iconlist_content_wrap\"><header class=\"entry-content-header\" aria-label=\"Icon: Som Direto\"><div class='av_iconlist_title iconlist_title_small  '  itemprop=\"headline\" >Som Direto<\/div><\/header><div class='iconlist_content '  itemprop=\"text\" ><p>Kleber Mendon\u00e7a Filho<\/p>\n<\/div><\/div><footer class=\"entry-footer\"><\/footer><\/article><div class=\"iconlist-timeline\"><\/div><\/li>\n<li><div class='iconlist_icon av-e9t6j-c2eff08c74300a69b5118dbb74546630 avia-font-mostra-br-xiv'><span class='iconlist-char' aria-hidden='true' data-av_icon='\ue801' data-av_iconfont='mostra-br-xiv'><\/span><\/div><article class=\"article-icon-entry \"  itemscope=\"itemscope\" itemtype=\"https:\/\/schema.org\/CreativeWork\" ><div class=\"iconlist_content_wrap\"><header class=\"entry-content-header\" aria-label=\"Icon: Mixagem\"><div class='av_iconlist_title iconlist_title_small  '  itemprop=\"headline\" >Mixagem<\/div><\/header><div class='iconlist_content '  itemprop=\"text\" ><p>Ricardo Cutz<\/p>\n<\/div><\/div><footer class=\"entry-footer\"><\/footer><\/article><div class=\"iconlist-timeline\"><\/div><\/li>\n<li><div class='iconlist_icon av-d8vpf-8a69bd6a15ea0e4e98e1bfe277d22c13 avia-font-mostra-br-xiv'><span class='iconlist-char' aria-hidden='true' data-av_icon='\ue80a' data-av_iconfont='mostra-br-xiv'><\/span><\/div><article class=\"article-icon-entry \"  itemscope=\"itemscope\" itemtype=\"https:\/\/schema.org\/CreativeWork\" ><div class=\"iconlist_content_wrap\"><header class=\"entry-content-header\" aria-label=\"Icon: Empresa Produtora\"><div class='av_iconlist_title iconlist_title_small  '  itemprop=\"headline\" >Empresa Produtora<\/div><\/header><div class='iconlist_content '  itemprop=\"text\" ><p>Cinemasc\u00f3pio<\/p>\n<\/div><\/div><footer class=\"entry-footer\"><\/footer><\/article><div class=\"iconlist-timeline\"><\/div><\/li>\n<\/ul><\/div><\/p><\/div>\n\n<div id='gallery' class='av-masonry av-cvk8b-6d2a99875446f4b2411c4219c076a9a0 noHover av-fixed-size av-1px-gap av-hover-overlay-active av-masonry-animation-active av-masonry-col-3 av-caption-always av-caption-style- av-masonry-gallery av-small-columns-overwrite av-small-columns-2 av-mini-columns-overwrite av-mini-columns-2 ' data-post_id=\"47\"><div class=\"av-masonry-container isotope av-js-disabled\"><div class='av-masonry-entry isotope-item av-masonry-item-no-image '><\/div><a href=\"https:\/\/mostrafilmfestival.org\/xv\/br\/wp-content\/uploads\/2024\/11\/Retratos-Fantasmas-6-1030x590.png\" data-srcset=\"https:\/\/mostrafilmfestival.org\/xv\/br\/wp-content\/uploads\/2024\/11\/Retratos-Fantasmas-6-1030x590.png 1030w, https:\/\/mostrafilmfestival.org\/xv\/br\/wp-content\/uploads\/2024\/11\/Retratos-Fantasmas-6-300x172.png 300w, https:\/\/mostrafilmfestival.org\/xv\/br\/wp-content\/uploads\/2024\/11\/Retratos-Fantasmas-6-768x440.png 768w, https:\/\/mostrafilmfestival.org\/xv\/br\/wp-content\/uploads\/2024\/11\/Retratos-Fantasmas-6-1536x879.png 1536w, https:\/\/mostrafilmfestival.org\/xv\/br\/wp-content\/uploads\/2024\/11\/Retratos-Fantasmas-6-1500x859.png 1500w, https:\/\/mostrafilmfestival.org\/xv\/br\/wp-content\/uploads\/2024\/11\/Retratos-Fantasmas-6-705x403.png 705w, https:\/\/mostrafilmfestival.org\/xv\/br\/wp-content\/uploads\/2024\/11\/Retratos-Fantasmas-6.png 1887w\" data-sizes=\"(max-width: 1030px) 100vw, 1030px\"  aria-label=\"image Retratos Fantasmas (6)\"  id='av-masonry-1-item-192' data-av-masonry-item='192' class='av-masonry-entry isotope-item post-192 attachment type-attachment status-inherit hentry  av-masonry-item-with-image' title=\"Retratos Fantasmas (6)\" alt=\"\"    itemprop=\"thumbnailUrl\" ><div class='av-inner-masonry-sizer'><\/div><figure class='av-inner-masonry main_color'><div class=\"av-masonry-outerimage-container\"><div class='av-masonry-image-container' style=\"background-image: url(https:\/\/mostrafilmfestival.org\/xv\/br\/wp-content\/uploads\/2024\/11\/Retratos-Fantasmas-6-1500x630.png);\"  title=\"Retratos Fantasmas (6)\" ><\/div><\/div><\/figure><\/a><!--end av-masonry entry--><a href=\"https:\/\/mostrafilmfestival.org\/xv\/br\/wp-content\/uploads\/2024\/11\/Retratos-Fantasmas-5-1030x585.png\" data-srcset=\"https:\/\/mostrafilmfestival.org\/xv\/br\/wp-content\/uploads\/2024\/11\/Retratos-Fantasmas-5-1030x585.png 1030w, https:\/\/mostrafilmfestival.org\/xv\/br\/wp-content\/uploads\/2024\/11\/Retratos-Fantasmas-5-300x171.png 300w, https:\/\/mostrafilmfestival.org\/xv\/br\/wp-content\/uploads\/2024\/11\/Retratos-Fantasmas-5-768x437.png 768w, https:\/\/mostrafilmfestival.org\/xv\/br\/wp-content\/uploads\/2024\/11\/Retratos-Fantasmas-5-1536x873.png 1536w, https:\/\/mostrafilmfestival.org\/xv\/br\/wp-content\/uploads\/2024\/11\/Retratos-Fantasmas-5-1500x853.png 1500w, https:\/\/mostrafilmfestival.org\/xv\/br\/wp-content\/uploads\/2024\/11\/Retratos-Fantasmas-5-705x401.png 705w, https:\/\/mostrafilmfestival.org\/xv\/br\/wp-content\/uploads\/2024\/11\/Retratos-Fantasmas-5.png 1900w\" data-sizes=\"(max-width: 1030px) 100vw, 1030px\"  aria-label=\"image Retratos Fantasmas (5)\"  id='av-masonry-1-item-191' data-av-masonry-item='191' class='av-masonry-entry isotope-item post-191 attachment type-attachment status-inherit hentry  av-masonry-item-with-image' title=\"Retratos Fantasmas (5)\" alt=\"\"    itemprop=\"thumbnailUrl\" ><div class='av-inner-masonry-sizer'><\/div><figure class='av-inner-masonry main_color'><div class=\"av-masonry-outerimage-container\"><div class='av-masonry-image-container' style=\"background-image: url(https:\/\/mostrafilmfestival.org\/xv\/br\/wp-content\/uploads\/2024\/11\/Retratos-Fantasmas-5-1500x630.png);\"  title=\"Retratos Fantasmas (5)\" ><\/div><\/div><\/figure><\/a><!--end av-masonry entry--><a href=\"https:\/\/mostrafilmfestival.org\/xv\/br\/wp-content\/uploads\/2024\/11\/Retratos-Fantasmas-4-1030x585.png\" data-srcset=\"https:\/\/mostrafilmfestival.org\/xv\/br\/wp-content\/uploads\/2024\/11\/Retratos-Fantasmas-4-1030x585.png 1030w, https:\/\/mostrafilmfestival.org\/xv\/br\/wp-content\/uploads\/2024\/11\/Retratos-Fantasmas-4-300x171.png 300w, https:\/\/mostrafilmfestival.org\/xv\/br\/wp-content\/uploads\/2024\/11\/Retratos-Fantasmas-4-768x437.png 768w, https:\/\/mostrafilmfestival.org\/xv\/br\/wp-content\/uploads\/2024\/11\/Retratos-Fantasmas-4-1536x873.png 1536w, https:\/\/mostrafilmfestival.org\/xv\/br\/wp-content\/uploads\/2024\/11\/Retratos-Fantasmas-4-1500x853.png 1500w, https:\/\/mostrafilmfestival.org\/xv\/br\/wp-content\/uploads\/2024\/11\/Retratos-Fantasmas-4-705x401.png 705w, https:\/\/mostrafilmfestival.org\/xv\/br\/wp-content\/uploads\/2024\/11\/Retratos-Fantasmas-4.png 1900w\" data-sizes=\"(max-width: 1030px) 100vw, 1030px\"  aria-label=\"image Retratos Fantasmas (4)\"  id='av-masonry-1-item-190' data-av-masonry-item='190' class='av-masonry-entry isotope-item post-190 attachment type-attachment status-inherit hentry  av-masonry-item-with-image' title=\"Retratos Fantasmas (4)\" alt=\"\"    itemprop=\"thumbnailUrl\" ><div class='av-inner-masonry-sizer'><\/div><figure class='av-inner-masonry main_color'><div class=\"av-masonry-outerimage-container\"><div class='av-masonry-image-container' style=\"background-image: url(https:\/\/mostrafilmfestival.org\/xv\/br\/wp-content\/uploads\/2024\/11\/Retratos-Fantasmas-4-1500x630.png);\"  title=\"Retratos Fantasmas (4)\" ><\/div><\/div><\/figure><\/a><!--end av-masonry entry--><a href=\"https:\/\/mostrafilmfestival.org\/xv\/br\/wp-content\/uploads\/2024\/11\/Retratos-Fantasmas-3-1030x586.png\" data-srcset=\"https:\/\/mostrafilmfestival.org\/xv\/br\/wp-content\/uploads\/2024\/11\/Retratos-Fantasmas-3-1030x586.png 1030w, https:\/\/mostrafilmfestival.org\/xv\/br\/wp-content\/uploads\/2024\/11\/Retratos-Fantasmas-3-300x171.png 300w, https:\/\/mostrafilmfestival.org\/xv\/br\/wp-content\/uploads\/2024\/11\/Retratos-Fantasmas-3-768x437.png 768w, https:\/\/mostrafilmfestival.org\/xv\/br\/wp-content\/uploads\/2024\/11\/Retratos-Fantasmas-3-1536x874.png 1536w, https:\/\/mostrafilmfestival.org\/xv\/br\/wp-content\/uploads\/2024\/11\/Retratos-Fantasmas-3-1500x854.png 1500w, https:\/\/mostrafilmfestival.org\/xv\/br\/wp-content\/uploads\/2024\/11\/Retratos-Fantasmas-3-705x401.png 705w, https:\/\/mostrafilmfestival.org\/xv\/br\/wp-content\/uploads\/2024\/11\/Retratos-Fantasmas-3.png 1897w\" data-sizes=\"(max-width: 1030px) 100vw, 1030px\"  aria-label=\"image Retratos Fantasmas (3)\"  id='av-masonry-1-item-189' data-av-masonry-item='189' class='av-masonry-entry isotope-item post-189 attachment type-attachment status-inherit hentry  av-masonry-item-with-image' title=\"Retratos Fantasmas (3)\" alt=\"\"    itemprop=\"thumbnailUrl\" ><div class='av-inner-masonry-sizer'><\/div><figure class='av-inner-masonry main_color'><div class=\"av-masonry-outerimage-container\"><div class='av-masonry-image-container' style=\"background-image: url(https:\/\/mostrafilmfestival.org\/xv\/br\/wp-content\/uploads\/2024\/11\/Retratos-Fantasmas-3-1500x630.png);\"  title=\"Retratos Fantasmas (3)\" ><\/div><\/div><\/figure><\/a><!--end av-masonry entry--><a href=\"https:\/\/mostrafilmfestival.org\/xv\/br\/wp-content\/uploads\/2024\/11\/Retratos-Fantasmas-1-1030x585.png\" data-srcset=\"https:\/\/mostrafilmfestival.org\/xv\/br\/wp-content\/uploads\/2024\/11\/Retratos-Fantasmas-1-1030x585.png 1030w, https:\/\/mostrafilmfestival.org\/xv\/br\/wp-content\/uploads\/2024\/11\/Retratos-Fantasmas-1-300x171.png 300w, https:\/\/mostrafilmfestival.org\/xv\/br\/wp-content\/uploads\/2024\/11\/Retratos-Fantasmas-1-768x437.png 768w, https:\/\/mostrafilmfestival.org\/xv\/br\/wp-content\/uploads\/2024\/11\/Retratos-Fantasmas-1-1536x873.png 1536w, https:\/\/mostrafilmfestival.org\/xv\/br\/wp-content\/uploads\/2024\/11\/Retratos-Fantasmas-1-1500x853.png 1500w, https:\/\/mostrafilmfestival.org\/xv\/br\/wp-content\/uploads\/2024\/11\/Retratos-Fantasmas-1-705x401.png 705w, https:\/\/mostrafilmfestival.org\/xv\/br\/wp-content\/uploads\/2024\/11\/Retratos-Fantasmas-1.png 1900w\" data-sizes=\"(max-width: 1030px) 100vw, 1030px\"  aria-label=\"image Retratos Fantasmas (1)\"  id='av-masonry-1-item-112' data-av-masonry-item='112' class='av-masonry-entry isotope-item post-112 attachment type-attachment status-inherit hentry  av-masonry-item-with-image' title=\"Retratos Fantasmas (1)\" alt=\"\"    itemprop=\"thumbnailUrl\" ><div class='av-inner-masonry-sizer'><\/div><figure class='av-inner-masonry main_color'><div class=\"av-masonry-outerimage-container\"><div class='av-masonry-image-container' style=\"background-image: url(https:\/\/mostrafilmfestival.org\/xv\/br\/wp-content\/uploads\/2024\/11\/Retratos-Fantasmas-1-1500x630.png);\"  title=\"Retratos Fantasmas (1)\" ><\/div><\/div><\/figure><\/a><!--end av-masonry entry--><a href=\"https:\/\/mostrafilmfestival.org\/xv\/br\/wp-content\/uploads\/2024\/11\/Retratos-Fantasmas-2-1030x639.png\" data-srcset=\"https:\/\/mostrafilmfestival.org\/xv\/br\/wp-content\/uploads\/2024\/11\/Retratos-Fantasmas-2-1030x639.png 1030w, https:\/\/mostrafilmfestival.org\/xv\/br\/wp-content\/uploads\/2024\/11\/Retratos-Fantasmas-2-300x186.png 300w, https:\/\/mostrafilmfestival.org\/xv\/br\/wp-content\/uploads\/2024\/11\/Retratos-Fantasmas-2-768x476.png 768w, https:\/\/mostrafilmfestival.org\/xv\/br\/wp-content\/uploads\/2024\/11\/Retratos-Fantasmas-2-1536x953.png 1536w, https:\/\/mostrafilmfestival.org\/xv\/br\/wp-content\/uploads\/2024\/11\/Retratos-Fantasmas-2-1500x930.png 1500w, https:\/\/mostrafilmfestival.org\/xv\/br\/wp-content\/uploads\/2024\/11\/Retratos-Fantasmas-2-705x437.png 705w, https:\/\/mostrafilmfestival.org\/xv\/br\/wp-content\/uploads\/2024\/11\/Retratos-Fantasmas-2.png 1741w\" data-sizes=\"(max-width: 1030px) 100vw, 1030px\"  aria-label=\"image Retratos Fantasmas (2)\"  id='av-masonry-1-item-113' data-av-masonry-item='113' class='av-masonry-entry isotope-item post-113 attachment type-attachment status-inherit hentry  av-masonry-item-with-image' title=\"Retratos Fantasmas (2)\" alt=\"\"    itemprop=\"thumbnailUrl\" ><div class='av-inner-masonry-sizer'><\/div><figure class='av-inner-masonry main_color'><div class=\"av-masonry-outerimage-container\"><div class='av-masonry-image-container' style=\"background-image: url(https:\/\/mostrafilmfestival.org\/xv\/br\/wp-content\/uploads\/2024\/11\/Retratos-Fantasmas-2-1500x630.png);\"  title=\"Retratos Fantasmas (2)\" ><\/div><\/div><\/figure><\/a><!--end av-masonry entry--><\/div><\/div>\n<div id='qea'  class='avia-section av-c25qr-dd8d259ce7ef74df747bb45d0f5ac12c main_color avia-section-huge avia-no-border-styling  avia-builder-el-17  el_after_av_masonry_gallery  el_before_av_section  avia-bg-style-scroll container_wrap fullsize'  ><div class='container av-section-cont-open' ><div class='template-page content  av-content-full alpha units'><div class='post-entry post-entry-type-page post-entry-47'><div class='entry-content-wrapper clearfix'>\n<div  class='flex_column av-bhhon-bc1108e9e0255056dddae0c25854a8a8 av_one_half  avia-builder-el-18  el_before_av_one_half  avia-builder-el-first  first flex_column_div  '     ><style type=\"text\/css\" data-created_by=\"avia_inline_auto\" id=\"style-css-av-aulav-ae48a48909d73b7ed437293fd43a7c5c\">\n@keyframes av_boxShadowEffect_av-aulav-ae48a48909d73b7ed437293fd43a7c5c {\n0%   { box-shadow:  0 0 0 0 ; opacity: 1; }\n100% { box-shadow:  0 0 10px 0 ; opacity: 1; }\n}\n.avia-image-container.av-aulav-ae48a48909d73b7ed437293fd43a7c5c img.avia_image{\nbox-shadow: 0 0 10px 0 ;\n}\n.avia-image-container.av-aulav-ae48a48909d73b7ed437293fd43a7c5c .av-image-caption-overlay-center{\ncolor:#ffffff;\n}\n<\/style>\n<div  class='avia-image-container av-aulav-ae48a48909d73b7ed437293fd43a7c5c av-styling- av-hover-grow av-hide-overflow av-img-linked avia-align-center  avia-builder-el-19  avia-builder-el-no-sibling  av-img-box-shadow av-box-shadow-not-animated'   itemprop=\"image\" itemscope=\"itemscope\" itemtype=\"https:\/\/schema.org\/ImageObject\" ><div class=\"avia-image-container-inner\"><div class=\"avia-image-overlay-wrap\"><a href=\"https:\/\/mostrafilmfestival.org\/xv\/br\/wp-content\/uploads\/2024\/11\/kleber-mendonca-filho.webp\" data-srcset=\"https:\/\/mostrafilmfestival.org\/xv\/br\/wp-content\/uploads\/2024\/11\/kleber-mendonca-filho.webp 924w, https:\/\/mostrafilmfestival.org\/xv\/br\/wp-content\/uploads\/2024\/11\/kleber-mendonca-filho-300x195.webp 300w, https:\/\/mostrafilmfestival.org\/xv\/br\/wp-content\/uploads\/2024\/11\/kleber-mendonca-filho-768x499.webp 768w, https:\/\/mostrafilmfestival.org\/xv\/br\/wp-content\/uploads\/2024\/11\/kleber-mendonca-filho-705x458.webp 705w\" data-sizes=\"(max-width: 924px) 100vw, 924px\" class='avia_image '  aria-label='kleber-mendonca-filho'><img decoding=\"async\" fetchpriority=\"high\" class='wp-image-193 avia-img-lazy-loading-not-193 avia_image shadow-not-animated' src=\"https:\/\/mostrafilmfestival.org\/xv\/br\/wp-content\/uploads\/2024\/11\/kleber-mendonca-filho.webp\" alt='' title='kleber-mendonca-filho'  height=\"600\" width=\"924\"  itemprop=\"thumbnailUrl\" srcset=\"https:\/\/mostrafilmfestival.org\/xv\/br\/wp-content\/uploads\/2024\/11\/kleber-mendonca-filho.webp 924w, https:\/\/mostrafilmfestival.org\/xv\/br\/wp-content\/uploads\/2024\/11\/kleber-mendonca-filho-300x195.webp 300w, https:\/\/mostrafilmfestival.org\/xv\/br\/wp-content\/uploads\/2024\/11\/kleber-mendonca-filho-768x499.webp 768w, https:\/\/mostrafilmfestival.org\/xv\/br\/wp-content\/uploads\/2024\/11\/kleber-mendonca-filho-705x458.webp 705w\" sizes=\"(max-width: 924px) 100vw, 924px\" \/><\/a><\/div><\/div><\/div><\/div><div  class='flex_column av-acthj-9ab5fb0bf55f8e426c81ffed5b5d9138 av_one_half  avia-builder-el-20  el_after_av_one_half  avia-builder-el-last  flex_column_div  '     ><p>\n<style type=\"text\/css\" data-created_by=\"avia_inline_auto\" id=\"style-css-av-a1t1b-ea8aa1198743568ef31a4867c9101918\">\n#top .av-special-heading.av-a1t1b-ea8aa1198743568ef31a4867c9101918{\npadding-bottom:10px;\nfont-size:40px;\n}\nbody .av-special-heading.av-a1t1b-ea8aa1198743568ef31a4867c9101918 .av-special-heading-tag .heading-char{\nfont-size:25px;\n}\n#top #wrap_all .av-special-heading.av-a1t1b-ea8aa1198743568ef31a4867c9101918 .av-special-heading-tag{\nfont-size:40px;\n}\n.av-special-heading.av-a1t1b-ea8aa1198743568ef31a4867c9101918 .av-subheading{\nfont-size:25px;\n}\n\n@media only screen and (min-width: 480px) and (max-width: 767px){ \n#top #wrap_all .av-special-heading.av-a1t1b-ea8aa1198743568ef31a4867c9101918 .av-special-heading-tag{\nfont-size:0.8em;\n}\n}\n\n@media only screen and (max-width: 479px){ \n#top #wrap_all .av-special-heading.av-a1t1b-ea8aa1198743568ef31a4867c9101918 .av-special-heading-tag{\nfont-size:0.8em;\n}\n}\n<\/style>\n<div  class='av-special-heading av-a1t1b-ea8aa1198743568ef31a4867c9101918 av-special-heading-h2 blockquote modern-quote  avia-builder-el-21  el_before_av_textblock  avia-builder-el-first  av-inherit-size'><h2 class='av-special-heading-tag '  itemprop=\"headline\"  >Conhe\u00e7a o Diretor<\/h2><div class=\"special-heading-border\"><div class=\"special-heading-inner-border\"><\/div><\/div><\/div><br \/>\n<section  class='av_textblock_section av-9gqjr-a38a3b3249bd899246a97cfc5d477bae '   itemscope=\"itemscope\" itemtype=\"https:\/\/schema.org\/CreativeWork\" ><div class='avia_textblock'  itemprop=\"text\" ><p>Diretor e roteirista, nascido em Recife, <strong>Kleber Mendon\u00e7a Filho<\/strong> formou-se em jornalismo pela Universidade Federal de Pernambuco. Desenvolveu carreira como cr\u00edtico e jornalista, escrevendo para o Jornal do Commercio e para o seu site, CinemaSc\u00f3pio. Come\u00e7ou a carreira cinematogr\u00e1fica realizando curtas-metragens, entre eles, os premiados Vinil verde (2004), Eletrodom\u00e9stica (2005) e Recife frio (2009). Em 2008, estreou seu primeiro longa-metragem, o document\u00e1rio Cr\u00edtico. Foi programador do Cinema da Funda\u00e7\u00e3o Joaquim Nabuco e do festival Janela Internacional de Cinema do Recife. Em 2012, lan\u00e7ou O som ao redor, que foi um dos filmes brasileiros mais premiados nacional e internacionalmente na d\u00e9cada. Foi convidado a compor o j\u00fari do Festival de Cannes 2019.<\/p>\n<\/div><\/section><\/p><\/div>\n\n<\/div><\/div><\/div><!-- close content main div --><\/div><\/div>\n<style type=\"text\/css\" data-created_by=\"avia_inline_auto\" id=\"style-css-av-8igr3-b692efc063168f9d83087672ba17fb2c\">\n.avia-section.av-8igr3-b692efc063168f9d83087672ba17fb2c{\nbackground-color:#f2f2f2;\nbackground-image:unset;\n}\n<\/style>\n<div id='watch'  class='avia-section av-8igr3-b692efc063168f9d83087672ba17fb2c alternate_color avia-section-large avia-no-border-styling  avia-builder-el-23  el_after_av_section  el_before_av_section  avia-bg-style-scroll container_wrap fullsize'  ><div class='container av-section-cont-open' ><div class='template-page content  av-content-full alpha units'><div class='post-entry post-entry-type-page post-entry-47'><div class='entry-content-wrapper clearfix'>\n<div  class='flex_column av-7y4qb-633fd017fd8b5f1d934dfcd81af5b378 av_one_third  avia-builder-el-24  el_before_av_two_third  avia-builder-el-first  first flex_column_div  '     ><p>\n<style type=\"text\/css\" data-created_by=\"avia_inline_auto\" id=\"style-css-av-7l5ln-530e8aa1f3dbef4a7131982936408aad\">\n#top .av-special-heading.av-7l5ln-530e8aa1f3dbef4a7131982936408aad{\npadding-bottom:25px;\nfont-size:40px;\n}\nbody .av-special-heading.av-7l5ln-530e8aa1f3dbef4a7131982936408aad .av-special-heading-tag .heading-char{\nfont-size:25px;\n}\n#top #wrap_all .av-special-heading.av-7l5ln-530e8aa1f3dbef4a7131982936408aad .av-special-heading-tag{\nfont-size:40px;\npadding:0 0 15px 0;\n}\n.av-special-heading.av-7l5ln-530e8aa1f3dbef4a7131982936408aad .av-subheading{\nfont-size:15px;\n}\n\n@media only screen and (min-width: 480px) and (max-width: 767px){ \n#top #wrap_all .av-special-heading.av-7l5ln-530e8aa1f3dbef4a7131982936408aad .av-special-heading-tag{\nfont-size:0.8em;\n}\n}\n\n@media only screen and (max-width: 479px){ \n#top #wrap_all .av-special-heading.av-7l5ln-530e8aa1f3dbef4a7131982936408aad .av-special-heading-tag{\nfont-size:0.8em;\n}\n}\n<\/style>\n<div  class='av-special-heading av-7l5ln-530e8aa1f3dbef4a7131982936408aad av-special-heading-h2 blockquote modern-quote modern-centered  avia-builder-el-25  el_before_av_iconlist  avia-builder-el-first  av-inherit-size'><h2 class='av-special-heading-tag '  itemprop=\"headline\"  >ONDE ASSISTIR<\/h2><div class='av-subheading av-subheading_below'><p>Voc\u00ea pode assistir a esse filme no cinema! Confira data, hor\u00e1rio e local de exibi\u00e7\u00e3o abaixo.<\/p>\n<\/div><div class=\"special-heading-border\"><div class=\"special-heading-inner-border\"><\/div><\/div><\/div><br \/>\n\n<style type=\"text\/css\" data-created_by=\"avia_inline_auto\" id=\"style-css-av-6pttn-8e8511ecdabfe8532f0571f0e6febb43\">\n#top .avia-icon-list-container.av-6pttn-8e8511ecdabfe8532f0571f0e6febb43 .iconlist_icon{\ncolor:#007ab3;\n}\n<\/style>\n<div  class='avia-icon-list-container av-6pttn-8e8511ecdabfe8532f0571f0e6febb43  avia-builder-el-26  el_after_av_heading  avia-builder-el-last '><ul class='avia-icon-list avia_animate_when_almost_visible avia-icon-list-left av-iconlist-big av-6pttn-8e8511ecdabfe8532f0571f0e6febb43 avia-iconlist-animate'>\n<li><div class='iconlist_icon av-6csub-41509d202e831755d5f31e0591f465e4 avia-font-entypo-fontello'><span class='iconlist-char' aria-hidden='true' data-av_icon='\ue81f' data-av_iconfont='entypo-fontello'><\/span><\/div><article class=\"article-icon-entry \"  itemscope=\"itemscope\" itemtype=\"https:\/\/schema.org\/CreativeWork\" ><div class=\"iconlist_content_wrap\"><header class=\"entry-content-header\" aria-label=\"Icon: DATA E HOR\u00c1RIO\"><h4 class='av_iconlist_title iconlist_title  '  itemprop=\"headline\" >DATA E HOR\u00c1RIO<\/h4><\/header><div class='iconlist_content '  itemprop=\"text\" ><p>29\/11 (sexta-feira) &#8211; 18h<\/p>\n<p><em>Confira a\u00a0<a href=\"https:\/\/mostrafilmfestival.org\/xv\/br\/sp\/agenda\/\">Agenda<\/a> para mais informa\u00e7\u00f5es.<\/em><\/p>\n<\/div><\/div><footer class=\"entry-footer\"><\/footer><\/article><div class=\"iconlist-timeline\"><\/div><\/li>\n<li><div class='iconlist_icon av-5kzar-48e5614a2869596ac9d3b6552e8854a7 avia-font-entypo-fontello'><span class='iconlist-char' aria-hidden='true' data-av_icon='\ue842' data-av_iconfont='entypo-fontello'><\/span><\/div><article class=\"article-icon-entry \"  itemscope=\"itemscope\" itemtype=\"https:\/\/schema.org\/CreativeWork\" ><div class=\"iconlist_content_wrap\"><header class=\"entry-content-header\" aria-label=\"Icon: Matilha Cultural\"><h4 class='av_iconlist_title iconlist_title  '  itemprop=\"headline\" >Matilha Cultural<\/h4><\/header><div class='iconlist_content '  itemprop=\"text\" ><p>Rua Rego Freitas, 542 \u2013 Rep\u00fablica<\/p>\n<\/div><\/div><footer class=\"entry-footer\"><\/footer><\/article><div class=\"iconlist-timeline\"><\/div><\/li>\n<li><div class='iconlist_icon av-5kzar-59cb117547cf0e02002f3418667c1910 avia-font-entypo-fontello'><span class='iconlist-char' aria-hidden='true' data-av_icon='\ue8e2' data-av_iconfont='entypo-fontello'><\/span><\/div><article class=\"article-icon-entry av-iconlist-empty\"  itemscope=\"itemscope\" itemtype=\"https:\/\/schema.org\/CreativeWork\" ><div class=\"iconlist_content_wrap\"><header class=\"entry-content-header\" aria-label=\"Icon: Entrada gratuita\"><h4 class='av_iconlist_title iconlist_title  '  itemprop=\"headline\" >Entrada gratuita<\/h4><\/header><div class='iconlist_content '  itemprop=\"text\" ><\/div><\/div><footer class=\"entry-footer\"><\/footer><\/article><div class=\"iconlist-timeline\"><\/div><\/li>\n<\/ul><\/div><\/p><\/div><div  class='flex_column av-4vg5v-3e5568732ce59f9e2ec6352b3b84936b av_two_third  avia-builder-el-27  el_after_av_one_third  avia-builder-el-last  flex_column_div  '     ><\/div><\/div><\/div><\/div><!-- close content main div --><\/div><\/div><div id='more'  class='avia-section av-dhrf-06708da602f34602d5f1df3d5e9ed348 main_color avia-section-default avia-no-border-styling  avia-builder-el-29  el_after_av_section  el_before_av_masonry_entries  avia-bg-style-scroll container_wrap fullsize'  ><div class='container av-section-cont-open' ><div class='template-page content  av-content-full alpha units'><div class='post-entry post-entry-type-page post-entry-47'><div class='entry-content-wrapper clearfix'>\n<div  class='flex_column av-34s57-1c91e2b9a0bf566ec83ff1297f559b44 av_three_fourth  avia-builder-el-30  el_before_av_one_fourth  avia-builder-el-first  first flex_column_div  '     ><style type=\"text\/css\" data-created_by=\"avia_inline_auto\" id=\"style-css-av-2n61f-02e79b4a526b0fe5801f2c9bc39c30a5\">\n#top .av-special-heading.av-2n61f-02e79b4a526b0fe5801f2c9bc39c30a5{\npadding-bottom:10px;\nfont-size:35px;\n}\nbody .av-special-heading.av-2n61f-02e79b4a526b0fe5801f2c9bc39c30a5 .av-special-heading-tag .heading-char{\nfont-size:25px;\n}\n#top #wrap_all .av-special-heading.av-2n61f-02e79b4a526b0fe5801f2c9bc39c30a5 .av-special-heading-tag{\nfont-size:35px;\n}\n.av-special-heading.av-2n61f-02e79b4a526b0fe5801f2c9bc39c30a5 .av-subheading{\nfont-size:12px;\n}\n\n@media only screen and (min-width: 480px) and (max-width: 767px){ \n#top #wrap_all .av-special-heading.av-2n61f-02e79b4a526b0fe5801f2c9bc39c30a5 .av-special-heading-tag{\nfont-size:0.8em;\n}\n}\n\n@media only screen and (max-width: 479px){ \n#top #wrap_all .av-special-heading.av-2n61f-02e79b4a526b0fe5801f2c9bc39c30a5 .av-special-heading-tag{\nfont-size:0.8em;\n}\n}\n<\/style>\n<div  class='av-special-heading av-2n61f-02e79b4a526b0fe5801f2c9bc39c30a5 av-special-heading-h3 blockquote modern-quote modern-centered  avia-builder-el-31  avia-builder-el-no-sibling  av-inherit-size'><h3 class='av-special-heading-tag '  itemprop=\"headline\"  >Veja mais filmes<\/h3><div class=\"special-heading-border\"><div class=\"special-heading-inner-border\"><\/div><\/div><\/div><\/div><div  class='flex_column av-26c0r-ff29c8a5abe56f50b19096ac441c9dc8 av_one_fourth  avia-builder-el-32  el_after_av_three_fourth  avia-builder-el-last  flex_column_div  '     ><div  class='avia-button-wrap av-1e1i3-4402a51bc6f539d33158a690fe286d45-wrap avia-button-center  avia-builder-el-33  avia-builder-el-no-sibling '><a href='https:\/\/mostrafilmfestival.org\/xv\/br\/sp\/filmes\/'  class='avia-button av-1e1i3-4402a51bc6f539d33158a690fe286d45 av-link-btn avia-icon_select-yes-left-icon avia-size-large avia-position-center avia-color-theme-color'   aria-label=\"VER TODOS OS FILMES\"><span class='avia_button_icon avia_button_icon_left' aria-hidden='true' data-av_icon='\ue817' data-av_iconfont='entypo-fontello'><\/span><span class='avia_iconbox_title' >VER TODOS OS FILMES<\/span><\/a><\/div><\/div>\n<\/p>\n<div id='av-masonry-2' class='av-masonry av-qw3b-aa1a0215f838625531714aca805ead0c noHover av-fixed-size av-1px-gap av-hover-overlay-active av-masonry-animation-active av-masonry-col-6 av-caption-always av-caption-style-overlay av-masonry-entries av-small-columns-overwrite av-small-columns-2 av-mini-columns-overwrite av-mini-columns-2 av-orientation-square ' data-post_id=\"47\"><div class=\"av-masonry-container isotope av-js-disabled\"><div class='av-masonry-entry isotope-item av-masonry-item-no-image '><\/div><a href=\"https:\/\/mostrafilmfestival.org\/xv\/br\/filmes\/retratos-fantasmas\/\"  id='av-masonry-2-item-47' data-av-masonry-item='47' class='av-masonry-entry isotope-item post-47 portfolio type-portfolio status-publish has-post-thumbnail hentry portfolio_entries-longa  av-masonry-item-with-image' title=\"Retratos Fantasmas (3)\"   itemscope=\"itemscope\" itemtype=\"https:\/\/schema.org\/CreativeWork\" ><div class='av-inner-masonry-sizer'><\/div><figure class='av-inner-masonry main_color'><div class=\"av-masonry-outerimage-container\"><div class='av-masonry-image-container' style=\"background-image: url(https:\/\/mostrafilmfestival.org\/xv\/br\/wp-content\/uploads\/2024\/11\/Retratos-Fantasmas-3-495x400.png);\"  title=\"Retratos Fantasmas (3)\" ><\/div><\/div><figcaption class='av-inner-masonry-content site-background'><div class='av-inner-masonry-content-pos'><div class='av-inner-masonry-content-pos-content'><div class='avia-arrow'><\/div><h3 class='av-masonry-entry-title entry-title '  itemprop=\"headline\" >Retratos Fantasmas<\/h3><\/div><\/div><\/figcaption><\/figure><\/a><!--end av-masonry entry--><a href=\"https:\/\/mostrafilmfestival.org\/xv\/br\/filmes\/utopia-muda\/\"  id='av-masonry-2-item-371' data-av-masonry-item='371' class='av-masonry-entry isotope-item post-371 portfolio type-portfolio status-publish has-post-thumbnail hentry portfolio_entries-canoas portfolio_entries-curta  av-masonry-item-with-image' title=\"Utopia12\"   itemscope=\"itemscope\" itemtype=\"https:\/\/schema.org\/CreativeWork\" ><div class='av-inner-masonry-sizer'><\/div><figure class='av-inner-masonry main_color'><div class=\"av-masonry-outerimage-container\"><div class='av-masonry-image-container' style=\"background-image: url(https:\/\/mostrafilmfestival.org\/xv\/br\/wp-content\/uploads\/2024\/11\/Utopia12-495x400.jpg);\"  title=\"Utopia12\" ><\/div><\/div><figcaption class='av-inner-masonry-content site-background'><div class='av-inner-masonry-content-pos'><div class='av-inner-masonry-content-pos-content'><div class='avia-arrow'><\/div><h3 class='av-masonry-entry-title entry-title '  itemprop=\"headline\" >Utopia Muda<\/h3><\/div><\/div><\/figcaption><\/figure><\/a><!--end av-masonry entry--><a href=\"https:\/\/mostrafilmfestival.org\/xv\/br\/filmes\/pedagio\/\"  id='av-masonry-2-item-53' data-av-masonry-item='53' class='av-masonry-entry isotope-item post-53 portfolio type-portfolio status-publish has-post-thumbnail hentry portfolio_entries-longa  av-masonry-item-with-image' title=\"Pedagio_Still_01 (M\u00e9dio)\"   itemscope=\"itemscope\" itemtype=\"https:\/\/schema.org\/CreativeWork\" ><div class='av-inner-masonry-sizer'><\/div><figure class='av-inner-masonry main_color'><div class=\"av-masonry-outerimage-container\"><div class='av-masonry-image-container' style=\"background-image: url(https:\/\/mostrafilmfestival.org\/xv\/br\/wp-content\/uploads\/2024\/11\/Pedagio_Still_01-Medio-495x400.png);\"  title=\"Pedagio_Still_01 (M\u00e9dio)\" ><\/div><\/div><figcaption class='av-inner-masonry-content site-background'><div class='av-inner-masonry-content-pos'><div class='av-inner-masonry-content-pos-content'><div class='avia-arrow'><\/div><h3 class='av-masonry-entry-title entry-title '  itemprop=\"headline\" >Ped\u00e1gio<\/h3><\/div><\/div><\/figcaption><\/figure><\/a><!--end av-masonry entry--><a href=\"https:\/\/mostrafilmfestival.org\/xv\/br\/filmes\/a-menina-e-o-pote\/\"  id='av-masonry-2-item-410' data-av-masonry-item='410' class='av-masonry-entry isotope-item post-410 portfolio type-portfolio status-publish has-post-thumbnail hentry portfolio_entries-canoas portfolio_entries-curta  av-masonry-item-with-image' title=\"AMEOP_3 (M\u00e9dio)\"   itemscope=\"itemscope\" itemtype=\"https:\/\/schema.org\/CreativeWork\" ><div class='av-inner-masonry-sizer'><\/div><figure class='av-inner-masonry main_color'><div class=\"av-masonry-outerimage-container\"><div class='av-masonry-image-container' style=\"background-image: url(https:\/\/mostrafilmfestival.org\/xv\/br\/wp-content\/uploads\/2024\/11\/AMEOP_3-Medio-495x400.jpg);\"  title=\"AMEOP_3 (M\u00e9dio)\" ><\/div><\/div><figcaption class='av-inner-masonry-content site-background'><div class='av-inner-masonry-content-pos'><div class='av-inner-masonry-content-pos-content'><div class='avia-arrow'><\/div><h3 class='av-masonry-entry-title entry-title '  itemprop=\"headline\" >A Menina e o Pote<\/h3><\/div><\/div><\/figcaption><\/figure><\/a><!--end av-masonry entry--><a href=\"https:\/\/mostrafilmfestival.org\/xv\/br\/filmes\/tia-virginia\/\"  id='av-masonry-2-item-61' data-av-masonry-item='61' class='av-masonry-entry isotope-item post-61 portfolio type-portfolio status-publish has-post-thumbnail hentry portfolio_entries-longa portfolio_entries-porto-alegre  av-masonry-item-with-image' title=\"Tia_Virginia_credito_Andrea_Testoni_3 (M\u00e9dio)\"   itemscope=\"itemscope\" itemtype=\"https:\/\/schema.org\/CreativeWork\" ><div class='av-inner-masonry-sizer'><\/div><figure class='av-inner-masonry main_color'><div class=\"av-masonry-outerimage-container\"><div class='av-masonry-image-container' style=\"background-image: url(https:\/\/mostrafilmfestival.org\/xv\/br\/wp-content\/uploads\/2024\/11\/Tia_Virginia_credito_Andrea_Testoni_3-Medio-495x400.jpg);\"  title=\"Tia_Virginia_credito_Andrea_Testoni_3 (M\u00e9dio)\" ><\/div><\/div><figcaption class='av-inner-masonry-content site-background'><div class='av-inner-masonry-content-pos'><div class='av-inner-masonry-content-pos-content'><div class='avia-arrow'><\/div><h3 class='av-masonry-entry-title entry-title '  itemprop=\"headline\" >Tia Virg\u00ednia<\/h3><\/div><\/div><\/figcaption><\/figure><\/a><!--end av-masonry entry--><a href=\"https:\/\/mostrafilmfestival.org\/xv\/br\/filmes\/big-bang\/\"  id='av-masonry-2-item-424' data-av-masonry-item='424' class='av-masonry-entry isotope-item post-424 portfolio type-portfolio status-publish has-post-thumbnail hentry portfolio_entries-canoas portfolio_entries-curta  av-masonry-item-with-image' title=\"BB_still_01 (M\u00e9dio)\"   itemscope=\"itemscope\" itemtype=\"https:\/\/schema.org\/CreativeWork\" ><div class='av-inner-masonry-sizer'><\/div><figure class='av-inner-masonry main_color'><div class=\"av-masonry-outerimage-container\"><div class='av-masonry-image-container' style=\"background-image: url(https:\/\/mostrafilmfestival.org\/xv\/br\/wp-content\/uploads\/2024\/11\/BB_still_01-Medio-495x400.jpg);\"  title=\"BB_still_01 (M\u00e9dio)\" ><\/div><\/div><figcaption class='av-inner-masonry-content site-background'><div class='av-inner-masonry-content-pos'><div class='av-inner-masonry-content-pos-content'><div class='avia-arrow'><\/div><h3 class='av-masonry-entry-title entry-title '  itemprop=\"headline\" >Big Bang<\/h3><\/div><\/div><\/figcaption><\/figure><\/a><!--end av-masonry entry--><\/div><\/div>\n","protected":false},"excerpt":{"rendered":"<p>Retratos Fantasmas \u00e9 uma jornada multidimensional atrav\u00e9s do tempo, som, arquitetura e cinema, ambientada na paisagem urbana de Recife, capital costeira de Pernambuco: um territ\u00f3rio hist\u00f3rico e humano, explorado por meio dos grandes cinemas que foram espa\u00e7os de conviv\u00eancia durante o s\u00e9culo XX.<\/p>\n","protected":false},"author":1,"featured_media":189,"comment_status":"closed","ping_status":"closed","template":"","meta":{"nf_dc_page":"","footnotes":""},"tags":[],"portfolio_entries":[4],"class_list":["post-47","portfolio","type-portfolio","status-publish","has-post-thumbnail","hentry","portfolio_entries-longa"],"yoast_head":"<!-- This site is optimized with the Yoast SEO plugin v27.5 - https:\/\/yoast.com\/product\/yoast-seo-wordpress\/ -->\n<title>Retratos Fantasmas - MOSTRA XV Brazilian Film Festival - Brasil<\/title>\n<meta name=\"description\" content=\"Retratos Fantasmas \u00e9 uma jornada multidimensional atrav\u00e9s do tempo, som, arquitetura e cinema, ambientada na paisagem urbana de Recife, capital costeira de Pernambuco: um territ\u00f3rio hist\u00f3rico e humano, explorado por meio dos grandes cinemas que foram espa\u00e7os de conviv\u00eancia durante o s\u00e9culo XX.\" \/>\n<meta name=\"robots\" content=\"index, follow, max-snippet:-1, max-image-preview:large, max-video-preview:-1\" \/>\n<link rel=\"canonical\" href=\"https:\/\/mostrafilmfestival.org\/xv\/br\/filmes\/retratos-fantasmas\/\" \/>\n<meta property=\"og:locale\" content=\"pt_BR\" \/>\n<meta property=\"og:type\" content=\"article\" \/>\n<meta property=\"og:title\" content=\"Retratos Fantasmas - MOSTRA XV Brazilian Film Festival - Brasil\" \/>\n<meta property=\"og:description\" content=\"Retratos Fantasmas \u00e9 uma jornada multidimensional atrav\u00e9s do tempo, som, arquitetura e cinema, ambientada na paisagem urbana de Recife, capital costeira de Pernambuco: um territ\u00f3rio hist\u00f3rico e humano, explorado por meio dos grandes cinemas que foram espa\u00e7os de conviv\u00eancia durante o s\u00e9culo XX.\" \/>\n<meta property=\"og:url\" content=\"https:\/\/mostrafilmfestival.org\/xv\/br\/filmes\/retratos-fantasmas\/\" \/>\n<meta property=\"og:site_name\" content=\"MOSTRA XV Brazilian Film Festival - Brasil\" \/>\n<meta property=\"article:modified_time\" content=\"2024-11-14T03:14:52+00:00\" \/>\n<meta property=\"og:image\" content=\"https:\/\/mostrafilmfestival.org\/xv\/br\/wp-content\/uploads\/2024\/11\/Retratos-Fantasmas-3-1030x586.png\" \/>\n\t<meta property=\"og:image:width\" content=\"1030\" \/>\n\t<meta property=\"og:image:height\" content=\"586\" \/>\n\t<meta property=\"og:image:type\" content=\"image\/png\" \/>\n<meta name=\"twitter:card\" content=\"summary_large_image\" \/>\n<meta name=\"twitter:label1\" content=\"Est. tempo de leitura\" \/>\n\t<meta name=\"twitter:data1\" content=\"3 minutos\" \/>\n<script type=\"application\/ld+json\" class=\"yoast-schema-graph\">{\"@context\":\"https:\\\/\\\/schema.org\",\"@graph\":[{\"@type\":\"WebPage\",\"@id\":\"https:\\\/\\\/mostrafilmfestival.org\\\/xv\\\/br\\\/filmes\\\/retratos-fantasmas\\\/\",\"url\":\"https:\\\/\\\/mostrafilmfestival.org\\\/xv\\\/br\\\/filmes\\\/retratos-fantasmas\\\/\",\"name\":\"Retratos Fantasmas - MOSTRA XV Brazilian Film Festival - Brasil\",\"isPartOf\":{\"@id\":\"https:\\\/\\\/mostrafilmfestival.org\\\/xv\\\/br\\\/#website\"},\"primaryImageOfPage\":{\"@id\":\"https:\\\/\\\/mostrafilmfestival.org\\\/xv\\\/br\\\/filmes\\\/retratos-fantasmas\\\/#primaryimage\"},\"image\":{\"@id\":\"https:\\\/\\\/mostrafilmfestival.org\\\/xv\\\/br\\\/filmes\\\/retratos-fantasmas\\\/#primaryimage\"},\"thumbnailUrl\":\"https:\\\/\\\/mostrafilmfestival.org\\\/xv\\\/br\\\/wp-content\\\/uploads\\\/2024\\\/11\\\/Retratos-Fantasmas-3.png\",\"datePublished\":\"2024-11-12T03:02:46+00:00\",\"dateModified\":\"2024-11-14T03:14:52+00:00\",\"description\":\"Retratos Fantasmas \u00e9 uma jornada multidimensional atrav\u00e9s do tempo, som, arquitetura e cinema, ambientada na paisagem urbana de Recife, capital costeira de Pernambuco: um territ\u00f3rio hist\u00f3rico e humano, explorado por meio dos grandes cinemas que foram espa\u00e7os de conviv\u00eancia durante o s\u00e9culo XX.\",\"breadcrumb\":{\"@id\":\"https:\\\/\\\/mostrafilmfestival.org\\\/xv\\\/br\\\/filmes\\\/retratos-fantasmas\\\/#breadcrumb\"},\"inLanguage\":\"pt-BR\",\"potentialAction\":[{\"@type\":\"ReadAction\",\"target\":[\"https:\\\/\\\/mostrafilmfestival.org\\\/xv\\\/br\\\/filmes\\\/retratos-fantasmas\\\/\"]}]},{\"@type\":\"ImageObject\",\"inLanguage\":\"pt-BR\",\"@id\":\"https:\\\/\\\/mostrafilmfestival.org\\\/xv\\\/br\\\/filmes\\\/retratos-fantasmas\\\/#primaryimage\",\"url\":\"https:\\\/\\\/mostrafilmfestival.org\\\/xv\\\/br\\\/wp-content\\\/uploads\\\/2024\\\/11\\\/Retratos-Fantasmas-3.png\",\"contentUrl\":\"https:\\\/\\\/mostrafilmfestival.org\\\/xv\\\/br\\\/wp-content\\\/uploads\\\/2024\\\/11\\\/Retratos-Fantasmas-3.png\",\"width\":1897,\"height\":1080},{\"@type\":\"BreadcrumbList\",\"@id\":\"https:\\\/\\\/mostrafilmfestival.org\\\/xv\\\/br\\\/filmes\\\/retratos-fantasmas\\\/#breadcrumb\",\"itemListElement\":[{\"@type\":\"ListItem\",\"position\":1,\"name\":\"Home\",\"item\":\"https:\\\/\\\/mostrafilmfestival.org\\\/xv\\\/br\\\/home\\\/\"},{\"@type\":\"ListItem\",\"position\":2,\"name\":\"Retratos Fantasmas\"}]},{\"@type\":\"WebSite\",\"@id\":\"https:\\\/\\\/mostrafilmfestival.org\\\/xv\\\/br\\\/#website\",\"url\":\"https:\\\/\\\/mostrafilmfestival.org\\\/xv\\\/br\\\/\",\"name\":\"MOSTRA XV Brazilian Film Festival - Brasil\",\"description\":\"Filmes brasileiros com consci\u00eancia social.\",\"potentialAction\":[{\"@type\":\"SearchAction\",\"target\":{\"@type\":\"EntryPoint\",\"urlTemplate\":\"https:\\\/\\\/mostrafilmfestival.org\\\/xv\\\/br\\\/?s={search_term_string}\"},\"query-input\":{\"@type\":\"PropertyValueSpecification\",\"valueRequired\":true,\"valueName\":\"search_term_string\"}}],\"inLanguage\":\"pt-BR\"}]}<\/script>\n<!-- \/ Yoast SEO plugin. -->","yoast_head_json":{"title":"Retratos Fantasmas - MOSTRA XV Brazilian Film Festival - Brasil","description":"Retratos Fantasmas \u00e9 uma jornada multidimensional atrav\u00e9s do tempo, som, arquitetura e cinema, ambientada na paisagem urbana de Recife, capital costeira de Pernambuco: um territ\u00f3rio hist\u00f3rico e humano, explorado por meio dos grandes cinemas que foram espa\u00e7os de conviv\u00eancia durante o s\u00e9culo XX.","robots":{"index":"index","follow":"follow","max-snippet":"max-snippet:-1","max-image-preview":"max-image-preview:large","max-video-preview":"max-video-preview:-1"},"canonical":"https:\/\/mostrafilmfestival.org\/xv\/br\/filmes\/retratos-fantasmas\/","og_locale":"pt_BR","og_type":"article","og_title":"Retratos Fantasmas - MOSTRA XV Brazilian Film Festival - Brasil","og_description":"Retratos Fantasmas \u00e9 uma jornada multidimensional atrav\u00e9s do tempo, som, arquitetura e cinema, ambientada na paisagem urbana de Recife, capital costeira de Pernambuco: um territ\u00f3rio hist\u00f3rico e humano, explorado por meio dos grandes cinemas que foram espa\u00e7os de conviv\u00eancia durante o s\u00e9culo XX.","og_url":"https:\/\/mostrafilmfestival.org\/xv\/br\/filmes\/retratos-fantasmas\/","og_site_name":"MOSTRA XV Brazilian Film Festival - Brasil","article_modified_time":"2024-11-14T03:14:52+00:00","og_image":[{"width":1030,"height":586,"url":"https:\/\/mostrafilmfestival.org\/xv\/br\/wp-content\/uploads\/2024\/11\/Retratos-Fantasmas-3-1030x586.png","type":"image\/png"}],"twitter_card":"summary_large_image","twitter_misc":{"Est. tempo de leitura":"3 minutos"},"schema":{"@context":"https:\/\/schema.org","@graph":[{"@type":"WebPage","@id":"https:\/\/mostrafilmfestival.org\/xv\/br\/filmes\/retratos-fantasmas\/","url":"https:\/\/mostrafilmfestival.org\/xv\/br\/filmes\/retratos-fantasmas\/","name":"Retratos Fantasmas - MOSTRA XV Brazilian Film Festival - Brasil","isPartOf":{"@id":"https:\/\/mostrafilmfestival.org\/xv\/br\/#website"},"primaryImageOfPage":{"@id":"https:\/\/mostrafilmfestival.org\/xv\/br\/filmes\/retratos-fantasmas\/#primaryimage"},"image":{"@id":"https:\/\/mostrafilmfestival.org\/xv\/br\/filmes\/retratos-fantasmas\/#primaryimage"},"thumbnailUrl":"https:\/\/mostrafilmfestival.org\/xv\/br\/wp-content\/uploads\/2024\/11\/Retratos-Fantasmas-3.png","datePublished":"2024-11-12T03:02:46+00:00","dateModified":"2024-11-14T03:14:52+00:00","description":"Retratos Fantasmas \u00e9 uma jornada multidimensional atrav\u00e9s do tempo, som, arquitetura e cinema, ambientada na paisagem urbana de Recife, capital costeira de Pernambuco: um territ\u00f3rio hist\u00f3rico e humano, explorado por meio dos grandes cinemas que foram espa\u00e7os de conviv\u00eancia durante o s\u00e9culo XX.","breadcrumb":{"@id":"https:\/\/mostrafilmfestival.org\/xv\/br\/filmes\/retratos-fantasmas\/#breadcrumb"},"inLanguage":"pt-BR","potentialAction":[{"@type":"ReadAction","target":["https:\/\/mostrafilmfestival.org\/xv\/br\/filmes\/retratos-fantasmas\/"]}]},{"@type":"ImageObject","inLanguage":"pt-BR","@id":"https:\/\/mostrafilmfestival.org\/xv\/br\/filmes\/retratos-fantasmas\/#primaryimage","url":"https:\/\/mostrafilmfestival.org\/xv\/br\/wp-content\/uploads\/2024\/11\/Retratos-Fantasmas-3.png","contentUrl":"https:\/\/mostrafilmfestival.org\/xv\/br\/wp-content\/uploads\/2024\/11\/Retratos-Fantasmas-3.png","width":1897,"height":1080},{"@type":"BreadcrumbList","@id":"https:\/\/mostrafilmfestival.org\/xv\/br\/filmes\/retratos-fantasmas\/#breadcrumb","itemListElement":[{"@type":"ListItem","position":1,"name":"Home","item":"https:\/\/mostrafilmfestival.org\/xv\/br\/home\/"},{"@type":"ListItem","position":2,"name":"Retratos Fantasmas"}]},{"@type":"WebSite","@id":"https:\/\/mostrafilmfestival.org\/xv\/br\/#website","url":"https:\/\/mostrafilmfestival.org\/xv\/br\/","name":"MOSTRA XV Brazilian Film Festival - Brasil","description":"Filmes brasileiros com consci\u00eancia social.","potentialAction":[{"@type":"SearchAction","target":{"@type":"EntryPoint","urlTemplate":"https:\/\/mostrafilmfestival.org\/xv\/br\/?s={search_term_string}"},"query-input":{"@type":"PropertyValueSpecification","valueRequired":true,"valueName":"search_term_string"}}],"inLanguage":"pt-BR"}]}},"_links":{"self":[{"href":"https:\/\/mostrafilmfestival.org\/xv\/br\/wp-json\/wp\/v2\/portfolio\/47","targetHints":{"allow":["GET"]}}],"collection":[{"href":"https:\/\/mostrafilmfestival.org\/xv\/br\/wp-json\/wp\/v2\/portfolio"}],"about":[{"href":"https:\/\/mostrafilmfestival.org\/xv\/br\/wp-json\/wp\/v2\/types\/portfolio"}],"author":[{"embeddable":true,"href":"https:\/\/mostrafilmfestival.org\/xv\/br\/wp-json\/wp\/v2\/users\/1"}],"replies":[{"embeddable":true,"href":"https:\/\/mostrafilmfestival.org\/xv\/br\/wp-json\/wp\/v2\/comments?post=47"}],"version-history":[{"count":5,"href":"https:\/\/mostrafilmfestival.org\/xv\/br\/wp-json\/wp\/v2\/portfolio\/47\/revisions"}],"predecessor-version":[{"id":304,"href":"https:\/\/mostrafilmfestival.org\/xv\/br\/wp-json\/wp\/v2\/portfolio\/47\/revisions\/304"}],"wp:featuredmedia":[{"embeddable":true,"href":"https:\/\/mostrafilmfestival.org\/xv\/br\/wp-json\/wp\/v2\/media\/189"}],"wp:attachment":[{"href":"https:\/\/mostrafilmfestival.org\/xv\/br\/wp-json\/wp\/v2\/media?parent=47"}],"wp:term":[{"taxonomy":"post_tag","embeddable":true,"href":"https:\/\/mostrafilmfestival.org\/xv\/br\/wp-json\/wp\/v2\/tags?post=47"},{"taxonomy":"portfolio_entries","embeddable":true,"href":"https:\/\/mostrafilmfestival.org\/xv\/br\/wp-json\/wp\/v2\/portfolio_entries?post=47"}],"curies":[{"name":"wp","href":"https:\/\/api.w.org\/{rel}","templated":true}]}}