{"id":59,"date":"2024-11-12T03:08:08","date_gmt":"2024-11-12T03:08:08","guid":{"rendered":"https:\/\/mostrafilmfestival.org\/xv\/br\/?post_type=portfolio&#038;p=59"},"modified":"2024-11-14T00:02:55","modified_gmt":"2024-11-14T03:02:55","slug":"servidao","status":"publish","type":"portfolio","link":"https:\/\/mostrafilmfestival.org\/xv\/br\/filmes\/servidao\/","title":{"rendered":"Servid\u00e3o"},"content":{"rendered":"\n<style type=\"text\/css\" data-created_by=\"avia_inline_auto\" id=\"style-css-av-19ecrv-665af739d0219f0d26c10dd0a7678020\">\n.avia-section.av-19ecrv-665af739d0219f0d26c10dd0a7678020 .av-parallax .av-parallax-inner{\nbackground-repeat:no-repeat;\nbackground-image:url(https:\/\/mostrafilmfestival.org\/xv\/br\/wp-content\/uploads\/2024\/11\/SERVIDAO_Stills-4-Medio.jpg);\nbackground-position:50% 50%;\nbackground-attachment:scroll;\n}\n.avia-section.av-19ecrv-665af739d0219f0d26c10dd0a7678020 .av-section-color-overlay{\nopacity:0.6;\nbackground-color:#000000;\n}\n<\/style>\n<div id='av_section_1'  class='avia-section av-19ecrv-665af739d0219f0d26c10dd0a7678020 main_color avia-section-large avia-no-border-styling  avia-builder-el-0  el_before_av_submenu  avia-builder-el-first  avia-full-stretch av-parallax-section avia-bg-style-parallax av-section-color-overlay-active av-minimum-height av-minimum-height-100 av-height-100  container_wrap fullsize'  data-section-bg-repeat='stretch' data-av_minimum_height_pc='100' data-av_min_height_opt='100'><div class='av-parallax' data-avia-parallax-ratio='0.3' ><div class='av-parallax-inner main_color avia-full-stretch'><\/div><\/div><div class=\"av-section-color-overlay-wrap\"><div class=\"av-section-color-overlay\"><\/div><a href='#next-section' title='' class='scroll-down-link ' aria-hidden='true' data-av_icon='\ue877' data-av_iconfont='entypo-fontello'><\/a><div class='container av-section-cont-open' ><main  role=\"main\" itemprop=\"mainContentOfPage\"  class='template-page content  av-content-full alpha units'><div class='post-entry post-entry-type-page post-entry-59'><div class='entry-content-wrapper clearfix'>\n\n<style type=\"text\/css\" data-created_by=\"avia_inline_auto\" id=\"style-css-av-18teu7-9c8d790b08e55c803725cf4baab10f48\">\n#top .flex_column.av-18teu7-9c8d790b08e55c803725cf4baab10f48{\nmargin-top:0px;\nmargin-bottom:0px;\n}\n.responsive #top #wrap_all .flex_column.av-18teu7-9c8d790b08e55c803725cf4baab10f48{\nmargin-top:0px;\nmargin-bottom:0px;\n}\n<\/style>\n<div  class='flex_column av-18teu7-9c8d790b08e55c803725cf4baab10f48 av_three_fourth  avia-builder-el-1  el_before_av_one_fourth  avia-builder-el-first  first flex_column_div  '     ><p>\n<style type=\"text\/css\" data-created_by=\"avia_inline_auto\" id=\"style-css-av-18cwjr-da16c9e85d67fc42b1dcc522087c9060\">\n#top .av-special-heading.av-18cwjr-da16c9e85d67fc42b1dcc522087c9060{\npadding-bottom:10px;\ncolor:#ffffff;\nfont-size:50px;\n}\nbody .av-special-heading.av-18cwjr-da16c9e85d67fc42b1dcc522087c9060 .av-special-heading-tag .heading-char{\nfont-size:25px;\n}\n#top #wrap_all .av-special-heading.av-18cwjr-da16c9e85d67fc42b1dcc522087c9060 .av-special-heading-tag{\nfont-size:50px;\n}\n.av-special-heading.av-18cwjr-da16c9e85d67fc42b1dcc522087c9060 .special-heading-inner-border{\nborder-color:#ffffff;\n}\n.av-special-heading.av-18cwjr-da16c9e85d67fc42b1dcc522087c9060 .av-subheading{\nfont-size:12px;\n}\n\n@media only screen and (min-width: 480px) and (max-width: 767px){ \n#top #wrap_all .av-special-heading.av-18cwjr-da16c9e85d67fc42b1dcc522087c9060 .av-special-heading-tag{\nfont-size:0.8em;\n}\n}\n\n@media only screen and (max-width: 479px){ \n#top #wrap_all .av-special-heading.av-18cwjr-da16c9e85d67fc42b1dcc522087c9060 .av-special-heading-tag{\nfont-size:0.8em;\n}\n}\n<\/style>\n<div  class='av-special-heading av-18cwjr-da16c9e85d67fc42b1dcc522087c9060 av-special-heading-h1 custom-color-heading blockquote modern-quote  avia-builder-el-2  el_before_av_iconlist  avia-builder-el-first  av-inherit-size'><h1 class='av-special-heading-tag '  itemprop=\"headline\"  >SERVID\u00c3O<\/h1><div class=\"special-heading-border\"><div class=\"special-heading-inner-border\"><\/div><\/div><\/div><br \/>\n\n<style type=\"text\/css\" data-created_by=\"avia_inline_auto\" id=\"style-css-av-17x9yz-8109c2c30ea43d7bdc77be0d26e7f13b\">\n@keyframes av_sonarEffect_av-17x9yz-8109c2c30ea43d7bdc77be0d26e7f13b {\n  0% {opacity: 0.3;}\n 40% {opacity: 0.5; box-shadow: 0 0 0 2px rgba(255,255,255,0.1), 0 0 10px 10px #ffffff, 0 0 0 10px rgba(255,255,255,0.5);}\n100% {opacity: 0; box-shadow: 0 0 0 2px rgba(255,255,255,0.1), 0 0 10px 10px #ffffff, 0 0 0 10px rgba(255,255,255,0.5); transform: scale(1.5);}\n}\n#top .avia-icon-list-container.av-17x9yz-8109c2c30ea43d7bdc77be0d26e7f13b .iconlist_icon{\ncolor:#ffffff;\nfont-size:18px;\n}\n#top .avia-icon-list-container.av-17x9yz-8109c2c30ea43d7bdc77be0d26e7f13b .iconlist_icon:hover:after{\nanimation:av_sonarEffect_av-17x9yz-8109c2c30ea43d7bdc77be0d26e7f13b 1s ease-in-out;\n}\n#top #wrap_all .avia-icon-list-container.av-17x9yz-8109c2c30ea43d7bdc77be0d26e7f13b .av_iconlist_title{\nfont-size:18px;\ncolor:#ffffff;\n}\n.avia-icon-list-container.av-17x9yz-8109c2c30ea43d7bdc77be0d26e7f13b .iconlist_content{\ncolor:#ffffff;\n}\n<\/style>\n<div  class='avia-icon-list-container av-17x9yz-8109c2c30ea43d7bdc77be0d26e7f13b  avia-builder-el-3  el_after_av_heading  el_before_av_iconlist '><ul class='avia-icon-list avia_animate_when_almost_visible avia-icon-list-left av-iconlist-small av-17x9yz-8109c2c30ea43d7bdc77be0d26e7f13b avia-iconlist-animate avia-sonar-shadow'>\n<li><div class='iconlist_icon av-17au97-6c66b0f5bbceac5b08129f430913c966 avia-font-entypo-fontello'><span class='iconlist-char' aria-hidden='true' data-av_icon='\ue80a' data-av_iconfont='entypo-fontello'><\/span><\/div><article class=\"article-icon-entry \"  itemscope=\"itemscope\" itemtype=\"https:\/\/schema.org\/CreativeWork\" ><div class=\"iconlist_content_wrap\"><header class=\"entry-content-header\" aria-label=\"Icon: \"><\/header><div class='iconlist_content av_inherit_color'  itemprop=\"text\" ><p>Dirigido por<strong> Renato Barbieri <\/strong>e <strong>Neto Borges<\/strong><\/p>\n<\/div><\/div><footer class=\"entry-footer\"><\/footer><\/article><div class=\"iconlist-timeline\"><\/div><\/li>\n<li><div class='iconlist_icon av-16s167-0a7780692c9dddc9659d8684ec12044c avia-font-entypo-fontello'><span class='iconlist-char' aria-hidden='true' data-av_icon='\ue81f' data-av_iconfont='entypo-fontello'><\/span><\/div><article class=\"article-icon-entry \"  itemscope=\"itemscope\" itemtype=\"https:\/\/schema.org\/CreativeWork\" ><div class=\"iconlist_content_wrap\"><header class=\"entry-content-header\" aria-label=\"Icon: \"><\/header><div class='iconlist_content av_inherit_color'  itemprop=\"text\" ><p>Document\u00e1rio |\u00a0 72min\u00a0 |\u00a0 2024<\/p>\n<\/div><\/div><footer class=\"entry-footer\"><\/footer><\/article><div class=\"iconlist-timeline\"><\/div><\/li>\n<\/ul><\/div><br \/>\n\n<style type=\"text\/css\" data-created_by=\"avia_inline_auto\" id=\"style-css-av-15u6hz-693746937fbfb5f791c13769d7c76893\">\n@keyframes av_sonarEffect_av-15u6hz-693746937fbfb5f791c13769d7c76893 {\n  0% {opacity: 0.3;}\n 40% {opacity: 0.5; box-shadow: 0 0 0 2px rgba(255,255,255,0.1), 0 0 10px 10px #ffffff, 0 0 0 10px rgba(255,255,255,0.5);}\n100% {opacity: 0; box-shadow: 0 0 0 2px rgba(255,255,255,0.1), 0 0 10px 10px #ffffff, 0 0 0 10px rgba(255,255,255,0.5); transform: scale(1.5);}\n}\n#top .avia-icon-list-container.av-15u6hz-693746937fbfb5f791c13769d7c76893 .iconlist_icon{\ncolor:#ffffff;\nfont-size:18px;\n}\n#top .avia-icon-list-container.av-15u6hz-693746937fbfb5f791c13769d7c76893 .iconlist_icon:hover:after{\nanimation:av_sonarEffect_av-15u6hz-693746937fbfb5f791c13769d7c76893 1s ease-in-out;\n}\n#top #wrap_all .avia-icon-list-container.av-15u6hz-693746937fbfb5f791c13769d7c76893 .av_iconlist_title{\nfont-size:18px;\ncolor:#ffffff;\n}\n.avia-icon-list-container.av-15u6hz-693746937fbfb5f791c13769d7c76893 .iconlist_content{\ncolor:#ffffff;\n}\n<\/style>\n<div  class='avia-icon-list-container av-15u6hz-693746937fbfb5f791c13769d7c76893  avia-builder-el-4  el_after_av_iconlist  el_before_av_hr '><ul class='avia-icon-list avia_animate_when_almost_visible avia-icon-list-left av-iconlist-small av-15u6hz-693746937fbfb5f791c13769d7c76893 avia-iconlist-animate avia-sonar-shadow'>\n<li><div class='iconlist_icon av-15bkij-a7024e8508197acf7e7df217ec3af6f5 avia-font-entypo-fontello'><span class='iconlist-char' aria-hidden='true' data-av_icon='\ue84b' data-av_iconfont='entypo-fontello'><\/span><\/div><article class=\"article-icon-entry \"  itemscope=\"itemscope\" itemtype=\"https:\/\/schema.org\/CreativeWork\" ><div class=\"iconlist_content_wrap\"><header class=\"entry-content-header\" aria-label=\"Icon: Sinopse\"><div class='av_iconlist_title iconlist_title_small  av_inherit_color'  itemprop=\"headline\" >Sinopse<\/div><\/header><div class='iconlist_content av_inherit_color'  itemprop=\"text\" ><p>Document\u00e1rio sobre o trabalho escravo contempor\u00e2neo com foco na Amaz\u00f4nia brasileira. Foram ouvidos trabalhadores rurais que foram escravizados em frentes de desmatamento no Norte do Brasil e abolicionistas de diferentes vertentes. Embora as condi\u00e7\u00f5es de trabalho an\u00e1logas \u00e0 de escravo sejam consideradas crime previsto pelo C\u00f3digo Penal Brasileiro, o regime da servid\u00e3o \u00e9 praticado no Brasil desde sempre, h\u00e1 cinco s\u00e9culos. Com narra\u00e7\u00e3o de Negra Li, Servid\u00e3o \u00e9 um contundente registro sobre uma das maiores mazelas do Brasil.<\/p>\n<\/div><\/div><footer class=\"entry-footer\"><\/footer><\/article><div class=\"iconlist-timeline\"><\/div><\/li>\n<\/ul><\/div><br \/>\n\n<style type=\"text\/css\" data-created_by=\"avia_inline_auto\" id=\"style-css-av-14tbsv-39d2168c5efa1afda3bad9133c162694\">\n#top .hr.hr-invisible.av-14tbsv-39d2168c5efa1afda3bad9133c162694{\nheight:50px;\n}\n<\/style>\n<div  class='hr av-14tbsv-39d2168c5efa1afda3bad9133c162694 hr-invisible  avia-builder-el-5  el_after_av_iconlist  avia-builder-el-last '><span class='hr-inner '><span class=\"hr-inner-style\"><\/span><\/span><\/div><\/p><\/div>\n<style type=\"text\/css\" data-created_by=\"avia_inline_auto\" id=\"style-css-av-14famr-42c71d7e492c58b1d355bc8ae0026938\">\n#top .flex_column.av-14famr-42c71d7e492c58b1d355bc8ae0026938{\nmargin-top:0px;\nmargin-bottom:0px;\n}\n.flex_column.av-14famr-42c71d7e492c58b1d355bc8ae0026938{\nborder-radius:0px 0px 0px 0px;\npadding:0px 0px 0px 0px;\n}\n.responsive #top #wrap_all .flex_column.av-14famr-42c71d7e492c58b1d355bc8ae0026938{\nmargin-top:0px;\nmargin-bottom:0px;\n}\n<\/style>\n<div  class='flex_column av-14famr-42c71d7e492c58b1d355bc8ae0026938 av_one_fourth  avia-builder-el-6  el_after_av_three_fourth  avia-builder-el-last  flex_column_div av-zero-column-padding  '     ><style type=\"text\/css\" data-created_by=\"avia_inline_auto\" id=\"style-css-av-13e7wr-46130eaf85707974106305df56daa3c3\">\n@keyframes av_boxShadowEffect_av-13e7wr-46130eaf85707974106305df56daa3c3 {\n0%   { box-shadow:  0 0 0 0 #000000; opacity: 1; }\n100% { box-shadow:  0 0 10px 0 #000000; opacity: 1; }\n}\n.avia-image-container.av-13e7wr-46130eaf85707974106305df56daa3c3 img.avia_image{\nbox-shadow: 0 0 10px 0 #000000;\n}\n.avia-image-container.av-13e7wr-46130eaf85707974106305df56daa3c3 .av-image-caption-overlay-center{\ncolor:#ffffff;\n}\n<\/style>\n<div  class='avia-image-container av-13e7wr-46130eaf85707974106305df56daa3c3 av-styling- av-img-linked avia-align-center  avia-builder-el-7  avia-builder-el-no-sibling  av-img-box-shadow av-box-shadow-not-animated'   itemprop=\"image\" itemscope=\"itemscope\" itemtype=\"https:\/\/schema.org\/ImageObject\" ><div class=\"avia-image-container-inner\"><div class=\"avia-image-overlay-wrap\"><img decoding=\"async\" fetchpriority=\"high\" class='wp-image- avia-img-lazy-loading-not- avia_image shadow-not-animated' src=\"https:\/\/mostrafilmfestival.org\/xv\/wp-content\/uploads\/2024\/09\/SERVIDAO_Poster-Medio-727x1030.png\" alt='' title=''   itemprop=\"thumbnailUrl\"  \/><\/div><\/div><\/div><\/div>\n\n<\/div><\/div><\/main><!-- close content main element --><\/div><\/div><\/div><div id='sub_menu1'  class='av-submenu-container av-e483-ce386f03dfbbf22ffc3b7c070cd78278 main_color  avia-builder-el-8  el_after_av_section  el_before_av_section  submenu-not-first container_wrap fullsize' style='z-index:301' ><div class='container av-menu-mobile-disabled av-submenu-pos-center'><ul id='av-custom-submenu-1' class='av-subnav-menu' role='menu'>\n<li class='menu-item av-12arm7-33dc48cc32d05723e755f00e08202673 menu-item-top-level menu-item-top-level-1' role='menuitem'><a href='#trailer'  ><span class='avia-bullet'><\/span><span class='avia-menu-text'>Trailer<\/span><\/a><\/li>\n<li class='menu-item av-11nv8f-f6e7ede6406a4b68b03a22db4eb5ada3 menu-item-top-level menu-item-top-level-2' role='menuitem'><a href='#credits'  ><span class='avia-bullet'><\/span><span class='avia-menu-text'>Ficha T\u00e9cnica<\/span><\/a><\/li>\n<li class='menu-item av-11dfdv-e334d4b9f6b87ef42f797b80c7bd7b90 menu-item-top-level menu-item-top-level-3' role='menuitem'><a href='#gallery'  ><span class='avia-bullet'><\/span><span class='avia-menu-text'>Galeria<\/span><\/a><\/li>\n<li class='menu-item av-10vcov-79dc2e78720b2325fd19966ed823fc8d menu-item-top-level menu-item-top-level-4' role='menuitem'><a href='#qea'  ><span class='avia-bullet'><\/span><span class='avia-menu-text'>Conhe\u00e7a o(a) Diretor(a)<\/span><\/a><\/li>\n<li class='menu-item av-1079en-f7a7c05d40edf45a868910e1aaa2aace menu-item-top-level menu-item-top-level-5' role='menuitem'><a href='#watch'  ><span class='avia-bullet'><\/span><span class='avia-menu-text'>Onde Assistir<\/span><\/a><\/li>\n<li class='menu-item av-znrxv-07bc785e07e0727628c4c980784f32fb menu-item-top-level menu-item-top-level-6' role='menuitem'><a href='#more'  ><span class='avia-bullet'><\/span><span class='avia-menu-text'>Mais Filmes<\/span><\/a><\/li>\n<\/ul><\/div><\/div>\n<div id='av_section_2'  class='avia-section av-yvjyv-df77a28c6e9c52785c11f97571cf80d2 main_color avia-section-large avia-no-border-styling  avia-builder-el-9  el_after_av_submenu  el_before_av_masonry_gallery  avia-bg-style-scroll container_wrap fullsize'  ><div class='container av-section-cont-open' ><div class='template-page content  av-content-full alpha units'><div class='post-entry post-entry-type-page post-entry-59'><div class='entry-content-wrapper clearfix'>\n<div  id=\"trailer\"  class='flex_column av-yd4rv-6d1127f5b7687ec4d2b9554258232bcc av_three_fifth  avia-builder-el-10  el_before_av_two_fifth  avia-builder-el-first  first flex_column_div  '     ><p>\n<style type=\"text\/css\" data-created_by=\"avia_inline_auto\" id=\"style-css-av-xlc03-1c99ad14aeb1b892747b4f692b162b68\">\n#top .av-special-heading.av-xlc03-1c99ad14aeb1b892747b4f692b162b68{\npadding-bottom:10px;\nfont-size:40px;\n}\nbody .av-special-heading.av-xlc03-1c99ad14aeb1b892747b4f692b162b68 .av-special-heading-tag .heading-char{\nfont-size:25px;\n}\n#top #wrap_all .av-special-heading.av-xlc03-1c99ad14aeb1b892747b4f692b162b68 .av-special-heading-tag{\nfont-size:40px;\npadding:0 0 20px 0;\n}\n.av-special-heading.av-xlc03-1c99ad14aeb1b892747b4f692b162b68 .av-subheading{\nfont-size:12px;\n}\n\n@media only screen and (min-width: 480px) and (max-width: 767px){ \n#top #wrap_all .av-special-heading.av-xlc03-1c99ad14aeb1b892747b4f692b162b68 .av-special-heading-tag{\nfont-size:0.8em;\n}\n}\n\n@media only screen and (max-width: 479px){ \n#top #wrap_all .av-special-heading.av-xlc03-1c99ad14aeb1b892747b4f692b162b68 .av-special-heading-tag{\nfont-size:0.8em;\n}\n}\n<\/style>\n<div  class='av-special-heading av-xlc03-1c99ad14aeb1b892747b4f692b162b68 av-special-heading-h2 blockquote modern-quote  avia-builder-el-11  el_before_av_codeblock  avia-builder-el-first  av-inherit-size'><h2 class='av-special-heading-tag '  itemprop=\"headline\"  >Trailer<\/h2><div class=\"special-heading-border\"><div class=\"special-heading-inner-border\"><\/div><\/div><\/div><br \/>\n<\/p><\/div>\n<style type=\"text\/css\" data-created_by=\"avia_inline_auto\" id=\"style-css-av-wkacz-f7135e3c876ba6bf930db630232f7757\">\n.avia-fold-unfold-section.av-fold-column-av-wkacz-f7135e3c876ba6bf930db630232f7757 .av-fold-unfold-container{\nmax-height:500px;\n}\n<\/style>\n<div  id=\"credits\"  class='flex_column av-wkacz-f7135e3c876ba6bf930db630232f7757 av_two_fifth  avia-builder-el-13  el_after_av_three_fifth  avia-builder-el-last  flex_column_div avia-fold-unfold-section avia-fold-column-wrap avia-fold-init av-fold-column-av-wkacz-f7135e3c876ba6bf930db630232f7757 avia-size-medium align-left '     data-fold_unfold=\"{&quot;type&quot;:&quot;avia-fold-unfold-section&quot;,&quot;height&quot;:&quot;500&quot;,&quot;more&quot;:&quot;Read more&quot;,&quot;less&quot;:&quot;Read less&quot;,&quot;context&quot;:&quot;avia_sc_columns&quot;}\"><div class=\"av-fold-unfold-container folded\"><div class=\"av-fold-unfold-inner\"><\/div><\/div><div class='av-fold-button-wrapper av-section-fold-btn-wrap avia-button-wrap'><a href=\"#\" class=\"av-fold-button-container  avia-button avia-size-medium avia-color-theme-color\" data-ignore_hash=\"1\" data-no_scroll_in_viewport=\"1\" data-scroll_top_offset=\"50\">Read more<\/a><\/div><p>\n<style type=\"text\/css\" data-created_by=\"avia_inline_auto\" id=\"style-css-av-w09u3-7c1272ea4a8927b80d104cd0fe682c7e\">\n#top .av-special-heading.av-w09u3-7c1272ea4a8927b80d104cd0fe682c7e{\npadding-bottom:10px;\nfont-size:40px;\n}\nbody .av-special-heading.av-w09u3-7c1272ea4a8927b80d104cd0fe682c7e .av-special-heading-tag .heading-char{\nfont-size:25px;\n}\n#top #wrap_all .av-special-heading.av-w09u3-7c1272ea4a8927b80d104cd0fe682c7e .av-special-heading-tag{\nfont-size:40px;\n}\n.av-special-heading.av-w09u3-7c1272ea4a8927b80d104cd0fe682c7e .av-subheading{\nfont-size:12px;\n}\n\n@media only screen and (min-width: 480px) and (max-width: 767px){ \n#top #wrap_all .av-special-heading.av-w09u3-7c1272ea4a8927b80d104cd0fe682c7e .av-special-heading-tag{\nfont-size:0.8em;\n}\n}\n\n@media only screen and (max-width: 479px){ \n#top #wrap_all .av-special-heading.av-w09u3-7c1272ea4a8927b80d104cd0fe682c7e .av-special-heading-tag{\nfont-size:0.8em;\n}\n}\n<\/style>\n<div  class='av-special-heading av-w09u3-7c1272ea4a8927b80d104cd0fe682c7e av-special-heading-h2 blockquote modern-quote  avia-builder-el-14  el_before_av_iconlist  avia-builder-el-first  av-inherit-size'><h2 class='av-special-heading-tag '  itemprop=\"headline\"  >Ficha T\u00e9cnica<\/h2><div class=\"special-heading-border\"><div class=\"special-heading-inner-border\"><\/div><\/div><\/div><br \/>\n\n<style type=\"text\/css\" data-created_by=\"avia_inline_auto\" id=\"style-css-av-34ue3-e08f1096bdd6989030ef4f27349a120d\">\n@keyframes av_sonarEffect_av-34ue3-e08f1096bdd6989030ef4f27349a120d {\n  0% {opacity: 0.3;}\n 40% {opacity: 0.5; box-shadow: 0 0 0 2px rgba(255,255,255,0.1), 0 0 10px 10px #ffffff, 0 0 0 10px rgba(255,255,255,0.5);}\n100% {opacity: 0; box-shadow: 0 0 0 2px rgba(255,255,255,0.1), 0 0 10px 10px #ffffff, 0 0 0 10px rgba(255,255,255,0.5); transform: scale(1.5);}\n}\n#top .avia-icon-list-container.av-34ue3-e08f1096bdd6989030ef4f27349a120d .iconlist_icon:hover:after{\nanimation:av_sonarEffect_av-34ue3-e08f1096bdd6989030ef4f27349a120d 1s ease-in-out;\n}\n<\/style>\n<div  class='avia-icon-list-container av-34ue3-e08f1096bdd6989030ef4f27349a120d  avia-builder-el-15  el_after_av_heading  avia-builder-el-last '><ul class='avia-icon-list avia_animate_when_almost_visible avia-icon-list-left av-iconlist-small av-34ue3-e08f1096bdd6989030ef4f27349a120d avia-iconlist-animate avia-sonar-shadow'>\n<li><div class='iconlist_icon av-uwi77-af97c6b6f6709231211c82e20a022181 avia-font-entypo-fontello'><span class='iconlist-char' aria-hidden='true' data-av_icon='\ue80d' data-av_iconfont='entypo-fontello'><\/span><\/div><article class=\"article-icon-entry \"  itemscope=\"itemscope\" itemtype=\"https:\/\/schema.org\/CreativeWork\" ><div class=\"iconlist_content_wrap\"><header class=\"entry-content-header\" aria-label=\"Icon: T\u00edtulo Original\"><div class='av_iconlist_title iconlist_title_small  '  itemprop=\"headline\" >T\u00edtulo Original<\/div><\/header><div class='iconlist_content '  itemprop=\"text\" ><p>Servid\u00e3o<\/p>\n<\/div><\/div><footer class=\"entry-footer\"><\/footer><\/article><div class=\"iconlist-timeline\"><\/div><\/li>\n<li><div class='iconlist_icon av-u6zg7-d9b0cef77c1867f32f5517ecbf96c3d6 avia-font-mostra-br-xiv'><span class='iconlist-char' aria-hidden='true' data-av_icon='\ue802' data-av_iconfont='mostra-br-xiv'><\/span><\/div><article class=\"article-icon-entry \"  itemscope=\"itemscope\" itemtype=\"https:\/\/schema.org\/CreativeWork\" ><div class=\"iconlist_content_wrap\"><header class=\"entry-content-header\" aria-label=\"Icon: Dire\u00e7\u00e3o\"><div class='av_iconlist_title iconlist_title_small  '  itemprop=\"headline\" >Dire\u00e7\u00e3o<\/div><\/header><div class='iconlist_content '  itemprop=\"text\" ><p>Renato Barbieri e Neto Borges<\/p>\n<\/div><\/div><footer class=\"entry-footer\"><\/footer><\/article><div class=\"iconlist-timeline\"><\/div><\/li>\n<li><div class='iconlist_icon av-tpc6r-6cedb61fc2e82a87732022677648f0e7 avia-font-mostra-br-xiv'><span class='iconlist-char' aria-hidden='true' data-av_icon='\ue808' data-av_iconfont='mostra-br-xiv'><\/span><\/div><article class=\"article-icon-entry \"  itemscope=\"itemscope\" itemtype=\"https:\/\/schema.org\/CreativeWork\" ><div class=\"iconlist_content_wrap\"><header class=\"entry-content-header\" aria-label=\"Icon: Produ\u00e7\u00e3o\"><div class='av_iconlist_title iconlist_title_small  '  itemprop=\"headline\" >Produ\u00e7\u00e3o<\/div><\/header><div class='iconlist_content '  itemprop=\"text\" ><p>Renato Barbieri<\/p>\n<\/div><\/div><footer class=\"entry-footer\"><\/footer><\/article><div class=\"iconlist-timeline\"><\/div><\/li>\n<li><div class='iconlist_icon av-2vvxr-db42271811a26251b8150f08794091e3 avia-font-entypo-fontello'><span class='iconlist-char' aria-hidden='true' data-av_icon='\ue829' data-av_iconfont='entypo-fontello'><\/span><\/div><article class=\"article-icon-entry \"  itemscope=\"itemscope\" itemtype=\"https:\/\/schema.org\/CreativeWork\" ><div class=\"iconlist_content_wrap\"><header class=\"entry-content-header\" aria-label=\"Icon: Categoria\"><div class='av_iconlist_title iconlist_title_small  '  itemprop=\"headline\" >Categoria<\/div><\/header><div class='iconlist_content '  itemprop=\"text\" ><p>Document\u00e1rio<\/p>\n<\/div><\/div><footer class=\"entry-footer\"><\/footer><\/article><div class=\"iconlist-timeline\"><\/div><\/li>\n<li><div class='iconlist_icon av-skpx3-ec122664ff03f99c7cb57f879bbfda87 avia-font-mostra-br-xiv'><span class='iconlist-char' aria-hidden='true' data-av_icon='\ue809' data-av_iconfont='mostra-br-xiv'><\/span><\/div><article class=\"article-icon-entry \"  itemscope=\"itemscope\" itemtype=\"https:\/\/schema.org\/CreativeWork\" ><div class=\"iconlist_content_wrap\"><header class=\"entry-content-header\" aria-label=\"Icon: Ano\"><div class='av_iconlist_title iconlist_title_small  '  itemprop=\"headline\" >Ano<\/div><\/header><div class='iconlist_content '  itemprop=\"text\" ><p>2024<\/p>\n<\/div><\/div><footer class=\"entry-footer\"><\/footer><\/article><div class=\"iconlist-timeline\"><\/div><\/li>\n<li><div class='iconlist_icon av-2rqpj-be544591f6b099e681ac4a42fb5f6fa1 avia-font-entypo-fontello'><span class='iconlist-char' aria-hidden='true' data-av_icon='\ue837' data-av_iconfont='entypo-fontello'><\/span><\/div><article class=\"article-icon-entry \"  itemscope=\"itemscope\" itemtype=\"https:\/\/schema.org\/CreativeWork\" ><div class=\"iconlist_content_wrap\"><header class=\"entry-content-header\" aria-label=\"Icon: Roteiro Original\"><div class='av_iconlist_title iconlist_title_small  '  itemprop=\"headline\" >Roteiro Original<\/div><\/header><div class='iconlist_content '  itemprop=\"text\" ><p>Renato Barbieri<\/p>\n<\/div><\/div><footer class=\"entry-footer\"><\/footer><\/article><div class=\"iconlist-timeline\"><\/div><\/li>\n<li><div class='iconlist_icon av-r9dr3-d9703f4333e6393c9a3ce2ce6e3b637c avia-font-entypo-fontello'><span class='iconlist-char' aria-hidden='true' data-av_icon='\ue80f' data-av_iconfont='entypo-fontello'><\/span><\/div><article class=\"article-icon-entry \"  itemscope=\"itemscope\" itemtype=\"https:\/\/schema.org\/CreativeWork\" ><div class=\"iconlist_content_wrap\"><header class=\"entry-content-header\" aria-label=\"Icon: Dire\u00e7\u00e3o de Fotografia\"><div class='av_iconlist_title iconlist_title_small  '  itemprop=\"headline\" >Dire\u00e7\u00e3o de Fotografia<\/div><\/header><div class='iconlist_content '  itemprop=\"text\" ><p>Reynaldo Zangrandi<\/p>\n<\/div><\/div><footer class=\"entry-footer\"><\/footer><\/article><div class=\"iconlist-timeline\"><\/div><\/li>\n<li><div class='iconlist_icon av-qqq83-d454a44e364fe29ba2f743c64120fb15 avia-font-entypo-fontello'><span class='iconlist-char' aria-hidden='true' data-av_icon='\ue8a4' data-av_iconfont='entypo-fontello'><\/span><\/div><article class=\"article-icon-entry \"  itemscope=\"itemscope\" itemtype=\"https:\/\/schema.org\/CreativeWork\" ><div class=\"iconlist_content_wrap\"><header class=\"entry-content-header\" aria-label=\"Icon: Dire\u00e7\u00e3o de Arte\"><div class='av_iconlist_title iconlist_title_small  '  itemprop=\"headline\" >Dire\u00e7\u00e3o de Arte<\/div><\/header><div class='iconlist_content '  itemprop=\"text\" ><p>Luis Sard\u00e1<\/p>\n<\/div><\/div><footer class=\"entry-footer\"><\/footer><\/article><div class=\"iconlist-timeline\"><\/div><\/li>\n<li><div class='iconlist_icon av-q3ikr-5ba9325ddc4f08998bc5914b2dc6f48c avia-font-mostra-br-xiv'><span class='iconlist-char' aria-hidden='true' data-av_icon='\ue800' data-av_iconfont='mostra-br-xiv'><\/span><\/div><article class=\"article-icon-entry \"  itemscope=\"itemscope\" itemtype=\"https:\/\/schema.org\/CreativeWork\" ><div class=\"iconlist_content_wrap\"><header class=\"entry-content-header\" aria-label=\"Icon: Maquiagem\"><div class='av_iconlist_title iconlist_title_small  '  itemprop=\"headline\" >Maquiagem<\/div><\/header><div class='iconlist_content '  itemprop=\"text\" ><p>Lanusa Make<\/p>\n<\/div><\/div><footer class=\"entry-footer\"><\/footer><\/article><div class=\"iconlist-timeline\"><\/div><\/li>\n<li><div class='iconlist_icon av-pfmxj-20fc2cec3dced22aa06da4068aaf7491 avia-font-mostra-br-xiv'><span class='iconlist-char' aria-hidden='true' data-av_icon='\ue806' data-av_iconfont='mostra-br-xiv'><\/span><\/div><article class=\"article-icon-entry \"  itemscope=\"itemscope\" itemtype=\"https:\/\/schema.org\/CreativeWork\" ><div class=\"iconlist_content_wrap\"><header class=\"entry-content-header\" aria-label=\"Icon: Montagem\"><div class='av_iconlist_title iconlist_title_small  '  itemprop=\"headline\" >Montagem<\/div><\/header><div class='iconlist_content '  itemprop=\"text\" ><p>Neto Borges e Diego Cajueiro<\/p>\n<\/div><\/div><footer class=\"entry-footer\"><\/footer><\/article><div class=\"iconlist-timeline\"><\/div><\/li>\n<li><div class='iconlist_icon av-2hod3-3adbc0165d9acb93fa93be4a853beffb avia-font-mostra-br-xiv'><span class='iconlist-char' aria-hidden='true' data-av_icon='\ue80b' data-av_iconfont='mostra-br-xiv'><\/span><\/div><article class=\"article-icon-entry \"  itemscope=\"itemscope\" itemtype=\"https:\/\/schema.org\/CreativeWork\" ><div class=\"iconlist_content_wrap\"><header class=\"entry-content-header\" aria-label=\"Icon: Som Direto\"><div class='av_iconlist_title iconlist_title_small  '  itemprop=\"headline\" >Som Direto<\/div><\/header><div class='iconlist_content '  itemprop=\"text\" ><p>Ronan Coelho<\/p>\n<\/div><\/div><footer class=\"entry-footer\"><\/footer><\/article><div class=\"iconlist-timeline\"><\/div><\/li>\n<li><div class='iconlist_icon av-o0b8v-87753a6d660db3df54caaad244d77eac avia-font-mostra-br-xiv'><span class='iconlist-char' aria-hidden='true' data-av_icon='\ue805' data-av_iconfont='mostra-br-xiv'><\/span><\/div><article class=\"article-icon-entry \"  itemscope=\"itemscope\" itemtype=\"https:\/\/schema.org\/CreativeWork\" ><div class=\"iconlist_content_wrap\"><header class=\"entry-content-header\" aria-label=\"Icon: Edi\u00e7\u00e3o Sonora\"><div class='av_iconlist_title iconlist_title_small  '  itemprop=\"headline\" >Edi\u00e7\u00e3o Sonora<\/div><\/header><div class='iconlist_content '  itemprop=\"text\" ><p>Caetano Cotrim de Blasiis, Eric Ribeiro Christani<\/p>\n<\/div><\/div><footer class=\"entry-footer\"><\/footer><\/article><div class=\"iconlist-timeline\"><\/div><\/li>\n<li><div class='iconlist_icon av-nca77-4ab3df714adb25a3f8b72f0784359fc8 avia-font-mostra-br-xiv'><span class='iconlist-char' aria-hidden='true' data-av_icon='\ue801' data-av_iconfont='mostra-br-xiv'><\/span><\/div><article class=\"article-icon-entry \"  itemscope=\"itemscope\" itemtype=\"https:\/\/schema.org\/CreativeWork\" ><div class=\"iconlist_content_wrap\"><header class=\"entry-content-header\" aria-label=\"Icon: Mixagem\"><div class='av_iconlist_title iconlist_title_small  '  itemprop=\"headline\" >Mixagem<\/div><\/header><div class='iconlist_content '  itemprop=\"text\" ><p>Caetano Cotrim de Blasiis, Eric Ribeiro Christani<\/p>\n<\/div><\/div><footer class=\"entry-footer\"><\/footer><\/article><div class=\"iconlist-timeline\"><\/div><\/li>\n<li><div class='iconlist_icon av-2asaj-3c7eea5b7d6242a98933011f9044400a avia-font-entypo-fontello'><span class='iconlist-char' aria-hidden='true' data-av_icon='\ue801' data-av_iconfont='entypo-fontello'><\/span><\/div><article class=\"article-icon-entry \"  itemscope=\"itemscope\" itemtype=\"https:\/\/schema.org\/CreativeWork\" ><div class=\"iconlist_content_wrap\"><header class=\"entry-content-header\" aria-label=\"Icon: Trilha Sonora\"><div class='av_iconlist_title iconlist_title_small  '  itemprop=\"headline\" >Trilha Sonora<\/div><\/header><div class='iconlist_content '  itemprop=\"text\" ><p>Eduardo Canavezes<\/p>\n<\/div><\/div><footer class=\"entry-footer\"><\/footer><\/article><div class=\"iconlist-timeline\"><\/div><\/li>\n<li><div class='iconlist_icon av-m9kiz-17a3f0ddd74e9b463e5724f7377eac62 avia-font-entypo-fontello'><span class='iconlist-char' aria-hidden='true' data-av_icon='\ue808' data-av_iconfont='entypo-fontello'><\/span><\/div><article class=\"article-icon-entry \"  itemscope=\"itemscope\" itemtype=\"https:\/\/schema.org\/CreativeWork\" ><div class=\"iconlist_content_wrap\"><header class=\"entry-content-header\" aria-label=\"Icon: Elenco\"><div class='av_iconlist_title iconlist_title_small  '  itemprop=\"headline\" >Elenco<\/div><\/header><div class='iconlist_content '  itemprop=\"text\" ><p>Dodo Azevedo, Rafael Sanzio dos Anjos, Alberto da Costa e Silva, Ana Maria Gon\u00e7alves, Marcelo Gon\u00e7alves Campos, Victor Leonardi, Leonardo Sakamoto, Gladyson Pereira, Luis Camargo de Melo, Ricardo Rezende Figueira, Ela Wiecko, Jo\u00e3o Roberto Ripper, Fabr\u00edcia Carvalho, Cl\u00e1udio Secchin, Binka Le Breton, Gild\u00e1sio Silva Meireles, Sebasti\u00e3o Gon\u00e7alves, Aldemir Pereira, Xavier Plassat, Carlos Haddad, Lelio Bentes, Antonio Carlos de Mello Rosa, Valderez Monte, Calisto Torres, Rachel Cunha, Andr\u00e9 Roston, Ben\u00e9 Florindo, Jonatas Andrade, Jos\u00e9 Marcelino, Caio Magri, Kailash Satyarthi, Paulo Paim<\/p>\n<\/div><\/div><footer class=\"entry-footer\"><\/footer><\/article><div class=\"iconlist-timeline\"><\/div><\/li>\n<li><div class='iconlist_icon av-lnr9j-ae87d2bc914a107b401041957462a390 avia-font-mostra-br-xiv'><span class='iconlist-char' aria-hidden='true' data-av_icon='\ue80a' data-av_iconfont='mostra-br-xiv'><\/span><\/div><article class=\"article-icon-entry \"  itemscope=\"itemscope\" itemtype=\"https:\/\/schema.org\/CreativeWork\" ><div class=\"iconlist_content_wrap\"><header class=\"entry-content-header\" aria-label=\"Icon: Empresa Produtora\"><div class='av_iconlist_title iconlist_title_small  '  itemprop=\"headline\" >Empresa Produtora<\/div><\/header><div class='iconlist_content '  itemprop=\"text\" ><p>GAYA Filmes<\/p>\n<\/div><\/div><footer class=\"entry-footer\"><\/footer><\/article><div class=\"iconlist-timeline\"><\/div><\/li>\n<\/ul><\/div><\/p><\/div>\n\n<div id='gallery' class='av-masonry av-l3sqv-5fd565e699e898e5acb07d73cc60aeda noHover av-fixed-size av-1px-gap av-hover-overlay-active av-masonry-animation-active av-masonry-col-4 av-caption-always av-caption-style- av-masonry-gallery av-small-columns-overwrite av-small-columns-2 av-mini-columns-overwrite av-mini-columns-2 ' data-post_id=\"59\"><div class=\"av-masonry-container isotope av-js-disabled\"><div class='av-masonry-entry isotope-item av-masonry-item-no-image '><\/div><a href=\"https:\/\/mostrafilmfestival.org\/xv\/br\/wp-content\/uploads\/2024\/11\/SERVIDAO_FAMILIA-DE-MARINALDO-SOARES-SANTOS_PINDARE-MIRIM-1-Medio-1030x687.jpg\" data-srcset=\"https:\/\/mostrafilmfestival.org\/xv\/br\/wp-content\/uploads\/2024\/11\/SERVIDAO_FAMILIA-DE-MARINALDO-SOARES-SANTOS_PINDARE-MIRIM-1-Medio-1030x687.jpg 1030w, https:\/\/mostrafilmfestival.org\/xv\/br\/wp-content\/uploads\/2024\/11\/SERVIDAO_FAMILIA-DE-MARINALDO-SOARES-SANTOS_PINDARE-MIRIM-1-Medio-300x200.jpg 300w, https:\/\/mostrafilmfestival.org\/xv\/br\/wp-content\/uploads\/2024\/11\/SERVIDAO_FAMILIA-DE-MARINALDO-SOARES-SANTOS_PINDARE-MIRIM-1-Medio-768x512.jpg 768w, https:\/\/mostrafilmfestival.org\/xv\/br\/wp-content\/uploads\/2024\/11\/SERVIDAO_FAMILIA-DE-MARINALDO-SOARES-SANTOS_PINDARE-MIRIM-1-Medio-705x470.jpg 705w, https:\/\/mostrafilmfestival.org\/xv\/br\/wp-content\/uploads\/2024\/11\/SERVIDAO_FAMILIA-DE-MARINALDO-SOARES-SANTOS_PINDARE-MIRIM-1-Medio.jpg 1152w\" data-sizes=\"(max-width: 1030px) 100vw, 1030px\"  aria-label=\"image SERVIDAO_FAMILIA DE MARINALDO SOARES SANTOS_PINDARE-MIRIM-1 (M\u00e9dio)\"  id='av-masonry-1-item-134' data-av-masonry-item='134' class='av-masonry-entry isotope-item post-134 attachment type-attachment status-inherit hentry  av-masonry-item-with-image' title=\"SERVIDAO_FAMILIA DE MARINALDO SOARES SANTOS_PINDARE-MIRIM-1 (M\u00e9dio)\" alt=\"\"    itemprop=\"thumbnailUrl\" ><div class='av-inner-masonry-sizer'><\/div><figure class='av-inner-masonry main_color'><div class=\"av-masonry-outerimage-container\"><div class='av-masonry-image-container' style=\"background-image: url(https:\/\/mostrafilmfestival.org\/xv\/br\/wp-content\/uploads\/2024\/11\/SERVIDAO_FAMILIA-DE-MARINALDO-SOARES-SANTOS_PINDARE-MIRIM-1-Medio-1152x630.jpg);\"  title=\"SERVIDAO_FAMILIA DE MARINALDO SOARES SANTOS_PINDARE-MIRIM-1 (M\u00e9dio)\" ><\/div><\/div><\/figure><\/a><!--end av-masonry entry--><a href=\"https:\/\/mostrafilmfestival.org\/xv\/br\/wp-content\/uploads\/2024\/11\/SERVIDAO_ALDEMIR-PEREIRA_PINDARE-MIRIM-1-Medio-1030x687.jpg\" data-srcset=\"https:\/\/mostrafilmfestival.org\/xv\/br\/wp-content\/uploads\/2024\/11\/SERVIDAO_ALDEMIR-PEREIRA_PINDARE-MIRIM-1-Medio-1030x687.jpg 1030w, https:\/\/mostrafilmfestival.org\/xv\/br\/wp-content\/uploads\/2024\/11\/SERVIDAO_ALDEMIR-PEREIRA_PINDARE-MIRIM-1-Medio-300x200.jpg 300w, https:\/\/mostrafilmfestival.org\/xv\/br\/wp-content\/uploads\/2024\/11\/SERVIDAO_ALDEMIR-PEREIRA_PINDARE-MIRIM-1-Medio-768x512.jpg 768w, https:\/\/mostrafilmfestival.org\/xv\/br\/wp-content\/uploads\/2024\/11\/SERVIDAO_ALDEMIR-PEREIRA_PINDARE-MIRIM-1-Medio-705x470.jpg 705w, https:\/\/mostrafilmfestival.org\/xv\/br\/wp-content\/uploads\/2024\/11\/SERVIDAO_ALDEMIR-PEREIRA_PINDARE-MIRIM-1-Medio.jpg 1152w\" data-sizes=\"(max-width: 1030px) 100vw, 1030px\"  aria-label=\"image SERVIDAO_ALDEMIR PEREIRA_PINDARE-MIRIM-1 (M\u00e9dio)\"  id='av-masonry-1-item-133' data-av-masonry-item='133' class='av-masonry-entry isotope-item post-133 attachment type-attachment status-inherit hentry  av-masonry-item-with-image' title=\"SERVIDAO_ALDEMIR PEREIRA_PINDARE-MIRIM-1 (M\u00e9dio)\" alt=\"\"    itemprop=\"thumbnailUrl\" ><div class='av-inner-masonry-sizer'><\/div><figure class='av-inner-masonry main_color'><div class=\"av-masonry-outerimage-container\"><div class='av-masonry-image-container' style=\"background-image: url(https:\/\/mostrafilmfestival.org\/xv\/br\/wp-content\/uploads\/2024\/11\/SERVIDAO_ALDEMIR-PEREIRA_PINDARE-MIRIM-1-Medio-1152x630.jpg);\"  title=\"SERVIDAO_ALDEMIR PEREIRA_PINDARE-MIRIM-1 (M\u00e9dio)\" ><\/div><\/div><\/figure><\/a><!--end av-masonry entry--><a href=\"https:\/\/mostrafilmfestival.org\/xv\/br\/wp-content\/uploads\/2024\/11\/SERVIDAO_Stills-7-Medio-1030x687.jpg\" data-srcset=\"https:\/\/mostrafilmfestival.org\/xv\/br\/wp-content\/uploads\/2024\/11\/SERVIDAO_Stills-7-Medio-1030x687.jpg 1030w, https:\/\/mostrafilmfestival.org\/xv\/br\/wp-content\/uploads\/2024\/11\/SERVIDAO_Stills-7-Medio-300x200.jpg 300w, https:\/\/mostrafilmfestival.org\/xv\/br\/wp-content\/uploads\/2024\/11\/SERVIDAO_Stills-7-Medio-768x512.jpg 768w, https:\/\/mostrafilmfestival.org\/xv\/br\/wp-content\/uploads\/2024\/11\/SERVIDAO_Stills-7-Medio-705x470.jpg 705w, https:\/\/mostrafilmfestival.org\/xv\/br\/wp-content\/uploads\/2024\/11\/SERVIDAO_Stills-7-Medio.jpg 1152w\" data-sizes=\"(max-width: 1030px) 100vw, 1030px\"  aria-label=\"image SERVID\u00c3O_Stills (7) (M\u00e9dio)\"  id='av-masonry-1-item-132' data-av-masonry-item='132' class='av-masonry-entry isotope-item post-132 attachment type-attachment status-inherit hentry  av-masonry-item-with-image' title=\"SERVID\u00c3O_Stills (7) (M\u00e9dio)\" alt=\"\"    itemprop=\"thumbnailUrl\" ><div class='av-inner-masonry-sizer'><\/div><figure class='av-inner-masonry main_color'><div class=\"av-masonry-outerimage-container\"><div class='av-masonry-image-container' style=\"background-image: url(https:\/\/mostrafilmfestival.org\/xv\/br\/wp-content\/uploads\/2024\/11\/SERVIDAO_Stills-7-Medio-1152x630.jpg);\"  title=\"SERVID\u00c3O_Stills (7) (M\u00e9dio)\" ><\/div><\/div><\/figure><\/a><!--end av-masonry entry--><a href=\"https:\/\/mostrafilmfestival.org\/xv\/br\/wp-content\/uploads\/2024\/11\/SERVIDAO_Stills-6-Medio-1030x687.jpg\" data-srcset=\"https:\/\/mostrafilmfestival.org\/xv\/br\/wp-content\/uploads\/2024\/11\/SERVIDAO_Stills-6-Medio-1030x687.jpg 1030w, https:\/\/mostrafilmfestival.org\/xv\/br\/wp-content\/uploads\/2024\/11\/SERVIDAO_Stills-6-Medio-300x200.jpg 300w, https:\/\/mostrafilmfestival.org\/xv\/br\/wp-content\/uploads\/2024\/11\/SERVIDAO_Stills-6-Medio-768x512.jpg 768w, https:\/\/mostrafilmfestival.org\/xv\/br\/wp-content\/uploads\/2024\/11\/SERVIDAO_Stills-6-Medio-705x470.jpg 705w, https:\/\/mostrafilmfestival.org\/xv\/br\/wp-content\/uploads\/2024\/11\/SERVIDAO_Stills-6-Medio.jpg 1152w\" data-sizes=\"(max-width: 1030px) 100vw, 1030px\"  aria-label=\"image SERVID\u00c3O_Stills (6) (M\u00e9dio)\"  id='av-masonry-1-item-131' data-av-masonry-item='131' class='av-masonry-entry isotope-item post-131 attachment type-attachment status-inherit hentry  av-masonry-item-with-image' title=\"SERVID\u00c3O_Stills (6) (M\u00e9dio)\" alt=\"\"    itemprop=\"thumbnailUrl\" ><div class='av-inner-masonry-sizer'><\/div><figure class='av-inner-masonry main_color'><div class=\"av-masonry-outerimage-container\"><div class='av-masonry-image-container' style=\"background-image: url(https:\/\/mostrafilmfestival.org\/xv\/br\/wp-content\/uploads\/2024\/11\/SERVIDAO_Stills-6-Medio-1152x630.jpg);\"  title=\"SERVID\u00c3O_Stills (6) (M\u00e9dio)\" ><\/div><\/div><\/figure><\/a><!--end av-masonry entry--><a href=\"https:\/\/mostrafilmfestival.org\/xv\/br\/wp-content\/uploads\/2024\/11\/SERVIDAO_Stills-5-Medio-1030x687.jpg\" data-srcset=\"https:\/\/mostrafilmfestival.org\/xv\/br\/wp-content\/uploads\/2024\/11\/SERVIDAO_Stills-5-Medio-1030x687.jpg 1030w, https:\/\/mostrafilmfestival.org\/xv\/br\/wp-content\/uploads\/2024\/11\/SERVIDAO_Stills-5-Medio-300x200.jpg 300w, https:\/\/mostrafilmfestival.org\/xv\/br\/wp-content\/uploads\/2024\/11\/SERVIDAO_Stills-5-Medio-768x512.jpg 768w, https:\/\/mostrafilmfestival.org\/xv\/br\/wp-content\/uploads\/2024\/11\/SERVIDAO_Stills-5-Medio-705x470.jpg 705w, https:\/\/mostrafilmfestival.org\/xv\/br\/wp-content\/uploads\/2024\/11\/SERVIDAO_Stills-5-Medio.jpg 1152w\" data-sizes=\"(max-width: 1030px) 100vw, 1030px\"  aria-label=\"image SERVID\u00c3O_Stills (5) (M\u00e9dio)\"  id='av-masonry-1-item-130' data-av-masonry-item='130' class='av-masonry-entry isotope-item post-130 attachment type-attachment status-inherit hentry  av-masonry-item-with-image' title=\"SERVID\u00c3O_Stills (5) (M\u00e9dio)\" alt=\"\"    itemprop=\"thumbnailUrl\" ><div class='av-inner-masonry-sizer'><\/div><figure class='av-inner-masonry main_color'><div class=\"av-masonry-outerimage-container\"><div class='av-masonry-image-container' style=\"background-image: url(https:\/\/mostrafilmfestival.org\/xv\/br\/wp-content\/uploads\/2024\/11\/SERVIDAO_Stills-5-Medio-1152x630.jpg);\"  title=\"SERVID\u00c3O_Stills (5) (M\u00e9dio)\" ><\/div><\/div><\/figure><\/a><!--end av-masonry entry--><a href=\"https:\/\/mostrafilmfestival.org\/xv\/br\/wp-content\/uploads\/2024\/11\/SERVIDAO_Stills-4-Medio-1030x687.jpg\" data-srcset=\"https:\/\/mostrafilmfestival.org\/xv\/br\/wp-content\/uploads\/2024\/11\/SERVIDAO_Stills-4-Medio-1030x687.jpg 1030w, https:\/\/mostrafilmfestival.org\/xv\/br\/wp-content\/uploads\/2024\/11\/SERVIDAO_Stills-4-Medio-300x200.jpg 300w, https:\/\/mostrafilmfestival.org\/xv\/br\/wp-content\/uploads\/2024\/11\/SERVIDAO_Stills-4-Medio-768x512.jpg 768w, https:\/\/mostrafilmfestival.org\/xv\/br\/wp-content\/uploads\/2024\/11\/SERVIDAO_Stills-4-Medio-705x470.jpg 705w, https:\/\/mostrafilmfestival.org\/xv\/br\/wp-content\/uploads\/2024\/11\/SERVIDAO_Stills-4-Medio.jpg 1152w\" data-sizes=\"(max-width: 1030px) 100vw, 1030px\"  aria-label=\"image SERVID\u00c3O_Stills (4) (M\u00e9dio)\"  id='av-masonry-1-item-129' data-av-masonry-item='129' class='av-masonry-entry isotope-item post-129 attachment type-attachment status-inherit hentry  av-masonry-item-with-image' title=\"SERVID\u00c3O_Stills (4) (M\u00e9dio)\" alt=\"\"    itemprop=\"thumbnailUrl\" ><div class='av-inner-masonry-sizer'><\/div><figure class='av-inner-masonry main_color'><div class=\"av-masonry-outerimage-container\"><div class='av-masonry-image-container' style=\"background-image: url(https:\/\/mostrafilmfestival.org\/xv\/br\/wp-content\/uploads\/2024\/11\/SERVIDAO_Stills-4-Medio-1152x630.jpg);\"  title=\"SERVID\u00c3O_Stills (4) (M\u00e9dio)\" ><\/div><\/div><\/figure><\/a><!--end av-masonry entry--><a href=\"https:\/\/mostrafilmfestival.org\/xv\/br\/wp-content\/uploads\/2024\/11\/SERVIDAO_Stills-2-Medio-1030x687.jpg\" data-srcset=\"https:\/\/mostrafilmfestival.org\/xv\/br\/wp-content\/uploads\/2024\/11\/SERVIDAO_Stills-2-Medio-1030x687.jpg 1030w, https:\/\/mostrafilmfestival.org\/xv\/br\/wp-content\/uploads\/2024\/11\/SERVIDAO_Stills-2-Medio-300x200.jpg 300w, https:\/\/mostrafilmfestival.org\/xv\/br\/wp-content\/uploads\/2024\/11\/SERVIDAO_Stills-2-Medio-768x512.jpg 768w, https:\/\/mostrafilmfestival.org\/xv\/br\/wp-content\/uploads\/2024\/11\/SERVIDAO_Stills-2-Medio-705x470.jpg 705w, https:\/\/mostrafilmfestival.org\/xv\/br\/wp-content\/uploads\/2024\/11\/SERVIDAO_Stills-2-Medio.jpg 1152w\" data-sizes=\"(max-width: 1030px) 100vw, 1030px\"  aria-label=\"image SERVID\u00c3O_Stills (2) (M\u00e9dio)\"  id='av-masonry-1-item-128' data-av-masonry-item='128' class='av-masonry-entry isotope-item post-128 attachment type-attachment status-inherit hentry  av-masonry-item-with-image' title=\"SERVID\u00c3O_Stills (2) (M\u00e9dio)\" alt=\"\"    itemprop=\"thumbnailUrl\" ><div class='av-inner-masonry-sizer'><\/div><figure class='av-inner-masonry main_color'><div class=\"av-masonry-outerimage-container\"><div class='av-masonry-image-container' style=\"background-image: url(https:\/\/mostrafilmfestival.org\/xv\/br\/wp-content\/uploads\/2024\/11\/SERVIDAO_Stills-2-Medio-1152x630.jpg);\"  title=\"SERVID\u00c3O_Stills (2) (M\u00e9dio)\" ><\/div><\/div><\/figure><\/a><!--end av-masonry entry--><a href=\"https:\/\/mostrafilmfestival.org\/xv\/br\/wp-content\/uploads\/2024\/11\/SERVIDAO_GILDASIO-SILVA-MEIRELES_PINDARE-MIRIM-Medio-1030x687.jpg\" data-srcset=\"https:\/\/mostrafilmfestival.org\/xv\/br\/wp-content\/uploads\/2024\/11\/SERVIDAO_GILDASIO-SILVA-MEIRELES_PINDARE-MIRIM-Medio-1030x687.jpg 1030w, https:\/\/mostrafilmfestival.org\/xv\/br\/wp-content\/uploads\/2024\/11\/SERVIDAO_GILDASIO-SILVA-MEIRELES_PINDARE-MIRIM-Medio-300x200.jpg 300w, https:\/\/mostrafilmfestival.org\/xv\/br\/wp-content\/uploads\/2024\/11\/SERVIDAO_GILDASIO-SILVA-MEIRELES_PINDARE-MIRIM-Medio-768x512.jpg 768w, https:\/\/mostrafilmfestival.org\/xv\/br\/wp-content\/uploads\/2024\/11\/SERVIDAO_GILDASIO-SILVA-MEIRELES_PINDARE-MIRIM-Medio-705x470.jpg 705w, https:\/\/mostrafilmfestival.org\/xv\/br\/wp-content\/uploads\/2024\/11\/SERVIDAO_GILDASIO-SILVA-MEIRELES_PINDARE-MIRIM-Medio.jpg 1152w\" data-sizes=\"(max-width: 1030px) 100vw, 1030px\"  aria-label=\"image SERVIDAO_GILDASIO SILVA MEIRELES_PINDARE-MIRIM (M\u00e9dio)\"  id='av-masonry-1-item-127' data-av-masonry-item='127' class='av-masonry-entry isotope-item post-127 attachment type-attachment status-inherit hentry  av-masonry-item-with-image' title=\"SERVIDAO_GILDASIO SILVA MEIRELES_PINDARE-MIRIM (M\u00e9dio)\" alt=\"\"    itemprop=\"thumbnailUrl\" ><div class='av-inner-masonry-sizer'><\/div><figure class='av-inner-masonry main_color'><div class=\"av-masonry-outerimage-container\"><div class='av-masonry-image-container' style=\"background-image: url(https:\/\/mostrafilmfestival.org\/xv\/br\/wp-content\/uploads\/2024\/11\/SERVIDAO_GILDASIO-SILVA-MEIRELES_PINDARE-MIRIM-Medio-1152x630.jpg);\"  title=\"SERVIDAO_GILDASIO SILVA MEIRELES_PINDARE-MIRIM (M\u00e9dio)\" ><\/div><\/div><\/figure><\/a><!--end av-masonry entry--><\/div><\/div>\n<div id='qea'  class='avia-section av-kdv9b-7ba1979387f188c9a9e1932eb84fe9f1 main_color avia-section-huge avia-no-border-styling  avia-builder-el-17  el_after_av_masonry_gallery  el_before_av_section  avia-bg-style-scroll container_wrap fullsize'  ><div class='container av-section-cont-open' ><div class='template-page content  av-content-full alpha units'><div class='post-entry post-entry-type-page post-entry-59'><div class='entry-content-wrapper clearfix'>\n\n<style type=\"text\/css\" data-created_by=\"avia_inline_auto\" id=\"style-css-av-k1b6b-a61205480ed4a48a73b4feef4b45d490\">\n#top .av-special-heading.av-k1b6b-a61205480ed4a48a73b4feef4b45d490{\npadding-bottom:10px;\nfont-size:40px;\n}\nbody .av-special-heading.av-k1b6b-a61205480ed4a48a73b4feef4b45d490 .av-special-heading-tag .heading-char{\nfont-size:25px;\n}\n#top #wrap_all .av-special-heading.av-k1b6b-a61205480ed4a48a73b4feef4b45d490 .av-special-heading-tag{\nfont-size:40px;\n}\n.av-special-heading.av-k1b6b-a61205480ed4a48a73b4feef4b45d490 .av-subheading{\nfont-size:25px;\n}\n\n@media only screen and (min-width: 480px) and (max-width: 767px){ \n#top #wrap_all .av-special-heading.av-k1b6b-a61205480ed4a48a73b4feef4b45d490 .av-special-heading-tag{\nfont-size:0.8em;\n}\n}\n\n@media only screen and (max-width: 479px){ \n#top #wrap_all .av-special-heading.av-k1b6b-a61205480ed4a48a73b4feef4b45d490 .av-special-heading-tag{\nfont-size:0.8em;\n}\n}\n<\/style>\n<div  class='av-special-heading av-k1b6b-a61205480ed4a48a73b4feef4b45d490 av-special-heading-h2 blockquote modern-quote modern-centered  avia-builder-el-18  el_before_av_hr  avia-builder-el-first  av-inherit-size'><h2 class='av-special-heading-tag '  itemprop=\"headline\"  >Conhe\u00e7a os Diretores<\/h2><div class=\"special-heading-border\"><div class=\"special-heading-inner-border\"><\/div><\/div><\/div>\n\n<style type=\"text\/css\" data-created_by=\"avia_inline_auto\" id=\"style-css-av-jge37-5994e7eba82724b1fccef87ab246fdb6\">\n#top .hr.hr-invisible.av-jge37-5994e7eba82724b1fccef87ab246fdb6{\nheight:30px;\n}\n<\/style>\n<div  class='hr av-jge37-5994e7eba82724b1fccef87ab246fdb6 hr-invisible  avia-builder-el-19  el_after_av_heading  el_before_av_one_half '><span class='hr-inner '><span class=\"hr-inner-style\"><\/span><\/span><\/div>\n<div  class='flex_column av-ikc2r-a0b910e04e29957359f67dfaf23de9e9 av_one_half  avia-builder-el-20  el_after_av_hr  el_before_av_one_half  first flex_column_div  '     ><p>\n<style type=\"text\/css\" data-created_by=\"avia_inline_auto\" id=\"style-css-av-i0nz3-061229d840d42ea602b4dec9c0af12b3\">\n@keyframes av_boxShadowEffect_av-i0nz3-061229d840d42ea602b4dec9c0af12b3 {\n0%   { box-shadow:  0 0 0 0 ; opacity: 1; }\n100% { box-shadow:  0 0 10px 0 ; opacity: 1; }\n}\n.avia-image-container.av-i0nz3-061229d840d42ea602b4dec9c0af12b3 img.avia_image{\nbox-shadow: 0 0 10px 0 ;\n}\n.avia-image-container.av-i0nz3-061229d840d42ea602b4dec9c0af12b3 .av-image-caption-overlay-center{\ncolor:#ffffff;\n}\n<\/style>\n<div  class='avia-image-container av-i0nz3-061229d840d42ea602b4dec9c0af12b3 av-styling-circle av-hover-grow av-hide-overflow av-img-linked avia-align-center  avia-builder-el-21  el_before_av_heading  avia-builder-el-first  av-img-box-shadow av-box-shadow-not-animated'   itemprop=\"image\" itemscope=\"itemscope\" itemtype=\"https:\/\/schema.org\/ImageObject\" ><div class=\"avia-image-container-inner\"><div class=\"avia-image-overlay-wrap\"><img decoding=\"async\" fetchpriority=\"high\" class='wp-image- avia-img-lazy-loading-not- avia_image shadow-not-animated' src=\"https:\/\/mostrafilmfestival.org\/xv\/wp-content\/uploads\/2024\/09\/SERVIDAO_Foto-do-diretor-Neto-Borges-Medio-1.jpg\" alt='' title=''   itemprop=\"thumbnailUrl\"  \/><\/div><\/div><\/div><br \/>\n\n<style type=\"text\/css\" data-created_by=\"avia_inline_auto\" id=\"style-css-av-he80z-a704c78fd6c15affa48a20af1893291e\">\n#top .av-special-heading.av-he80z-a704c78fd6c15affa48a20af1893291e{\npadding-bottom:10px;\nfont-size:40px;\n}\nbody .av-special-heading.av-he80z-a704c78fd6c15affa48a20af1893291e .av-special-heading-tag .heading-char{\nfont-size:25px;\n}\n#top #wrap_all .av-special-heading.av-he80z-a704c78fd6c15affa48a20af1893291e .av-special-heading-tag{\nfont-size:40px;\n}\n.av-special-heading.av-he80z-a704c78fd6c15affa48a20af1893291e .av-subheading{\nfont-size:25px;\n}\n\n@media only screen and (min-width: 480px) and (max-width: 767px){ \n#top #wrap_all .av-special-heading.av-he80z-a704c78fd6c15affa48a20af1893291e .av-special-heading-tag{\nfont-size:0.8em;\n}\n}\n\n@media only screen and (max-width: 479px){ \n#top #wrap_all .av-special-heading.av-he80z-a704c78fd6c15affa48a20af1893291e .av-special-heading-tag{\nfont-size:0.8em;\n}\n}\n<\/style>\n<div  class='av-special-heading av-he80z-a704c78fd6c15affa48a20af1893291e av-special-heading-h3 blockquote modern-quote modern-centered  avia-builder-el-22  el_after_av_image  el_before_av_textblock  av-inherit-size'><h3 class='av-special-heading-tag '  itemprop=\"headline\"  >Neto Borges<\/h3><div class=\"special-heading-border\"><div class=\"special-heading-inner-border\"><\/div><\/div><\/div><br \/>\n<section  class='av_textblock_section av-h4be3-ef548061da351908438b624dccde3cd3 '   itemscope=\"itemscope\" itemtype=\"https:\/\/schema.org\/CreativeWork\" ><div class='avia_textblock'  itemprop=\"text\" ><p><strong>Neto Borges<\/strong>, cineasta maranhense, tem forma\u00e7\u00e3o em Cinema Antropol\u00f3gico pela Universit\u00e9 Paris-Nanterre (antiga Paris X) e Montagem pelo Institut International de L\u2019image et du Son. \u00c9 diretor, roteirista, montador e produtor. Filmes premiados: Sob o Signo da Poesia, na 17\u00aa Mostra Bras\u00edlia, e Ventos que Sopram Maranh\u00e3o, na 44\u00aa Edi\u00e7\u00e3o do Festival Guarnic\u00ea de Cinema.<\/p>\n<\/div><\/section><\/p><\/div><div  class='flex_column av-glcd7-0be7ca722286dcf956afcd7e7890ec35 av_one_half  avia-builder-el-24  el_after_av_one_half  avia-builder-el-last  flex_column_div  '     ><p>\n<style type=\"text\/css\" data-created_by=\"avia_inline_auto\" id=\"style-css-av-fq4r7-99374ec1fa4eb053b840d670feef96af\">\n@keyframes av_boxShadowEffect_av-fq4r7-99374ec1fa4eb053b840d670feef96af {\n0%   { box-shadow:  0 0 0 0 ; opacity: 1; }\n100% { box-shadow:  0 0 10px 0 ; opacity: 1; }\n}\n.avia-image-container.av-fq4r7-99374ec1fa4eb053b840d670feef96af img.avia_image{\nbox-shadow: 0 0 10px 0 ;\n}\n.avia-image-container.av-fq4r7-99374ec1fa4eb053b840d670feef96af .av-image-caption-overlay-center{\ncolor:#ffffff;\n}\n<\/style>\n<div  class='avia-image-container av-fq4r7-99374ec1fa4eb053b840d670feef96af av-styling-circle av-hover-grow av-hide-overflow av-img-linked avia-align-center  avia-builder-el-25  el_before_av_heading  avia-builder-el-first  av-img-box-shadow av-box-shadow-not-animated'   itemprop=\"image\" itemscope=\"itemscope\" itemtype=\"https:\/\/schema.org\/ImageObject\" ><div class=\"avia-image-container-inner\"><div class=\"avia-image-overlay-wrap\"><a href=\"https:\/\/mostrafilmfestival.org\/xv\/br\/wp-content\/uploads\/2024\/11\/SERVIDAO_Foto-do-diretor-Renato-Barbieri-Medio.jpg\" data-srcset=\"https:\/\/mostrafilmfestival.org\/xv\/br\/wp-content\/uploads\/2024\/11\/SERVIDAO_Foto-do-diretor-Renato-Barbieri-Medio.jpg 768w, https:\/\/mostrafilmfestival.org\/xv\/br\/wp-content\/uploads\/2024\/11\/SERVIDAO_Foto-do-diretor-Renato-Barbieri-Medio-300x300.jpg 300w, https:\/\/mostrafilmfestival.org\/xv\/br\/wp-content\/uploads\/2024\/11\/SERVIDAO_Foto-do-diretor-Renato-Barbieri-Medio-80x80.jpg 80w, https:\/\/mostrafilmfestival.org\/xv\/br\/wp-content\/uploads\/2024\/11\/SERVIDAO_Foto-do-diretor-Renato-Barbieri-Medio-36x36.jpg 36w, https:\/\/mostrafilmfestival.org\/xv\/br\/wp-content\/uploads\/2024\/11\/SERVIDAO_Foto-do-diretor-Renato-Barbieri-Medio-180x180.jpg 180w, https:\/\/mostrafilmfestival.org\/xv\/br\/wp-content\/uploads\/2024\/11\/SERVIDAO_Foto-do-diretor-Renato-Barbieri-Medio-705x705.jpg 705w\" data-sizes=\"(max-width: 768px) 100vw, 768px\" class='avia_image '  aria-label='RENATO BARBIERI E MARCUS LIGOCKI'><img decoding=\"async\" fetchpriority=\"high\" class='wp-image-290 avia-img-lazy-loading-not-290 avia_image shadow-not-animated' src=\"https:\/\/mostrafilmfestival.org\/xv\/br\/wp-content\/uploads\/2024\/11\/SERVIDAO_Foto-do-diretor-Renato-Barbieri-Medio.jpg\" alt='' title='RENATO BARBIERI E MARCUS LIGOCKI'  height=\"768\" width=\"768\"  itemprop=\"thumbnailUrl\" srcset=\"https:\/\/mostrafilmfestival.org\/xv\/br\/wp-content\/uploads\/2024\/11\/SERVIDAO_Foto-do-diretor-Renato-Barbieri-Medio.jpg 768w, https:\/\/mostrafilmfestival.org\/xv\/br\/wp-content\/uploads\/2024\/11\/SERVIDAO_Foto-do-diretor-Renato-Barbieri-Medio-300x300.jpg 300w, https:\/\/mostrafilmfestival.org\/xv\/br\/wp-content\/uploads\/2024\/11\/SERVIDAO_Foto-do-diretor-Renato-Barbieri-Medio-80x80.jpg 80w, https:\/\/mostrafilmfestival.org\/xv\/br\/wp-content\/uploads\/2024\/11\/SERVIDAO_Foto-do-diretor-Renato-Barbieri-Medio-36x36.jpg 36w, https:\/\/mostrafilmfestival.org\/xv\/br\/wp-content\/uploads\/2024\/11\/SERVIDAO_Foto-do-diretor-Renato-Barbieri-Medio-180x180.jpg 180w, https:\/\/mostrafilmfestival.org\/xv\/br\/wp-content\/uploads\/2024\/11\/SERVIDAO_Foto-do-diretor-Renato-Barbieri-Medio-705x705.jpg 705w\" sizes=\"(max-width: 768px) 100vw, 768px\" \/><\/a><\/div><\/div><\/div><br \/>\n\n<style type=\"text\/css\" data-created_by=\"avia_inline_auto\" id=\"style-css-av-f9i7z-e5d276f888a2e889d175e82e9d91e8de\">\n#top .av-special-heading.av-f9i7z-e5d276f888a2e889d175e82e9d91e8de{\npadding-bottom:10px;\nfont-size:40px;\n}\nbody .av-special-heading.av-f9i7z-e5d276f888a2e889d175e82e9d91e8de .av-special-heading-tag .heading-char{\nfont-size:25px;\n}\n#top #wrap_all .av-special-heading.av-f9i7z-e5d276f888a2e889d175e82e9d91e8de .av-special-heading-tag{\nfont-size:40px;\n}\n.av-special-heading.av-f9i7z-e5d276f888a2e889d175e82e9d91e8de .av-subheading{\nfont-size:25px;\n}\n\n@media only screen and (min-width: 480px) and (max-width: 767px){ \n#top #wrap_all .av-special-heading.av-f9i7z-e5d276f888a2e889d175e82e9d91e8de .av-special-heading-tag{\nfont-size:0.8em;\n}\n}\n\n@media only screen and (max-width: 479px){ \n#top #wrap_all .av-special-heading.av-f9i7z-e5d276f888a2e889d175e82e9d91e8de .av-special-heading-tag{\nfont-size:0.8em;\n}\n}\n<\/style>\n<div  class='av-special-heading av-f9i7z-e5d276f888a2e889d175e82e9d91e8de av-special-heading-h3 blockquote modern-quote modern-centered  avia-builder-el-26  el_after_av_image  el_before_av_textblock  av-inherit-size'><h3 class='av-special-heading-tag '  itemprop=\"headline\"  > Renato Barbieri<\/h3><div class=\"special-heading-border\"><div class=\"special-heading-inner-border\"><\/div><\/div><\/div><br \/>\n<section  class='av_textblock_section av-emxvj-eb27ca0b8d0bc0c64bd2db3b536a5f5c '   itemscope=\"itemscope\" itemtype=\"https:\/\/schema.org\/CreativeWork\" ><div class='avia_textblock'  itemprop=\"text\" ><p><strong>Renato Barbieri<\/strong> \u00e9 diretor, produtor e roteirista. \u00c9 s\u00f3cio fundador e diretor de cria\u00e7\u00e3o da GAYA Filmes. Documentarista desde 1985, iniciou-se na fic\u00e7\u00e3o em 2001 e na anima\u00e7\u00e3o em 2016. Realizou mais de 60 produtos de conte\u00fado audiovisual de relev\u00e2ncia social, ambiental e cultural.<\/p>\n<\/div><\/section><\/p><\/div><\/div><\/div><\/div><!-- close content main div --><\/div><\/div><div id='watch'  class='avia-section av-m3gnde4y-392a7f394830329493a9c798e4c246fd main_color avia-section-default avia-no-border-styling  avia-builder-el-28  el_after_av_section  el_before_av_section  avia-bg-style-scroll container_wrap fullsize'  ><div class='container av-section-cont-open' ><div class='template-page content  av-content-full alpha units'><div class='post-entry post-entry-type-page post-entry-59'><div class='entry-content-wrapper clearfix'>\n<div  class='flex_column av-cn78j-f1fe3a104f252fe93baddecad03bff2f av_one_third  avia-builder-el-29  el_before_av_two_third  avia-builder-el-first  first flex_column_div  '     ><p>\n<style type=\"text\/css\" data-created_by=\"avia_inline_auto\" id=\"style-css-av-chiar-78a13dcac31bbefc89cb0508443d476a\">\n#top .av-special-heading.av-chiar-78a13dcac31bbefc89cb0508443d476a{\npadding-bottom:25px;\nfont-size:40px;\n}\nbody .av-special-heading.av-chiar-78a13dcac31bbefc89cb0508443d476a .av-special-heading-tag .heading-char{\nfont-size:25px;\n}\n#top #wrap_all .av-special-heading.av-chiar-78a13dcac31bbefc89cb0508443d476a .av-special-heading-tag{\nfont-size:40px;\npadding:0 0 15px 0;\n}\n.av-special-heading.av-chiar-78a13dcac31bbefc89cb0508443d476a .av-subheading{\nfont-size:15px;\n}\n\n@media only screen and (min-width: 480px) and (max-width: 767px){ \n#top #wrap_all .av-special-heading.av-chiar-78a13dcac31bbefc89cb0508443d476a .av-special-heading-tag{\nfont-size:0.8em;\n}\n}\n\n@media only screen and (max-width: 479px){ \n#top #wrap_all .av-special-heading.av-chiar-78a13dcac31bbefc89cb0508443d476a .av-special-heading-tag{\nfont-size:0.8em;\n}\n}\n<\/style>\n<div  class='av-special-heading av-chiar-78a13dcac31bbefc89cb0508443d476a av-special-heading-h2 blockquote modern-quote modern-centered  avia-builder-el-30  el_before_av_iconlist  avia-builder-el-first  av-inherit-size'><h2 class='av-special-heading-tag '  itemprop=\"headline\"  >ONDE ASSISTIR<\/h2><div class='av-subheading av-subheading_below'><p>Voc\u00ea pode assistir a esse filme no cinema! Confira data, hor\u00e1rio e local de exibi\u00e7\u00e3o abaixo.<\/p>\n<\/div><div class=\"special-heading-border\"><div class=\"special-heading-inner-border\"><\/div><\/div><\/div><br \/>\n\n<style type=\"text\/css\" data-created_by=\"avia_inline_auto\" id=\"style-css-av-budcn-ec9443a12f9a52cc579e1c5f396a556d\">\n#top .avia-icon-list-container.av-budcn-ec9443a12f9a52cc579e1c5f396a556d .iconlist_icon{\ncolor:#007ab3;\n}\n<\/style>\n<div  class='avia-icon-list-container av-budcn-ec9443a12f9a52cc579e1c5f396a556d  avia-builder-el-31  el_after_av_heading  avia-builder-el-last '><ul class='avia-icon-list avia_animate_when_almost_visible avia-icon-list-left av-iconlist-big av-budcn-ec9443a12f9a52cc579e1c5f396a556d avia-iconlist-animate'>\n<li><div class='iconlist_icon av-14igf-1e8ed8e36b5af0767b7c27614be012cb avia-font-entypo-fontello'><span class='iconlist-char' aria-hidden='true' data-av_icon='\ue81f' data-av_iconfont='entypo-fontello'><\/span><\/div><article class=\"article-icon-entry \"  itemscope=\"itemscope\" itemtype=\"https:\/\/schema.org\/CreativeWork\" ><div class=\"iconlist_content_wrap\"><header class=\"entry-content-header\" aria-label=\"Icon: DATA E HOR\u00c1RIO\"><h4 class='av_iconlist_title iconlist_title  '  itemprop=\"headline\" >DATA E HOR\u00c1RIO<\/h4><\/header><div class='iconlist_content '  itemprop=\"text\" ><p>6\/12 (sexta-feira) &#8211; 17h<\/p>\n<article class=\"article-icon-entry \">\n<div class=\"iconlist_content_wrap\">\n<div class=\"iconlist_content \">\n<p>Confira a\u00a0<a href=\"https:\/\/mostrafilmfestival.org\/xv\/br\/sp\/agenda\/\">Agenda<\/a> para mais informa\u00e7\u00f5es.<\/p>\n<\/div>\n<\/div>\n<footer class=\"entry-footer\"><\/footer>\n<\/article>\n<\/div><\/div><footer class=\"entry-footer\"><\/footer><\/article><div class=\"iconlist-timeline\"><\/div><\/li>\n<li><div class='iconlist_icon av-adxmb-e22da7effda0ef01ad0502fc900e9081 avia-font-entypo-fontello'><span class='iconlist-char' aria-hidden='true' data-av_icon='\ue842' data-av_iconfont='entypo-fontello'><\/span><\/div><article class=\"article-icon-entry \"  itemscope=\"itemscope\" itemtype=\"https:\/\/schema.org\/CreativeWork\" ><div class=\"iconlist_content_wrap\"><header class=\"entry-content-header\" aria-label=\"Icon: Unibes Cultural\"><h4 class='av_iconlist_title iconlist_title  '  itemprop=\"headline\" >Unibes Cultural<\/h4><\/header><div class='iconlist_content '  itemprop=\"text\" ><p>Rua Oscar Freire, 2.500 \u2013 Sumar\u00e9<\/p>\n<\/div><\/div><footer class=\"entry-footer\"><\/footer><\/article><div class=\"iconlist-timeline\"><\/div><\/li>\n<li><div class='iconlist_icon av-adxmb-1-d1e4bed5faa26e7c6be96bb8b59b12a6 avia-font-entypo-fontello'><span class='iconlist-char' aria-hidden='true' data-av_icon='\ue8e2' data-av_iconfont='entypo-fontello'><\/span><\/div><article class=\"article-icon-entry av-iconlist-empty\"  itemscope=\"itemscope\" itemtype=\"https:\/\/schema.org\/CreativeWork\" ><div class=\"iconlist_content_wrap\"><header class=\"entry-content-header\" aria-label=\"Icon: Entrada gratuita\"><h4 class='av_iconlist_title iconlist_title  '  itemprop=\"headline\" >Entrada gratuita<\/h4><\/header><div class='iconlist_content '  itemprop=\"text\" ><\/div><\/div><footer class=\"entry-footer\"><\/footer><\/article><div class=\"iconlist-timeline\"><\/div><\/li>\n<\/ul><\/div><\/p><\/div><div  class='flex_column av-a3zd3-a665c064b795151e259b7f8610c34270 av_two_third  avia-builder-el-32  el_after_av_one_third  avia-builder-el-last  flex_column_div  '     ><\/div>\n<\/p>\n<\/div><\/div><\/div><!-- close content main div --><\/div><\/div><div id='more'  class='avia-section av-3ncwj-cf21435057fa16e86af860f050d866c7 main_color avia-section-default avia-no-border-styling  avia-builder-el-34  el_after_av_section  el_before_av_masonry_entries  avia-bg-style-scroll container_wrap fullsize'  ><div class='container av-section-cont-open' ><div class='template-page content  av-content-full alpha units'><div class='post-entry post-entry-type-page post-entry-59'><div class='entry-content-wrapper clearfix'>\n<div  class='flex_column av-aznb-07b2ee49c5ec6089d1142a1cd8c40144 av_three_fourth  avia-builder-el-35  el_before_av_one_fourth  avia-builder-el-first  first flex_column_div  '     ><style type=\"text\/css\" data-created_by=\"avia_inline_auto\" id=\"style-css-av-2n0yf-945c27b43fc241cd651e49f2fbd18de7\">\n#top .av-special-heading.av-2n0yf-945c27b43fc241cd651e49f2fbd18de7{\npadding-bottom:10px;\nfont-size:35px;\n}\nbody .av-special-heading.av-2n0yf-945c27b43fc241cd651e49f2fbd18de7 .av-special-heading-tag .heading-char{\nfont-size:25px;\n}\n#top #wrap_all .av-special-heading.av-2n0yf-945c27b43fc241cd651e49f2fbd18de7 .av-special-heading-tag{\nfont-size:35px;\n}\n.av-special-heading.av-2n0yf-945c27b43fc241cd651e49f2fbd18de7 .av-subheading{\nfont-size:12px;\n}\n\n@media only screen and (min-width: 480px) and (max-width: 767px){ \n#top #wrap_all .av-special-heading.av-2n0yf-945c27b43fc241cd651e49f2fbd18de7 .av-special-heading-tag{\nfont-size:0.8em;\n}\n}\n\n@media only screen and (max-width: 479px){ \n#top #wrap_all .av-special-heading.av-2n0yf-945c27b43fc241cd651e49f2fbd18de7 .av-special-heading-tag{\nfont-size:0.8em;\n}\n}\n<\/style>\n<div  class='av-special-heading av-2n0yf-945c27b43fc241cd651e49f2fbd18de7 av-special-heading-h3 blockquote modern-quote modern-centered  avia-builder-el-36  avia-builder-el-no-sibling  av-inherit-size'><h3 class='av-special-heading-tag '  itemprop=\"headline\"  >Veja mais filmes<\/h3><div class=\"special-heading-border\"><div class=\"special-heading-inner-border\"><\/div><\/div><\/div><\/div><div  class='flex_column av-24mzv-d421a94672703a0da7701f17d30703f0 av_one_fourth  avia-builder-el-37  el_after_av_three_fourth  avia-builder-el-last  flex_column_div  '     ><div  class='avia-button-wrap av-1ogz3-67c15fa76dd9daf85e6cd63b43bc2084-wrap avia-button-center  avia-builder-el-38  avia-builder-el-no-sibling '><a href='https:\/\/mostrafilmfestival.org\/xv\/br\/sp\/filmes\/'  class='avia-button av-1ogz3-67c15fa76dd9daf85e6cd63b43bc2084 av-link-btn avia-icon_select-yes-left-icon avia-size-large avia-position-center avia-color-theme-color'   aria-label=\"VER TODOS OS FILMES\"><span class='avia_button_icon avia_button_icon_left' aria-hidden='true' data-av_icon='\ue817' data-av_iconfont='entypo-fontello'><\/span><span class='avia_iconbox_title' >VER TODOS OS FILMES<\/span><\/a><\/div><\/div>\n\n<div id='av-masonry-2' class='av-masonry av-10bwz-c436679fe25251dc138dfa97aa045847 noHover av-fixed-size av-1px-gap av-hover-overlay-active av-masonry-animation-active av-masonry-col-6 av-caption-always av-caption-style-overlay av-masonry-entries av-small-columns-overwrite av-small-columns-2 av-mini-columns-overwrite av-mini-columns-2 av-orientation-square ' data-post_id=\"59\"><div class=\"av-masonry-container isotope av-js-disabled\"><div class='av-masonry-entry isotope-item av-masonry-item-no-image '><\/div><a href=\"https:\/\/mostrafilmfestival.org\/xv\/br\/filmes\/atoto\/\"  id='av-masonry-2-item-441' data-av-masonry-item='441' class='av-masonry-entry isotope-item post-441 portfolio type-portfolio status-publish has-post-thumbnail hentry portfolio_entries-curta  av-masonry-item-with-image' title=\"ATOTO_02_credito_Yussef_Kalume\"   itemscope=\"itemscope\" itemtype=\"https:\/\/schema.org\/CreativeWork\" ><div class='av-inner-masonry-sizer'><\/div><figure class='av-inner-masonry main_color'><div class=\"av-masonry-outerimage-container\"><div class='av-masonry-image-container' style=\"background-image: url(https:\/\/mostrafilmfestival.org\/xv\/br\/wp-content\/uploads\/2024\/11\/ATOTO_02_credito_Yussef_Kalume-495x400.jpg);\"  title=\"ATOTO_02_credito_Yussef_Kalume\" ><\/div><\/div><figcaption class='av-inner-masonry-content site-background'><div class='av-inner-masonry-content-pos'><div class='av-inner-masonry-content-pos-content'><div class='avia-arrow'><\/div><h3 class='av-masonry-entry-title entry-title '  itemprop=\"headline\" >Atot\u00f4<\/h3><\/div><\/div><\/figcaption><\/figure><\/a><!--end av-masonry entry--><a href=\"https:\/\/mostrafilmfestival.org\/xv\/br\/filmes\/retratos-fantasmas\/\"  id='av-masonry-2-item-47' data-av-masonry-item='47' class='av-masonry-entry isotope-item post-47 portfolio type-portfolio status-publish has-post-thumbnail hentry portfolio_entries-longa  av-masonry-item-with-image' title=\"Retratos Fantasmas (3)\"   itemscope=\"itemscope\" itemtype=\"https:\/\/schema.org\/CreativeWork\" ><div class='av-inner-masonry-sizer'><\/div><figure class='av-inner-masonry main_color'><div class=\"av-masonry-outerimage-container\"><div class='av-masonry-image-container' style=\"background-image: url(https:\/\/mostrafilmfestival.org\/xv\/br\/wp-content\/uploads\/2024\/11\/Retratos-Fantasmas-3-495x400.png);\"  title=\"Retratos Fantasmas (3)\" ><\/div><\/div><figcaption class='av-inner-masonry-content site-background'><div class='av-inner-masonry-content-pos'><div class='av-inner-masonry-content-pos-content'><div class='avia-arrow'><\/div><h3 class='av-masonry-entry-title entry-title '  itemprop=\"headline\" >Retratos Fantasmas<\/h3><\/div><\/div><\/figcaption><\/figure><\/a><!--end av-masonry entry--><a href=\"https:\/\/mostrafilmfestival.org\/xv\/br\/filmes\/big-bang\/\"  id='av-masonry-2-item-424' data-av-masonry-item='424' class='av-masonry-entry isotope-item post-424 portfolio type-portfolio status-publish has-post-thumbnail hentry portfolio_entries-canoas portfolio_entries-curta  av-masonry-item-with-image' title=\"BB_still_01 (M\u00e9dio)\"   itemscope=\"itemscope\" itemtype=\"https:\/\/schema.org\/CreativeWork\" ><div class='av-inner-masonry-sizer'><\/div><figure class='av-inner-masonry main_color'><div class=\"av-masonry-outerimage-container\"><div class='av-masonry-image-container' style=\"background-image: url(https:\/\/mostrafilmfestival.org\/xv\/br\/wp-content\/uploads\/2024\/11\/BB_still_01-Medio-495x400.jpg);\"  title=\"BB_still_01 (M\u00e9dio)\" ><\/div><\/div><figcaption class='av-inner-masonry-content site-background'><div class='av-inner-masonry-content-pos'><div class='av-inner-masonry-content-pos-content'><div class='avia-arrow'><\/div><h3 class='av-masonry-entry-title entry-title '  itemprop=\"headline\" >Big Bang<\/h3><\/div><\/div><\/figcaption><\/figure><\/a><!--end av-masonry entry--><a href=\"https:\/\/mostrafilmfestival.org\/xv\/br\/filmes\/eu-sou-maria\/\"  id='av-masonry-2-item-51' data-av-masonry-item='51' class='av-masonry-entry isotope-item post-51 portfolio type-portfolio status-publish has-post-thumbnail hentry portfolio_entries-longa  av-masonry-item-with-image' title=\"EuSouMaria_Frame (2) (M\u00e9dio)\"   itemscope=\"itemscope\" itemtype=\"https:\/\/schema.org\/CreativeWork\" ><div class='av-inner-masonry-sizer'><\/div><figure class='av-inner-masonry main_color'><div class=\"av-masonry-outerimage-container\"><div class='av-masonry-image-container' style=\"background-image: url(https:\/\/mostrafilmfestival.org\/xv\/br\/wp-content\/uploads\/2024\/11\/EuSouMaria_Frame-2-Medio-495x400.png);\"  title=\"EuSouMaria_Frame (2) (M\u00e9dio)\" ><\/div><\/div><figcaption class='av-inner-masonry-content site-background'><div class='av-inner-masonry-content-pos'><div class='av-inner-masonry-content-pos-content'><div class='avia-arrow'><\/div><h3 class='av-masonry-entry-title entry-title '  itemprop=\"headline\" >Eu Sou Maria<\/h3><\/div><\/div><\/figcaption><\/figure><\/a><!--end av-masonry entry--><a href=\"https:\/\/mostrafilmfestival.org\/xv\/br\/filmes\/cadim\/\"  id='av-masonry-2-item-436' data-av-masonry-item='436' class='av-masonry-entry isotope-item post-436 portfolio type-portfolio status-publish has-post-thumbnail hentry portfolio_entries-canoas portfolio_entries-curta portfolio_entries-porto-alegre  av-masonry-item-with-image' title=\"Cadim-still\"   itemscope=\"itemscope\" itemtype=\"https:\/\/schema.org\/CreativeWork\" ><div class='av-inner-masonry-sizer'><\/div><figure class='av-inner-masonry main_color'><div class=\"av-masonry-outerimage-container\"><div class='av-masonry-image-container' style=\"background-image: url(https:\/\/mostrafilmfestival.org\/xv\/br\/wp-content\/uploads\/2024\/11\/Cadim-still-495x400.jpg);\"  title=\"Cadim-still\" ><\/div><\/div><figcaption class='av-inner-masonry-content site-background'><div class='av-inner-masonry-content-pos'><div class='av-inner-masonry-content-pos-content'><div class='avia-arrow'><\/div><h3 class='av-masonry-entry-title entry-title '  itemprop=\"headline\" >Cadim<\/h3><\/div><\/div><\/figcaption><\/figure><\/a><!--end av-masonry entry--><a href=\"https:\/\/mostrafilmfestival.org\/xv\/br\/filmes\/saudosa-maloca\/\"  id='av-masonry-2-item-57' data-av-masonry-item='57' class='av-masonry-entry isotope-item post-57 portfolio type-portfolio status-publish has-post-thumbnail hentry portfolio_entries-canoas portfolio_entries-longa  av-masonry-item-with-image' title=\"SDM_Frame1\"   itemscope=\"itemscope\" itemtype=\"https:\/\/schema.org\/CreativeWork\" ><div class='av-inner-masonry-sizer'><\/div><figure class='av-inner-masonry main_color'><div class=\"av-masonry-outerimage-container\"><div class='av-masonry-image-container' style=\"background-image: url(https:\/\/mostrafilmfestival.org\/xv\/br\/wp-content\/uploads\/2024\/11\/SDM_Frame1-495x400.png);\"  title=\"SDM_Frame1\" ><\/div><\/div><figcaption class='av-inner-masonry-content site-background'><div class='av-inner-masonry-content-pos'><div class='av-inner-masonry-content-pos-content'><div class='avia-arrow'><\/div><h3 class='av-masonry-entry-title entry-title '  itemprop=\"headline\" >Saudosa Maloca<\/h3><\/div><\/div><\/figcaption><\/figure><\/a><!--end av-masonry entry--><\/div><\/div>\n","protected":false},"excerpt":{"rendered":"<p>Um document\u00e1rio de longa-metragem sobre o trabalho escravo contempor\u00e2neo com foco na Amaz\u00f4nia brasileira. Com narra\u00e7\u00e3o de Negra Li, o document\u00e1rio \u00e9 um registro retumbante de um dos maiores males do Brasil.<\/p>\n","protected":false},"author":1,"featured_media":128,"comment_status":"closed","ping_status":"closed","template":"","meta":{"nf_dc_page":"","footnotes":""},"tags":[],"portfolio_entries":[4],"class_list":["post-59","portfolio","type-portfolio","status-publish","has-post-thumbnail","hentry","portfolio_entries-longa"],"yoast_head":"<!-- This site is optimized with the Yoast SEO plugin v27.5 - https:\/\/yoast.com\/product\/yoast-seo-wordpress\/ -->\n<title>Servid\u00e3o - MOSTRA XV Brazilian Film Festival - Brasil<\/title>\n<meta name=\"description\" content=\"Um document\u00e1rio de longa-metragem sobre o trabalho escravo contempor\u00e2neo com foco na Amaz\u00f4nia brasileira. Com narra\u00e7\u00e3o de Negra Li, o document\u00e1rio \u00e9 um registro retumbante de um dos maiores males do Brasil.\" \/>\n<meta name=\"robots\" content=\"index, follow, max-snippet:-1, max-image-preview:large, max-video-preview:-1\" \/>\n<link rel=\"canonical\" href=\"https:\/\/mostrafilmfestival.org\/xv\/br\/filmes\/servidao\/\" \/>\n<meta property=\"og:locale\" content=\"pt_BR\" \/>\n<meta property=\"og:type\" content=\"article\" \/>\n<meta property=\"og:title\" content=\"Servid\u00e3o - MOSTRA XV Brazilian Film Festival - Brasil\" \/>\n<meta property=\"og:description\" content=\"Um document\u00e1rio de longa-metragem sobre o trabalho escravo contempor\u00e2neo com foco na Amaz\u00f4nia brasileira. Com narra\u00e7\u00e3o de Negra Li, o document\u00e1rio \u00e9 um registro retumbante de um dos maiores males do Brasil.\" \/>\n<meta property=\"og:url\" content=\"https:\/\/mostrafilmfestival.org\/xv\/br\/filmes\/servidao\/\" \/>\n<meta property=\"og:site_name\" content=\"MOSTRA XV Brazilian Film Festival - Brasil\" \/>\n<meta property=\"article:modified_time\" content=\"2024-11-14T03:02:55+00:00\" \/>\n<meta property=\"og:image\" content=\"https:\/\/mostrafilmfestival.org\/xv\/br\/wp-content\/uploads\/2024\/11\/SERVIDAO_Stills-2-Medio.jpg\" \/>\n\t<meta property=\"og:image:width\" content=\"1152\" \/>\n\t<meta property=\"og:image:height\" content=\"768\" \/>\n\t<meta property=\"og:image:type\" content=\"image\/jpeg\" \/>\n<meta name=\"twitter:card\" content=\"summary_large_image\" \/>\n<meta name=\"twitter:label1\" content=\"Est. tempo de leitura\" \/>\n\t<meta name=\"twitter:data1\" content=\"3 minutos\" \/>\n<script type=\"application\/ld+json\" class=\"yoast-schema-graph\">{\"@context\":\"https:\\\/\\\/schema.org\",\"@graph\":[{\"@type\":\"WebPage\",\"@id\":\"https:\\\/\\\/mostrafilmfestival.org\\\/xv\\\/br\\\/filmes\\\/servidao\\\/\",\"url\":\"https:\\\/\\\/mostrafilmfestival.org\\\/xv\\\/br\\\/filmes\\\/servidao\\\/\",\"name\":\"Servid\u00e3o - MOSTRA XV Brazilian Film Festival - Brasil\",\"isPartOf\":{\"@id\":\"https:\\\/\\\/mostrafilmfestival.org\\\/xv\\\/br\\\/#website\"},\"primaryImageOfPage\":{\"@id\":\"https:\\\/\\\/mostrafilmfestival.org\\\/xv\\\/br\\\/filmes\\\/servidao\\\/#primaryimage\"},\"image\":{\"@id\":\"https:\\\/\\\/mostrafilmfestival.org\\\/xv\\\/br\\\/filmes\\\/servidao\\\/#primaryimage\"},\"thumbnailUrl\":\"https:\\\/\\\/mostrafilmfestival.org\\\/xv\\\/br\\\/wp-content\\\/uploads\\\/2024\\\/11\\\/SERVIDAO_Stills-2-Medio.jpg\",\"datePublished\":\"2024-11-12T03:08:08+00:00\",\"dateModified\":\"2024-11-14T03:02:55+00:00\",\"description\":\"Um document\u00e1rio de longa-metragem sobre o trabalho escravo contempor\u00e2neo com foco na Amaz\u00f4nia brasileira. Com narra\u00e7\u00e3o de Negra Li, o document\u00e1rio \u00e9 um registro retumbante de um dos maiores males do Brasil.\",\"breadcrumb\":{\"@id\":\"https:\\\/\\\/mostrafilmfestival.org\\\/xv\\\/br\\\/filmes\\\/servidao\\\/#breadcrumb\"},\"inLanguage\":\"pt-BR\",\"potentialAction\":[{\"@type\":\"ReadAction\",\"target\":[\"https:\\\/\\\/mostrafilmfestival.org\\\/xv\\\/br\\\/filmes\\\/servidao\\\/\"]}]},{\"@type\":\"ImageObject\",\"inLanguage\":\"pt-BR\",\"@id\":\"https:\\\/\\\/mostrafilmfestival.org\\\/xv\\\/br\\\/filmes\\\/servidao\\\/#primaryimage\",\"url\":\"https:\\\/\\\/mostrafilmfestival.org\\\/xv\\\/br\\\/wp-content\\\/uploads\\\/2024\\\/11\\\/SERVIDAO_Stills-2-Medio.jpg\",\"contentUrl\":\"https:\\\/\\\/mostrafilmfestival.org\\\/xv\\\/br\\\/wp-content\\\/uploads\\\/2024\\\/11\\\/SERVIDAO_Stills-2-Medio.jpg\",\"width\":1152,\"height\":768},{\"@type\":\"BreadcrumbList\",\"@id\":\"https:\\\/\\\/mostrafilmfestival.org\\\/xv\\\/br\\\/filmes\\\/servidao\\\/#breadcrumb\",\"itemListElement\":[{\"@type\":\"ListItem\",\"position\":1,\"name\":\"Home\",\"item\":\"https:\\\/\\\/mostrafilmfestival.org\\\/xv\\\/br\\\/home\\\/\"},{\"@type\":\"ListItem\",\"position\":2,\"name\":\"Servid\u00e3o\"}]},{\"@type\":\"WebSite\",\"@id\":\"https:\\\/\\\/mostrafilmfestival.org\\\/xv\\\/br\\\/#website\",\"url\":\"https:\\\/\\\/mostrafilmfestival.org\\\/xv\\\/br\\\/\",\"name\":\"MOSTRA XV Brazilian Film Festival - Brasil\",\"description\":\"Filmes brasileiros com consci\u00eancia social.\",\"potentialAction\":[{\"@type\":\"SearchAction\",\"target\":{\"@type\":\"EntryPoint\",\"urlTemplate\":\"https:\\\/\\\/mostrafilmfestival.org\\\/xv\\\/br\\\/?s={search_term_string}\"},\"query-input\":{\"@type\":\"PropertyValueSpecification\",\"valueRequired\":true,\"valueName\":\"search_term_string\"}}],\"inLanguage\":\"pt-BR\"}]}<\/script>\n<!-- \/ Yoast SEO plugin. -->","yoast_head_json":{"title":"Servid\u00e3o - MOSTRA XV Brazilian Film Festival - Brasil","description":"Um document\u00e1rio de longa-metragem sobre o trabalho escravo contempor\u00e2neo com foco na Amaz\u00f4nia brasileira. Com narra\u00e7\u00e3o de Negra Li, o document\u00e1rio \u00e9 um registro retumbante de um dos maiores males do Brasil.","robots":{"index":"index","follow":"follow","max-snippet":"max-snippet:-1","max-image-preview":"max-image-preview:large","max-video-preview":"max-video-preview:-1"},"canonical":"https:\/\/mostrafilmfestival.org\/xv\/br\/filmes\/servidao\/","og_locale":"pt_BR","og_type":"article","og_title":"Servid\u00e3o - MOSTRA XV Brazilian Film Festival - Brasil","og_description":"Um document\u00e1rio de longa-metragem sobre o trabalho escravo contempor\u00e2neo com foco na Amaz\u00f4nia brasileira. Com narra\u00e7\u00e3o de Negra Li, o document\u00e1rio \u00e9 um registro retumbante de um dos maiores males do Brasil.","og_url":"https:\/\/mostrafilmfestival.org\/xv\/br\/filmes\/servidao\/","og_site_name":"MOSTRA XV Brazilian Film Festival - Brasil","article_modified_time":"2024-11-14T03:02:55+00:00","og_image":[{"width":1152,"height":768,"url":"https:\/\/mostrafilmfestival.org\/xv\/br\/wp-content\/uploads\/2024\/11\/SERVIDAO_Stills-2-Medio.jpg","type":"image\/jpeg"}],"twitter_card":"summary_large_image","twitter_misc":{"Est. tempo de leitura":"3 minutos"},"schema":{"@context":"https:\/\/schema.org","@graph":[{"@type":"WebPage","@id":"https:\/\/mostrafilmfestival.org\/xv\/br\/filmes\/servidao\/","url":"https:\/\/mostrafilmfestival.org\/xv\/br\/filmes\/servidao\/","name":"Servid\u00e3o - MOSTRA XV Brazilian Film Festival - Brasil","isPartOf":{"@id":"https:\/\/mostrafilmfestival.org\/xv\/br\/#website"},"primaryImageOfPage":{"@id":"https:\/\/mostrafilmfestival.org\/xv\/br\/filmes\/servidao\/#primaryimage"},"image":{"@id":"https:\/\/mostrafilmfestival.org\/xv\/br\/filmes\/servidao\/#primaryimage"},"thumbnailUrl":"https:\/\/mostrafilmfestival.org\/xv\/br\/wp-content\/uploads\/2024\/11\/SERVIDAO_Stills-2-Medio.jpg","datePublished":"2024-11-12T03:08:08+00:00","dateModified":"2024-11-14T03:02:55+00:00","description":"Um document\u00e1rio de longa-metragem sobre o trabalho escravo contempor\u00e2neo com foco na Amaz\u00f4nia brasileira. Com narra\u00e7\u00e3o de Negra Li, o document\u00e1rio \u00e9 um registro retumbante de um dos maiores males do Brasil.","breadcrumb":{"@id":"https:\/\/mostrafilmfestival.org\/xv\/br\/filmes\/servidao\/#breadcrumb"},"inLanguage":"pt-BR","potentialAction":[{"@type":"ReadAction","target":["https:\/\/mostrafilmfestival.org\/xv\/br\/filmes\/servidao\/"]}]},{"@type":"ImageObject","inLanguage":"pt-BR","@id":"https:\/\/mostrafilmfestival.org\/xv\/br\/filmes\/servidao\/#primaryimage","url":"https:\/\/mostrafilmfestival.org\/xv\/br\/wp-content\/uploads\/2024\/11\/SERVIDAO_Stills-2-Medio.jpg","contentUrl":"https:\/\/mostrafilmfestival.org\/xv\/br\/wp-content\/uploads\/2024\/11\/SERVIDAO_Stills-2-Medio.jpg","width":1152,"height":768},{"@type":"BreadcrumbList","@id":"https:\/\/mostrafilmfestival.org\/xv\/br\/filmes\/servidao\/#breadcrumb","itemListElement":[{"@type":"ListItem","position":1,"name":"Home","item":"https:\/\/mostrafilmfestival.org\/xv\/br\/home\/"},{"@type":"ListItem","position":2,"name":"Servid\u00e3o"}]},{"@type":"WebSite","@id":"https:\/\/mostrafilmfestival.org\/xv\/br\/#website","url":"https:\/\/mostrafilmfestival.org\/xv\/br\/","name":"MOSTRA XV Brazilian Film Festival - Brasil","description":"Filmes brasileiros com consci\u00eancia social.","potentialAction":[{"@type":"SearchAction","target":{"@type":"EntryPoint","urlTemplate":"https:\/\/mostrafilmfestival.org\/xv\/br\/?s={search_term_string}"},"query-input":{"@type":"PropertyValueSpecification","valueRequired":true,"valueName":"search_term_string"}}],"inLanguage":"pt-BR"}]}},"_links":{"self":[{"href":"https:\/\/mostrafilmfestival.org\/xv\/br\/wp-json\/wp\/v2\/portfolio\/59","targetHints":{"allow":["GET"]}}],"collection":[{"href":"https:\/\/mostrafilmfestival.org\/xv\/br\/wp-json\/wp\/v2\/portfolio"}],"about":[{"href":"https:\/\/mostrafilmfestival.org\/xv\/br\/wp-json\/wp\/v2\/types\/portfolio"}],"author":[{"embeddable":true,"href":"https:\/\/mostrafilmfestival.org\/xv\/br\/wp-json\/wp\/v2\/users\/1"}],"replies":[{"embeddable":true,"href":"https:\/\/mostrafilmfestival.org\/xv\/br\/wp-json\/wp\/v2\/comments?post=59"}],"version-history":[{"count":5,"href":"https:\/\/mostrafilmfestival.org\/xv\/br\/wp-json\/wp\/v2\/portfolio\/59\/revisions"}],"predecessor-version":[{"id":288,"href":"https:\/\/mostrafilmfestival.org\/xv\/br\/wp-json\/wp\/v2\/portfolio\/59\/revisions\/288"}],"wp:featuredmedia":[{"embeddable":true,"href":"https:\/\/mostrafilmfestival.org\/xv\/br\/wp-json\/wp\/v2\/media\/128"}],"wp:attachment":[{"href":"https:\/\/mostrafilmfestival.org\/xv\/br\/wp-json\/wp\/v2\/media?parent=59"}],"wp:term":[{"taxonomy":"post_tag","embeddable":true,"href":"https:\/\/mostrafilmfestival.org\/xv\/br\/wp-json\/wp\/v2\/tags?post=59"},{"taxonomy":"portfolio_entries","embeddable":true,"href":"https:\/\/mostrafilmfestival.org\/xv\/br\/wp-json\/wp\/v2\/portfolio_entries?post=59"}],"curies":[{"name":"wp","href":"https:\/\/api.w.org\/{rel}","templated":true}]}}